{"id":735,"date":"2021-12-30T20:33:03","date_gmt":"2021-12-30T20:33:03","guid":{"rendered":"https:\/\/sydalinna-edu-ee.vserver.zonevs.eu\/?page_id=735"},"modified":"2026-01-06T12:43:15","modified_gmt":"2026-01-06T12:43:15","slug":"ajalugu","status":"publish","type":"page","link":"https:\/\/sydalinna.edu.ee\/eng\/koolist\/ajalugu\/","title":{"rendered":"Ajalugu"},"content":{"rendered":"<div data-elementor-type=\"wp-page\" data-elementor-id=\"735\" class=\"elementor elementor-735\" data-elementor-post-type=\"page\">\n\t\t\t\t<div class=\"elementor-element elementor-element-21f9a63b e-flex e-con-boxed e-con e-parent\" data-id=\"21f9a63b\" data-element_type=\"container\" data-settings=\"{&quot;background_background&quot;:&quot;classic&quot;}\">\n\t\t\t\t\t<div class=\"e-con-inner\">\n\t\t<div class=\"elementor-element elementor-element-6c81c01 e-con-full e-flex e-con e-child\" data-id=\"6c81c01\" data-element_type=\"container\">\n\t\t\t\t<div class=\"elementor-element elementor-element-1ff50c7c elementor-widget elementor-widget-breadcrumbs\" data-id=\"1ff50c7c\" data-element_type=\"widget\" data-widget_type=\"breadcrumbs.default\">\n\t\t\t\t<div class=\"elementor-widget-container\">\n\t\t\t\t\t<p id=\"breadcrumbs\"><span><span><a href=\"https:\/\/sydalinna.edu.ee\/eng\/\">Avaleht<\/a><\/span><\/span><\/p>\t\t\t\t<\/div>\n\t\t\t\t<\/div>\n\t\t\t\t<\/div>\n\t\t\t\t\t<\/div>\n\t\t\t\t<\/div>\n\t\t<div class=\"elementor-element elementor-element-7df3b52 e-flex e-con-boxed e-con e-parent\" data-id=\"7df3b52\" data-element_type=\"container\">\n\t\t\t\t\t<div class=\"e-con-inner\">\n\t\t<div class=\"elementor-element elementor-element-16d57cb7 e-con-full e-flex e-con e-child\" data-id=\"16d57cb7\" data-element_type=\"container\">\n\t\t\t\t<div class=\"elementor-element elementor-element-53d86b88 elementor-nav-menu--dropdown-none elementor-hidden-mobile elementor-widget elementor-widget-nav-menu\" data-id=\"53d86b88\" data-element_type=\"widget\" data-settings=\"{&quot;layout&quot;:&quot;vertical&quot;,&quot;sticky&quot;:&quot;top&quot;,&quot;sticky_on&quot;:[&quot;desktop&quot;,&quot;tablet&quot;],&quot;sticky_offset&quot;:100,&quot;sticky_effects_offset&quot;:100,&quot;sticky_parent&quot;:&quot;yes&quot;,&quot;submenu_icon&quot;:{&quot;value&quot;:&quot;&lt;i class=\\&quot;fas fa-caret-down\\&quot; aria-hidden=\\&quot;true\\&quot;&gt;&lt;\\\/i&gt;&quot;,&quot;library&quot;:&quot;fa-solid&quot;},&quot;sticky_anchor_link_offset&quot;:0}\" data-widget_type=\"nav-menu.default\">\n\t\t\t\t<div class=\"elementor-widget-container\">\n\t\t\t\t\t\t\t\t<nav aria-label=\"Menu\" class=\"elementor-nav-menu--main elementor-nav-menu__container elementor-nav-menu--layout-vertical e--pointer-text e--animation-none\">\n\t\t\t\t<ul id=\"menu-1-53d86b88\" class=\"elementor-nav-menu sm-vertical\"><li class=\"menu-item menu-item-type-custom menu-item-object-custom menu-item-1111\"><a href=\"https:\/\/sydalinna.edu.ee\/eng\/koolist\/ajalugu\/#enne\" class=\"elementor-item elementor-item-anchor\">Ajalugu enne s\u00fcdalinna kooliks muutumist<\/a><\/li>\n<li class=\"menu-item menu-item-type-custom menu-item-object-custom menu-item-1113\"><a href=\"https:\/\/sydalinna.edu.ee\/eng\/koolist\/ajalugu\/#alates\" class=\"elementor-item elementor-item-anchor\">Ajalugu S\u00fcdalinna kooliks muutumisest<\/a><\/li>\n<li class=\"menu-item menu-item-type-custom menu-item-object-custom menu-item-2966\"><a href=\"https:\/\/sydalinna.edu.ee\/eng\/koolist\/ajalugu\/#ajaleht\" class=\"elementor-item elementor-item-anchor\">Kooli ajaleht<\/a><\/li>\n<\/ul>\t\t\t<\/nav>\n\t\t\t\t\t\t<nav class=\"elementor-nav-menu--dropdown elementor-nav-menu__container\" aria-hidden=\"true\">\n\t\t\t\t<ul id=\"menu-2-53d86b88\" class=\"elementor-nav-menu sm-vertical\"><li class=\"menu-item menu-item-type-custom menu-item-object-custom menu-item-1111\"><a href=\"https:\/\/sydalinna.edu.ee\/eng\/koolist\/ajalugu\/#enne\" class=\"elementor-item elementor-item-anchor\" tabindex=\"-1\">Ajalugu enne s\u00fcdalinna kooliks muutumist<\/a><\/li>\n<li class=\"menu-item menu-item-type-custom menu-item-object-custom menu-item-1113\"><a href=\"https:\/\/sydalinna.edu.ee\/eng\/koolist\/ajalugu\/#alates\" class=\"elementor-item elementor-item-anchor\" tabindex=\"-1\">Ajalugu S\u00fcdalinna kooliks muutumisest<\/a><\/li>\n<li class=\"menu-item menu-item-type-custom menu-item-object-custom menu-item-2966\"><a href=\"https:\/\/sydalinna.edu.ee\/eng\/koolist\/ajalugu\/#ajaleht\" class=\"elementor-item elementor-item-anchor\" tabindex=\"-1\">Kooli ajaleht<\/a><\/li>\n<\/ul>\t\t\t<\/nav>\n\t\t\t\t\t\t<\/div>\n\t\t\t\t<\/div>\n\t\t\t\t<\/div>\n\t\t<div class=\"elementor-element elementor-element-910c1a7 e-con-full e-flex e-con e-child\" data-id=\"910c1a7\" data-element_type=\"container\" data-settings=\"{&quot;background_background&quot;:&quot;classic&quot;}\">\n\t\t<div class=\"elementor-element elementor-element-d7d854f e-con-full e-flex e-con e-child\" data-id=\"d7d854f\" data-element_type=\"container\" id=\"enne\">\n\t\t<div class=\"elementor-element elementor-element-fd2b8f7 e-con-full e-flex e-con e-child\" data-id=\"fd2b8f7\" data-element_type=\"container\">\n\t\t\t\t<div class=\"elementor-element elementor-element-1c64f06 elementor-widget elementor-widget-image\" data-id=\"1c64f06\" data-element_type=\"widget\" data-settings=\"{&quot;sticky&quot;:&quot;top&quot;,&quot;sticky_on&quot;:[&quot;desktop&quot;,&quot;tablet&quot;],&quot;sticky_offset&quot;:100,&quot;sticky_effects_offset&quot;:100,&quot;sticky_parent&quot;:&quot;yes&quot;,&quot;sticky_anchor_link_offset&quot;:0}\" data-widget_type=\"image.default\">\n\t\t\t\t<div class=\"elementor-widget-container\">\n\t\t\t\t\t\t\t\t\t\t\t\t\t\t\t<img fetchpriority=\"high\" decoding=\"async\" width=\"1024\" height=\"819\" src=\"https:\/\/sydalinna.edu.ee\/wp-content\/uploads\/2022\/02\/AJALUGU-1024x819.jpg\" class=\"attachment-large size-large wp-image-3396\" alt=\"\" srcset=\"https:\/\/sydalinna.edu.ee\/wp-content\/uploads\/2022\/02\/AJALUGU-1024x819.jpg 1024w, https:\/\/sydalinna.edu.ee\/wp-content\/uploads\/2022\/02\/AJALUGU-300x240.jpg 300w, https:\/\/sydalinna.edu.ee\/wp-content\/uploads\/2022\/02\/AJALUGU-768x614.jpg 768w, https:\/\/sydalinna.edu.ee\/wp-content\/uploads\/2022\/02\/AJALUGU-585x468.jpg 585w, https:\/\/sydalinna.edu.ee\/wp-content\/uploads\/2022\/02\/AJALUGU.jpg 1080w\" sizes=\"(max-width: 1024px) 100vw, 1024px\" \/>\t\t\t\t\t\t\t\t\t\t\t\t\t\t\t<\/div>\n\t\t\t\t<\/div>\n\t\t\t\t<\/div>\n\t\t<div class=\"elementor-element elementor-element-729d232 e-con-full e-flex e-con e-child\" data-id=\"729d232\" data-element_type=\"container\">\n\t\t\t\t<div class=\"elementor-element elementor-element-4af8ff4 elementor-widget elementor-widget-heading\" data-id=\"4af8ff4\" data-element_type=\"widget\" data-widget_type=\"heading.default\">\n\t\t\t\t<div class=\"elementor-widget-container\">\n\t\t\t\t\t<h2 class=\"elementor-heading-title elementor-size-default\">Ajalugu enne S\u00fcdalinna Kooli<\/h2>\t\t\t\t<\/div>\n\t\t\t\t<\/div>\n\t\t\t\t<div class=\"elementor-element elementor-element-ce0edef elementor-widget elementor-widget-text-editor\" data-id=\"ce0edef\" data-element_type=\"widget\" data-widget_type=\"text-editor.default\">\n\t\t\t\t<div class=\"elementor-widget-container\">\n\t\t\t\t\t\t\t\t\t<p><strong>Liivalaia t\u00e4naval on haridust antud juba \u00fcle 100 aasta.<\/strong><\/p><p>Eelmise sajandi algusaastail asus praeguse Ol\u00fcmpia hotelli kohal Kaasani T\u00fctarlaste Kool, mis kandis hiljem 11. Algkooli nime. Tollane koolimaja j\u00e4i kitsaks ja 1918\/1919. \u00f5ppeaastal avas linnavalitsus Tatari ja Allika t\u00e4nava nurgal Tallinna 14. Linna Algkooli.<\/p><p>Koolihoone oli kahekorruseline, teisel korrusel oli kuus klassiruumi ja \u00f5petajate tuba. Esimesel korrusel asus saal, mida kasutati aktusesaalina ja v\u00f5imlana. Majas oli ka v\u00e4ike kahetoaline kooliteenija korter. Riidehoid asus keldrikorrusel.<\/p><p>1953. aastal muudeti koolid segakoolideks, kus \u00f5ppisid nii poisid kui ka t\u00fcdrukud. Tallinna 14. Linna Algkool sai \u00f5ige pea 14. 7-klassiliseks Mittet\u00e4ielikuks Keskkooliks, hiljem 8-klassiliseks kooliks. \u00d5ppe- ja kasvatust\u00f6\u00f6s oli see kool linna parimate hulgas. Kujunesid v\u00e4lja ajastule omased traditsioonid, hinnati head k\u00e4itumist ja ranget korda kooli igap\u00e4evases elus. Suur oli vanemate panus koolielu korraldamisel. Enne viimast s\u00f5da oli 14. Algkooli koolijuhiks proua A. Must. P\u00e4rast s\u00f5da sai uueks koolijuhiks Elisabeth Linnuse, tuntud esperantist. Sel ajal muutus 14. Linna Algkool esperantistide keskuseks, kus peeti kursusi ja kokkutulekuid. Aastail 1960-1962 oli koolijuht Laine Sams, kes hakkas pidama plaane uue koolimaja ehitamiseks kesklinnas, sest vana maja oli 400 \u00f5pilasele kitsaks j\u00e4\u00e4nud. \u00d5ppet\u00f6\u00f6 k\u00e4is siis kahes vahetuses.<\/p>\t\t\t\t\t\t\t\t<\/div>\n\t\t\t\t<\/div>\n\t\t\t\t<\/div>\n\t\t\t\t<\/div>\n\t\t<div class=\"elementor-element elementor-element-0d2958c e-con-full e-flex e-con e-child\" data-id=\"0d2958c\" data-element_type=\"container\">\n\t\t<div class=\"elementor-element elementor-element-fa9f310 e-con-full e-flex e-con e-child\" data-id=\"fa9f310\" data-element_type=\"container\">\n\t\t\t\t<div class=\"elementor-element elementor-element-133993f elementor-widget elementor-widget-text-editor\" data-id=\"133993f\" data-element_type=\"widget\" data-widget_type=\"text-editor.default\">\n\t\t\t\t<div class=\"elementor-widget-container\">\n\t\t\t\t\t\t\t\t\t<section class=\"penci-section penci-disSticky penci-structure-10 elementor-section elementor-inner-section elementor-element elementor-element-15b5022 elementor-section-boxed elementor-section-height-default elementor-section-height-default\" data-id=\"15b5022\" data-element_type=\"section\"><div class=\"elementor-container elementor-column-gap-wide\"><div class=\"penci-ercol-100 penci-ercol-order-1 penci-sticky-ct elementor-column elementor-col-100 elementor-inner-column elementor-element elementor-element-05277b6\" data-id=\"05277b6\" data-element_type=\"column\"><div class=\"elementor-widget-wrap elementor-element-populated\"><div class=\"elementor-element elementor-element-b574db8 elementor-widget elementor-widget-penci-fancy_heading\" data-id=\"b574db8\" data-element_type=\"widget\" data-widget_type=\"penci-fancy_heading.default\"><div class=\"elementor-widget-container\"><div class=\"penci-fancy-heading penci-heading-text-left\"><div class=\"penci-fancy-heading-inner\"><div class=\"penci-heading-content entry-content\"><p>1962. aasta septembrist juhtis kooli Loora Raiste, kelle ajal ehitati v\u00e4lja s\u00f6\u00f6kla ja poiste t\u00f6\u00f6\u00f5petuse ruumid. Ka m\u00f5te uuest majast kasvas ja omandas kindlamaid piirjooni. Linnaisad pakkusid uue kooli asukohaks praeguse Tallinna S\u00fcdalinna Kooli kohal asunud segus\u00f5lme maa-ala tollasel Kingissepa t\u00e4naval. Krundi laiendamisel lammutati selle idapoolses osas ennatlikult kuulsa nahakunstniku Eduard Taska korralik kolmekordne maja. Uut koolimaja pandi ehitama vangid. Ehitust\u00f6\u00f6 oli lohakas, t\u00f6\u00f6korraldus halb nagu tollal tavaline. Uue koolihoone pidi endale saama Tallinna 14. 8-klassiline Kool kaugema perspektiiviga saada keskkooliks, mis tollal oli 11-klassiline. Maja pidi valmima 1966. aasta septembriks. Ootamatusena tuli k\u00f5rgemal pool tehtud otsus, et koos 14. kooliga asub sellesse majja ka vene \u00f5ppekeelega 32. Keskkool Sakala t\u00e4navalt, mille paekivist hoone l\u00e4ks naabruses asuva \u00d5petajate T\u00e4iendusinstituudi k\u00e4sutusse. Nii tekkis venestamise eesm\u00e4rgil 1966. aasta s\u00fcgisel uus eesti-vene segakool, mis sai nimeks Tallinna 47. 8-klassiline Kool. Koolijuhataja Loora Raiste andis oma \u00f5pilased ja \u00f5petajad \u00fcle uue kooli esimesele direktorile Alo Kuldkepile. \u00d5ppima asus 1089 \u00f5pilast 32 klassikomplektis. T\u00f6\u00f6 toimus kahes vahetuses.<\/p><p>1966. aasta 1. septembril kogunes uus koolipere Kalevi spordihalli ette. K\u00f5nelesid vanad koolijuhid, ehitajad andsid \u00fcle traditsioonilise koolimaja v\u00f5tme ja kolonnis suunduti oma uue kooli juurde.<br \/>Kakskeelse kooli esimesed aastad ei olnud sugugi kerged ei \u00f5pilastele, \u00f5petajatele ega kooli direktorile: kaks keelt, kaks kultuuri, kaks ellusuhtumist viisid tihti konfliktideni ja \u00f5pilaste puhul isegi kaklusteni. Keele erinevuste t\u00f5ttu oli raske korraldada \u00fchis\u00fcritusi, \u00f5pilaskonna vahel ei kujunenud vahetuid kontakte.<\/p><p>Ometi on sellestki ajast meeldivaid m\u00e4lestusi, sest kool j\u00e4\u00e4b ikka kooliks k\u00f5igi oma r\u00f5\u00f5mude ja muredega, toredate ja v\u00e4hem toredate s\u00fcndmustega. \u00dcks p\u00f5nevamaid ja oodatumaid \u00fcritusi oli moedemonstratsioon t\u00fcdrukute poolt k\u00e4sit\u00f6\u00f6tundides ise \u00f5mmeldud riietest. See toimus kooli aulas, kuhu, nagu p\u00e4ris moedemonstratsioonidelgi, oli l\u00e4bi saali rajatud pikk k\u00f5rge poodium (t\u00e4nap\u00e4eval catwalk), mida m\u00f6\u00f6da muusika saatel liikudes n\u00e4idati oma n\u00e4put\u00f6\u00f6 tulemusi.<\/p><p>Palju p\u00f5nevust ja valjuh\u00e4\u00e4lset kaasaelamist t\u00f5id endaga kaasa iga-aastased klassidevahelised korvpalliv\u00f5istlused. Osalejate hulgas olid v\u00e4ga tugevad korvpallurid: t\u00e4naseks vabariigis h\u00e4sti tuntud avaliku elu ja sporditegelased Anti Oidsalu ja Kalle Klandorf.<\/p><p>Alates 01.09.1968 oli kooli nimeks Tallinna 47. Keskkool. Mindi \u00fcle kabinettide s\u00fcsteemile.<\/p><p>1969\/70. \u00f5ppeaastast algas koost\u00f6\u00f6 ujumiskooliga ja avati mitu ujumisklassi. Alustati ka auto\u00f5petuse tundidega.<\/p><p>24. juunil 1971.a. l\u00f5petab kooli I lend.<\/p><p>J\u00e4rgmisel \u00f5ppeaastal viiakse sisse s\u00f5jalise alg\u00f5petuse tunnid ja kooli \u0161efiks saab kondiitritoodete vabrik \u201eKalev\u201c. See t\u00e4hendas muuhulgas ka seda, et igal neljap\u00e4eval pidid \u00fche klassi \u00f5pilased koos klassijuhatajaga minema vabrikusse \u201e\u0161effe abistama\u201c ehk t\u00f6\u00f6le. Algul oli see \u00f5pilaste jaoks v\u00e4ga ahvatlev v\u00f5imalus, kuid ajapikku muutus t\u00fc\u00fctuks kohustuseks.<\/p><\/div><\/div><\/div><\/div><\/div><\/div><\/div><\/div><\/section><section class=\"penci-section penci-disSticky penci-structure-10 elementor-section elementor-inner-section elementor-element elementor-element-8c320af elementor-reverse-mobile elementor-section-boxed elementor-section-height-default elementor-section-height-default\" data-id=\"8c320af\" data-element_type=\"section\"><div class=\"elementor-container elementor-column-gap-extended\"><div class=\"penci-ercol-100 penci-ercol-order-1 penci-sticky-ct elementor-column elementor-col-100 elementor-inner-column elementor-element elementor-element-c1c1497\" data-id=\"c1c1497\" data-element_type=\"column\"><div class=\"elementor-widget-wrap elementor-element-populated\"><div class=\"elementor-element elementor-element-ac0359c elementor-widget elementor-widget-penci-fancy_heading\" data-id=\"ac0359c\" data-element_type=\"widget\" data-widget_type=\"penci-fancy_heading.default\"><div class=\"elementor-widget-container\"><div class=\"penci-fancy-heading penci-heading-text-left\"><div class=\"penci-fancy-heading-inner\"><div class=\"penci-heading-content entry-content\"><p>1. septembril 1975 saab kooli direktoriks Leo Repponen, kes t\u00f6\u00f6tas sellel ametikohal kaks \u00f5ppeaastat. T\u00f6\u00f6d alustas eelkool.<\/p><p>Keskkooliosas toimuvad tootmis\u00f5petuse tunnid, kus t\u00fcdrukud omandavad \u00f5mbluseriala ja poisid \u00f5pivad autoremondilukksepaks. Kohustuslik praktika toimus p\u00e4rast \u00f5ppeaasta l\u00f5ppu kahe n\u00e4dala jooksul t\u00fcdrukutele tootmiskoondises \u201eBaltika\u201c ja poistele autobaasis.<\/p><p>1977. aasta 1. septembrist muudeti Tallinna 47. Keskkool ainult eestikeelseks ja kooli direktoriks sai taas Loora Raiste.<\/p><p>Oktoobrist 1979 j\u00e4tkab direktorina Jevgenia (Eugenia) Net\u0161ajeva, endine \u00f5ppealajuhataja.<\/p><p>N\u00f5ukogude aja klassiv\u00e4lise t\u00f6\u00f6 p\u00f5hisuunaks oli igasuvine osav\u00f5tt Eesti \u00d5pilasmaleva t\u00f6\u00f6st. M\u00f5nel suvel oli meie koolist v\u00e4ljas koguni kuus r\u00fchma. Fanaatilisteks malevakomand\u00f6rideks olid \u00f5petajad Thea Kriis ja Peeter Kiilmaa.<\/p><p>L\u00e4bi aegade on koolile kuulsust toonud ujumisklassid, kus on \u00f5ppinud ka ol\u00fcmpiav\u00f5itja Ivar Stukolkin, palju kordi Eesti au kaitsnud Indrek Sei ja vennad Pachelid. Tuntud olid ka meie kooli k\u00e4sipallurid.<\/p><p>Alati on meie kool laulupidudel olnud v\u00e4ljas mitme kooriga. See kaunis traditsioon j\u00e4tkub t\u00e4naselgi p\u00e4eval.<\/p><p>Augustis 1991 nimetati kool \u00fcmber Liivalaia Keskkooliks ja kool sai oma lipu.<\/p><p>1. septembril 1993 sai direktoriks senine \u00f5ppealajuhataja Tiina Lorents, kes juhtis kooli 16 aastat. Neil aastail p\u00f6\u00f6rati suurt t\u00e4helepanu kooli renoveerimisele ja kaasajastamisele. Alguse sai uus traditsioon: igal kevadel kooliaasta viimasel n\u00e4dalal toimus parimatele \u00f5pilastele ekskursioon koos direktoriga, mis t\u00e4naseks on asendunud direktori piduliku vastuv\u00f5tuga eeskujulikele \u00f5pilastele.<\/p><p>\u00dcheks kooli visiitkaartidest oli tantsuansambel MODUS, mille asutajaks oli ja kunstiliseks juhiks on siiani meie endine tantsu\u00f5petaja Piret Torm-Kriis. 1994.a. t\u00e4histati ansambli 10. aastap\u00e4eva, tantsulapsed v\u00f5tsid osa rahvusvahelisest tantsufestivalist Inglismaal.<\/p><p>Alates 28.06.1996 kandis kool Liivalaia G\u00fcmnaasiumi nime.<\/p><p>1. septembrist 2009 on kooli direktoriks Veiko Rohunurm.<\/p><p>2009\/2010. \u00f5ppeaastal renoveeriti koolihoone tervikuna, ehitati uus spordisaal, auditoorium, arvutiklass ja raamatukogu, rajati koolistaadion.<\/p><p>Vastavalt Tallinna Linnavolikogu otsusele nr. 132 sai 22.08.2013 kooli uueks nimeks Tallinna S\u00fcdalinna Kool.<\/p><\/div><\/div><\/div><\/div><\/div><\/div><\/div><\/div><\/section>\t\t\t\t\t\t\t\t<\/div>\n\t\t\t\t<\/div>\n\t\t\t\t<\/div>\n\t\t\t\t<\/div>\n\t\t<div class=\"elementor-element elementor-element-9733802 e-con-full e-flex e-con e-child\" data-id=\"9733802\" data-element_type=\"container\" id=\"alates\">\n\t\t<div class=\"elementor-element elementor-element-a0963b4 e-con-full e-flex e-con e-child\" data-id=\"a0963b4\" data-element_type=\"container\">\n\t\t\t\t<div class=\"elementor-element elementor-element-3873ce1 elementor-widget elementor-widget-image\" data-id=\"3873ce1\" data-element_type=\"widget\" data-settings=\"{&quot;sticky_on&quot;:[&quot;desktop&quot;,&quot;tablet&quot;],&quot;sticky_offset&quot;:100,&quot;sticky_effects_offset&quot;:100,&quot;sticky_parent&quot;:&quot;yes&quot;,&quot;sticky&quot;:&quot;top&quot;,&quot;sticky_anchor_link_offset&quot;:0}\" data-widget_type=\"image.default\">\n\t\t\t\t<div class=\"elementor-widget-container\">\n\t\t\t\t\t\t\t\t\t\t\t\t\t\t\t<img decoding=\"async\" width=\"600\" height=\"179\" src=\"https:\/\/sydalinna.edu.ee\/wp-content\/uploads\/2021\/12\/161533.jpg\" class=\"attachment-large size-large wp-image-471\" alt=\"\" srcset=\"https:\/\/sydalinna.edu.ee\/wp-content\/uploads\/2021\/12\/161533.jpg 600w, https:\/\/sydalinna.edu.ee\/wp-content\/uploads\/2021\/12\/161533-300x90.jpg 300w, https:\/\/sydalinna.edu.ee\/wp-content\/uploads\/2021\/12\/161533-585x175.jpg 585w\" sizes=\"(max-width: 600px) 100vw, 600px\" \/>\t\t\t\t\t\t\t\t\t\t\t\t\t\t\t<\/div>\n\t\t\t\t<\/div>\n\t\t\t\t<\/div>\n\t\t<div class=\"elementor-element elementor-element-3af4b54 e-con-full e-flex e-con e-child\" data-id=\"3af4b54\" data-element_type=\"container\">\n\t\t\t\t<div class=\"elementor-element elementor-element-e58310d elementor-widget elementor-widget-heading\" data-id=\"e58310d\" data-element_type=\"widget\" data-widget_type=\"heading.default\">\n\t\t\t\t<div class=\"elementor-widget-container\">\n\t\t\t\t\t<h2 class=\"elementor-heading-title elementor-size-default\">Alates S\u00fcdalinna Kooliks muutumisest<\/h2>\t\t\t\t<\/div>\n\t\t\t\t<\/div>\n\t\t\t\t<div class=\"elementor-element elementor-element-af12ff6 elementor-widget elementor-widget-text-editor\" data-id=\"af12ff6\" data-element_type=\"widget\" data-widget_type=\"text-editor.default\">\n\t\t\t\t<div class=\"elementor-widget-container\">\n\t\t\t\t\t\t\t\t\t<section class=\"penci-section penci-disSticky penci-structure-10 elementor-section elementor-inner-section elementor-element elementor-element-15b5022 elementor-section-boxed elementor-section-height-default elementor-section-height-default\" data-id=\"15b5022\" data-element_type=\"section\"><div class=\"elementor-container elementor-column-gap-wide\"><div class=\"penci-ercol-100 penci-ercol-order-1 penci-sticky-ct elementor-column elementor-col-100 elementor-inner-column elementor-element elementor-element-05277b6\" data-id=\"05277b6\" data-element_type=\"column\"><div class=\"elementor-widget-wrap elementor-element-populated\"><div class=\"elementor-element elementor-element-b574db8 elementor-widget elementor-widget-penci-fancy_heading\" data-id=\"b574db8\" data-element_type=\"widget\" data-widget_type=\"penci-fancy_heading.default\"><div class=\"elementor-widget-container\"><div class=\"penci-fancy-heading penci-heading-text-left\"><div class=\"penci-fancy-heading-inner\"><div class=\"penci-heading-content entry-content\"><p>Vastavalt Tallinna Linnavolikogu otsusele nr. 132 sai 22.08.2013 kooli uueks nimeks Tallinna S\u00fcdalinna Kool. Koolijuhina j\u00e4tkab t\u00f6\u00f6d Veiko Rohunurm.<\/p><p>2013\/2014. \u00f5ppeaastal kool enam 10. klassi ei komplekteerinud. Kevadel 2015 l\u00f5petas viimane g\u00fcmnaasiumiklass. Viimastel aastatel on p\u00f5hikoolis 1.-9. klassi \u00f5pilaste arv pidevalt suurenenud: 2014 \u2013 268 \u00f5pilast,<\/p><p>2015 \u2013 354 \u00f5pilast, 2016 \u2013 410 \u00f5pilast. 2018\/2019 \u00f5ppeaastal on \u00f5pilasi umbes 500.<\/p><p>2013\/2014. \u00f5ppeaastal tegeles hoolekogu aktiivselt kooli allesj\u00e4\u00e4mise k\u00fcsimustega (linn soovis liita \u00dchisg\u00fcmnaasiumiga), mille tulemusena s\u00e4ilis kool iseseisva \u00f5ppeasutusena. Peale seda on kool saanud mitmeid tunnustusi ja kooli maine on m\u00e4rgatavalt t\u00f5usnud. Selle kinnituseks on ka \u00f5pilaste arvu pidev kasv.<\/p><\/div><\/div><\/div><\/div><\/div><\/div><\/div><\/div><\/section>\t\t\t\t\t\t\t\t<\/div>\n\t\t\t\t<\/div>\n\t\t\t\t<\/div>\n\t\t\t\t<\/div>\n\t\t<div class=\"elementor-element elementor-element-fcbfcbf e-con-full e-flex e-con e-child\" data-id=\"fcbfcbf\" data-element_type=\"container\">\n\t\t<div class=\"elementor-element elementor-element-362ef1e e-con-full e-flex e-con e-child\" data-id=\"362ef1e\" data-element_type=\"container\">\n\t\t\t\t<div class=\"elementor-element elementor-element-ff526ad elementor-widget elementor-widget-text-editor\" data-id=\"ff526ad\" data-element_type=\"widget\" data-widget_type=\"text-editor.default\">\n\t\t\t\t<div class=\"elementor-widget-container\">\n\t\t\t\t\t\t\t\t\t<section class=\"penci-section penci-disSticky penci-structure-10 elementor-section elementor-inner-section elementor-element elementor-element-15b5022 elementor-section-boxed elementor-section-height-default elementor-section-height-default\" data-id=\"15b5022\" data-element_type=\"section\"><div class=\"elementor-container elementor-column-gap-wide\"><div class=\"penci-ercol-100 penci-ercol-order-1 penci-sticky-ct elementor-column elementor-col-100 elementor-inner-column elementor-element elementor-element-05277b6\" data-id=\"05277b6\" data-element_type=\"column\"><div class=\"elementor-widget-wrap elementor-element-populated\"><div class=\"elementor-element elementor-element-b574db8 elementor-widget elementor-widget-penci-fancy_heading\" data-id=\"b574db8\" data-element_type=\"widget\" data-widget_type=\"penci-fancy_heading.default\"><div class=\"elementor-widget-container\"><div class=\"penci-fancy-heading penci-heading-text-left\"><div class=\"penci-fancy-heading-inner\"><div class=\"penci-heading-content entry-content\"><p><strong>Uuendused ja tegevused ajavahemikul 2013-2020:<\/strong><\/p><ul><li><strong>2013<\/strong>\u00a0s\u00fcgisest on koolil sisse\u00f5nnistatud koolilipp. Lippu \u00f5nnistas katoliku vaimulik Vello Salo.<\/li><li>2013\/2014. \u00f5ppeaastast lastevanematele meili teel infokirjade saatmine.<\/li><li>2013\/2014. \u00f5ppeaastast kasutatakse arenguvestluse l\u00e4biviimisel e- kooli v\u00f5imalusi.<\/li><li>2013\/2014. \u00f5ppeaastast kirjalike t\u00f6\u00f6de j\u00e4relvastamise korraldamine samaaegselt \u00fches ruumis 5.-12. klassi \u00f5pilastele. (\u00d5petajad on eelnevalt andnud materjalid t\u00f6\u00f6 l\u00e4biviijale.)<\/li><li>\u00a0<\/li><li><strong>2014<\/strong>. aastast on meil kaks s\u00f5pruskooli: \u00fcks L\u00e4tis (O. Kalpaks Riga Folk Art Primary School) ja teine T\u0161ehhimaal (Poli\u010dkas Masaryki School). Toimunud on \u00f5petajate ja \u00f5pilaste vastastikused koolik\u00fclastused ning \u00fchistegevuste planeerimine.<\/li><li>2014 s\u00fcgisest on kasutusel elektrooniline \u00f5pilaspilet, mida kasutatakse transpordi \u00fchiskaardina, raamatukogus laenutamisel ja s\u00f6\u00f6klas toidukordade registreerimisel.<\/li><li>2014 s\u00fcgisest on koolis kasutusel tunnirahuklass.<\/li><li>2014 s\u00fcgisel avati koolis esimene v\u00e4ikeklass.<\/li><li>2014. aasta l\u00f5pust on koolimaja t\u00e4navapoolsel v\u00e4lisseinal valgusreklaam.<\/li><li>\u00a0<\/li><li>Kevadel<strong>\u00a02015<\/strong>\u00a0toimus \u00f5pilastele ideekonkurss uutmoodi klassiruumi, nn tulevikuklassi kujundamiseks. Parimad ideed teostati s\u00fcgisel 2015 vastavalt v\u00f5imalustele: klassis on 3D printerid, tahvelarvutid, robootikavahendid, televiisor, interaktiivne tahvel jms. Interj\u00f6\u00f6r ja m\u00f6\u00f6bel erinevad tavap\u00e4rasest klassiruumist ning v\u00f5imaldavad korraldada r\u00fchmap\u00f5hist \u00f5ppet\u00f6\u00f6d.<\/li><li>2015 mais saab alguse Tallinna \u00dclikooli ja Tallinna S\u00fcdalinna Kooli \u00fchise kooliarendusprojekti kavandamine koost\u00f6\u00f6s TL\u00dc didaktikutega, et muuta koolis \u00f5pikultuuri ja seel\u00e4bi \u00f5ppe tulemuslikkust. 2015 s\u00fcgisest saab alguse koost\u00f6\u00f6 TL\u00dc Haridusinnovatsiooni keskuse partnerkoolidega.<\/li><li>2015 kevadest rakendatakse \u00f5petaja kutsestandardidele tuginevat arenguvestluse vormi.<\/li><li>2015 s\u00fcgisest kasutusel kooli sisev\u00f5rk.<\/li><li>2015\/2016 \u00f5ppeaastast v\u00f5tsime veerandite asemel kasutusele trimestrid ehk \u00f5ppeaasta 175 \u00f5ppep\u00e4eva on jagatud kolmeks \u00f5ppeperioodiks. Iga trimestri viimane koolip\u00e4ev on \u00fclekooliline projektip\u00e4ev.<\/li><li>2015\/2016 alustas t\u00f6\u00f6d kooliraadio, mille uudistesaade on eetris igal teisip\u00e4eval.<\/li><li>2015\/2016 alustas esimene digi\u00f5ppeklass 1A, mille tunniplaani kuuluvad I kooliastmes digi\u00f5petus ja robootika.<\/li><li>2015\/2016 \u00f5ppeaastast rakendame I kooliastmes ainult kujundavat hindamist.<\/li><li>Alates 2015\/2016 lastevanemate igakuine informeerimine kooli peamistest uuendustest ja muudatustest ning parimate tunnustamine infokirja vahendusel.<\/li><li>2015 s\u00fcgisest on v\u00f5imalus \u00f5pilastel osaleda tasuta treeningutel peale koolitunde.<\/li><li>\u00a0<\/li><li><strong>2016<\/strong>. aastast on kasutusel h\u00f5bedane ja osaliselt kullatud koolim\u00e4rk.<\/li><li>2016 kevadest on garderoobide ees seinal elektroonne infotahvel, kust on k\u00e4ttesaadav kooli koduleht, \u00f5pilaste tunniplaan, \u00fchistranspordi info ja Tallinna Haridusameti koduleht.<\/li><li>2016. aasta 1. septembril sai meie kool 50aastaseks. Juubelis\u00fcnnip\u00e4eva t\u00e4histamiseks ilmus kooli ajalugu ja t\u00e4nap\u00e4eva tutvustav raamat \u201cViisk\u00fcmmend v\u00e4rvilist aastat ehk Tallinna S\u00fcdalinna Kooli lugu\u201d, mida on vilistlastel ja k\u00f5igil huvilistel v\u00f5imalik osta kooliraamatukogust.<\/li><li>2016 s\u00fcgisest on kasutusel Google Suite.<\/li><li>2016 s\u00fcgisest saab alguse hea tava, et \u00f5ppeaasta jooksul k\u00fclastavad \u00f5petajad \u00fcksteise tunde ja jagavad t\u00f6\u00f6koosolekutel kogemusi, et m\u00f5testada h\u00e4id \u00f5petamise praktikaid.<\/li><li>2016 s\u00fcgisest toimuvad koolis digi\u00f5ppep\u00e4evad, kus \u00f5pilased \u00f5pivad kodus nutiseadmeid kasutades ja vajadusel \u00f5petajaga interneti teel suheldes.<\/li><li>2016 s\u00fcgisest osalevad 1. klassi \u00f5pilased \u201cSport kooli\u201d projektis ja saavad tasuta tutvuda kogu \u00f5ppeaasta v\u00e4ltel erinevate spordialadega 3 korral n\u00e4dalas.<\/li><li>\u00a0<\/li><li><strong>2017<\/strong>\u00a0hakkasime korraldama \u00fcle-eestilist saksakeelse Scrabble-v\u00f5istlust nutirakendusega \u201cClassicWords\u201d.<\/li><li>2017 kevadest on kooli koridorides ja klassides pehme m\u00f6\u00f6bliga nurgad (nt diivanid, kott-toolid, padjad).<\/li><li>2017 kevadest on kasutusel uus kooli koduleht.<\/li><li>2017 kevadel alustasid t\u00f6\u00f6d tasuta aineringid \u00f5pilastele, kellel on s\u00fcgavam huvi m\u00f5ne \u00f5ppeaine vastu.<\/li><li>2017 kevadest toimuvad pikkadel vahetundidel \u00f5uevahetunnid koolihoovis, kus \u00f5pilastel on v\u00f5imalus t\u00f5ukeratastega s\u00f5ita v\u00f5i erinevaid m\u00e4nge m\u00e4ngida.<\/li><li>2017 s\u00fcgisest on kasutusel uus kooli koduleht.<\/li><li>2017 s\u00fcgisest on 1.-3. klassis kasutusel \u00fcld\u00f5petuse moodulid 3x aastas.<\/li><li>2017 s\u00fcgisest toimuvad II-III kooliastmes l\u00f5imingumoodulid (pikemate projektidena).<\/li><li>2017 s\u00fcgisest kuulub S\u00fcdalinna Kool v\u00f5rgustikku \u201cAlustavat \u00f5petajat toetav kool\u201d.<\/li><li>2017 s\u00fcgisest alustas tegevust \u00f5petajate spordiklubi.<\/li><li>2017 s\u00fcgisel osaletakse aktiivselt e-k\u00fclalistundides.<\/li><li>2017 s\u00fcgisest luuakse aineringidele t\u00e4ienduseks tasuta II-III kooliastme loodusring ja robootikaring.<\/li><li>\u00a0<\/li><li><strong>2018<\/strong>\u00a0kevadel avasime #EduInnoLab Liitreaalsuse stuudio. Ainetundides v\u00f5etakse kasutusele liit- ja virtuaalreaalsus.<\/li><li>2018 jaanuaris alustab tegevust kogup\u00e4evakool (\u00f5piklubi, tegelused, \u00f5uetunnid).<\/li><li>2018 s\u00fcgisel alustatakse VEPA programmiga (3 pilootklassis).<\/li><li>2018 s\u00fcgisel v\u00f5etakse kasutusele robotid ja programmeerimine l\u00f5imituna 3. klassi matemaatikatundidesse.<\/li><li>2018 s\u00fcgisest toimuvad uuenduslikud III kooliastme loodusainete praktikumid koost\u00f6\u00f6s Tallinna Reaalkooli, Kesklinna P\u00f5hikooli ja J.Westholmi G\u00fcmnaasiumiga.<\/li><li>2018 talvel alustavad klassijuhatajad coachingu programmis osalemist.<\/li><li>2018 talvel uuendatakse I korruse koridori (ronimissein, liikumisrada, p\u00f5randam\u00e4ngud jms).<\/li><li>2018 \u00fchineme Tartu \u00dclikooli liikumislabori v\u00f5rgustikuga Liikuma Kutsuv Kool.<\/li><li>\u00a0<\/li><li><strong>2019<\/strong>\u00a0s\u00fcgisel rajati koolihoovi kiiged, slackline, madalseiklusrada ja sisehoovi ehitati \u00f5ues\u00f5ppe klassi bussipeatused.<\/li><li>\u00a0<\/li><li><strong>2020<\/strong>\u00a0kevadel oleme eriolukorra t\u00f5ttu (COVID-19) 16.m\u00e4rtsist kuni \u00f5ppeaasta l\u00f5puni distants\u00f5ppel. Selgeks saavad k\u00f5igile\u00a0 nii opiq (e-\u00f5pikud), Google Classroom (\u00f5pihalduse keskkond) kui ka Google Meet (videotunnid).\u00a0 Toimuvad regulaarselt nii videokoosolekud, veebikoolitused kui ka videotunnid. Videk\u00f5nede abil saavad l\u00e4bi viidud \u00f5pilasv\u00f5istlus, tervisen\u00e4dal, projektin\u00e4dalad jne. \u00d5petajad ja m\u00f5ned k\u00f5ige rohkem tuge vajavad \u00f5pilased p\u00e4\u00e4sevad kontakt\u00f5ppele koolimajja alates 15. maist.<\/li><li>2. oktoobril 2020 toimus S\u00fcdalinna Kooli I hariduskonverents, kus osalesid koolit\u00f6\u00f6tajad, lapsevanemad ja \u00f5pilased. \u00dchiselt kuulati Tartu \u00dclikooli, HARNO, Tallinna Haridusameti, SEB panga esindajate ettekandeid ja arutleti, kuhu kool peaks j\u00e4rgneva 5 aastaga j\u00f5udma.<\/li><\/ul><\/div><\/div><\/div><\/div><\/div><\/div><\/div><\/div><\/section>\t\t\t\t\t\t\t\t<\/div>\n\t\t\t\t<\/div>\n\t\t\t\t<\/div>\n\t\t\t\t<\/div>\n\t\t<div class=\"elementor-element elementor-element-9fe4caa e-con-full e-flex e-con e-child\" data-id=\"9fe4caa\" data-element_type=\"container\" id=\"ajaleht\">\n\t\t<div class=\"elementor-element elementor-element-02756d5 e-con-full e-flex e-con e-child\" data-id=\"02756d5\" data-element_type=\"container\">\n\t\t\t\t<div class=\"elementor-element elementor-element-1b179b1 elementor-widget elementor-widget-heading\" data-id=\"1b179b1\" data-element_type=\"widget\" data-widget_type=\"heading.default\">\n\t\t\t\t<div class=\"elementor-widget-container\">\n\t\t\t\t\t<h2 class=\"elementor-heading-title elementor-size-default\">Kooli ajaleht<\/h2>\t\t\t\t<\/div>\n\t\t\t\t<\/div>\n\t\t\t\t<div class=\"elementor-element elementor-element-708aceb elementor-widget elementor-widget-text-editor\" data-id=\"708aceb\" data-element_type=\"widget\" data-widget_type=\"text-editor.default\">\n\t\t\t\t<div class=\"elementor-widget-container\">\n\t\t\t\t\t\t\t\t\t<section class=\"penci-section penci-disSticky penci-structure-10 elementor-section elementor-inner-section elementor-element elementor-element-15b5022 elementor-section-boxed elementor-section-height-default elementor-section-height-default\" data-id=\"15b5022\" data-element_type=\"section\"><div class=\"elementor-container elementor-column-gap-wide\"><div class=\"penci-ercol-100 penci-ercol-order-1 penci-sticky-ct elementor-column elementor-col-100 elementor-inner-column elementor-element elementor-element-05277b6\" data-id=\"05277b6\" data-element_type=\"column\"><div class=\"elementor-widget-wrap elementor-element-populated\"><div class=\"elementor-element elementor-element-b574db8 elementor-widget elementor-widget-penci-fancy_heading\" data-id=\"b574db8\" data-element_type=\"widget\" data-widget_type=\"penci-fancy_heading.default\"><div class=\"elementor-widget-container\"><div class=\"penci-fancy-heading penci-heading-text-left\"><div class=\"penci-fancy-heading-inner\"><div class=\"penci-heading-content entry-content\"><p>&#8220;KUUKUMU&#8221;<\/p><\/div><\/div><\/div><\/div><\/div><\/div><\/div><\/div><\/section>\t\t\t\t\t\t\t\t<\/div>\n\t\t\t\t<\/div>\n\t\t\t\t<div class=\"elementor-element elementor-element-fbf75ec elementor-widget elementor-widget-toggle\" data-id=\"fbf75ec\" data-element_type=\"widget\" data-widget_type=\"toggle.default\">\n\t\t\t\t<div class=\"elementor-widget-container\">\n\t\t\t\t\t\t\t<div class=\"elementor-toggle\">\n\t\t\t\t\t\t\t<div class=\"elementor-toggle-item\">\n\t\t\t\t\t<div id=\"elementor-tab-title-2641\" class=\"elementor-tab-title\" data-tab=\"1\" role=\"button\" aria-controls=\"elementor-tab-content-2641\" aria-expanded=\"false\">\n\t\t\t\t\t\t\t\t\t\t\t\t<span class=\"elementor-toggle-icon elementor-toggle-icon-left\" aria-hidden=\"true\">\n\t\t\t\t\t\t\t\t\t\t\t\t\t\t\t<span class=\"elementor-toggle-icon-closed\"><i class=\"fas fa-chevron-down\"><\/i><\/span>\n\t\t\t\t\t\t\t\t<span class=\"elementor-toggle-icon-opened\"><i class=\"elementor-toggle-icon-opened fas fa-angle-up\"><\/i><\/span>\n\t\t\t\t\t\t\t\t\t\t\t\t\t<\/span>\n\t\t\t\t\t\t\t\t\t\t\t\t<a class=\"elementor-toggle-title\" tabindex=\"0\">2017<\/a>\n\t\t\t\t\t<\/div>\n\n\t\t\t\t\t<div id=\"elementor-tab-content-2641\" class=\"elementor-tab-content elementor-clearfix\" data-tab=\"1\" role=\"region\" aria-labelledby=\"elementor-tab-title-2641\"><ul><li dir=\"ltr\">nr 27 (detsember)<\/li><li dir=\"ltr\">nr 26 (mai)<\/li><\/ul><\/div>\n\t\t\t\t<\/div>\n\t\t\t\t\t\t\t<div class=\"elementor-toggle-item\">\n\t\t\t\t\t<div id=\"elementor-tab-title-2642\" class=\"elementor-tab-title\" data-tab=\"2\" role=\"button\" aria-controls=\"elementor-tab-content-2642\" aria-expanded=\"false\">\n\t\t\t\t\t\t\t\t\t\t\t\t<span class=\"elementor-toggle-icon elementor-toggle-icon-left\" aria-hidden=\"true\">\n\t\t\t\t\t\t\t\t\t\t\t\t\t\t\t<span class=\"elementor-toggle-icon-closed\"><i class=\"fas fa-chevron-down\"><\/i><\/span>\n\t\t\t\t\t\t\t\t<span class=\"elementor-toggle-icon-opened\"><i class=\"elementor-toggle-icon-opened fas fa-angle-up\"><\/i><\/span>\n\t\t\t\t\t\t\t\t\t\t\t\t\t<\/span>\n\t\t\t\t\t\t\t\t\t\t\t\t<a class=\"elementor-toggle-title\" tabindex=\"0\">2016<\/a>\n\t\t\t\t\t<\/div>\n\n\t\t\t\t\t<div id=\"elementor-tab-content-2642\" class=\"elementor-tab-content elementor-clearfix\" data-tab=\"2\" role=\"region\" aria-labelledby=\"elementor-tab-title-2642\"><ul><li><a href=\"https:\/\/www.tallinn.ee\/est\/g21092s104569\" target=\"_blank\" rel=\"noopener\">nr 25 (detsember)<\/a><\/li><li><a href=\"https:\/\/www.tallinn.ee\/est\/g21092s104570\" target=\"_blank\" rel=\"noopener\">nr 24 (m\u00e4rts)<\/a><\/li><\/ul><\/div>\n\t\t\t\t<\/div>\n\t\t\t\t\t\t\t<div class=\"elementor-toggle-item\">\n\t\t\t\t\t<div id=\"elementor-tab-title-2643\" class=\"elementor-tab-title\" data-tab=\"3\" role=\"button\" aria-controls=\"elementor-tab-content-2643\" aria-expanded=\"false\">\n\t\t\t\t\t\t\t\t\t\t\t\t<span class=\"elementor-toggle-icon elementor-toggle-icon-left\" aria-hidden=\"true\">\n\t\t\t\t\t\t\t\t\t\t\t\t\t\t\t<span class=\"elementor-toggle-icon-closed\"><i class=\"fas fa-chevron-down\"><\/i><\/span>\n\t\t\t\t\t\t\t\t<span class=\"elementor-toggle-icon-opened\"><i class=\"elementor-toggle-icon-opened fas fa-angle-up\"><\/i><\/span>\n\t\t\t\t\t\t\t\t\t\t\t\t\t<\/span>\n\t\t\t\t\t\t\t\t\t\t\t\t<a class=\"elementor-toggle-title\" tabindex=\"0\">2015<\/a>\n\t\t\t\t\t<\/div>\n\n\t\t\t\t\t<div id=\"elementor-tab-content-2643\" class=\"elementor-tab-content elementor-clearfix\" data-tab=\"3\" role=\"region\" aria-labelledby=\"elementor-tab-title-2643\"><ul><li><a href=\"https:\/\/www.tallinn.ee\/est\/g21092s104564\" target=\"_blank\" rel=\"noopener\">nr 23 (detsember)<\/a><\/li><li><a href=\"https:\/\/www.tallinn.ee\/est\/g21092s104568\" target=\"_blank\" rel=\"noopener\">nr 22 (oktoober)<\/a><\/li><li><a href=\"https:\/\/www.tallinn.ee\/est\/g21092s104566\" target=\"_blank\" rel=\"noopener\">nr 21 (mai)<\/a><\/li><li><a href=\"https:\/\/www.tallinn.ee\/est\/g21092s104567\" target=\"_blank\" rel=\"noopener\">nr 20 (m\u00e4rts)<\/a><\/li><\/ul><\/div>\n\t\t\t\t<\/div>\n\t\t\t\t\t\t\t<div class=\"elementor-toggle-item\">\n\t\t\t\t\t<div id=\"elementor-tab-title-2644\" class=\"elementor-tab-title\" data-tab=\"4\" role=\"button\" aria-controls=\"elementor-tab-content-2644\" aria-expanded=\"false\">\n\t\t\t\t\t\t\t\t\t\t\t\t<span class=\"elementor-toggle-icon elementor-toggle-icon-left\" aria-hidden=\"true\">\n\t\t\t\t\t\t\t\t\t\t\t\t\t\t\t<span class=\"elementor-toggle-icon-closed\"><i class=\"fas fa-chevron-down\"><\/i><\/span>\n\t\t\t\t\t\t\t\t<span class=\"elementor-toggle-icon-opened\"><i class=\"elementor-toggle-icon-opened fas fa-angle-up\"><\/i><\/span>\n\t\t\t\t\t\t\t\t\t\t\t\t\t<\/span>\n\t\t\t\t\t\t\t\t\t\t\t\t<a class=\"elementor-toggle-title\" tabindex=\"0\">2014<\/a>\n\t\t\t\t\t<\/div>\n\n\t\t\t\t\t<div id=\"elementor-tab-content-2644\" class=\"elementor-tab-content elementor-clearfix\" data-tab=\"4\" role=\"region\" aria-labelledby=\"elementor-tab-title-2644\"><ul><li><a href=\"https:\/\/www.tallinn.ee\/est\/g21092s104561\" target=\"_blank\" rel=\"noopener\">nr 19 (detsember)<\/a><\/li><li><a href=\"https:\/\/www.tallinn.ee\/est\/g21092s104563\" target=\"_blank\" rel=\"noopener\">nr 3 (oktoober)<\/a><\/li><li><a href=\"https:\/\/www.tallinn.ee\/est\/g21092s104562\" target=\"_blank\" rel=\"noopener\">nr 2 (mai)<\/a><\/li><\/ul><\/div>\n\t\t\t\t<\/div>\n\t\t\t\t\t\t\t<div class=\"elementor-toggle-item\">\n\t\t\t\t\t<div id=\"elementor-tab-title-2645\" class=\"elementor-tab-title\" data-tab=\"5\" role=\"button\" aria-controls=\"elementor-tab-content-2645\" aria-expanded=\"false\">\n\t\t\t\t\t\t\t\t\t\t\t\t<span class=\"elementor-toggle-icon elementor-toggle-icon-left\" aria-hidden=\"true\">\n\t\t\t\t\t\t\t\t\t\t\t\t\t\t\t<span class=\"elementor-toggle-icon-closed\"><i class=\"fas fa-chevron-down\"><\/i><\/span>\n\t\t\t\t\t\t\t\t<span class=\"elementor-toggle-icon-opened\"><i class=\"elementor-toggle-icon-opened fas fa-angle-up\"><\/i><\/span>\n\t\t\t\t\t\t\t\t\t\t\t\t\t<\/span>\n\t\t\t\t\t\t\t\t\t\t\t\t<a class=\"elementor-toggle-title\" tabindex=\"0\">2013<\/a>\n\t\t\t\t\t<\/div>\n\n\t\t\t\t\t<div id=\"elementor-tab-content-2645\" class=\"elementor-tab-content elementor-clearfix\" data-tab=\"5\" role=\"region\" aria-labelledby=\"elementor-tab-title-2645\"><ul><li>\u00a0<\/li><li><a href=\"https:\/\/www.tallinn.ee\/est\/g21092s104559\" target=\"_blank\" rel=\"noopener\">nr 17 (m\u00e4rts)<\/a><\/li><\/ul><\/div>\n\t\t\t\t<\/div>\n\t\t\t\t\t\t\t\t<\/div>\n\t\t\t\t\t\t<\/div>\n\t\t\t\t<\/div>\n\t\t\t\t<\/div>\n\t\t\t\t<\/div>\n\t\t\t\t<\/div>\n\t\t\t\t\t<\/div>\n\t\t\t\t<\/div>\n\t\t\t\t<\/div>","protected":false},"excerpt":{"rendered":"<p>Ajalugu enne S\u00fcdalinna Kooli Liivalaia t\u00e4naval on haridust antud juba \u00fcle 100 aasta. Eelmise sajandi algusaastail asus praeguse Ol\u00fcmpia hotelli kohal Kaasani T\u00fctarlaste Kool, mis kandis hiljem 11. Algkooli nime. Tollane koolimaja j\u00e4i kitsaks ja 1918\/1919. \u00f5ppeaastal avas linnavalitsus Tatari ja Allika t\u00e4nava nurgal Tallinna 14. Linna Algkooli. Koolihoone oli kahekorruseline, teisel korrusel oli kuus&#8230;<\/p>","protected":false},"author":1,"featured_media":0,"parent":686,"menu_order":1,"comment_status":"closed","ping_status":"closed","template":"elementor_header_footer","meta":{"_kad_post_transparent":"","_kad_post_title":"","_kad_post_layout":"","_kad_post_sidebar_id":"","_kad_post_content_style":"","_kad_post_vertical_padding":"","_kad_post_feature":"","_kad_post_feature_position":"","_kad_post_header":false,"_kad_post_footer":false,"_kad_post_classname":"","footnotes":""},"class_list":["post-735","page","type-page","status-publish","hentry"],"yoast_head":"<!-- This site is optimized with the Yoast SEO Premium plugin v20.11 (Yoast SEO v26.6) - https:\/\/yoast.com\/wordpress\/plugins\/seo\/ -->\n<title>Ajalugu - Tallinna S\u00fcdalinna kool<\/title>\n<meta name=\"robots\" content=\"index, follow, max-snippet:-1, max-image-preview:large, max-video-preview:-1\" \/>\n<link rel=\"canonical\" href=\"https:\/\/sydalinna.edu.ee\/eng\/koolist\/ajalugu\/\" \/>\n<meta property=\"og:locale\" content=\"en_US\" \/>\n<meta property=\"og:type\" content=\"article\" \/>\n<meta property=\"og:title\" content=\"Ajalugu\" \/>\n<meta property=\"og:description\" content=\"Ajalugu enne S\u00fcdalinna Kooli Liivalaia t\u00e4naval on haridust antud juba \u00fcle 100 aasta. Eelmise sajandi algusaastail asus praeguse Ol\u00fcmpia hotelli kohal Kaasani T\u00fctarlaste Kool, mis kandis hiljem 11. Algkooli nime. Tollane koolimaja j\u00e4i kitsaks ja 1918\/1919. \u00f5ppeaastal avas linnavalitsus Tatari ja Allika t\u00e4nava nurgal Tallinna 14. Linna Algkooli. Koolihoone oli kahekorruseline, teisel korrusel oli kuus...\" \/>\n<meta property=\"og:url\" content=\"https:\/\/sydalinna.edu.ee\/eng\/koolist\/ajalugu\/\" \/>\n<meta property=\"og:site_name\" content=\"Tallinna S\u00fcdalinna kool\" \/>\n<meta property=\"article:modified_time\" content=\"2026-01-06T12:43:15+00:00\" \/>\n<meta property=\"og:image\" content=\"https:\/\/sydalinna.edu.ee\/wp-content\/uploads\/2022\/02\/AJALUGU-1024x819.jpg\" \/>\n<meta name=\"twitter:card\" content=\"summary_large_image\" \/>\n<meta name=\"twitter:label1\" content=\"Est. reading time\" \/>\n\t<meta name=\"twitter:data1\" content=\"19 minutes\" \/>\n<script type=\"application\/ld+json\" class=\"yoast-schema-graph\">{\"@context\":\"https:\/\/schema.org\",\"@graph\":[{\"@type\":\"WebPage\",\"@id\":\"https:\/\/sydalinna.edu.ee\/koolist\/ajalugu\/\",\"url\":\"https:\/\/sydalinna.edu.ee\/koolist\/ajalugu\/\",\"name\":\"Ajalugu - Tallinna S\u00fcdalinna kool\",\"isPartOf\":{\"@id\":\"https:\/\/sydalinna.edu.ee\/#website\"},\"primaryImageOfPage\":{\"@id\":\"https:\/\/sydalinna.edu.ee\/koolist\/ajalugu\/#primaryimage\"},\"image\":{\"@id\":\"https:\/\/sydalinna.edu.ee\/koolist\/ajalugu\/#primaryimage\"},\"thumbnailUrl\":\"https:\/\/sydalinna.edu.ee\/wp-content\/uploads\/2022\/02\/AJALUGU-1024x819.jpg\",\"datePublished\":\"2021-12-30T20:33:03+00:00\",\"dateModified\":\"2026-01-06T12:43:15+00:00\",\"breadcrumb\":{\"@id\":\"https:\/\/sydalinna.edu.ee\/koolist\/ajalugu\/#breadcrumb\"},\"inLanguage\":\"en-US\",\"potentialAction\":[{\"@type\":\"ReadAction\",\"target\":[\"https:\/\/sydalinna.edu.ee\/koolist\/ajalugu\/\"]}]},{\"@type\":\"ImageObject\",\"inLanguage\":\"en-US\",\"@id\":\"https:\/\/sydalinna.edu.ee\/koolist\/ajalugu\/#primaryimage\",\"url\":\"https:\/\/sydalinna.edu.ee\/wp-content\/uploads\/2022\/02\/AJALUGU-1024x819.jpg\",\"contentUrl\":\"https:\/\/sydalinna.edu.ee\/wp-content\/uploads\/2022\/02\/AJALUGU-1024x819.jpg\"},{\"@type\":\"BreadcrumbList\",\"@id\":\"https:\/\/sydalinna.edu.ee\/koolist\/ajalugu\/#breadcrumb\",\"itemListElement\":[{\"@type\":\"ListItem\",\"position\":1,\"name\":\"Avaleht\",\"item\":\"https:\/\/sydalinna.edu.ee\/\"},{\"@type\":\"ListItem\",\"position\":2,\"name\":\"Koolist\",\"item\":\"https:\/\/sydalinna.edu.ee\/koolist\/\"},{\"@type\":\"ListItem\",\"position\":3,\"name\":\"Ajalugu\"}]},{\"@type\":\"WebSite\",\"@id\":\"https:\/\/sydalinna.edu.ee\/#website\",\"url\":\"https:\/\/sydalinna.edu.ee\/\",\"name\":\"Tallinna S\u00fcdalinna kool\",\"description\":\"Kodune kool kesklinna s\u00fcdames.\",\"publisher\":{\"@id\":\"https:\/\/sydalinna.edu.ee\/#organization\"},\"potentialAction\":[{\"@type\":\"SearchAction\",\"target\":{\"@type\":\"EntryPoint\",\"urlTemplate\":\"https:\/\/sydalinna.edu.ee\/?s={search_term_string}\"},\"query-input\":{\"@type\":\"PropertyValueSpecification\",\"valueRequired\":true,\"valueName\":\"search_term_string\"}}],\"inLanguage\":\"en-US\"},{\"@type\":\"Organization\",\"@id\":\"https:\/\/sydalinna.edu.ee\/#organization\",\"name\":\"Tallinna S\u00fcdalinna kool\",\"url\":\"https:\/\/sydalinna.edu.ee\/\",\"logo\":{\"@type\":\"ImageObject\",\"inLanguage\":\"en-US\",\"@id\":\"https:\/\/sydalinna.edu.ee\/#\/schema\/logo\/image\/\",\"url\":\"https:\/\/sydalinna.edu.ee\/wp-content\/uploads\/2021\/12\/g1.svg\",\"contentUrl\":\"https:\/\/sydalinna.edu.ee\/wp-content\/uploads\/2021\/12\/g1.svg\",\"width\":185,\"height\":45,\"caption\":\"Tallinna S\u00fcdalinna kool\"},\"image\":{\"@id\":\"https:\/\/sydalinna.edu.ee\/#\/schema\/logo\/image\/\"}}]}<\/script>\n<!-- \/ Yoast SEO Premium plugin. -->","yoast_head_json":{"title":"Ajalugu - Tallinna S\u00fcdalinna kool","robots":{"index":"index","follow":"follow","max-snippet":"max-snippet:-1","max-image-preview":"max-image-preview:large","max-video-preview":"max-video-preview:-1"},"canonical":"https:\/\/sydalinna.edu.ee\/eng\/koolist\/ajalugu\/","og_locale":"en_US","og_type":"article","og_title":"Ajalugu","og_description":"Ajalugu enne S\u00fcdalinna Kooli Liivalaia t\u00e4naval on haridust antud juba \u00fcle 100 aasta. Eelmise sajandi algusaastail asus praeguse Ol\u00fcmpia hotelli kohal Kaasani T\u00fctarlaste Kool, mis kandis hiljem 11. Algkooli nime. Tollane koolimaja j\u00e4i kitsaks ja 1918\/1919. \u00f5ppeaastal avas linnavalitsus Tatari ja Allika t\u00e4nava nurgal Tallinna 14. Linna Algkooli. Koolihoone oli kahekorruseline, teisel korrusel oli kuus...","og_url":"https:\/\/sydalinna.edu.ee\/eng\/koolist\/ajalugu\/","og_site_name":"Tallinna S\u00fcdalinna kool","article_modified_time":"2026-01-06T12:43:15+00:00","og_image":[{"url":"https:\/\/sydalinna.edu.ee\/wp-content\/uploads\/2022\/02\/AJALUGU-1024x819.jpg","type":"","width":"","height":""}],"twitter_card":"summary_large_image","twitter_misc":{"Est. reading time":"19 minutes"},"schema":{"@context":"https:\/\/schema.org","@graph":[{"@type":"WebPage","@id":"https:\/\/sydalinna.edu.ee\/koolist\/ajalugu\/","url":"https:\/\/sydalinna.edu.ee\/koolist\/ajalugu\/","name":"Ajalugu - Tallinna S\u00fcdalinna kool","isPartOf":{"@id":"https:\/\/sydalinna.edu.ee\/#website"},"primaryImageOfPage":{"@id":"https:\/\/sydalinna.edu.ee\/koolist\/ajalugu\/#primaryimage"},"image":{"@id":"https:\/\/sydalinna.edu.ee\/koolist\/ajalugu\/#primaryimage"},"thumbnailUrl":"https:\/\/sydalinna.edu.ee\/wp-content\/uploads\/2022\/02\/AJALUGU-1024x819.jpg","datePublished":"2021-12-30T20:33:03+00:00","dateModified":"2026-01-06T12:43:15+00:00","breadcrumb":{"@id":"https:\/\/sydalinna.edu.ee\/koolist\/ajalugu\/#breadcrumb"},"inLanguage":"en-US","potentialAction":[{"@type":"ReadAction","target":["https:\/\/sydalinna.edu.ee\/koolist\/ajalugu\/"]}]},{"@type":"ImageObject","inLanguage":"en-US","@id":"https:\/\/sydalinna.edu.ee\/koolist\/ajalugu\/#primaryimage","url":"https:\/\/sydalinna.edu.ee\/wp-content\/uploads\/2022\/02\/AJALUGU-1024x819.jpg","contentUrl":"https:\/\/sydalinna.edu.ee\/wp-content\/uploads\/2022\/02\/AJALUGU-1024x819.jpg"},{"@type":"BreadcrumbList","@id":"https:\/\/sydalinna.edu.ee\/koolist\/ajalugu\/#breadcrumb","itemListElement":[{"@type":"ListItem","position":1,"name":"Avaleht","item":"https:\/\/sydalinna.edu.ee\/"},{"@type":"ListItem","position":2,"name":"Koolist","item":"https:\/\/sydalinna.edu.ee\/koolist\/"},{"@type":"ListItem","position":3,"name":"Ajalugu"}]},{"@type":"WebSite","@id":"https:\/\/sydalinna.edu.ee\/#website","url":"https:\/\/sydalinna.edu.ee\/","name":"Tallinna S\u00fcdalinna kool","description":"Kodune kool kesklinna s\u00fcdames.","publisher":{"@id":"https:\/\/sydalinna.edu.ee\/#organization"},"potentialAction":[{"@type":"SearchAction","target":{"@type":"EntryPoint","urlTemplate":"https:\/\/sydalinna.edu.ee\/?s={search_term_string}"},"query-input":{"@type":"PropertyValueSpecification","valueRequired":true,"valueName":"search_term_string"}}],"inLanguage":"en-US"},{"@type":"Organization","@id":"https:\/\/sydalinna.edu.ee\/#organization","name":"Tallinna S\u00fcdalinna kool","url":"https:\/\/sydalinna.edu.ee\/","logo":{"@type":"ImageObject","inLanguage":"en-US","@id":"https:\/\/sydalinna.edu.ee\/#\/schema\/logo\/image\/","url":"https:\/\/sydalinna.edu.ee\/wp-content\/uploads\/2021\/12\/g1.svg","contentUrl":"https:\/\/sydalinna.edu.ee\/wp-content\/uploads\/2021\/12\/g1.svg","width":185,"height":45,"caption":"Tallinna S\u00fcdalinna kool"},"image":{"@id":"https:\/\/sydalinna.edu.ee\/#\/schema\/logo\/image\/"}}]}},"_links":{"self":[{"href":"https:\/\/sydalinna.edu.ee\/eng\/wp-json\/wp\/v2\/pages\/735","targetHints":{"allow":["GET"]}}],"collection":[{"href":"https:\/\/sydalinna.edu.ee\/eng\/wp-json\/wp\/v2\/pages"}],"about":[{"href":"https:\/\/sydalinna.edu.ee\/eng\/wp-json\/wp\/v2\/types\/page"}],"author":[{"embeddable":true,"href":"https:\/\/sydalinna.edu.ee\/eng\/wp-json\/wp\/v2\/users\/1"}],"replies":[{"embeddable":true,"href":"https:\/\/sydalinna.edu.ee\/eng\/wp-json\/wp\/v2\/comments?post=735"}],"version-history":[{"count":51,"href":"https:\/\/sydalinna.edu.ee\/eng\/wp-json\/wp\/v2\/pages\/735\/revisions"}],"predecessor-version":[{"id":10543,"href":"https:\/\/sydalinna.edu.ee\/eng\/wp-json\/wp\/v2\/pages\/735\/revisions\/10543"}],"up":[{"embeddable":true,"href":"https:\/\/sydalinna.edu.ee\/eng\/wp-json\/wp\/v2\/pages\/686"}],"wp:attachment":[{"href":"https:\/\/sydalinna.edu.ee\/eng\/wp-json\/wp\/v2\/media?parent=735"}],"curies":[{"name":"wp","href":"https:\/\/api.w.org\/{rel}","templated":true}]}}