{"id":2475,"date":"2022-02-04T07:47:14","date_gmt":"2022-02-04T07:47:14","guid":{"rendered":"https:\/\/sydalinna-edu-ee.vserver.zonevs.eu\/?page_id=2475"},"modified":"2026-03-06T12:33:44","modified_gmt":"2026-03-06T10:33:44","slug":"oppetoo-korraldus","status":"publish","type":"page","link":"https:\/\/sydalinna.edu.ee\/eng\/oppetoo\/oppetoo-korraldus\/","title":{"rendered":"\u00d5ppet\u00f6\u00f6 korraldus"},"content":{"rendered":"<div data-elementor-type=\"wp-page\" data-elementor-id=\"2475\" class=\"elementor elementor-2475\" data-elementor-post-type=\"page\">\n\t\t\t\t<div class=\"elementor-element elementor-element-1a9cf0c e-con-full e-flex e-con e-parent\" data-id=\"1a9cf0c\" data-element_type=\"container\">\n\t\t\t\t<div class=\"elementor-element elementor-element-a50351e elementor-widget elementor-widget-shortcode\" data-id=\"a50351e\" data-element_type=\"widget\" data-widget_type=\"shortcode.default\">\n\t\t\t\t<div class=\"elementor-widget-container\">\n\t\t\t\t\t\t\t<div class=\"elementor-shortcode\">\t\t<div data-elementor-type=\"container\" data-elementor-id=\"9256\" class=\"elementor elementor-9256\" data-elementor-post-type=\"elementor_library\">\n\t\t\t\t<div class=\"elementor-element elementor-element-6cad0ddc e-flex e-con-boxed e-con e-parent\" data-id=\"6cad0ddc\" data-element_type=\"container\" data-settings=\"{&quot;background_background&quot;:&quot;classic&quot;}\">\n\t\t\t\t\t<div class=\"e-con-inner\">\n\t\t<div class=\"elementor-element elementor-element-4386521 e-con-full e-flex e-con e-child\" data-id=\"4386521\" data-element_type=\"container\">\n\t\t\t\t<div class=\"elementor-element elementor-element-3e8a822 elementor-widget elementor-widget-breadcrumbs\" data-id=\"3e8a822\" data-element_type=\"widget\" data-widget_type=\"breadcrumbs.default\">\n\t\t\t\t<div class=\"elementor-widget-container\">\n\t\t\t\t\t<p id=\"breadcrumbs\"><span><span><a href=\"https:\/\/sydalinna.edu.ee\/eng\/\">Avaleht<\/a><\/span><\/span><\/p>\t\t\t\t<\/div>\n\t\t\t\t<\/div>\n\t\t\t\t<\/div>\n\t\t\t\t\t<\/div>\n\t\t\t\t<\/div>\n\t\t\t\t<\/div>\n\t\t<\/div>\n\t\t\t\t\t\t<\/div>\n\t\t\t\t<\/div>\n\t\t\t\t<\/div>\n\t\t<div class=\"elementor-element elementor-element-bd513d1 e-flex e-con-boxed e-con e-parent\" data-id=\"bd513d1\" data-element_type=\"container\">\n\t\t\t\t\t<div class=\"e-con-inner\">\n\t\t<div class=\"elementor-element elementor-element-02e75f3 e-con-full e-flex e-con e-child\" data-id=\"02e75f3\" data-element_type=\"container\">\n\t\t\t\t<div class=\"elementor-element elementor-element-1212c83 elementor-nav-menu--dropdown-none elementor-hidden-mobile elementor-widget elementor-widget-nav-menu\" data-id=\"1212c83\" data-element_type=\"widget\" data-settings=\"{&quot;layout&quot;:&quot;vertical&quot;,&quot;sticky&quot;:&quot;top&quot;,&quot;sticky_on&quot;:[&quot;desktop&quot;,&quot;tablet&quot;],&quot;sticky_offset&quot;:100,&quot;sticky_effects_offset&quot;:100,&quot;sticky_parent&quot;:&quot;yes&quot;,&quot;submenu_icon&quot;:{&quot;value&quot;:&quot;&lt;i class=\\&quot;fas fa-caret-down\\&quot; aria-hidden=\\&quot;true\\&quot;&gt;&lt;\\\/i&gt;&quot;,&quot;library&quot;:&quot;fa-solid&quot;},&quot;sticky_anchor_link_offset&quot;:0}\" data-widget_type=\"nav-menu.default\">\n\t\t\t\t<div class=\"elementor-widget-container\">\n\t\t\t\t\t\t\t\t<nav aria-label=\"Menu\" class=\"elementor-nav-menu--main elementor-nav-menu__container elementor-nav-menu--layout-vertical e--pointer-text e--animation-none\">\n\t\t\t\t<ul id=\"menu-1-1212c83\" class=\"elementor-nav-menu sm-vertical\"><li class=\"menu-item menu-item-type-custom menu-item-object-custom menu-item-2532\"><a href=\"https:\/\/sydalinna.edu.ee\/eng\/oppetoo\/oppetoo-korraldus\/#tundide_ajad\" class=\"elementor-item elementor-item-anchor\">Tundide ajad<\/a><\/li>\n<li class=\"menu-item menu-item-type-custom menu-item-object-custom menu-item-2533\"><a href=\"https:\/\/sydalinna.edu.ee\/eng\/oppetoo\/oppetoo-korraldus\/#trimestrid\" class=\"elementor-item elementor-item-anchor\">Trimestrid<\/a><\/li>\n<li class=\"menu-item menu-item-type-custom menu-item-object-custom menu-item-2534\"><a href=\"https:\/\/sydalinna.edu.ee\/eng\/oppetoo\/oppetoo-korraldus\/#koolivaheajad\" class=\"elementor-item elementor-item-anchor\">Koolivaheajad<\/a><\/li>\n<li class=\"menu-item menu-item-type-custom menu-item-object-custom menu-item-2536\"><a href=\"https:\/\/sydalinna.edu.ee\/eng\/oppetoo\/oppetoo-korraldus\/#tunniplaan\" class=\"elementor-item elementor-item-anchor\">Tunniplaan<\/a><\/li>\n<li class=\"menu-item menu-item-type-custom menu-item-object-custom menu-item-2537\"><a href=\"https:\/\/sydalinna.edu.ee\/eng\/oppetoo\/oppetoo-korraldus\/#konsultatsioon\" class=\"elementor-item elementor-item-anchor\">Konsultatsioonide ajad<\/a><\/li>\n<li class=\"menu-item menu-item-type-custom menu-item-object-custom menu-item-2538\"><a href=\"https:\/\/sydalinna.edu.ee\/eng\/oppetoo\/oppetoo-korraldus\/#jarelvastamine\" class=\"elementor-item elementor-item-anchor\">J\u00e4relvastamine<\/a><\/li>\n<li class=\"menu-item menu-item-type-custom menu-item-object-custom menu-item-2539\"><a href=\"https:\/\/sydalinna.edu.ee\/eng\/oppetoo\/oppetoo-korraldus\/#kodukord\" class=\"elementor-item elementor-item-anchor\">Kodukord<\/a><\/li>\n<\/ul>\t\t\t<\/nav>\n\t\t\t\t\t\t<nav class=\"elementor-nav-menu--dropdown elementor-nav-menu__container\" aria-hidden=\"true\">\n\t\t\t\t<ul id=\"menu-2-1212c83\" class=\"elementor-nav-menu sm-vertical\"><li class=\"menu-item menu-item-type-custom menu-item-object-custom menu-item-2532\"><a href=\"https:\/\/sydalinna.edu.ee\/eng\/oppetoo\/oppetoo-korraldus\/#tundide_ajad\" class=\"elementor-item elementor-item-anchor\" tabindex=\"-1\">Tundide ajad<\/a><\/li>\n<li class=\"menu-item menu-item-type-custom menu-item-object-custom menu-item-2533\"><a href=\"https:\/\/sydalinna.edu.ee\/eng\/oppetoo\/oppetoo-korraldus\/#trimestrid\" class=\"elementor-item elementor-item-anchor\" tabindex=\"-1\">Trimestrid<\/a><\/li>\n<li class=\"menu-item menu-item-type-custom menu-item-object-custom menu-item-2534\"><a href=\"https:\/\/sydalinna.edu.ee\/eng\/oppetoo\/oppetoo-korraldus\/#koolivaheajad\" class=\"elementor-item elementor-item-anchor\" tabindex=\"-1\">Koolivaheajad<\/a><\/li>\n<li class=\"menu-item menu-item-type-custom menu-item-object-custom menu-item-2536\"><a href=\"https:\/\/sydalinna.edu.ee\/eng\/oppetoo\/oppetoo-korraldus\/#tunniplaan\" class=\"elementor-item elementor-item-anchor\" tabindex=\"-1\">Tunniplaan<\/a><\/li>\n<li class=\"menu-item menu-item-type-custom menu-item-object-custom menu-item-2537\"><a href=\"https:\/\/sydalinna.edu.ee\/eng\/oppetoo\/oppetoo-korraldus\/#konsultatsioon\" class=\"elementor-item elementor-item-anchor\" tabindex=\"-1\">Konsultatsioonide ajad<\/a><\/li>\n<li class=\"menu-item menu-item-type-custom menu-item-object-custom menu-item-2538\"><a href=\"https:\/\/sydalinna.edu.ee\/eng\/oppetoo\/oppetoo-korraldus\/#jarelvastamine\" class=\"elementor-item elementor-item-anchor\" tabindex=\"-1\">J\u00e4relvastamine<\/a><\/li>\n<li class=\"menu-item menu-item-type-custom menu-item-object-custom menu-item-2539\"><a href=\"https:\/\/sydalinna.edu.ee\/eng\/oppetoo\/oppetoo-korraldus\/#kodukord\" class=\"elementor-item elementor-item-anchor\" tabindex=\"-1\">Kodukord<\/a><\/li>\n<\/ul>\t\t\t<\/nav>\n\t\t\t\t\t\t<\/div>\n\t\t\t\t<\/div>\n\t\t\t\t<\/div>\n\t\t<div class=\"elementor-element elementor-element-283303b e-con-full e-flex e-con e-child\" data-id=\"283303b\" data-element_type=\"container\" data-settings=\"{&quot;background_background&quot;:&quot;classic&quot;}\">\n\t\t<div class=\"elementor-element elementor-element-b59bee5 e-con-full e-flex e-con e-child\" data-id=\"b59bee5\" data-element_type=\"container\" id=\"tundide_ajad\">\n\t\t<div class=\"elementor-element elementor-element-7af14bc e-con-full e-flex e-con e-child\" data-id=\"7af14bc\" data-element_type=\"container\">\n\t\t\t\t<div class=\"elementor-element elementor-element-c9557c0 elementor-widget elementor-widget-image\" data-id=\"c9557c0\" data-element_type=\"widget\" data-settings=\"{&quot;sticky&quot;:&quot;top&quot;,&quot;sticky_on&quot;:[&quot;desktop&quot;,&quot;tablet&quot;],&quot;sticky_offset&quot;:100,&quot;sticky_effects_offset&quot;:100,&quot;sticky_parent&quot;:&quot;yes&quot;,&quot;sticky_anchor_link_offset&quot;:0}\" data-widget_type=\"image.default\">\n\t\t\t\t<div class=\"elementor-widget-container\">\n\t\t\t\t\t\t\t\t\t\t\t\t\t\t\t<img fetchpriority=\"high\" decoding=\"async\" width=\"1024\" height=\"820\" src=\"https:\/\/sydalinna.edu.ee\/wp-content\/uploads\/2022\/02\/ART4241-1024x820.jpg\" class=\"attachment-large size-large wp-image-3509\" alt=\"\" srcset=\"https:\/\/sydalinna.edu.ee\/wp-content\/uploads\/2022\/02\/ART4241-1024x820.jpg 1024w, https:\/\/sydalinna.edu.ee\/wp-content\/uploads\/2022\/02\/ART4241-300x240.jpg 300w, https:\/\/sydalinna.edu.ee\/wp-content\/uploads\/2022\/02\/ART4241-768x615.jpg 768w, https:\/\/sydalinna.edu.ee\/wp-content\/uploads\/2022\/02\/ART4241-1170x936.jpg 1170w, https:\/\/sydalinna.edu.ee\/wp-content\/uploads\/2022\/02\/ART4241-585x468.jpg 585w, https:\/\/sydalinna.edu.ee\/wp-content\/uploads\/2022\/02\/ART4241.jpg 1257w\" sizes=\"(max-width: 1024px) 100vw, 1024px\" \/>\t\t\t\t\t\t\t\t\t\t\t\t\t\t\t<\/div>\n\t\t\t\t<\/div>\n\t\t\t\t<\/div>\n\t\t<div class=\"elementor-element elementor-element-44709fe e-con-full e-flex e-con e-child\" data-id=\"44709fe\" data-element_type=\"container\">\n\t\t\t\t<div class=\"elementor-element elementor-element-8300ee7 elementor-widget elementor-widget-heading\" data-id=\"8300ee7\" data-element_type=\"widget\" data-widget_type=\"heading.default\">\n\t\t\t\t<div class=\"elementor-widget-container\">\n\t\t\t\t\t<h2 class=\"elementor-heading-title elementor-size-default\">Tundide ajad<\/h2>\t\t\t\t<\/div>\n\t\t\t\t<\/div>\n\t\t\t\t<div class=\"elementor-element elementor-element-7e3c60f elementor-widget elementor-widget-text-editor\" data-id=\"7e3c60f\" data-element_type=\"widget\" data-widget_type=\"text-editor.default\">\n\t\t\t\t<div class=\"elementor-widget-container\">\n\t\t\t\t\t\t\t\t\t<p>\u25c9 Tunni alustab ja l\u00f5petab\u00a0 \u00f5petaja.\u00a0<\/p><p>\u25c9 Noorematele \u00f5pilastele tuleb aine\u00f5petaja koduklassi juurde vastu enne tunni algust ja toob nad peale tunni l\u00f5ppu koduklassi tagasi.<\/p><p>\u25c9 Kui ainetunnid algavad vastavalt tunniplaanile hiljem kui kell 8.00, kuid \u00f5pilane peab perekondlikel p\u00f5hjustel tulema varem kooli (st enne ainetunnile eelnevat vahetundi), siis ootab ta \u00f5ppetundide algust vaikselt garderoobis (istub pingil; garderoobiboksis ei oodata) ja ei sisene \u00f5ppekorpusesse, kus toimuvad tunnid.<\/p><p>\u25c9 \u00d5pilane lahkub peale ainetundide l\u00f5ppu vahetunni jooksul kooli territooriumilt (st ei j\u00e4\u00e4 m\u00e4nguv\u00e4ljakule\/staadionile) v\u00f5i liitub peale ainetundide l\u00f5ppu koheselt kogup\u00e4evakooliga (sh ootab seal huviringi v\u00f5i treeningu algust v\u00f5i lapsevanemat v\u00f5i bussi vm).<\/p><p>\u25c9 \u00d5uevahetunni vajalikkusest igale \u00f5pilasele saab lugeda teadusuuringutest.<\/p>\t\t\t\t\t\t\t\t<\/div>\n\t\t\t\t<\/div>\n\t\t\t\t<div class=\"elementor-element elementor-element-3950e16 elementor-widget elementor-widget-toggle\" data-id=\"3950e16\" data-element_type=\"widget\" data-widget_type=\"toggle.default\">\n\t\t\t\t<div class=\"elementor-widget-container\">\n\t\t\t\t\t\t\t<div class=\"elementor-toggle\">\n\t\t\t\t\t\t\t<div class=\"elementor-toggle-item\">\n\t\t\t\t\t<div id=\"elementor-tab-title-6011\" class=\"elementor-tab-title\" data-tab=\"1\" role=\"button\" aria-controls=\"elementor-tab-content-6011\" aria-expanded=\"false\">\n\t\t\t\t\t\t\t\t\t\t\t\t<span class=\"elementor-toggle-icon elementor-toggle-icon-left\" aria-hidden=\"true\">\n\t\t\t\t\t\t\t\t\t\t\t\t\t\t\t<span class=\"elementor-toggle-icon-closed\"><i class=\"fas fa-chevron-down\"><\/i><\/span>\n\t\t\t\t\t\t\t\t<span class=\"elementor-toggle-icon-opened\"><i class=\"elementor-toggle-icon-opened fas fa-angle-up\"><\/i><\/span>\n\t\t\t\t\t\t\t\t\t\t\t\t\t<\/span>\n\t\t\t\t\t\t\t\t\t\t\t\t<a class=\"elementor-toggle-title\" tabindex=\"0\">Tundide ajad alates 05.01.2026<\/a>\n\t\t\t\t\t<\/div>\n\n\t\t\t\t\t<div id=\"elementor-tab-content-6011\" class=\"elementor-tab-content elementor-clearfix\" data-tab=\"1\" role=\"region\" aria-labelledby=\"elementor-tab-title-6011\"><p>Vastavalt direktori 30.12.2025.a k\u00e4skkirjale 1-2\/39 muutuvad alates\u00a0<strong>05.01.2026<\/strong>\u00a0tundide kellaajad, tulenevalt Vabariigi Valitsuse 07.07.2025.a m\u00e4\u00e4ruse \u201d N\u00f5uded statsionaarse \u00f5ppega \u00fcldhariduskooli \u00f5ppekeskkonnale, terviseriskide ohjamisele ja riskitegurite v\u00e4hendamisele \u00f5ppekeskkonnas ning \u00f5ppe ja kasvatuse korraldamisele\u201d ehk s\u00f6\u00f6gi- ja \u00f5uevahetundide pikkus on edaspidi 25 minutit.<\/p><p>Tundide ajad on n\u00e4htavad\u00a0<a href=\"https:\/\/sydalinna.edu.ee\/wp-content\/uploads\/2026\/01\/Tundide-ja-vahetundide-ajad-alates-5.01.2026.pdf\"><strong>SIIN<\/strong><\/a><\/p><\/div>\n\t\t\t\t<\/div>\n\t\t\t\t\t\t\t\t<\/div>\n\t\t\t\t\t\t<\/div>\n\t\t\t\t<\/div>\n\t\t\t\t<div class=\"elementor-element elementor-element-73a8989 elementor-widget elementor-widget-text-editor\" data-id=\"73a8989\" data-element_type=\"widget\" data-widget_type=\"text-editor.default\">\n\t\t\t\t<div class=\"elementor-widget-container\">\n\t\t\t\t\t\t\t\t\t<p><strong>NB!<\/strong> Kui \u00f5ppeperioodil on vajadus puududa koolist rohkem kui 2 \u00f5ppep\u00e4eva j\u00e4rjest (nt reis, perekondlikud p\u00f5hjused, v\u00f5istlused vms), siis tuleb esitada v\u00e4hemalt 5 t\u00f6\u00f6p\u00e4eva enne\u00a0<a href=\"https:\/\/sydalinna.edu.ee\/eng\/koolist\/dokumentatsioon\/\">\u00f5ppet\u00f6\u00f6lt vabastamise taotlus<\/a>. Taotluse rahuldamisega peavad olema n\u00f5us k\u00f5ik aine\u00f5petajad. Puudumise perioodil vastutab \u00f5ppetulemuste eest lapsevanem.<\/p>\t\t\t\t\t\t\t\t<\/div>\n\t\t\t\t<\/div>\n\t\t\t\t<\/div>\n\t\t\t\t<\/div>\n\t\t<div class=\"elementor-element elementor-element-dc1a71c e-con-full e-flex e-con e-child\" data-id=\"dc1a71c\" data-element_type=\"container\" id=\"trimestrid\">\n\t\t<div class=\"elementor-element elementor-element-9296d3a e-con-full e-flex e-con e-child\" data-id=\"9296d3a\" data-element_type=\"container\">\n\t\t\t\t<div class=\"elementor-element elementor-element-c37d039 elementor-widget elementor-widget-heading\" data-id=\"c37d039\" data-element_type=\"widget\" data-widget_type=\"heading.default\">\n\t\t\t\t<div class=\"elementor-widget-container\">\n\t\t\t\t\t<h2 class=\"elementor-heading-title elementor-size-default\">Trimestrid<\/h2>\t\t\t\t<\/div>\n\t\t\t\t<\/div>\n\t\t\t\t<div class=\"elementor-element elementor-element-e9a58ac elementor-widget elementor-widget-text-editor\" data-id=\"e9a58ac\" data-element_type=\"widget\" data-widget_type=\"text-editor.default\">\n\t\t\t\t<div class=\"elementor-widget-container\">\n\t\t\t\t\t\t\t\t\t<p>Trimestrite ajad 2025\/2026:<\/p><p>I trimester 01.09.25 &#8211; 28.11.25<\/p><p>II trimester 01.12.25 &#8211; 13.03.26<\/p><p>III trimester 16.03.26 &#8211; 09.06.26<\/p><p>Trimestri viimase p\u00e4eva kuup\u00e4evaga kinnitatakse 4.-9. klassi kokkuv\u00f5tvad hinded tunnistusel.<\/p><p>I kooliaste saab tunnistused 23.01.2026 ja 09.06.2026.<\/p>\t\t\t\t\t\t\t\t<\/div>\n\t\t\t\t<\/div>\n\t\t\t\t<\/div>\n\t\t<div class=\"elementor-element elementor-element-0e6b9c8 e-con-full e-flex e-con e-child\" data-id=\"0e6b9c8\" data-element_type=\"container\">\n\t\t\t\t<div class=\"elementor-element elementor-element-2b5fab6 elementor-widget elementor-widget-image\" data-id=\"2b5fab6\" data-element_type=\"widget\" data-widget_type=\"image.default\">\n\t\t\t\t<div class=\"elementor-widget-container\">\n\t\t\t\t\t\t\t\t\t\t\t\t\t\t\t<img decoding=\"async\" width=\"1024\" height=\"819\" src=\"https:\/\/sydalinna.edu.ee\/wp-content\/uploads\/2022\/02\/Trimestrid-1-1024x819.jpg\" class=\"attachment-large size-large wp-image-3531\" alt=\"\" srcset=\"https:\/\/sydalinna.edu.ee\/wp-content\/uploads\/2022\/02\/Trimestrid-1-1024x819.jpg 1024w, https:\/\/sydalinna.edu.ee\/wp-content\/uploads\/2022\/02\/Trimestrid-1-300x240.jpg 300w, https:\/\/sydalinna.edu.ee\/wp-content\/uploads\/2022\/02\/Trimestrid-1-768x614.jpg 768w, https:\/\/sydalinna.edu.ee\/wp-content\/uploads\/2022\/02\/Trimestrid-1-585x468.jpg 585w, https:\/\/sydalinna.edu.ee\/wp-content\/uploads\/2022\/02\/Trimestrid-1.jpg 1080w\" sizes=\"(max-width: 1024px) 100vw, 1024px\" \/>\t\t\t\t\t\t\t\t\t\t\t\t\t\t\t<\/div>\n\t\t\t\t<\/div>\n\t\t\t\t<\/div>\n\t\t\t\t<\/div>\n\t\t<div class=\"elementor-element elementor-element-3f717c3 e-con-full e-flex e-con e-child\" data-id=\"3f717c3\" data-element_type=\"container\" id=\"koolivaheajad\">\n\t\t<div class=\"elementor-element elementor-element-a66fd16 e-con-full e-flex e-con e-child\" data-id=\"a66fd16\" data-element_type=\"container\">\n\t\t\t\t<div class=\"elementor-element elementor-element-1ece730 elementor-widget elementor-widget-image\" data-id=\"1ece730\" data-element_type=\"widget\" data-settings=\"{&quot;sticky&quot;:&quot;top&quot;,&quot;sticky_on&quot;:[&quot;desktop&quot;,&quot;tablet&quot;],&quot;sticky_offset&quot;:100,&quot;sticky_effects_offset&quot;:100,&quot;sticky_parent&quot;:&quot;yes&quot;,&quot;sticky_anchor_link_offset&quot;:0}\" data-widget_type=\"image.default\">\n\t\t\t\t<div class=\"elementor-widget-container\">\n\t\t\t\t\t\t\t\t\t\t\t\t\t\t\t\t<a href=\"https:\/\/sydalinna.edu.ee\/eng\/koolist\/koolipere\/#koolipsuhholoog\">\n\t\t\t\t\t\t\t<img decoding=\"async\" width=\"1024\" height=\"819\" src=\"https:\/\/sydalinna.edu.ee\/wp-content\/uploads\/2022\/02\/Sudalinna-kool-1024x819.jpg\" class=\"attachment-large size-large wp-image-3153\" alt=\"\" srcset=\"https:\/\/sydalinna.edu.ee\/wp-content\/uploads\/2022\/02\/Sudalinna-kool-1024x819.jpg 1024w, https:\/\/sydalinna.edu.ee\/wp-content\/uploads\/2022\/02\/Sudalinna-kool-300x240.jpg 300w, https:\/\/sydalinna.edu.ee\/wp-content\/uploads\/2022\/02\/Sudalinna-kool-768x614.jpg 768w, https:\/\/sydalinna.edu.ee\/wp-content\/uploads\/2022\/02\/Sudalinna-kool-585x468.jpg 585w, https:\/\/sydalinna.edu.ee\/wp-content\/uploads\/2022\/02\/Sudalinna-kool.jpg 1080w\" sizes=\"(max-width: 1024px) 100vw, 1024px\" \/>\t\t\t\t\t\t\t\t<\/a>\n\t\t\t\t\t\t\t\t\t\t\t\t\t\t\t<\/div>\n\t\t\t\t<\/div>\n\t\t\t\t<\/div>\n\t\t<div class=\"elementor-element elementor-element-74c5219 e-con-full e-flex e-con e-child\" data-id=\"74c5219\" data-element_type=\"container\">\n\t\t\t\t<div class=\"elementor-element elementor-element-38eeaa7 elementor-widget elementor-widget-heading\" data-id=\"38eeaa7\" data-element_type=\"widget\" data-widget_type=\"heading.default\">\n\t\t\t\t<div class=\"elementor-widget-container\">\n\t\t\t\t\t<h2 class=\"elementor-heading-title elementor-size-default\">Koolivaheajad<\/h2>\t\t\t\t<\/div>\n\t\t\t\t<\/div>\n\t\t\t\t<div class=\"elementor-element elementor-element-7460914 elementor-widget elementor-widget-text-editor\" data-id=\"7460914\" data-element_type=\"widget\" data-widget_type=\"text-editor.default\">\n\t\t\t\t<div class=\"elementor-widget-container\">\n\t\t\t\t\t\t\t\t\t<div class=\"elementor-element elementor-element-7a321df elementor-widget elementor-widget-penci-fancy_heading\" data-id=\"7a321df\" data-element_type=\"widget\" data-widget_type=\"penci-fancy_heading.default\"><div class=\"elementor-widget-container\"><div class=\"penci-fancy-heading penci-heading-text-left\"><div class=\"penci-fancy-heading-inner\"><div class=\"penci-heading-content entry-content\"><p>Koolivaheajad 2025\/2026. \u00f5ppeaastal Tallinna S\u00fcdalinna Koolis:<br \/>1) I vaheaeg 20. oktoober 2025. a kuni 26. oktoober 2025. a;<br \/>2) II vaheaeg 22. detsember 2025. a kuni 4. jaanuar 2026. a;<br \/>3) III vaheaeg 23. veebruar 2026. a kuni 1. m\u00e4rts 2026. a;<br \/>4) IV vaheaeg 13. aprill 2026. a kuni 19. aprill 2026. a;<br \/>5) V vaheaeg (v.a l\u00f5puklassid) 10. juuni 2026. a kuni 31. august 2026. a.<\/p><\/div><\/div><\/div><\/div><\/div><div class=\"elementor-element elementor-element-a2d2c61 elementor-widget elementor-widget-penci-fancy_heading\" data-id=\"a2d2c61\" data-element_type=\"widget\" data-widget_type=\"penci-fancy_heading.default\"><div class=\"elementor-widget-container\"><div class=\"penci-fancy-heading penci-heading-text-left\"><div class=\"penci-fancy-heading-inner\"><div class=\"penci-heading-content entry-content\"><p>NB! Kui \u00f5ppeperioodil on vajadus puududa koolist rohkem kui 2 \u00f5ppep\u00e4eva j\u00e4rjest (nt reis, perekondlikud p\u00f5hjused, v\u00f5istlused vms), siis tuleb esitada v\u00e4hemalt 5 t\u00f6\u00f6p\u00e4eva enne\u00a0<a href=\"https:\/\/sydalinna.edu.ee\/eng\/koolist\/dokumentatsioon\/\">\u00f5ppet\u00f6\u00f6lt vabastamise taotlus<\/a>. Taotluse rahuldamisega peavad olema n\u00f5us k\u00f5ik aine\u00f5petajad. Puudumise perioodil vastutab \u00f5ppetulemuste eest lapsevanem.<\/p><\/div><\/div><\/div><\/div><\/div>\t\t\t\t\t\t\t\t<\/div>\n\t\t\t\t<\/div>\n\t\t\t\t<\/div>\n\t\t\t\t<\/div>\n\t\t<div class=\"elementor-element elementor-element-3dd8149 e-con-full e-flex e-con e-child\" data-id=\"3dd8149\" data-element_type=\"container\" id=\"tunniplaan\">\n\t\t<div class=\"elementor-element elementor-element-3aa3922 e-con-full e-flex e-con e-child\" data-id=\"3aa3922\" data-element_type=\"container\">\n\t\t\t\t<div class=\"elementor-element elementor-element-f2aa51e elementor-widget elementor-widget-image\" data-id=\"f2aa51e\" data-element_type=\"widget\" data-settings=\"{&quot;sticky&quot;:&quot;top&quot;,&quot;sticky_on&quot;:[&quot;desktop&quot;,&quot;tablet&quot;],&quot;sticky_offset&quot;:100,&quot;sticky_effects_offset&quot;:100,&quot;sticky_parent&quot;:&quot;yes&quot;,&quot;sticky_anchor_link_offset&quot;:0}\" data-widget_type=\"image.default\">\n\t\t\t\t<div class=\"elementor-widget-container\">\n\t\t\t\t\t\t\t\t\t\t\t\t\t\t\t\t<a href=\"https:\/\/www.ekool.eu\/#\/\">\n\t\t\t\t\t\t\t<img loading=\"lazy\" decoding=\"async\" width=\"1024\" height=\"819\" src=\"https:\/\/sydalinna.edu.ee\/wp-content\/uploads\/2022\/02\/ekool-1024x819.png\" class=\"attachment-large size-large wp-image-3151\" alt=\"\" srcset=\"https:\/\/sydalinna.edu.ee\/wp-content\/uploads\/2022\/02\/ekool-1024x819.png 1024w, https:\/\/sydalinna.edu.ee\/wp-content\/uploads\/2022\/02\/ekool-300x240.png 300w, https:\/\/sydalinna.edu.ee\/wp-content\/uploads\/2022\/02\/ekool-768x614.png 768w, https:\/\/sydalinna.edu.ee\/wp-content\/uploads\/2022\/02\/ekool-585x468.png 585w, https:\/\/sydalinna.edu.ee\/wp-content\/uploads\/2022\/02\/ekool.png 1080w\" sizes=\"(max-width: 1024px) 100vw, 1024px\" \/>\t\t\t\t\t\t\t\t<\/a>\n\t\t\t\t\t\t\t\t\t\t\t\t\t\t\t<\/div>\n\t\t\t\t<\/div>\n\t\t\t\t<\/div>\n\t\t<div class=\"elementor-element elementor-element-40f6db1 e-con-full e-flex e-con e-child\" data-id=\"40f6db1\" data-element_type=\"container\">\n\t\t\t\t<div class=\"elementor-element elementor-element-737d721 elementor-widget elementor-widget-heading\" data-id=\"737d721\" data-element_type=\"widget\" data-widget_type=\"heading.default\">\n\t\t\t\t<div class=\"elementor-widget-container\">\n\t\t\t\t\t<h2 class=\"elementor-heading-title elementor-size-default\">Tunniplaan<\/h2>\t\t\t\t<\/div>\n\t\t\t\t<\/div>\n\t\t\t\t<div class=\"elementor-element elementor-element-61f991a elementor-widget elementor-widget-toggle\" data-id=\"61f991a\" data-element_type=\"widget\" data-widget_type=\"toggle.default\">\n\t\t\t\t<div class=\"elementor-widget-container\">\n\t\t\t\t\t\t\t<div class=\"elementor-toggle\">\n\t\t\t\t\t\t\t<div class=\"elementor-toggle-item\">\n\t\t\t\t\t<div id=\"elementor-tab-title-1021\" class=\"elementor-tab-title\" data-tab=\"1\" role=\"button\" aria-controls=\"elementor-tab-content-1021\" aria-expanded=\"false\">\n\t\t\t\t\t\t\t\t\t\t\t\t<span class=\"elementor-toggle-icon elementor-toggle-icon-left\" aria-hidden=\"true\">\n\t\t\t\t\t\t\t\t\t\t\t\t\t\t\t<span class=\"elementor-toggle-icon-closed\"><i class=\"fas fa-chevron-down\"><\/i><\/span>\n\t\t\t\t\t\t\t\t<span class=\"elementor-toggle-icon-opened\"><i class=\"elementor-toggle-icon-opened fas fa-angle-up\"><\/i><\/span>\n\t\t\t\t\t\t\t\t\t\t\t\t\t<\/span>\n\t\t\t\t\t\t\t\t\t\t\t\t<a class=\"elementor-toggle-title\" tabindex=\"0\">Tunniplaani saab n\u00e4ha e-koolist.<\/a>\n\t\t\t\t\t<\/div>\n\n\t\t\t\t\t<div id=\"elementor-tab-content-1021\" class=\"elementor-tab-content elementor-clearfix\" data-tab=\"1\" role=\"region\" aria-labelledby=\"elementor-tab-title-1021\"><p>\u25c9 \u00d5ppeaasta esimese tunniplaani saab klassijuhatajatelt klassijuhatajatunnis peale aktust.<\/p><p>\u25c9 Tunniplaan on e-koolist n\u00e4htav hiljemalt 1 p\u00e4ev enne uue \u00f5ppeperioodi algust.<\/p><p>\u25c9 Tunniplaanis tuleb j\u00e4lgida tundide j\u00e4rjestust.<\/p><p>\u25c9 Tunniplaan muutub mitu korda \u00f5ppeaastas. Palume sellega arvestada huviringide aegu valides.<\/p><p>\u25c9 Koolip\u00e4ev algab kell 8.00, kuid tunnid toimuvad vastavalt tunniplaanile ehk vahel v\u00f5ivad tunnid alata hiljem.<\/p><\/div>\n\t\t\t\t<\/div>\n\t\t\t\t\t\t\t\t<\/div>\n\t\t\t\t\t\t<\/div>\n\t\t\t\t<\/div>\n\t\t\t\t<\/div>\n\t\t\t\t<\/div>\n\t\t<div class=\"elementor-element elementor-element-96fe594 e-con-full e-flex e-con e-child\" data-id=\"96fe594\" data-element_type=\"container\" id=\"konsultatsioon\">\n\t\t<div class=\"elementor-element elementor-element-2a2b279 e-con-full e-flex e-con e-child\" data-id=\"2a2b279\" data-element_type=\"container\">\n\t\t\t\t<div class=\"elementor-element elementor-element-b84dff6 elementor-widget elementor-widget-heading\" data-id=\"b84dff6\" data-element_type=\"widget\" data-widget_type=\"heading.default\">\n\t\t\t\t<div class=\"elementor-widget-container\">\n\t\t\t\t\t<h2 class=\"elementor-heading-title elementor-size-default\">Konsultatsioonide ajad<\/h2>\t\t\t\t<\/div>\n\t\t\t\t<\/div>\n\t\t\t\t<div class=\"elementor-element elementor-element-e6ef9a5 elementor-widget elementor-widget-text-editor\" data-id=\"e6ef9a5\" data-element_type=\"widget\" data-widget_type=\"text-editor.default\">\n\t\t\t\t<div class=\"elementor-widget-container\">\n\t\t\t\t\t\t\t\t\t<p>Konsultatsioon on v\u00f5imalus saada \u00f5petajalt individuaalsemat abi ja k\u00fcsida k\u00fcsimusi m\u00f5ne teema kohta, mis tunnis selgeks ei saanud.<\/p><p>Konsultatsiooni tulekust tuleb \u00f5petajat teavitada v\u00e4hemalt 2 p\u00e4eva ette, et \u00f5petaja saaks teha ettevalmistusi (nt paljundada lisamaterjali). Kui \u00f5petajaga ei ole v\u00f5imalik olnud kohtuda silmast-silma, tuleb saata \u00f5petajale e-kiri.<\/p><p>Kui \u00f5pilasele antud konsultatsiooni aeg ei sobi (nt on uue tunniplaaniga m\u00f5ni teine ainetund v\u00f5i konsultatsioon samal ajal), tuleb p\u00f6\u00f6rduda aine\u00f5petaja poole ja s\u00f5lmida v\u00f5imalusel omavahel kokkulepe m\u00f5ne teise aja osas, mis sobib nii \u00f5petajale kui ka \u00f5pilasele.<\/p>\t\t\t\t\t\t\t\t<\/div>\n\t\t\t\t<\/div>\n\t\t\t\t<div class=\"elementor-element elementor-element-267e317 elementor-widget elementor-widget-heading\" data-id=\"267e317\" data-element_type=\"widget\" data-widget_type=\"heading.default\">\n\t\t\t\t<div class=\"elementor-widget-container\">\n\t\t\t\t\t<h2 class=\"elementor-heading-title elementor-size-default\">Ajakava<\/h2>\t\t\t\t<\/div>\n\t\t\t\t<\/div>\n\t\t\t\t<div class=\"elementor-element elementor-element-0170844 elementor-widget elementor-widget-text-editor\" data-id=\"0170844\" data-element_type=\"widget\" data-widget_type=\"text-editor.default\">\n\t\t\t\t<div class=\"elementor-widget-container\">\n\t\t\t\t\t\t\t\t\t<p>Konsultatsioonide ajakava 2025\/2026. \u00f5ppeaastaks on n\u00e4htav<a href=\"https:\/\/docs.google.com\/spreadsheets\/d\/1GHzyAxfR7njkCyfBdSbGah42cjNq1E3hesgoVBXslYE\/edit?gid=2089540542#gid=2089540542\">\u00a0SIIT<\/a>\u00a0.<\/p>\t\t\t\t\t\t\t\t<\/div>\n\t\t\t\t<\/div>\n\t\t\t\t<\/div>\n\t\t\t\t<\/div>\n\t\t<div class=\"elementor-element elementor-element-1d98394 e-con-full e-flex e-con e-child\" data-id=\"1d98394\" data-element_type=\"container\" id=\"jarelvastamine\">\n\t\t<div class=\"elementor-element elementor-element-f4ab838 e-con-full e-flex e-con e-child\" data-id=\"f4ab838\" data-element_type=\"container\">\n\t\t\t\t<div class=\"elementor-element elementor-element-cb0d94e elementor-widget elementor-widget-heading\" data-id=\"cb0d94e\" data-element_type=\"widget\" data-widget_type=\"heading.default\">\n\t\t\t\t<div class=\"elementor-widget-container\">\n\t\t\t\t\t<h2 class=\"elementor-heading-title elementor-size-default\">J\u00e4relvastamine<\/h2>\t\t\t\t<\/div>\n\t\t\t\t<\/div>\n\t\t\t\t<div class=\"elementor-element elementor-element-8215abd elementor-widget elementor-widget-text-editor\" data-id=\"8215abd\" data-element_type=\"widget\" data-widget_type=\"text-editor.default\">\n\t\t\t\t<div class=\"elementor-widget-container\">\n\t\t\t\t\t\t\t\t\t<p>4.-9. klasside \u00f5pilastel tuleb j\u00e4relt\u00f6\u00f6 tegemiseks v\u00e4hemalt 2 p\u00e4eva ette registreerida. Nii teavad \u00f5petajad j\u00e4relt\u00f6\u00f6d koostada ja j\u00e4relt\u00f6\u00f6de klassi viia. Samuti on nii suurem t\u00f5en\u00e4osus, et \u00f5pilane on valmis m\u00f5elnud, mida vastama l\u00e4heb ja selleks ka valmistunud.<\/p><p>NB! Iga t\u00f6\u00f6 tuleb eraldi vormi t\u00e4ites registreerida.<\/p><p>Suuliste j\u00e4relt\u00f6\u00f6de osas tuleb j\u00e4tkuvalt p\u00f6\u00f6rduda aine\u00f5petaja poole, et leppida kokku aeg vastamiseks (\u00fcldjuhul konsultatsiooni ajal).<\/p><p>Igal j\u00e4relvastamise ajal on klassiruumis (valve)\u00f5petaja, kes jagab \u00f5pilastele v\u00e4lja t\u00f6\u00f6d, j\u00e4lgib nende t\u00e4itmist ning korjab t\u00f6\u00f6d kokku. T\u00f6id kontrollib ja hindab aine\u00f5petaja.<\/p>\t\t\t\t\t\t\t\t<\/div>\n\t\t\t\t<\/div>\n\t\t\t\t<div class=\"elementor-element elementor-element-507df97 elementor-widget elementor-widget-toggle\" data-id=\"507df97\" data-element_type=\"widget\" data-widget_type=\"toggle.default\">\n\t\t\t\t<div class=\"elementor-widget-container\">\n\t\t\t\t\t\t\t<div class=\"elementor-toggle\">\n\t\t\t\t\t\t\t<div class=\"elementor-toggle-item\">\n\t\t\t\t\t<div id=\"elementor-tab-title-8441\" class=\"elementor-tab-title\" data-tab=\"1\" role=\"button\" aria-controls=\"elementor-tab-content-8441\" aria-expanded=\"false\">\n\t\t\t\t\t\t\t\t\t\t\t\t<span class=\"elementor-toggle-icon elementor-toggle-icon-left\" aria-hidden=\"true\">\n\t\t\t\t\t\t\t\t\t\t\t\t\t\t\t<span class=\"elementor-toggle-icon-closed\"><i class=\"fas fa-chevron-down\"><\/i><\/span>\n\t\t\t\t\t\t\t\t<span class=\"elementor-toggle-icon-opened\"><i class=\"elementor-toggle-icon-opened fas fa-angle-up\"><\/i><\/span>\n\t\t\t\t\t\t\t\t\t\t\t\t\t<\/span>\n\t\t\t\t\t\t\t\t\t\t\t\t<a class=\"elementor-toggle-title\" tabindex=\"0\">Kirjalike t\u00f6\u00f6de j\u00e4relvastamise ajad ja registreerimine:<\/a>\n\t\t\t\t\t<\/div>\n\n\t\t\t\t\t<div id=\"elementor-tab-content-8441\" class=\"elementor-tab-content elementor-clearfix\" data-tab=\"1\" role=\"region\" aria-labelledby=\"elementor-tab-title-8441\"><p>\u25c9 teisip\u00e4eval 8. tund ehk 14.55-15.40 (ruum 209)<\/p><p>\u25c9 kolmap\u00e4eval 8. tund ehk 14.55-15.40 (ruum 209).<\/p><p>Registreerida saab <span style=\"color: #c4883f;\"><a style=\"color: #c4883f;\" href=\"https:\/\/docs.google.com\/forms\/d\/e\/1FAIpQLScUZWiVJIaBi-UvoKsikpW4oXfpXHDlfefL5NLP2jayllh4Zg\/viewform\">SIIN<\/a><\/span><\/p><\/div>\n\t\t\t\t<\/div>\n\t\t\t\t\t\t\t\t<\/div>\n\t\t\t\t\t\t<\/div>\n\t\t\t\t<\/div>\n\t\t\t\t<\/div>\n\t\t<div class=\"elementor-element elementor-element-2866a93 e-con-full e-flex e-con e-child\" data-id=\"2866a93\" data-element_type=\"container\">\n\t\t\t\t<div class=\"elementor-element elementor-element-ed55217 elementor-widget elementor-widget-image\" data-id=\"ed55217\" data-element_type=\"widget\" data-settings=\"{&quot;sticky_on&quot;:[&quot;desktop&quot;,&quot;tablet&quot;],&quot;sticky_offset&quot;:100,&quot;sticky_effects_offset&quot;:100,&quot;sticky_parent&quot;:&quot;yes&quot;,&quot;sticky&quot;:&quot;top&quot;,&quot;sticky_anchor_link_offset&quot;:0}\" data-widget_type=\"image.default\">\n\t\t\t\t<div class=\"elementor-widget-container\">\n\t\t\t\t\t\t\t\t\t\t\t\t\t\t\t\t<a href=\"https:\/\/sydalinna.edu.ee\/eng\/koolist\/koolipere\/#sotsiaalpedagoog\">\n\t\t\t\t\t\t\t<img loading=\"lazy\" decoding=\"async\" width=\"1024\" height=\"819\" src=\"https:\/\/sydalinna.edu.ee\/wp-content\/uploads\/2022\/02\/252333-1024x819.jpg\" class=\"attachment-large size-large wp-image-3285\" alt=\"\" srcset=\"https:\/\/sydalinna.edu.ee\/wp-content\/uploads\/2022\/02\/252333-1024x819.jpg 1024w, https:\/\/sydalinna.edu.ee\/wp-content\/uploads\/2022\/02\/252333-300x240.jpg 300w, https:\/\/sydalinna.edu.ee\/wp-content\/uploads\/2022\/02\/252333-768x614.jpg 768w, https:\/\/sydalinna.edu.ee\/wp-content\/uploads\/2022\/02\/252333-585x468.jpg 585w, https:\/\/sydalinna.edu.ee\/wp-content\/uploads\/2022\/02\/252333.jpg 1080w\" sizes=\"(max-width: 1024px) 100vw, 1024px\" \/>\t\t\t\t\t\t\t\t<\/a>\n\t\t\t\t\t\t\t\t\t\t\t\t\t\t\t<\/div>\n\t\t\t\t<\/div>\n\t\t\t\t<\/div>\n\t\t\t\t<\/div>\n\t\t<div class=\"elementor-element elementor-element-61c8614 e-con-full e-flex e-con e-child\" data-id=\"61c8614\" data-element_type=\"container\" id=\"kodukord\">\n\t\t<div class=\"elementor-element elementor-element-0876b10 e-con-full e-flex e-con e-child\" data-id=\"0876b10\" data-element_type=\"container\">\n\t\t\t\t<\/div>\n\t\t<div class=\"elementor-element elementor-element-8054c6e e-con-full e-flex e-con e-child\" data-id=\"8054c6e\" data-element_type=\"container\">\n\t\t\t\t<\/div>\n\t\t\t\t<\/div>\n\t\t\t\t<\/div>\n\t\t\t\t\t<\/div>\n\t\t\t\t<\/div>\n\t\t\t\t<\/div>","protected":false},"excerpt":{"rendered":"<p>Tundide ajad \u25c9 Tunni alustab ja l\u00f5petab\u00a0 \u00f5petaja.\u00a0 \u25c9 Noorematele \u00f5pilastele tuleb aine\u00f5petaja koduklassi juurde vastu enne tunni algust ja toob nad peale tunni l\u00f5ppu koduklassi tagasi. \u25c9 Kui ainetunnid algavad vastavalt tunniplaanile hiljem kui kell 8.00, kuid \u00f5pilane peab perekondlikel p\u00f5hjustel tulema varem kooli (st enne ainetunnile eelnevat vahetundi), siis ootab ta \u00f5ppetundide algust&#8230;<\/p>","protected":false},"author":1,"featured_media":0,"parent":688,"menu_order":1,"comment_status":"closed","ping_status":"closed","template":"elementor_header_footer","meta":{"_kad_post_transparent":"","_kad_post_title":"","_kad_post_layout":"","_kad_post_sidebar_id":"","_kad_post_content_style":"","_kad_post_vertical_padding":"","_kad_post_feature":"","_kad_post_feature_position":"","_kad_post_header":false,"_kad_post_footer":false,"_kad_post_classname":"","footnotes":""},"class_list":["post-2475","page","type-page","status-publish","hentry"],"yoast_head":"<!-- This site is optimized with the Yoast SEO Premium plugin v20.11 (Yoast SEO v26.6) - https:\/\/yoast.com\/wordpress\/plugins\/seo\/ -->\n<title>\u00d5ppet\u00f6\u00f6 korraldus - Tallinna S\u00fcdalinna kool<\/title>\n<meta name=\"robots\" content=\"index, follow, max-snippet:-1, max-image-preview:large, max-video-preview:-1\" \/>\n<link rel=\"canonical\" href=\"https:\/\/sydalinna.edu.ee\/eng\/oppetoo\/oppetoo-korraldus\/\" \/>\n<meta property=\"og:locale\" content=\"en_US\" \/>\n<meta property=\"og:type\" content=\"article\" \/>\n<meta property=\"og:title\" content=\"\u00d5ppet\u00f6\u00f6 korraldus\" \/>\n<meta property=\"og:description\" content=\"Tundide ajad \u25c9 Tunni alustab ja l\u00f5petab\u00a0 \u00f5petaja.\u00a0 \u25c9 Noorematele \u00f5pilastele tuleb aine\u00f5petaja koduklassi juurde vastu enne tunni algust ja toob nad peale tunni l\u00f5ppu koduklassi tagasi. \u25c9 Kui ainetunnid algavad vastavalt tunniplaanile hiljem kui kell 8.00, kuid \u00f5pilane peab perekondlikel p\u00f5hjustel tulema varem kooli (st enne ainetunnile eelnevat vahetundi), siis ootab ta \u00f5ppetundide algust...\" \/>\n<meta property=\"og:url\" content=\"https:\/\/sydalinna.edu.ee\/eng\/oppetoo\/oppetoo-korraldus\/\" \/>\n<meta property=\"og:site_name\" content=\"Tallinna S\u00fcdalinna kool\" \/>\n<meta property=\"article:modified_time\" content=\"2026-03-06T10:33:44+00:00\" \/>\n<meta property=\"og:image\" content=\"https:\/\/sydalinna.edu.ee\/wp-content\/uploads\/2022\/02\/ART4241.jpg\" \/>\n\t<meta property=\"og:image:width\" content=\"1257\" \/>\n\t<meta property=\"og:image:height\" content=\"1006\" \/>\n\t<meta property=\"og:image:type\" content=\"image\/jpeg\" \/>\n<meta name=\"twitter:card\" content=\"summary_large_image\" \/>\n<meta name=\"twitter:label1\" content=\"Est. reading time\" \/>\n\t<meta name=\"twitter:data1\" content=\"6 minutes\" \/>\n<script type=\"application\/ld+json\" class=\"yoast-schema-graph\">{\"@context\":\"https:\/\/schema.org\",\"@graph\":[{\"@type\":\"WebPage\",\"@id\":\"https:\/\/sydalinna.edu.ee\/oppetoo\/oppetoo-korraldus\/\",\"url\":\"https:\/\/sydalinna.edu.ee\/oppetoo\/oppetoo-korraldus\/\",\"name\":\"\u00d5ppet\u00f6\u00f6 korraldus - Tallinna S\u00fcdalinna kool\",\"isPartOf\":{\"@id\":\"https:\/\/sydalinna.edu.ee\/#website\"},\"primaryImageOfPage\":{\"@id\":\"https:\/\/sydalinna.edu.ee\/oppetoo\/oppetoo-korraldus\/#primaryimage\"},\"image\":{\"@id\":\"https:\/\/sydalinna.edu.ee\/oppetoo\/oppetoo-korraldus\/#primaryimage\"},\"thumbnailUrl\":\"https:\/\/sydalinna.edu.ee\/wp-content\/uploads\/2022\/02\/ART4241-1024x820.jpg\",\"datePublished\":\"2022-02-04T07:47:14+00:00\",\"dateModified\":\"2026-03-06T10:33:44+00:00\",\"breadcrumb\":{\"@id\":\"https:\/\/sydalinna.edu.ee\/oppetoo\/oppetoo-korraldus\/#breadcrumb\"},\"inLanguage\":\"en-US\",\"potentialAction\":[{\"@type\":\"ReadAction\",\"target\":[\"https:\/\/sydalinna.edu.ee\/oppetoo\/oppetoo-korraldus\/\"]}]},{\"@type\":\"ImageObject\",\"inLanguage\":\"en-US\",\"@id\":\"https:\/\/sydalinna.edu.ee\/oppetoo\/oppetoo-korraldus\/#primaryimage\",\"url\":\"https:\/\/sydalinna.edu.ee\/wp-content\/uploads\/2022\/02\/ART4241-1024x820.jpg\",\"contentUrl\":\"https:\/\/sydalinna.edu.ee\/wp-content\/uploads\/2022\/02\/ART4241-1024x820.jpg\"},{\"@type\":\"BreadcrumbList\",\"@id\":\"https:\/\/sydalinna.edu.ee\/oppetoo\/oppetoo-korraldus\/#breadcrumb\",\"itemListElement\":[{\"@type\":\"ListItem\",\"position\":1,\"name\":\"Avaleht\",\"item\":\"https:\/\/sydalinna.edu.ee\/\"},{\"@type\":\"ListItem\",\"position\":2,\"name\":\"\u00d5ppet\u00f6\u00f6\",\"item\":\"https:\/\/sydalinna.edu.ee\/eng\/oppetoo\/\"},{\"@type\":\"ListItem\",\"position\":3,\"name\":\"\u00d5ppet\u00f6\u00f6 korraldus\"}]},{\"@type\":\"WebSite\",\"@id\":\"https:\/\/sydalinna.edu.ee\/#website\",\"url\":\"https:\/\/sydalinna.edu.ee\/\",\"name\":\"Tallinna S\u00fcdalinna kool\",\"description\":\"Kodune kool kesklinna s\u00fcdames.\",\"publisher\":{\"@id\":\"https:\/\/sydalinna.edu.ee\/#organization\"},\"potentialAction\":[{\"@type\":\"SearchAction\",\"target\":{\"@type\":\"EntryPoint\",\"urlTemplate\":\"https:\/\/sydalinna.edu.ee\/?s={search_term_string}\"},\"query-input\":{\"@type\":\"PropertyValueSpecification\",\"valueRequired\":true,\"valueName\":\"search_term_string\"}}],\"inLanguage\":\"en-US\"},{\"@type\":\"Organization\",\"@id\":\"https:\/\/sydalinna.edu.ee\/#organization\",\"name\":\"Tallinna S\u00fcdalinna kool\",\"url\":\"https:\/\/sydalinna.edu.ee\/\",\"logo\":{\"@type\":\"ImageObject\",\"inLanguage\":\"en-US\",\"@id\":\"https:\/\/sydalinna.edu.ee\/#\/schema\/logo\/image\/\",\"url\":\"https:\/\/sydalinna.edu.ee\/wp-content\/uploads\/2021\/12\/g1.svg\",\"contentUrl\":\"https:\/\/sydalinna.edu.ee\/wp-content\/uploads\/2021\/12\/g1.svg\",\"width\":185,\"height\":45,\"caption\":\"Tallinna S\u00fcdalinna kool\"},\"image\":{\"@id\":\"https:\/\/sydalinna.edu.ee\/#\/schema\/logo\/image\/\"}}]}<\/script>\n<!-- \/ Yoast SEO Premium plugin. -->","yoast_head_json":{"title":"\u00d5ppet\u00f6\u00f6 korraldus - Tallinna S\u00fcdalinna kool","robots":{"index":"index","follow":"follow","max-snippet":"max-snippet:-1","max-image-preview":"max-image-preview:large","max-video-preview":"max-video-preview:-1"},"canonical":"https:\/\/sydalinna.edu.ee\/eng\/oppetoo\/oppetoo-korraldus\/","og_locale":"en_US","og_type":"article","og_title":"\u00d5ppet\u00f6\u00f6 korraldus","og_description":"Tundide ajad \u25c9 Tunni alustab ja l\u00f5petab\u00a0 \u00f5petaja.\u00a0 \u25c9 Noorematele \u00f5pilastele tuleb aine\u00f5petaja koduklassi juurde vastu enne tunni algust ja toob nad peale tunni l\u00f5ppu koduklassi tagasi. \u25c9 Kui ainetunnid algavad vastavalt tunniplaanile hiljem kui kell 8.00, kuid \u00f5pilane peab perekondlikel p\u00f5hjustel tulema varem kooli (st enne ainetunnile eelnevat vahetundi), siis ootab ta \u00f5ppetundide algust...","og_url":"https:\/\/sydalinna.edu.ee\/eng\/oppetoo\/oppetoo-korraldus\/","og_site_name":"Tallinna S\u00fcdalinna kool","article_modified_time":"2026-03-06T10:33:44+00:00","og_image":[{"width":1257,"height":1006,"url":"https:\/\/sydalinna.edu.ee\/wp-content\/uploads\/2022\/02\/ART4241.jpg","type":"image\/jpeg"}],"twitter_card":"summary_large_image","twitter_misc":{"Est. reading time":"6 minutes"},"schema":{"@context":"https:\/\/schema.org","@graph":[{"@type":"WebPage","@id":"https:\/\/sydalinna.edu.ee\/oppetoo\/oppetoo-korraldus\/","url":"https:\/\/sydalinna.edu.ee\/oppetoo\/oppetoo-korraldus\/","name":"\u00d5ppet\u00f6\u00f6 korraldus - Tallinna S\u00fcdalinna kool","isPartOf":{"@id":"https:\/\/sydalinna.edu.ee\/#website"},"primaryImageOfPage":{"@id":"https:\/\/sydalinna.edu.ee\/oppetoo\/oppetoo-korraldus\/#primaryimage"},"image":{"@id":"https:\/\/sydalinna.edu.ee\/oppetoo\/oppetoo-korraldus\/#primaryimage"},"thumbnailUrl":"https:\/\/sydalinna.edu.ee\/wp-content\/uploads\/2022\/02\/ART4241-1024x820.jpg","datePublished":"2022-02-04T07:47:14+00:00","dateModified":"2026-03-06T10:33:44+00:00","breadcrumb":{"@id":"https:\/\/sydalinna.edu.ee\/oppetoo\/oppetoo-korraldus\/#breadcrumb"},"inLanguage":"en-US","potentialAction":[{"@type":"ReadAction","target":["https:\/\/sydalinna.edu.ee\/oppetoo\/oppetoo-korraldus\/"]}]},{"@type":"ImageObject","inLanguage":"en-US","@id":"https:\/\/sydalinna.edu.ee\/oppetoo\/oppetoo-korraldus\/#primaryimage","url":"https:\/\/sydalinna.edu.ee\/wp-content\/uploads\/2022\/02\/ART4241-1024x820.jpg","contentUrl":"https:\/\/sydalinna.edu.ee\/wp-content\/uploads\/2022\/02\/ART4241-1024x820.jpg"},{"@type":"BreadcrumbList","@id":"https:\/\/sydalinna.edu.ee\/oppetoo\/oppetoo-korraldus\/#breadcrumb","itemListElement":[{"@type":"ListItem","position":1,"name":"Avaleht","item":"https:\/\/sydalinna.edu.ee\/"},{"@type":"ListItem","position":2,"name":"\u00d5ppet\u00f6\u00f6","item":"https:\/\/sydalinna.edu.ee\/eng\/oppetoo\/"},{"@type":"ListItem","position":3,"name":"\u00d5ppet\u00f6\u00f6 korraldus"}]},{"@type":"WebSite","@id":"https:\/\/sydalinna.edu.ee\/#website","url":"https:\/\/sydalinna.edu.ee\/","name":"Tallinna S\u00fcdalinna kool","description":"Kodune kool kesklinna s\u00fcdames.","publisher":{"@id":"https:\/\/sydalinna.edu.ee\/#organization"},"potentialAction":[{"@type":"SearchAction","target":{"@type":"EntryPoint","urlTemplate":"https:\/\/sydalinna.edu.ee\/?s={search_term_string}"},"query-input":{"@type":"PropertyValueSpecification","valueRequired":true,"valueName":"search_term_string"}}],"inLanguage":"en-US"},{"@type":"Organization","@id":"https:\/\/sydalinna.edu.ee\/#organization","name":"Tallinna S\u00fcdalinna kool","url":"https:\/\/sydalinna.edu.ee\/","logo":{"@type":"ImageObject","inLanguage":"en-US","@id":"https:\/\/sydalinna.edu.ee\/#\/schema\/logo\/image\/","url":"https:\/\/sydalinna.edu.ee\/wp-content\/uploads\/2021\/12\/g1.svg","contentUrl":"https:\/\/sydalinna.edu.ee\/wp-content\/uploads\/2021\/12\/g1.svg","width":185,"height":45,"caption":"Tallinna S\u00fcdalinna kool"},"image":{"@id":"https:\/\/sydalinna.edu.ee\/#\/schema\/logo\/image\/"}}]}},"_links":{"self":[{"href":"https:\/\/sydalinna.edu.ee\/eng\/wp-json\/wp\/v2\/pages\/2475","targetHints":{"allow":["GET"]}}],"collection":[{"href":"https:\/\/sydalinna.edu.ee\/eng\/wp-json\/wp\/v2\/pages"}],"about":[{"href":"https:\/\/sydalinna.edu.ee\/eng\/wp-json\/wp\/v2\/types\/page"}],"author":[{"embeddable":true,"href":"https:\/\/sydalinna.edu.ee\/eng\/wp-json\/wp\/v2\/users\/1"}],"replies":[{"embeddable":true,"href":"https:\/\/sydalinna.edu.ee\/eng\/wp-json\/wp\/v2\/comments?post=2475"}],"version-history":[{"count":195,"href":"https:\/\/sydalinna.edu.ee\/eng\/wp-json\/wp\/v2\/pages\/2475\/revisions"}],"predecessor-version":[{"id":10954,"href":"https:\/\/sydalinna.edu.ee\/eng\/wp-json\/wp\/v2\/pages\/2475\/revisions\/10954"}],"up":[{"embeddable":true,"href":"https:\/\/sydalinna.edu.ee\/eng\/wp-json\/wp\/v2\/pages\/688"}],"wp:attachment":[{"href":"https:\/\/sydalinna.edu.ee\/eng\/wp-json\/wp\/v2\/media?parent=2475"}],"curies":[{"name":"wp","href":"https:\/\/api.w.org\/{rel}","templated":true}]}}