{"id":2175,"date":"2022-02-02T22:51:38","date_gmt":"2022-02-02T22:51:38","guid":{"rendered":"https:\/\/sydalinna-edu-ee.vserver.zonevs.eu\/?page_id=2175"},"modified":"2026-04-09T12:43:01","modified_gmt":"2026-04-09T10:43:01","slug":"tunnustused","status":"publish","type":"page","link":"https:\/\/sydalinna.edu.ee\/eng\/koolist\/tunnustused\/","title":{"rendered":"Tunnustused"},"content":{"rendered":"<div data-elementor-type=\"wp-page\" data-elementor-id=\"2175\" class=\"elementor elementor-2175\" data-elementor-post-type=\"page\">\n\t\t\t\t<div class=\"elementor-element elementor-element-f17fafb e-con-full e-flex e-con e-parent\" data-id=\"f17fafb\" data-element_type=\"container\">\n\t\t\t\t<div class=\"elementor-element elementor-element-635ccf7 elementor-widget elementor-widget-shortcode\" data-id=\"635ccf7\" data-element_type=\"widget\" data-widget_type=\"shortcode.default\">\n\t\t\t\t<div class=\"elementor-widget-container\">\n\t\t\t\t\t\t\t<div class=\"elementor-shortcode\">\t\t<div data-elementor-type=\"container\" data-elementor-id=\"9256\" class=\"elementor elementor-9256\" data-elementor-post-type=\"elementor_library\">\n\t\t\t\t<div class=\"elementor-element elementor-element-6cad0ddc e-flex e-con-boxed e-con e-parent\" data-id=\"6cad0ddc\" data-element_type=\"container\" data-settings=\"{&quot;background_background&quot;:&quot;classic&quot;}\">\n\t\t\t\t\t<div class=\"e-con-inner\">\n\t\t<div class=\"elementor-element elementor-element-4386521 e-con-full e-flex e-con e-child\" data-id=\"4386521\" data-element_type=\"container\">\n\t\t\t\t<div class=\"elementor-element elementor-element-3e8a822 elementor-widget elementor-widget-breadcrumbs\" data-id=\"3e8a822\" data-element_type=\"widget\" data-widget_type=\"breadcrumbs.default\">\n\t\t\t\t<div class=\"elementor-widget-container\">\n\t\t\t\t\t<p id=\"breadcrumbs\"><span><span><a href=\"https:\/\/sydalinna.edu.ee\/eng\/\">Avaleht<\/a><\/span><\/span><\/p>\t\t\t\t<\/div>\n\t\t\t\t<\/div>\n\t\t\t\t<\/div>\n\t\t\t\t\t<\/div>\n\t\t\t\t<\/div>\n\t\t\t\t<\/div>\n\t\t<\/div>\n\t\t\t\t\t\t<\/div>\n\t\t\t\t<\/div>\n\t\t\t\t<\/div>\n\t\t<div class=\"elementor-element elementor-element-31db7ef e-flex e-con-boxed e-con e-parent\" data-id=\"31db7ef\" data-element_type=\"container\">\n\t\t\t\t\t<div class=\"e-con-inner\">\n\t\t<div class=\"elementor-element elementor-element-6c42cfa e-con-full e-flex e-con e-child\" data-id=\"6c42cfa\" data-element_type=\"container\">\n\t\t\t\t<div class=\"elementor-element elementor-element-7b2b56e elementor-nav-menu--dropdown-none elementor-hidden-mobile elementor-widget elementor-widget-nav-menu\" data-id=\"7b2b56e\" data-element_type=\"widget\" data-settings=\"{&quot;layout&quot;:&quot;vertical&quot;,&quot;sticky&quot;:&quot;top&quot;,&quot;sticky_on&quot;:[&quot;desktop&quot;,&quot;tablet&quot;],&quot;sticky_offset&quot;:100,&quot;sticky_effects_offset&quot;:100,&quot;sticky_parent&quot;:&quot;yes&quot;,&quot;submenu_icon&quot;:{&quot;value&quot;:&quot;&lt;i class=\\&quot;fas fa-caret-down\\&quot; aria-hidden=\\&quot;true\\&quot;&gt;&lt;\\\/i&gt;&quot;,&quot;library&quot;:&quot;fa-solid&quot;},&quot;sticky_anchor_link_offset&quot;:0}\" data-widget_type=\"nav-menu.default\">\n\t\t\t\t<div class=\"elementor-widget-container\">\n\t\t\t\t\t\t\t\t<nav aria-label=\"Menu\" class=\"elementor-nav-menu--main elementor-nav-menu__container elementor-nav-menu--layout-vertical e--pointer-text e--animation-none\">\n\t\t\t\t<ul id=\"menu-1-7b2b56e\" class=\"elementor-nav-menu sm-vertical\"><li class=\"menu-item menu-item-type-custom menu-item-object-custom menu-item-2181\"><a href=\"https:\/\/sydalinna.edu.ee\/eng\/koolist\/tunnustused\/#koolile\" class=\"elementor-item elementor-item-anchor\">Tunnustused koolile<\/a><\/li>\n<li class=\"menu-item menu-item-type-custom menu-item-object-custom menu-item-2182\"><a href=\"https:\/\/sydalinna.edu.ee\/eng\/koolist\/tunnustused\/#opilastele\" class=\"elementor-item elementor-item-anchor\">Tunnustused \u00f5pilastele<\/a><\/li>\n<li class=\"menu-item menu-item-type-custom menu-item-object-custom menu-item-2183\"><a href=\"https:\/\/sydalinna.edu.ee\/eng\/koolist\/tunnustused\/#opetajatele\" class=\"elementor-item elementor-item-anchor\">Tunnustused \u00f5petajatele<\/a><\/li>\n<\/ul>\t\t\t<\/nav>\n\t\t\t\t\t\t<nav class=\"elementor-nav-menu--dropdown elementor-nav-menu__container\" aria-hidden=\"true\">\n\t\t\t\t<ul id=\"menu-2-7b2b56e\" class=\"elementor-nav-menu sm-vertical\"><li class=\"menu-item menu-item-type-custom menu-item-object-custom menu-item-2181\"><a href=\"https:\/\/sydalinna.edu.ee\/eng\/koolist\/tunnustused\/#koolile\" class=\"elementor-item elementor-item-anchor\" tabindex=\"-1\">Tunnustused koolile<\/a><\/li>\n<li class=\"menu-item menu-item-type-custom menu-item-object-custom menu-item-2182\"><a href=\"https:\/\/sydalinna.edu.ee\/eng\/koolist\/tunnustused\/#opilastele\" class=\"elementor-item elementor-item-anchor\" tabindex=\"-1\">Tunnustused \u00f5pilastele<\/a><\/li>\n<li class=\"menu-item menu-item-type-custom menu-item-object-custom menu-item-2183\"><a href=\"https:\/\/sydalinna.edu.ee\/eng\/koolist\/tunnustused\/#opetajatele\" class=\"elementor-item elementor-item-anchor\" tabindex=\"-1\">Tunnustused \u00f5petajatele<\/a><\/li>\n<\/ul>\t\t\t<\/nav>\n\t\t\t\t\t\t<\/div>\n\t\t\t\t<\/div>\n\t\t\t\t<\/div>\n\t\t<div class=\"elementor-element elementor-element-a10806b e-con-full e-flex e-con e-child\" data-id=\"a10806b\" data-element_type=\"container\" data-settings=\"{&quot;background_background&quot;:&quot;classic&quot;}\">\n\t\t<div class=\"elementor-element elementor-element-4ca3eb1 e-con-full e-flex e-con e-child\" data-id=\"4ca3eb1\" data-element_type=\"container\" id=\"koolile\">\n\t\t<div class=\"elementor-element elementor-element-0dec15c e-con-full e-flex e-con e-child\" data-id=\"0dec15c\" data-element_type=\"container\">\n\t\t\t\t<div class=\"elementor-element elementor-element-fe23736 elementor-widget elementor-widget-heading\" data-id=\"fe23736\" data-element_type=\"widget\" data-widget_type=\"heading.default\">\n\t\t\t\t<div class=\"elementor-widget-container\">\n\t\t\t\t\t<h2 class=\"elementor-heading-title elementor-size-default\">Koolile<\/h2>\t\t\t\t<\/div>\n\t\t\t\t<\/div>\n\t\t\t\t<div class=\"elementor-element elementor-element-8947839 elementor-widget elementor-widget-toggle\" data-id=\"8947839\" data-element_type=\"widget\" data-widget_type=\"toggle.default\">\n\t\t\t\t<div class=\"elementor-widget-container\">\n\t\t\t\t\t\t\t<div class=\"elementor-toggle\">\n\t\t\t\t\t\t\t<div class=\"elementor-toggle-item\">\n\t\t\t\t\t<div id=\"elementor-tab-title-1431\" class=\"elementor-tab-title\" data-tab=\"1\" role=\"button\" aria-controls=\"elementor-tab-content-1431\" aria-expanded=\"false\">\n\t\t\t\t\t\t\t\t\t\t\t\t<span class=\"elementor-toggle-icon elementor-toggle-icon-left\" aria-hidden=\"true\">\n\t\t\t\t\t\t\t\t\t\t\t\t\t\t\t<span class=\"elementor-toggle-icon-closed\"><i class=\"fas fa-chevron-down\"><\/i><\/span>\n\t\t\t\t\t\t\t\t<span class=\"elementor-toggle-icon-opened\"><i class=\"elementor-toggle-icon-opened fas fa-angle-up\"><\/i><\/span>\n\t\t\t\t\t\t\t\t\t\t\t\t\t<\/span>\n\t\t\t\t\t\t\t\t\t\t\t\t<a class=\"elementor-toggle-title\" tabindex=\"0\">2025<\/a>\n\t\t\t\t\t<\/div>\n\n\t\t\t\t\t<div id=\"elementor-tab-content-1431\" class=\"elementor-tab-content elementor-clearfix\" data-tab=\"1\" role=\"region\" aria-labelledby=\"elementor-tab-title-1431\"><div>\n<div dir=\"auto\">&#8211; Tallinna S\u00fcdalinna kooli \u00f5pilasesindus nomineeriti &#8220;Suured teod&#8221; noorsoot\u00f6\u00f6 konkursile, mis sellel aastal toimus kahek\u00fcmnendat korda. \u00d5pilasesindus sai kategoorias &#8220;Aasta noorte\u00fchendus 2024&#8221; \u00e4ra m\u00e4rgitud.<\/div>\n<\/div>\n<div>Juhendajad: Kairit Johanson, Kristi Tagam<\/div>\n<div>\u00a0<\/div>\n<div>&#8211; Oktoobris 2025 andis Stockholmi Keskkonnainstituudi Tallinna keskus S\u00fcdalinna Kooli \u00fcle rahvusvahelise koolitoiduprojekti <a role=\"link\" href=\"https:\/\/www.facebook.com\/hashtag\/schoolfood4change?__eep__=6&amp;__cft__[0]=AZVCzOGSCcjs3_EiUYF7OpN1bTM-DbtHJh88xgYl2QjDAT_17c2j6uexKb3syWjdA-6B54IWnIgaD_0hcUPeNpSCd-_vMUnJrpbXTdt2-IlRscViNseaDA4LsKHNUrT1e7ZCn8xDAKiSzy_aNHS0zhzim9-z--fbN099-zkxChcRw-v15-uOjyz7LRnAPQu3QFu6KN3bfWoMk5mIcffzqW1-oaQd1xffrZKGR59n1ERmYA&amp;__tn__=*NK-y-R\" target=\"_blank\" rel=\"noopener\" data-saferedirecturl=\"https:\/\/www.google.com\/url?q=https:\/\/www.facebook.com\/hashtag\/schoolfood4change?__eep__%3D6%26__cft__%5B0%5D%3DAZVCzOGSCcjs3_EiUYF7OpN1bTM-DbtHJh88xgYl2QjDAT_17c2j6uexKb3syWjdA-6B54IWnIgaD_0hcUPeNpSCd-_vMUnJrpbXTdt2-IlRscViNseaDA4LsKHNUrT1e7ZCn8xDAKiSzy_aNHS0zhzim9-z--fbN099-zkxChcRw-v15-uOjyz7LRnAPQu3QFu6KN3bfWoMk5mIcffzqW1-oaQd1xffrZKGR59n1ERmYA%26__tn__%3D*NK-y-R&amp;source=gmail&amp;ust=1770702801152000&amp;usg=AOvVaw38grBGvsqCCXuuJ1zNz9V8\">#<wbr \/>SchoolFood4Change<\/a>\u00a0kuldtaseme tunnistuse. Kuldtaseme on Eestis hetkel saavutanud ainult 2 kooli.\u00a0\n<div>\u00a0<\/div>\n<div><span style=\"color: #585858; font-family: Roboto, sans-serif;\">Lisainfo:<\/span><\/div>\n<div><a href=\"https:\/\/www.sei.org\/about-sei\/press-room\/suur-koolitoidukonverents\/\" target=\"_blank\" rel=\"noopener\" data-saferedirecturl=\"https:\/\/www.google.com\/url?q=https:\/\/www.sei.org\/about-sei\/press-room\/suur-koolitoidukonverents\/&amp;source=gmail&amp;ust=1770702801152000&amp;usg=AOvVaw3Em1J4oPSENlURXQvrBiX0\">https:\/\/www.sei.org\/about-sei\/<wbr \/>press-room\/suur-<wbr \/>koolitoidukonverents\/<\/a><\/div>\n<\/div>\n<div>\u00a0<\/div>\n<div>&#8211; Detsembris 2025 sai kool t\u00e4nukirja, sest oli esitatud Eesti Haridustehnoloogide Liidu &#8220;Aasta Tegu&#8221; tiitli kandidaadiks. Seoses 1:1 s\u00fclearvuti programmi rakendamisega ning j\u00e4rjepidevalt digip\u00e4devuste fookuses hoidmisega (nt robootika \u00f5ppekava osana; virtuaalreaalsus ainetundides).<\/div><\/div>\n\t\t\t\t<\/div>\n\t\t\t\t\t\t\t<div class=\"elementor-toggle-item\">\n\t\t\t\t\t<div id=\"elementor-tab-title-1432\" class=\"elementor-tab-title\" data-tab=\"2\" role=\"button\" aria-controls=\"elementor-tab-content-1432\" aria-expanded=\"false\">\n\t\t\t\t\t\t\t\t\t\t\t\t<span class=\"elementor-toggle-icon elementor-toggle-icon-left\" aria-hidden=\"true\">\n\t\t\t\t\t\t\t\t\t\t\t\t\t\t\t<span class=\"elementor-toggle-icon-closed\"><i class=\"fas fa-chevron-down\"><\/i><\/span>\n\t\t\t\t\t\t\t\t<span class=\"elementor-toggle-icon-opened\"><i class=\"elementor-toggle-icon-opened fas fa-angle-up\"><\/i><\/span>\n\t\t\t\t\t\t\t\t\t\t\t\t\t<\/span>\n\t\t\t\t\t\t\t\t\t\t\t\t<a class=\"elementor-toggle-title\" tabindex=\"0\">2024<\/a>\n\t\t\t\t\t<\/div>\n\n\t\t\t\t\t<div id=\"elementor-tab-content-1432\" class=\"elementor-tab-content elementor-clearfix\" data-tab=\"2\" role=\"region\" aria-labelledby=\"elementor-tab-title-1432\"><p>&#8211; Stockholmi Keskkonnainstituudi Tallinna keskus andis S\u00fcdalinna Kooli \u00fcle rahvusvahelise koolitoiduprojekti <a role=\"link\" href=\"https:\/\/www.facebook.com\/hashtag\/schoolfood4change?__eep__=6&amp;__cft__[0]=AZVCzOGSCcjs3_EiUYF7OpN1bTM-DbtHJh88xgYl2QjDAT_17c2j6uexKb3syWjdA-6B54IWnIgaD_0hcUPeNpSCd-_vMUnJrpbXTdt2-IlRscViNseaDA4LsKHNUrT1e7ZCn8xDAKiSzy_aNHS0zhzim9-z--fbN099-zkxChcRw-v15-uOjyz7LRnAPQu3QFu6KN3bfWoMk5mIcffzqW1-oaQd1xffrZKGR59n1ERmYA&amp;__tn__=*NK-y-R\" target=\"_blank\" rel=\"noopener\" data-saferedirecturl=\"https:\/\/www.google.com\/url?q=https:\/\/www.facebook.com\/hashtag\/schoolfood4change?__eep__%3D6%26__cft__%5B0%5D%3DAZVCzOGSCcjs3_EiUYF7OpN1bTM-DbtHJh88xgYl2QjDAT_17c2j6uexKb3syWjdA-6B54IWnIgaD_0hcUPeNpSCd-_vMUnJrpbXTdt2-IlRscViNseaDA4LsKHNUrT1e7ZCn8xDAKiSzy_aNHS0zhzim9-z--fbN099-zkxChcRw-v15-uOjyz7LRnAPQu3QFu6KN3bfWoMk5mIcffzqW1-oaQd1xffrZKGR59n1ERmYA%26__tn__%3D*NK-y-R&amp;source=gmail&amp;ust=1740639234044000&amp;usg=AOvVaw2AGPXprwa5rSNDerD95x5B\">#SchoolFood4Change<\/a>\u00a0pronkstaseme tunnistuse<\/p>\n<div>\u00a0<\/div>\n<div>&#8211; Tallinna Haridusameti tunnustus &#8220;Tegus \u00d5pilasesindus 2024&#8221; on Tallinna S\u00fcdalinna Kooli \u00f5pilasesindus.<\/div>\n<div>Juhendajad: Kairit Johanson, Kristi Tagam<\/div>\n<p><br \/><br \/><\/p><\/div>\n\t\t\t\t<\/div>\n\t\t\t\t\t\t\t<div class=\"elementor-toggle-item\">\n\t\t\t\t\t<div id=\"elementor-tab-title-1433\" class=\"elementor-tab-title\" data-tab=\"3\" role=\"button\" aria-controls=\"elementor-tab-content-1433\" aria-expanded=\"false\">\n\t\t\t\t\t\t\t\t\t\t\t\t<span class=\"elementor-toggle-icon elementor-toggle-icon-left\" aria-hidden=\"true\">\n\t\t\t\t\t\t\t\t\t\t\t\t\t\t\t<span class=\"elementor-toggle-icon-closed\"><i class=\"fas fa-chevron-down\"><\/i><\/span>\n\t\t\t\t\t\t\t\t<span class=\"elementor-toggle-icon-opened\"><i class=\"elementor-toggle-icon-opened fas fa-angle-up\"><\/i><\/span>\n\t\t\t\t\t\t\t\t\t\t\t\t\t<\/span>\n\t\t\t\t\t\t\t\t\t\t\t\t<a class=\"elementor-toggle-title\" tabindex=\"0\">2023<\/a>\n\t\t\t\t\t<\/div>\n\n\t\t\t\t\t<div id=\"elementor-tab-content-1433\" class=\"elementor-tab-content elementor-clearfix\" data-tab=\"3\" role=\"region\" aria-labelledby=\"elementor-tab-title-1433\"><div><b>Projekt \u201eTallinna S\u00fcdalinna Kooli luuleraamatuke \u2013 eElfchenbuch\u201c on p\u00e4lvinud Euroopa keele\u00f5ppe tunnuskirja<\/b>.\u00a0Euroopa keele\u00f5ppe tunnuskiri (European Language Label ehk l\u00fchidalt ELL) on auhind, millega tunnustatakse uuenduslikku l\u00e4henemist keele\u00f5ppele, sh erinevate tehnoloogiate ja meetodite kasutamist, hea praktika levitamist ja keelelis-kultuurilise kogemuse vahetamist.<\/div>\n<div>\u00a0<\/div>\n<div>Komisjon tunnustab, et projekt &#8220;eElfchenbuch&#8221;\u00a0 ja selle tulemused on avatud laiale avalikkusele (teistele koolidele ja muudele huvilistele), mitmele keelele suunatud, laia leviga; kaasatud v\u00e4ga p\u00e4evakajaline ChatGPT teema. Tegemist on hea n\u00e4itega j\u00e4rjepidevusest, kuna sai juba alguse juba 2008. aastal. V\u00e4hese keeleoskuse eduelamus; pole n\u00f5utud keeleoskuse l\u00e4vendit, et saaks osaleda, loovuse komponent keele\u00f5ppes.<\/div>\n<div>\u00a0<\/div>\n<div>Luuleraamatuga saab tutvuda:<\/div>\n<div>\n<div dir=\"auto\"><a role=\"link\" href=\"https:\/\/www.edlv.planet.ee\/luuleraamat\/?fbclid=IwAR1gq6s3_YDatY_5Fsgy-OHpbOl-zYqG3cxiRsHRA2BUkIQZfNHWKyjrDO8\" target=\"_blank\" rel=\"nofollow noopener noreferrer\" data-saferedirecturl=\"https:\/\/www.google.com\/url?q=https:\/\/www.edlv.planet.ee\/luuleraamat\/?fbclid%3DIwAR1gq6s3_YDatY_5Fsgy-OHpbOl-zYqG3cxiRsHRA2BUkIQZfNHWKyjrDO8&amp;source=gmail&amp;ust=1700491141987000&amp;usg=AOvVaw1leDD5NjGUGC4oVxNzD-zb\">https:\/\/www.edlv.planet.ee\/<wbr \/>luuleraamat\/<\/a><\/div>\n<\/div>\n<div dir=\"auto\">T\u00e4naseks on eElfchenbuchis avaldatud luuletusi \u00fcle 1200.<\/div>\n<div dir=\"auto\">\n<div dir=\"auto\">Ait\u00e4h k\u00f5igile \u00f5petajatele-juhendajatele ja \u00f5pilastele, kes on oma kaast\u00f6\u00f6dega aidanud meie luuleraamatut rikastada.<\/div>\n<div dir=\"auto\">\u00a0<\/div>\n<div><b>T\u00e4name \u00f5petaja Anneli Kesksaart,<\/b>\u00a0kes on aastaid projekti vedanud ja nii meie kooli kui ka teiste koolide \u00f5pilasi innustanud \u00f5ppima saksa keelt (ja \u00fcldse v\u00f5\u00f5rkeeli).<\/div>\n<\/div>\n<div>\u00a0<\/div>\n<div>Tunnuskirja statuudist ja eelnevate aastate v\u00f5itjate info:<\/div>\n<div><a href=\"https:\/\/eeagentuur.ee\/projektitegijale\/euroopa-keeleoppe-tunnuskiri\/\" target=\"_blank\" rel=\"noopener\" data-saferedirecturl=\"https:\/\/www.google.com\/url?q=https:\/\/eeagentuur.ee\/projektitegijale\/euroopa-keeleoppe-tunnuskiri\/&amp;source=gmail&amp;ust=1700491141987000&amp;usg=AOvVaw0N9V26isD58nFk4iwPWmyc\">https:\/\/eeagentuur.ee\/<wbr \/>projektitegijale\/euroopa-<wbr \/>keeleoppe-tunnuskiri\/<\/a><\/div>\n<p><br \/><br \/><\/p><\/div>\n\t\t\t\t<\/div>\n\t\t\t\t\t\t\t<div class=\"elementor-toggle-item\">\n\t\t\t\t\t<div id=\"elementor-tab-title-1434\" class=\"elementor-tab-title\" data-tab=\"4\" role=\"button\" aria-controls=\"elementor-tab-content-1434\" aria-expanded=\"false\">\n\t\t\t\t\t\t\t\t\t\t\t\t<span class=\"elementor-toggle-icon elementor-toggle-icon-left\" aria-hidden=\"true\">\n\t\t\t\t\t\t\t\t\t\t\t\t\t\t\t<span class=\"elementor-toggle-icon-closed\"><i class=\"fas fa-chevron-down\"><\/i><\/span>\n\t\t\t\t\t\t\t\t<span class=\"elementor-toggle-icon-opened\"><i class=\"elementor-toggle-icon-opened fas fa-angle-up\"><\/i><\/span>\n\t\t\t\t\t\t\t\t\t\t\t\t\t<\/span>\n\t\t\t\t\t\t\t\t\t\t\t\t<a class=\"elementor-toggle-title\" tabindex=\"0\">2022<\/a>\n\t\t\t\t\t<\/div>\n\n\t\t\t\t\t<div id=\"elementor-tab-content-1434\" class=\"elementor-tab-content elementor-clearfix\" data-tab=\"4\" role=\"region\" aria-labelledby=\"elementor-tab-title-1434\"><ul>\n<li>Tallinna S\u00fcdalinna Kool on 1 koolidest, kes sai vapim\u00e4rgi \u00fchise pingutuse eest, et Eestis lapsed rohkem liiguksid. T\u00e4name k\u00f5iki t\u00f6\u00f6tajaid, kes on erinevaid tegevusi teinud ja eelk\u00f5ige positiivse suhtumisega eesm\u00e4rkidele aidanud l\u00e4hemale liikuda. Palju \u00f5nne meile k\u00f5igile!<br \/>https:\/\/www.liikumakutsuvkool.ee\/lat\/<br \/>https:\/\/www.liikumakutsuvkool.ee\/lkkvapp\/\u00a0<br \/><img fetchpriority=\"high\" decoding=\"async\" class=\"alignnone size-medium wp-image-5077\" src=\"https:\/\/sydalinna.edu.ee\/wp-content\/uploads\/2022\/09\/302182643_438776208216538_4379960120642300636_n-300x223.jpg\" alt=\"\" width=\"300\" height=\"223\" srcset=\"https:\/\/sydalinna.edu.ee\/wp-content\/uploads\/2022\/09\/302182643_438776208216538_4379960120642300636_n-300x223.jpg 300w, https:\/\/sydalinna.edu.ee\/wp-content\/uploads\/2022\/09\/302182643_438776208216538_4379960120642300636_n-1024x762.jpg 1024w, https:\/\/sydalinna.edu.ee\/wp-content\/uploads\/2022\/09\/302182643_438776208216538_4379960120642300636_n-768x571.jpg 768w, https:\/\/sydalinna.edu.ee\/wp-content\/uploads\/2022\/09\/302182643_438776208216538_4379960120642300636_n-1536x1143.jpg 1536w, https:\/\/sydalinna.edu.ee\/wp-content\/uploads\/2022\/09\/302182643_438776208216538_4379960120642300636_n-1920x1428.jpg 1920w, https:\/\/sydalinna.edu.ee\/wp-content\/uploads\/2022\/09\/302182643_438776208216538_4379960120642300636_n-1170x870.jpg 1170w, https:\/\/sydalinna.edu.ee\/wp-content\/uploads\/2022\/09\/302182643_438776208216538_4379960120642300636_n-585x435.jpg 585w, https:\/\/sydalinna.edu.ee\/wp-content\/uploads\/2022\/09\/302182643_438776208216538_4379960120642300636_n-rotated.jpg 2000w\" sizes=\"(max-width: 300px) 100vw, 300px\" \/><\/li>\n<\/ul><\/div>\n\t\t\t\t<\/div>\n\t\t\t\t\t\t\t<div class=\"elementor-toggle-item\">\n\t\t\t\t\t<div id=\"elementor-tab-title-1435\" class=\"elementor-tab-title\" data-tab=\"5\" role=\"button\" aria-controls=\"elementor-tab-content-1435\" aria-expanded=\"false\">\n\t\t\t\t\t\t\t\t\t\t\t\t<span class=\"elementor-toggle-icon elementor-toggle-icon-left\" aria-hidden=\"true\">\n\t\t\t\t\t\t\t\t\t\t\t\t\t\t\t<span class=\"elementor-toggle-icon-closed\"><i class=\"fas fa-chevron-down\"><\/i><\/span>\n\t\t\t\t\t\t\t\t<span class=\"elementor-toggle-icon-opened\"><i class=\"elementor-toggle-icon-opened fas fa-angle-up\"><\/i><\/span>\n\t\t\t\t\t\t\t\t\t\t\t\t\t<\/span>\n\t\t\t\t\t\t\t\t\t\t\t\t<a class=\"elementor-toggle-title\" tabindex=\"0\">2021<\/a>\n\t\t\t\t\t<\/div>\n\n\t\t\t\t\t<div id=\"elementor-tab-content-1435\" class=\"elementor-tab-content elementor-clearfix\" data-tab=\"5\" role=\"region\" aria-labelledby=\"elementor-tab-title-1435\"><ul>\n<li>2021 Tallinna Haridusameti tunnustus\u00a0<strong>&#8220;Parim personaliprojekt haridusasutuses 2021&#8221;<\/strong> projektiga &#8220;Digimentorite s\u00fcsteem&#8221;<\/li>\n<li>\u00a0<\/li>\n<li>2021 Tallinna Haridusameti tunnustus\u00a0<strong>&#8220;Tervise tegu 2021&#8221;<\/strong>\u00a0\u00f5pilaste mitmek\u00fclgne toetamine distants\u00f5ppe tingimustes (projektid &#8220;Kogup\u00e4evakool distantsilt\u201d ja \u201cVeebikoolitused lapsevanematele, \u00f5pilastele, \u00f5petajatele\u201d.)<\/li>\n<li>\u00a0<\/li>\n<li dir=\"ltr\">2021 Tallinna Haridusameti tunnustus\u00a0<strong>\u201cHaridusIDU EDUtalgud: P\u00e4dev ja p\u00fchendunud \u00f5petaja\u201d<\/strong>\u00a0(projekt \u201cDigimentorite s\u00fcsteemi loomine\u201d)\u00a0<\/li>\n<li dir=\"ltr\">\u00a0<\/li>\n<li>2021\u00a0Tartu \u00dclikooli Liikumislabori v\u00f5rgustiku Liikuma Kutsuva Kool tunnustuskonkursi\u00a0<strong>&#8220;<\/strong><strong>Kaug\u00f5ppeaasta Tegijad 2020\/2021&#8243;<\/strong>\u00a0nominent\u00a0projektiga \u201cKogup\u00e4evakool distantsilt\u201d.<\/li>\n<\/ul><\/div>\n\t\t\t\t<\/div>\n\t\t\t\t\t\t\t<div class=\"elementor-toggle-item\">\n\t\t\t\t\t<div id=\"elementor-tab-title-1436\" class=\"elementor-tab-title\" data-tab=\"6\" role=\"button\" aria-controls=\"elementor-tab-content-1436\" aria-expanded=\"false\">\n\t\t\t\t\t\t\t\t\t\t\t\t<span class=\"elementor-toggle-icon elementor-toggle-icon-left\" aria-hidden=\"true\">\n\t\t\t\t\t\t\t\t\t\t\t\t\t\t\t<span class=\"elementor-toggle-icon-closed\"><i class=\"fas fa-chevron-down\"><\/i><\/span>\n\t\t\t\t\t\t\t\t<span class=\"elementor-toggle-icon-opened\"><i class=\"elementor-toggle-icon-opened fas fa-angle-up\"><\/i><\/span>\n\t\t\t\t\t\t\t\t\t\t\t\t\t<\/span>\n\t\t\t\t\t\t\t\t\t\t\t\t<a class=\"elementor-toggle-title\" tabindex=\"0\">2020<\/a>\n\t\t\t\t\t<\/div>\n\n\t\t\t\t\t<div id=\"elementor-tab-content-1436\" class=\"elementor-tab-content elementor-clearfix\" data-tab=\"6\" role=\"region\" aria-labelledby=\"elementor-tab-title-1436\"><ul>\n<li>2020\u00a0Tartu \u00dclikooli Liikumislabori v\u00f5rgustiku\u00a0Liikuma Kutsuva Kool tunnustuskonkursi &#8220;<strong>Aasta Tegijad 2019\/2020&#8243; v\u00f5itja kategoorias &#8220;Liikuma kutsuv algatus koolis&#8221;\u00a0<\/strong>projektiga kogup\u00e4evakool.<\/li>\n<li>\u00a0<\/li>\n<li>2020 Tallinna Haridusameti tunnustus\u00a0<strong>&#8220;September 2020 kuu haridustegu&#8221;<\/strong>\u00a0: Tallinna S\u00fcdalinna Kool p\u00e4lvis Liikuma Kutsuva Kooli tiitli &#8220;Aasta tegija 2019\/2020&#8221; kategoorias &#8220;Liikuma kutsuv saavutus koolis&#8221;.\u00a0Kogup\u00e4evakooli mudeli kasutusele v\u00f5tmine on aidanud kaasa koolikultuuri muutumisele, sest see aitab luua sidusa p\u00e4evakava, kus on \u00fchendatud formaalne ja mitteformaalne \u00f5ppet\u00f6\u00f6.\u00a0<\/li>\n<li>\u00a0<\/li>\n<li>2020 &#8220;Tallinna S\u00fcdalinna Kooli kogup\u00e4evakooli mudel&#8221; on\u00a0<strong>nominent &#8220;Harjumaa tervisetegu 2020&#8221; konkursil<\/strong>\u00a0(Harjumaa Omavalitsuste Liidu ja Harjumaa Tervisen\u00f5ukogu poolt korraldatav)<\/li>\n<li>\u00a0<\/li>\n<li>2020 Tallinna Haridusamet t\u00e4nab, et v\u00f5tsime osa\u00a0koost\u00f6\u00f6projektist &#8220;Koolilt lasteaiale&#8221;, mille raames kooli\u00f5pilased valmistasid avastuskaste lasteaedadele.<\/li>\n<li>\u00a0<\/li>\n<li>2020 Haridusministri tunnustus<strong>\u00a0&#8220;Aasta v\u00f5\u00f5rkeelealane tegu 2020&#8221;<\/strong>\u00a0\u00fcleriigilise saksakeelse Scrabble`i v\u00f5istluse nutirakendusega \u201cClassic Words Solo\u201d eest<\/li>\n<\/ul><\/div>\n\t\t\t\t<\/div>\n\t\t\t\t\t\t\t<div class=\"elementor-toggle-item\">\n\t\t\t\t\t<div id=\"elementor-tab-title-1437\" class=\"elementor-tab-title\" data-tab=\"7\" role=\"button\" aria-controls=\"elementor-tab-content-1437\" aria-expanded=\"false\">\n\t\t\t\t\t\t\t\t\t\t\t\t<span class=\"elementor-toggle-icon elementor-toggle-icon-left\" aria-hidden=\"true\">\n\t\t\t\t\t\t\t\t\t\t\t\t\t\t\t<span class=\"elementor-toggle-icon-closed\"><i class=\"fas fa-chevron-down\"><\/i><\/span>\n\t\t\t\t\t\t\t\t<span class=\"elementor-toggle-icon-opened\"><i class=\"elementor-toggle-icon-opened fas fa-angle-up\"><\/i><\/span>\n\t\t\t\t\t\t\t\t\t\t\t\t\t<\/span>\n\t\t\t\t\t\t\t\t\t\t\t\t<a class=\"elementor-toggle-title\" tabindex=\"0\">2019<\/a>\n\t\t\t\t\t<\/div>\n\n\t\t\t\t\t<div id=\"elementor-tab-content-1437\" class=\"elementor-tab-content elementor-clearfix\" data-tab=\"7\" role=\"region\" aria-labelledby=\"elementor-tab-title-1437\"><ul>\n<li>2019 Tallinna linna noorsoot\u00f6\u00f6 tunnustuskonkursi &#8220;Suured teod&#8221;\u00a0<strong>v\u00f5itja kategoorias &#8220;Suured teod Tallinna noortele 2018&#8221;<\/strong>\u00a0projektiga &#8220;Kogup\u00e4evakool&#8221;<\/li>\n<li>\u00a0<\/li>\n<li>2019\u00a0Tallinna Haridusameti tunnustus<strong>\u00a0&#8220;<\/strong><strong>Tervise tegu 2019&#8243;\u00a0<\/strong><\/li>\n<li>\u00a0<\/li>\n<li>2019\u00a0Tallinna Haridusameti tunnustus<strong>\u00a0&#8220;Haridusuuendus 2019. Valdkond: Kaasav haridus&#8221;<\/strong><\/li>\n<li>\u00a0<\/li>\n<li><strong>2019<\/strong>\u00a0 Haridus- ja teadusministeeri tunnustust<strong>\u00a0<\/strong>S\u00fcdalinna Kooli\u00a0<strong><a id=\"sisudokiurl_0\" class=\"_58cn\" href=\"https:\/\/www.facebook.com\/hashtag\/eduinnolab?source=feed_text&amp;epa=HASHTAG&amp;__xts__%5B0%5D=68.ARAONOQILuYLQUoHzHXiAomPRinPrpitm4Cam_PKcDQ6rNKNqDwenzJI-1X61xQ2wqz_aqoApBDs3YvRmL-e1KUWadccNBKkWHo04n7JyCenLJtVln3P4HSJD_TtJy7xnRb_GV5-n8KDSxmbec4QakLJ1fJWU0GK3xLsDvpmpEyyeqV5yj78XgGgsIY9yeTa7NmGIFk8-swvVbjyYor5XPpPm7oq90VDtF-afSmXQtPl2mZiQ3GOBKHUW3eJJvm6a_Sb5XbdDi78Jd_46WaH6EL_YVYs2r7bJlaRohXVUNsRGzn8R2puU79Ynp3qWR9bW79SQlmCJbpifljvcKfGHjENBQ&amp;__tn__=%2ANK-R\" type=\"\" data-ft=\"{\"><span class=\"_5afx\"><span class=\"_58cl _5afz\" aria-label=\"teemaviide\">#<\/span><span class=\"_58cm\">EduInnoLab<\/span><\/span><\/a>\u00a0Liit- ja virtuaalreaalsuse stuudiole<\/strong>, mis oli\u00a0&#8220;Eestimaa \u00f5pib ja t\u00e4nab&#8221; konkursi\u00a0<strong>finalistiks kategoorias &#8220;Aasta haridustegu&#8221;\u00a0<\/strong><\/li>\n<li>\u00a0<\/li>\n<li>2019\u00a0Tallinna S\u00fcdalinna Kooli kogup\u00e4evakooli projekt on\u00a0 1 kandidaatidest\u00a0<strong>riiklikul noortevaldkonna tunnustuskonkursil kategoorias &#8220;Aasta tegu noorsoot\u00f6\u00f6s&#8221;<\/strong><\/li>\n<li>\u00a0<\/li>\n<li>2019 Tallinna Haridusameti tunnustus<strong>\u00a0&#8220;Parim personaliprojekt haridusasutuses 2019&#8221;\u00a0<\/strong>(projekt &#8220;Coachiva \u00f5pikogukonna loomine S\u00fcdalinna Koolis&#8221;)<\/li>\n<\/ul><\/div>\n\t\t\t\t<\/div>\n\t\t\t\t\t\t\t<div class=\"elementor-toggle-item\">\n\t\t\t\t\t<div id=\"elementor-tab-title-1438\" class=\"elementor-tab-title\" data-tab=\"8\" role=\"button\" aria-controls=\"elementor-tab-content-1438\" aria-expanded=\"false\">\n\t\t\t\t\t\t\t\t\t\t\t\t<span class=\"elementor-toggle-icon elementor-toggle-icon-left\" aria-hidden=\"true\">\n\t\t\t\t\t\t\t\t\t\t\t\t\t\t\t<span class=\"elementor-toggle-icon-closed\"><i class=\"fas fa-chevron-down\"><\/i><\/span>\n\t\t\t\t\t\t\t\t<span class=\"elementor-toggle-icon-opened\"><i class=\"elementor-toggle-icon-opened fas fa-angle-up\"><\/i><\/span>\n\t\t\t\t\t\t\t\t\t\t\t\t\t<\/span>\n\t\t\t\t\t\t\t\t\t\t\t\t<a class=\"elementor-toggle-title\" tabindex=\"0\">2018<\/a>\n\t\t\t\t\t<\/div>\n\n\t\t\t\t\t<div id=\"elementor-tab-content-1438\" class=\"elementor-tab-content elementor-clearfix\" data-tab=\"8\" role=\"region\" aria-labelledby=\"elementor-tab-title-1438\"><ul>\n<li>2018 Haridus- ja Teadusministeeriumi ja Innove konkursi<strong>\u00a0\u201cAasta kool 2018\u201d finalist<\/strong>\u00a0(10 parima seas)<\/li>\n<li>\u00a0<\/li>\n<li>2018 Tallinna Haridusameti tunnustus\u00a0<strong>\u201cTunnustav kool 2018\u201d<\/strong><\/li>\n<li>\u00a0<\/li>\n<li>2018 Tallinna Haridusameti tunnustus\u00a0<strong>\u201cHaridusuuendus 2018. Valdkond: \u00d5ppija p\u00e4eva\u00a0<\/strong>disain&#8221;<\/li>\n<li>\u00a0<\/li>\n<li>2018 Eesti Saksa Keele \u00d5petajate Seltsi\u00a0<strong>&#8220;Aasta tegu: nutiScrabble`i v\u00f5istluse korraldamine&#8221;<\/strong>\u00a0(korraldaja: \u00f5petaja Anneli Kesksaar)\u00a0 \u00a0 \u00a0 \u00a0 \u00a0\u00a0<\/li>\n<\/ul><\/div>\n\t\t\t\t<\/div>\n\t\t\t\t\t\t\t<div class=\"elementor-toggle-item\">\n\t\t\t\t\t<div id=\"elementor-tab-title-1439\" class=\"elementor-tab-title\" data-tab=\"9\" role=\"button\" aria-controls=\"elementor-tab-content-1439\" aria-expanded=\"false\">\n\t\t\t\t\t\t\t\t\t\t\t\t<span class=\"elementor-toggle-icon elementor-toggle-icon-left\" aria-hidden=\"true\">\n\t\t\t\t\t\t\t\t\t\t\t\t\t\t\t<span class=\"elementor-toggle-icon-closed\"><i class=\"fas fa-chevron-down\"><\/i><\/span>\n\t\t\t\t\t\t\t\t<span class=\"elementor-toggle-icon-opened\"><i class=\"elementor-toggle-icon-opened fas fa-angle-up\"><\/i><\/span>\n\t\t\t\t\t\t\t\t\t\t\t\t\t<\/span>\n\t\t\t\t\t\t\t\t\t\t\t\t<a class=\"elementor-toggle-title\" tabindex=\"0\">2017<\/a>\n\t\t\t\t\t<\/div>\n\n\t\t\t\t\t<div id=\"elementor-tab-content-1439\" class=\"elementor-tab-content elementor-clearfix\" data-tab=\"9\" role=\"region\" aria-labelledby=\"elementor-tab-title-1439\"><ul>\n<li>2017 Tallinna linnavalitsus t\u00e4nab ja tunnustab osalemise ja esinduspeenra rajamise eest Tallinna laste ja noorte lillepeol Laagna teel<\/li>\n<li>\u00a0<\/li>\n<li>2017 Tallinna lasteaedade \u201cEtno\u201d projekti edukale korraldamisele kaasa aitamise eest<\/li>\n<li>\u00a0<\/li>\n<li>2017\u00a0<strong>M\u00d5K-kuu raames aktiivne osaleja<\/strong>\u00a0koolide arvestuses<\/li>\n<li>\u00a0<\/li>\n<li>2017 Tallinna Haridusameti tunnustus\u00a0<strong>parim koost\u00f6\u00f6projekt<\/strong>: \u201c\u00dcle-eestiline saksakeelne Scrabble-v\u00f5istlus nutirakendusega ClassicWords\u201d<\/li>\n<li>\u00a0<\/li>\n<li>2017 Tallinna Haridusameti tunnustus eriauhinnana parim personaliprojekt haridusasutuses:\u00a0<strong>\u201cSport kooli\u2026 Ohhoo, \u00f5psid ka liiguvad\u201d<\/strong><\/li>\n<li>\u00a0<\/li>\n<li>2017 Tallinna Haridusameti tunnustus Tallinna haridusasutuste innovatsioonikeskus<strong>\u00a0#EduInnoLab Liitreaalsuse stuudio<\/strong><\/li>\n<\/ul><\/div>\n\t\t\t\t<\/div>\n\t\t\t\t\t\t\t<div class=\"elementor-toggle-item\">\n\t\t\t\t\t<div id=\"elementor-tab-title-14310\" class=\"elementor-tab-title\" data-tab=\"10\" role=\"button\" aria-controls=\"elementor-tab-content-14310\" aria-expanded=\"false\">\n\t\t\t\t\t\t\t\t\t\t\t\t<span class=\"elementor-toggle-icon elementor-toggle-icon-left\" aria-hidden=\"true\">\n\t\t\t\t\t\t\t\t\t\t\t\t\t\t\t<span class=\"elementor-toggle-icon-closed\"><i class=\"fas fa-chevron-down\"><\/i><\/span>\n\t\t\t\t\t\t\t\t<span class=\"elementor-toggle-icon-opened\"><i class=\"elementor-toggle-icon-opened fas fa-angle-up\"><\/i><\/span>\n\t\t\t\t\t\t\t\t\t\t\t\t\t<\/span>\n\t\t\t\t\t\t\t\t\t\t\t\t<a class=\"elementor-toggle-title\" tabindex=\"0\">2016<\/a>\n\t\t\t\t\t<\/div>\n\n\t\t\t\t\t<div id=\"elementor-tab-content-14310\" class=\"elementor-tab-content elementor-clearfix\" data-tab=\"10\" role=\"region\" aria-labelledby=\"elementor-tab-title-14310\"><ul>\n<li>2016 Tallinna Haridusameti t\u00e4nukiri Tallinna lasteaedade m\u00e4ngulise matemaatika projekti\u00a0eest<\/li>\n<\/ul><\/div>\n\t\t\t\t<\/div>\n\t\t\t\t\t\t\t<div class=\"elementor-toggle-item\">\n\t\t\t\t\t<div id=\"elementor-tab-title-14311\" class=\"elementor-tab-title\" data-tab=\"11\" role=\"button\" aria-controls=\"elementor-tab-content-14311\" aria-expanded=\"false\">\n\t\t\t\t\t\t\t\t\t\t\t\t<span class=\"elementor-toggle-icon elementor-toggle-icon-left\" aria-hidden=\"true\">\n\t\t\t\t\t\t\t\t\t\t\t\t\t\t\t<span class=\"elementor-toggle-icon-closed\"><i class=\"fas fa-chevron-down\"><\/i><\/span>\n\t\t\t\t\t\t\t\t<span class=\"elementor-toggle-icon-opened\"><i class=\"elementor-toggle-icon-opened fas fa-angle-up\"><\/i><\/span>\n\t\t\t\t\t\t\t\t\t\t\t\t\t<\/span>\n\t\t\t\t\t\t\t\t\t\t\t\t<a class=\"elementor-toggle-title\" tabindex=\"0\">2015<\/a>\n\t\t\t\t\t<\/div>\n\n\t\t\t\t\t<div id=\"elementor-tab-content-14311\" class=\"elementor-tab-content elementor-clearfix\" data-tab=\"11\" role=\"region\" aria-labelledby=\"elementor-tab-title-14311\"><ul>\n<li>2015 Tallinna Haridusameti tunnustus\u00a0<strong>\u201cHea \u00f5pikeskkonnaga kool\u201d<\/strong><\/li>\n<li>2015 IKT innovatsioonikonkurss\u00a0<strong>Digim\u00f5te III preemia \u201cDigi\u00f5ppe pilootklassid\u201d<\/strong><\/li>\n<li>2015 Tallinna Haridusameti t\u00e4nukiri Tallinna lasteaedade teatriprojekti eest<\/li>\n<\/ul><\/div>\n\t\t\t\t<\/div>\n\t\t\t\t\t\t\t<div class=\"elementor-toggle-item\">\n\t\t\t\t\t<div id=\"elementor-tab-title-14312\" class=\"elementor-tab-title\" data-tab=\"12\" role=\"button\" aria-controls=\"elementor-tab-content-14312\" aria-expanded=\"false\">\n\t\t\t\t\t\t\t\t\t\t\t\t<span class=\"elementor-toggle-icon elementor-toggle-icon-left\" aria-hidden=\"true\">\n\t\t\t\t\t\t\t\t\t\t\t\t\t\t\t<span class=\"elementor-toggle-icon-closed\"><i class=\"fas fa-chevron-down\"><\/i><\/span>\n\t\t\t\t\t\t\t\t<span class=\"elementor-toggle-icon-opened\"><i class=\"elementor-toggle-icon-opened fas fa-angle-up\"><\/i><\/span>\n\t\t\t\t\t\t\t\t\t\t\t\t\t<\/span>\n\t\t\t\t\t\t\t\t\t\t\t\t<a class=\"elementor-toggle-title\" tabindex=\"0\">2014<\/a>\n\t\t\t\t\t<\/div>\n\n\t\t\t\t\t<div id=\"elementor-tab-content-14312\" class=\"elementor-tab-content elementor-clearfix\" data-tab=\"12\" role=\"region\" aria-labelledby=\"elementor-tab-title-14312\"><ul>\n<li>2014 Tallinna Haridusameti tunnustus eriauhinnana\u00a0<strong>parim personaliprojekt haridusasutuses<\/strong>: \u00f5petajate lugemisprojekt \u201cLugeda on lahe!\u201d<\/li>\n<\/ul><\/div>\n\t\t\t\t<\/div>\n\t\t\t\t\t\t\t<div class=\"elementor-toggle-item\">\n\t\t\t\t\t<div id=\"elementor-tab-title-14313\" class=\"elementor-tab-title\" data-tab=\"13\" role=\"button\" aria-controls=\"elementor-tab-content-14313\" aria-expanded=\"false\">\n\t\t\t\t\t\t\t\t\t\t\t\t<span class=\"elementor-toggle-icon elementor-toggle-icon-left\" aria-hidden=\"true\">\n\t\t\t\t\t\t\t\t\t\t\t\t\t\t\t<span class=\"elementor-toggle-icon-closed\"><i class=\"fas fa-chevron-down\"><\/i><\/span>\n\t\t\t\t\t\t\t\t<span class=\"elementor-toggle-icon-opened\"><i class=\"elementor-toggle-icon-opened fas fa-angle-up\"><\/i><\/span>\n\t\t\t\t\t\t\t\t\t\t\t\t\t<\/span>\n\t\t\t\t\t\t\t\t\t\t\t\t<a class=\"elementor-toggle-title\" tabindex=\"0\">2013<\/a>\n\t\t\t\t\t<\/div>\n\n\t\t\t\t\t<div id=\"elementor-tab-content-14313\" class=\"elementor-tab-content elementor-clearfix\" data-tab=\"13\" role=\"region\" aria-labelledby=\"elementor-tab-title-14313\"><ul>\n<li>2013 Tallinna Haridusameti tunnustus\u00a0<strong>\u201cTurvaline kool\u201d<\/strong>\u00a0(II koht)<\/li>\n<li>2013 Tallinna Haridusameti tunnustus\u00a0<strong>\u201cParim koolikoduleht\u201d<\/strong><\/li>\n<li>2013 Tallinna Haridusameti tunnustus\u00a0<strong>\u201cInnovaatiline tegu, eriauhind: robootikaring\u201c<\/strong><\/li>\n<li>2013 \u201cM\u00e4rka ja aita\u201d t\u00e4nukiri \u201cAasta 2013 heategu\u201d nominent<\/li>\n<\/ul><\/div>\n\t\t\t\t<\/div>\n\t\t\t\t\t\t\t\t<\/div>\n\t\t\t\t\t\t<\/div>\n\t\t\t\t<\/div>\n\t\t\t\t<\/div>\n\t\t\t\t<\/div>\n\t\t<div class=\"elementor-element elementor-element-dc08a35 e-con-full e-flex e-con e-child\" data-id=\"dc08a35\" data-element_type=\"container\" id=\"opilastele\">\n\t\t<div class=\"elementor-element elementor-element-9aaa47b e-con-full e-flex e-con e-child\" data-id=\"9aaa47b\" data-element_type=\"container\">\n\t\t\t\t<div class=\"elementor-element elementor-element-a214f97 elementor-widget elementor-widget-heading\" data-id=\"a214f97\" data-element_type=\"widget\" data-widget_type=\"heading.default\">\n\t\t\t\t<div class=\"elementor-widget-container\">\n\t\t\t\t\t<h2 class=\"elementor-heading-title elementor-size-default\">Tunnustused \u00f5pilastele<\/h2>\t\t\t\t<\/div>\n\t\t\t\t<\/div>\n\t\t\t\t<div class=\"elementor-element elementor-element-1ac808b elementor-widget elementor-widget-toggle\" data-id=\"1ac808b\" data-element_type=\"widget\" data-widget_type=\"toggle.default\">\n\t\t\t\t<div class=\"elementor-widget-container\">\n\t\t\t\t\t\t\t<div class=\"elementor-toggle\">\n\t\t\t\t\t\t\t<div class=\"elementor-toggle-item\">\n\t\t\t\t\t<div id=\"elementor-tab-title-2801\" class=\"elementor-tab-title\" data-tab=\"1\" role=\"button\" aria-controls=\"elementor-tab-content-2801\" aria-expanded=\"false\">\n\t\t\t\t\t\t\t\t\t\t\t\t<span class=\"elementor-toggle-icon elementor-toggle-icon-left\" aria-hidden=\"true\">\n\t\t\t\t\t\t\t\t\t\t\t\t\t\t\t<span class=\"elementor-toggle-icon-closed\"><i class=\"fas fa-chevron-down\"><\/i><\/span>\n\t\t\t\t\t\t\t\t<span class=\"elementor-toggle-icon-opened\"><i class=\"elementor-toggle-icon-opened fas fa-angle-up\"><\/i><\/span>\n\t\t\t\t\t\t\t\t\t\t\t\t\t<\/span>\n\t\t\t\t\t\t\t\t\t\t\t\t<a class=\"elementor-toggle-title\" tabindex=\"0\">2025\/2026<\/a>\n\t\t\t\t\t<\/div>\n\n\t\t\t\t\t<div id=\"elementor-tab-content-2801\" class=\"elementor-tab-content elementor-clearfix\" data-tab=\"1\" role=\"region\" aria-labelledby=\"elementor-tab-title-2801\"><p>&#8211; 6. novembril toimus Alexela kontserdimajas noortekonverents &#8220;Lahe Koolip\u00e4ev&#8221;,mis on Eesti suurim noortele suunatud konverents, kus osaleb igal aastal ligi 1200 osalejat \u00fcle eesti.\u00a0 Selle aasta teemaks oli \u201eMina ja l\u00f5putud valikud\u201c. P\u00e4eva jooksul said osalejad kuulata inspireerivaid ettekandeid, osaleda aruteludes ja t\u00f6\u00f6tubades, mis aitavad m\u00f5ista enda v\u00f5imalusi ning teha teadlikumaid valikuid tuleviku jaoks.<\/p>\n<div>\n<div>\u00a0<\/div>\n<div>Konverentsil anti \u00fcle ka tunnustuskonkursi &#8220;Hea Eeskuju&#8221; tunnustused noortele, kes on\u00a0 aktiivsed, kogukonda kaasavad ja teisi inspireerivad noored, kes \u00f5pivad alg-, p\u00f5hi-, kesk-, kutsekoolis v\u00f5i \u00fclikoolis ning on kuni 26-aastased.<\/div>\n<\/div>\n<div>\u00a0<\/div>\n<div>Meil on v\u00e4ga uhke tunne, sest finalistiks oli ka S\u00fcdalinna Kooli \u00f5pilasesinduse president ja 9. klassi \u00f5pilane Jakob.\u00a0<\/div>\n<div>\u00a0<\/div>\n<div>S\u00fcdalinna Kooli arengustrateegia ja p\u00f5hiv\u00e4\u00e4rtuste osaks on mitmeid aastaid olnud noorte aktiivne kodanikuks olemine ning nende enda algatustele hoo andmine. Tore, et meie noori ka koolist v\u00e4ljastpoolt m\u00e4rgatakse.\u00a0<\/div>\n<div>\u00a0<\/div>\n<div>Jakobi juhtimisel on \u00f5pilasesindus saanud ka teisi auhindu aktiivsuse eest. Seega finalistiks olemine on kindlasti j\u00e4rjepideva tegutsemise ja koost\u00f6\u00f6 tulemus.\u00a0<\/div>\n<div>\u00a0<\/div>\n<div>Jakobi juhendajateks \u00f5pilasesinduses on \u00f5petaja Kairit Johanson ja \u00f5petaja Kristi Tagam. Alates 1. klassist on Jakobi klassijuhatajaks olnud \u00f5petaja Lea K\u00fctt.\u00a0<\/div>\n<div>\u00a0<\/div>\n<div>Palju \u00f5nne!<\/div>\n<div>\u00a0<\/div>\n<div>Lisainfo:<\/div>\n<div><a href=\"https:\/\/heaeeskuju.ee\/\" target=\"_blank\" rel=\"noopener\" data-saferedirecturl=\"https:\/\/www.google.com\/url?q=https:\/\/heaeeskuju.ee\/&amp;source=gmail&amp;ust=1762840345582000&amp;usg=AOvVaw0g8LMlC3TIzQ0Lrfihy1Cg\">https:\/\/heaeeskuju.ee\/<\/a><\/div>\n<div>\u00a0<\/div>\n<div>&#8211; Saksa suursaatkonna kunstiv\u00f5istlusel v\u00f5itis I koha 8.A \u00f5pilane Ingel, kellel valmis makett Dresdeni Theaterplatz.\n<div>\u00d5pilase juhendajaks oli \u00f5petaja Anneli Kesksaar.<\/div>\n<div dir=\"auto\">\u00a0<\/div>\n<div>Lisainfo:<\/div>\n<div dir=\"auto\"><a href=\"https:\/\/www.facebook.com\/DeutscheBotschaftTallinn\/posts\/pfbid0DhgTn7qsFso3D8ZvFyeFB1h9qmaMZF4EXeaaNXQuCUeVNzJ45HfXi9MugLJmtUahl\" target=\"_blank\" rel=\"noopener\" data-saferedirecturl=\"https:\/\/www.google.com\/url?q=https:\/\/www.facebook.com\/DeutscheBotschaftTallinn\/posts\/pfbid0DhgTn7qsFso3D8ZvFyeFB1h9qmaMZF4EXeaaNXQuCUeVNzJ45HfXi9MugLJmtUahl&amp;source=gmail&amp;ust=1770702801154000&amp;usg=AOvVaw0ZGfWR4VUN4AdXRlsLmLCV\">https:\/\/www.facebook.com\/<wbr \/>DeutscheBotschaftTallinn\/<wbr \/>posts\/<wbr \/>pfbid0DhgTn7qsFso3D8ZvFyeFB1h9<wbr \/>qmaMZF4EXeaaNXQuCUeVNzJ45HfXi9<wbr \/>MugLJmtUahl<\/a><\/div>\n<\/div>\n<div dir=\"auto\">\u00a0<\/div>\n<div dir=\"auto\">&#8211; 13. veebruaril 2026 selgusid tunnustuskonkursil &#8220;Suured teod&#8221; 2025.a Tallinna noorsoot\u00f6\u00f6sse panustajad ning nende teod.<\/div>\n<div dir=\"auto\">Tallinna S\u00fcdalinna Kooli \u00f5pilasesindus p\u00e4lvis &#8220;Tallinna aasta noorte\u00fchendus&#8221; tiitli.\u00a0<\/div>\n<div dir=\"auto\">\u00d5pilasesindust juhendab huvijuht Kairit Johanson.<\/div>\n<div dir=\"auto\">\u00a0<\/div>\n<div dir=\"auto\">Palju \u00f5nne!<\/div>\n<div dir=\"auto\">\u00a0<\/div>\n<div dir=\"auto\">Lisainfo: <a href=\"https:\/\/www.tallinn.ee\/et\/uudis\/tallinn-tunnustas-noorsootoosse-panustajaid-konkursil-suured-teod\">https:\/\/www.tallinn.ee\/et\/uudis\/tallinn-tunnustas-noorsootoosse-panustajaid-konkursil-suured-teod<\/a><\/div>\n<div dir=\"auto\">\u00a0<\/div>\n<div dir=\"auto\">&#8211; <span style=\"font-family: arial, helvetica, sans-serif;\">Tallinna \u00d5ism\u00e4e Vene L\u00fctseumis toimus 30. m\u00e4rtsil 2026 inglise keele ainev\u00f5istlus 5. ja 8. klassile.<\/span>\n<p><span style=\"font-family: arial, helvetica, sans-serif;\">Ainev\u00f5istluse \u00fclesanded keskendusid inglise keele kasutamisele praktiliste probleemide lahendamisele, p\u00f5hinevad LAK-\u00f5pe p\u00f5him\u00f5tetele ning arendasid 4 tulevikup\u00e4devust: kriitiline m\u00f5tlemine, loovus, suhtlemine ja koost\u00f6\u00f6.<\/span><\/p>\n<p><span style=\"font-family: arial, helvetica, sans-serif;\">Meil on v\u00e4ga hea meel teatada, et 8.A klassi t\u00fcdrukud Ingel ja Arabella saavutasid v\u00f5istlusel 2. koha (32 kooli esinduse seas). \u00d5pilaste \u00f5petaja on Anneli Lonks.<\/span><\/p>\n<p><span style=\"font-family: arial, helvetica, sans-serif;\">I koha saavutas v\u00f5istlusel Tallinna Reaalkool (96 punkti).<\/span><\/p>\n<p><span style=\"font-family: arial, helvetica, sans-serif;\">II koht Tallinna S\u00fcdalinna Kool (94 punkti).<\/span><\/p>\n<p><span style=\"font-family: arial, helvetica, sans-serif;\">III koht Tallinna Humanitaarg\u00fcmnaasium \/ Tallinna \u00d5ism\u00e4e Vene L\u00fctseum (87 punkti).<\/span><\/p>\n<\/div><\/div>\n\t\t\t\t<\/div>\n\t\t\t\t\t\t\t<div class=\"elementor-toggle-item\">\n\t\t\t\t\t<div id=\"elementor-tab-title-2802\" class=\"elementor-tab-title\" data-tab=\"2\" role=\"button\" aria-controls=\"elementor-tab-content-2802\" aria-expanded=\"false\">\n\t\t\t\t\t\t\t\t\t\t\t\t<span class=\"elementor-toggle-icon elementor-toggle-icon-left\" aria-hidden=\"true\">\n\t\t\t\t\t\t\t\t\t\t\t\t\t\t\t<span class=\"elementor-toggle-icon-closed\"><i class=\"fas fa-chevron-down\"><\/i><\/span>\n\t\t\t\t\t\t\t\t<span class=\"elementor-toggle-icon-opened\"><i class=\"elementor-toggle-icon-opened fas fa-angle-up\"><\/i><\/span>\n\t\t\t\t\t\t\t\t\t\t\t\t\t<\/span>\n\t\t\t\t\t\t\t\t\t\t\t\t<a class=\"elementor-toggle-title\" tabindex=\"0\">2024\/2025<\/a>\n\t\t\t\t\t<\/div>\n\n\t\t\t\t\t<div id=\"elementor-tab-content-2802\" class=\"elementor-tab-content elementor-clearfix\" data-tab=\"2\" role=\"region\" aria-labelledby=\"elementor-tab-title-2802\"><div>\u00a0<\/div>\n<div>\n<div>\n<div>\n<div dir=\"auto\">&#8211; Meie kooli 3.A \u00f5pilased Adele ja Kristiin saavutasid\u00a0 \u00fclelinnalisel laste- ja noorte lauluv\u00f5istlusel &#8220;Laulur\u00f5\u00f5m&#8221; I ja II koha.<\/div>\n<\/div>\n<div>\n<div dir=\"auto\">T\u00fcdrukute juhendajaks on \u00f5petaja Angelika Kadarik.<\/div>\n<div dir=\"auto\">\u00a0<\/div>\n<div dir=\"auto\"><b><\/b>&#8211; 4.-5. klassi t\u00fcdrukud saavitasid 3. koha Kesklinna koolide rahvastepalli finaalturniiril.<\/div>\n<div>Juhendajad: Reet Rausberg ja Merike Anderson.<\/div>\n<div>\u00a0<\/div>\n<div><b><\/b>\n<div>\n<div dir=\"auto\">&#8211; Tallinna XLII koolinoorte spordim\u00e4ngude meistriv\u00f5istlused sises\u00f5udmises saavutas meie kooli poiste v\u00f5istkond 7. koha 26 erineva kooli seas. Kokku osales nelja v\u00f5istlusklassi peale 83 v\u00f5istkonda ja 332 \u00f5pilast.<\/div>\n<div>Juhendajad: Siim Tammearu, Veiko Rohunurm.<\/div>\n<\/div>\n<b><\/b><\/div>\n<div>\u00a0<\/div>\n<div>\n<div>\n<div dir=\"auto\">&#8211; 12. veebruaril avati Tallinna linnavalitsuse (Vabaduse v\u00e4ljak 7) teenindussaalis n\u00e4itus \u201eMinu parim s\u00f5ber\u201c. V\u00e4ljas on Kesklinna linnaosa 27 algklasside \u00f5pilase joonistused n\u00e4ituse nimiteemal.<\/div>\n<\/div>\n<div>\n<div dir=\"auto\">Kunstiteoste kogumiseks korraldas Kesklinna Valitsus jaanuaris joonistuskonkursi, kuhu esitati 211 t\u00f6\u00f6d seitsmest koolist. Nende seast selgusid parimad Kesklinna Valitsuse Facebooki lehel toimunud rahvah\u00e4\u00e4letusel.<\/div>\n<\/div>\n<div>\n<div dir=\"auto\">On suur r\u00f5\u00f5m, et valituks osutus ka meie kooli 4. B klassi \u00f5pilase Simona\u00a0joonistus, mida saab n\u00fc\u00fcd Tallinna linnavalitsuse aknal imetleda. (\u00d5pilase \u00f5petajaks on Pille-Riin Talts.)<\/div>\n<\/div>\n<b><\/b><\/div>\n<div>\u00a0<\/div>\n<div dir=\"auto\">\n<div>\n<div dir=\"auto\">&#8211; Meie kooli 2.B klassi \u00f5pilase Johanna joonistus pealkirjaga \u201eT\u00fcdruk merel\u201c on valitud parimate t\u00f6\u00f6de hulka Tall Ships Races Tallinn 2024 joonistusv\u00f5istlusel \u201eTuult purjedesse!\u201c.<\/div>\n<\/div>\n<div>\n<div dir=\"auto\">V\u00f5istlusele laekunud 1180 t\u00f6\u00f6st valiti v\u00e4lja 80 parimat, mille hulgast selguvad juunis auhinnasaajad.<\/div>\n<\/div>\n<div>\n<div dir=\"auto\">Parimad t\u00f6\u00f6d pildistatakse \u00fcles ja neid eksponeeritakse juunikuus avalikul n\u00e4itusel. N\u00e4itused toimuvad Tallinnas Vabaduse v\u00e4ljakul ja Balti jaama kunstit\u00e4naval.<\/div>\n<\/div>\n<div>\n<div dir=\"auto\">\u00d5nnitleme Johannat ja tema \u00f5petaja Delis P\u00e4rnoja.<\/div>\n<\/div>\n<\/div>\n<\/div>\n<\/div>\n<div>\n<div>\n<div dir=\"auto\">\u00a0<\/div>\n<div dir=\"auto\">&#8211; \u00dcle-eestilisel \u00fchiskonna\u00f5petuse ol\u00fcmpiaadil osales Tallinna linnast II kooliastme ol\u00fcmpiaadil 107 \u00f5pilast.<\/div>\n<\/div>\n<div>\n<div dir=\"auto\">Meie kooli tulemused:<\/div>\n<div dir=\"auto\">Otto (6.a klass) 2. koht<\/div>\n<div dir=\"auto\">Elisabeth Marie (6.a klass) 6. koht<\/div>\n<div dir=\"auto\">Kritika (6.b klass) 14. koht<\/div>\n<div dir=\"auto\">Saara (6.b klass) 15. koht<\/div>\n<\/div>\n<div>\n<div dir=\"auto\">\u00d5pilaste juhendajaks on \u00f5petaja Heli Hirs.<\/div>\n<\/div>\n<div>\u00a0<\/div>\n<b><\/b><\/div>\n<div>\n<div>\n<div dir=\"auto\">&#8211; Mathable lauam\u00e4ngu meistriv\u00f5istlustel osales14 kooli kokku 108 \u00f5pilasega Tallinnast ja Harjumaalt.<\/div>\n<\/div>\n<div>\n<div dir=\"auto\"><img decoding=\"async\" class=\"CToWUd\" src=\"https:\/\/ci3.googleusercontent.com\/meips\/ADKq_NYookpqhXk11hTY0BBI7Ix4n8nrPhhcCSXhmG_ZkkwpbTxPi-U5VzhUfVRUbmWg5LIfuSQZvChhDugKf6h8XtBFq9W44fouj_2NNxyhVBd1ecvj5wRP5mY=s0-d-e1-ft#https:\/\/static.xx.fbcdn.net\/images\/emoji.php\/v9\/tbe\/1\/16\/1f3c6.png\" alt=\"\ud83c\udfc6\" width=\"16\" height=\"16\" data-bit=\"iit\" \/>6.-7. klasside parimad m\u00e4ngijad:<\/div>\n<div dir=\"auto\">II koht Otto Gabaldon-T\u00e4ht (Tallinna S\u00fcdalinna Kool)<\/div>\n<div dir=\"auto\">III koht Ingel Reinson (Tallinna S\u00fcdalinna Kool)<\/div>\n<\/div>\nJuhendaja: Malle Koppel.\u00a0<b><\/b><\/div>\n<div>\n<div>\n<div dir=\"auto\">\u00a0<\/div>\n<div dir=\"auto\">&#8211; Kunstikonkurss &#8220;Kratt-P\u00e4randaja&#8221; on osa P\u00e4randusfestivali haridusprogrammist ning parimaid t\u00f6id eksponeeritakse Viljandi Linnaraamatukogus 30. september -31. oktoober 2024.<\/div>\n<\/div>\n<div>\n<div dir=\"auto\">Meie kooli \u00f5limaaliringi 3\u00a0\u00f5pilase t\u00f6\u00f6d valiti 200 t\u00f6\u00f6 hulgast n\u00e4itusele:<\/div>\n<div dir=\"auto\">Marta 7. klass;<\/div>\n<div dir=\"auto\">Janette 6. klass;<\/div>\n<div dir=\"auto\">Nora 5. klass.<\/div>\n<\/div>\n<div>\n<div dir=\"auto\">\u00d5pilaste juhendajaks on \u00f5petaja Malle Koppel<\/div>\n<\/div>\n<b><\/b><\/div>\n<div>\u00a0<\/div>\n<div>\n<div>\n<div dir=\"auto\">&#8211; Meie kooli maaliringi \u00f5pilane Olivia sai rahvusvahelisel kunstikonkursil &#8220;Maailmap\u00e4rand 2024&#8221; 13.-15. aastaste \u00f5pilaste hulgas 1. koha.<\/div>\n<\/div>\n<div>\n<div dir=\"auto\">\u00d5pilase juhendajaks on \u00f5petaja Malle Koppel.<\/div>\n<\/div>\n<\/div>\n<\/div>\n<div class=\"adL\"><br \/>\n<div>\n<div dir=\"auto\">&#8211; 3.-4. klassi poisid saavutasid Kesklinna koolide rahvastepalli v\u00f5istlustel 2. koha.<\/div>\n<\/div>\n<div>\n<div dir=\"auto\">Tubli t\u00f6\u00f6 tegid \u00e4ra finaalturniiril &#8211; Maximian 3.A, Mikk 3.A, Lennart 3.A, Henry 3.B, Maikel 4.A, Mark Robin 4.A, Ander 4.A, Rico 4.A, Kaspar 4.A.<\/div>\n<\/div>\n<div>\n<div dir=\"auto\">\u00d5pilasi juhendas v\u00f5istlustel \u00f5petaja Reet Rausberg.<\/div>\n<div dir=\"auto\">\n<div>\n<div dir=\"auto\">\u00a0<\/div>\n<div dir=\"auto\">&#8211; Meil on v\u00e4ga hea meel, et meie kooli 9. klassi \u00f5pilase Rosmariini loovt\u00f6\u00f6 valiti Tallinna Haridusameti loovt\u00f6\u00f6de konkursil 11 parima sekka ja ta sai v\u00f5imaluse seda konverentsil tutvustada.<\/div>\n<\/div>\n<div>\n<div dir=\"auto\">Rosmariini loovt\u00f6\u00f6na valmis kunstikollektsioon papagoidest.<\/div>\n<div dir=\"auto\">Rosmariini loovt\u00f6\u00f6 juhendaja oli \u00f5petaja Liina Ellakvere.<\/div>\n<div dir=\"auto\">\u00a0<\/div>\n<\/div>\n<div dir=\"auto\">\n<p>&#8211; 15. jaanuaril 2025 avati Riigikogus kunstin\u00e4itus &#8220;101 modelli&#8221;, kus on ka meie kooli 3 \u00f5pilase kunstiteosed esindatud.<\/p>\n<p>Kiidame 9. klasside \u00f5pilasi \u2013 Laureli, Mikku ja Rosmariini!<\/p>\n<p>Samuti t\u00e4name \u00f5petaja Pille-Riin Taltsi juhendamise eest.<\/p>\n<p>\u00a0<\/p>\n<p>&#8211; Reedel, 17. jaanuaril toimus IX \u00fcle-eestiline \u00fchiskonna\u00f5petuse ol\u00fcmpiaad. Tallinna linnast osales II kooliastme ol\u00fcmpiaadil 107 \u00f5pilast.<br \/>Meie kooli tulemused on sellel korral suurep\u00e4rased:<br \/>Otto (6.a klass) 2. koht<br \/>Elisabeth Marie (6.a klass) 6. koht<br \/>Kritika (6.b klass) 14. koht<br \/>Saara (6.b klass) 15. koht<br \/>\u00d5pilaste juhendajaks on \u00f5petaja Heli Hirs.<\/p>\n<p>\u00a0<\/p>\n<\/div>\n<\/div>\n<div dir=\"auto\">\n<div>\n<div dir=\"auto\">&#8211; Mathable lauam\u00e4ngu meistriv\u00f5istlustel osales 14 kooli kokku 108 \u00f5pilasega Tallinnast ja Harjumaalt<\/div>\n<\/div>\n<div>\n<div dir=\"auto\"><img decoding=\"async\" class=\"CToWUd\" src=\"https:\/\/ci3.googleusercontent.com\/meips\/ADKq_NYookpqhXk11hTY0BBI7Ix4n8nrPhhcCSXhmG_ZkkwpbTxPi-U5VzhUfVRUbmWg5LIfuSQZvChhDugKf6h8XtBFq9W44fouj_2NNxyhVBd1ecvj5wRP5mY=s0-d-e1-ft#https:\/\/static.xx.fbcdn.net\/images\/emoji.php\/v9\/tbe\/1\/16\/1f3c6.png\" alt=\"\ud83c\udfc6\" width=\"16\" height=\"16\" data-bit=\"iit\" \/>6.-7. klasside parimad m\u00e4ngijad:<\/div>\n<div dir=\"auto\">II koht Otto Gabaldon-T\u00e4ht (Tallinna S\u00fcdalinna Kool)<\/div>\n<div dir=\"auto\">III koht Ingel Reinson (Tallinna S\u00fcdalinna Kool)<\/div>\n<div dir=\"auto\">\u00a0<\/div>\n<div>S\u00fcdalinna Kooli \u00f5pilaste juhendaja on \u00f5petaja Malle Koppel.<\/div>\n<\/div>\n<\/div>\n<\/div>\n<\/div>\n<div id=\":1m9\" class=\"hq gt\">\u00a0<\/div>\n<div>\u00a0<\/div>\n<div>&#8211; Inimese\u00f5petuse ol\u00fcmpiaadil saavutas Tallinna koolide seas I koha Stig September (6. klass) ja p\u00e4\u00e4ses edasi l\u00f5ppvooru (kusjuures oli tal 2. tulemus kogu Eesti koolide arvestuses). Juhendaja: Signe Kivi<\/div>\n<div>\u00a0<\/div>\n<div>\n<p>&#8211; Uku Albert (8. klass) saavutas Tallinna koolide seas inimese\u00f5petuse ol\u00fcmpiaadil II koha. Juhendaja: Pille-Riin Talts<\/p>\n<p>\u00a0<\/p>\n<p>&#8211; Rosmariin (9. klass) saavutas Tallinna piirkonnavoorus kunstiol\u00fcmpiaadil V koha ja p\u00e4\u00e4ses edasi riiklikku l\u00f5ppvooru. Juhendaja: Pille-Riin Talts<\/p>\n<\/div>\n<p>\u00a0<\/p>\n<p>\u00a0&#8211; Kolmap\u00e4eval, 22. mail toimus Junior Achievement Eesti ja Eesti Majandus- ja Ettev\u00f5tlus\u00f5petajate Seltsi poolt korraldatud rahatarkuse viktoriin \u201eOlen rahatark!\u201c 4. \u2013 6. klassi \u00f5pilastele.<\/p>\n<div>\n<div dir=\"auto\">Viktoriinil osales kokku 1720 \u00f5pilast 22 koolist.<\/div>\n<\/div>\n<div>\n<div dir=\"auto\">Viktoriinis oli kokku 29 k\u00fcsimust, mille eest oli v\u00f5imalik saada maksimaalselt 46 punkti.<\/div>\n<\/div>\n<div>\n<div dir=\"auto\">Meie kooli \u00f5pilased Stig September (6.B) ja ja Yousef (5.B) said 44 punkti ning sellega kuulusid 11 parima tulemuse saavutanud \u00f5pilase hulka kogu vabariigis.<\/div>\n<\/div>\n<div>\n<div dir=\"auto\">Meie koolis said 20 parima hulka veel Eric (6.A) ja Anzelika (6.B) ning 200 parima hulgas oli veel 27 S\u00fcdalinna Kooli \u00f5pilast.<\/div>\n<\/div>\n<div>\n<div dir=\"auto\">\u00d5nnitleme \u00f5pilasi ja juhendajaid (eelk\u00f5ige \u00f5petaja Heli Hirsi, kes v\u00f5istlust meie koolis koordineerib ja suurt osa \u00f5pilastest ka juhendab).<\/div>\n<\/div>\n<div dir=\"auto\">\u00a0<\/div>\n<div dir=\"auto\">\u00a0<\/div>\n<div dir=\"auto\">\u00a0&#8211; 7. oktoobrist 2024 kuni 16. aprillini 2025 toimus Tartu \u00dclikooli teaduskooli veebip\u00f5hine \u00fcleriigiline ajaloov\u00f5istlus \u201cMammut\u201c.\n<div>\n<div dir=\"auto\">L\u00f5ppenud v\u00f5istlusega t\u00e4histati Eesti NATOsse ja Euroopa Liitu vastuv\u00f5tmise 20. aastap\u00e4eva.<\/div>\n<\/div>\n<div>\n<div dir=\"auto\">V\u00f5istlus toimus kolmes voorus. Kokku v\u00f5ttis v\u00f5istlusest osa 9045 osalejat. 6. klassi arvestuses oli 1721 osalejat.<\/div>\n<\/div>\n<div>\n<div dir=\"auto\">Meie koolist osales sellel \u00f5ppeaastal 202 \u00f5pilast.<\/div>\n<\/div>\n<div>\n<div dir=\"auto\">Parimatele v\u00f5istlejatele omistati j\u00e4rgud (II j\u00e4rk 50 parima seas; III j\u00e4rk 85 parima seas).<\/div>\n<\/div>\n<div>\n<div dir=\"auto\">Meie kooli parimad, kes eraldi \u00e4ra m\u00e4rgiti:<\/div>\n<div dir=\"auto\">\u25cf II j\u00e4rgu diplomi (81\u201390% kolme vooru punktidest) sai Stig September (6.B klass).<\/div>\n<div dir=\"auto\">\u25cf III j\u00e4rgu diplomi (71\u201380% kolme vooru punktidest) said Mehmet Kaan (5.B klass), Kritika (6.B klass), Kaur Marksoo (6.B klass) ja Elli Sofia (6.A klass).<\/div>\n<\/div>\n<div>\n<div dir=\"auto\">\u00d5nnitleme edukaid \u00f5pilasi ja nende juhendajat (\u00f5petaja Heli Hirs)!<\/div>\n<\/div>\n<\/div><\/div>\n\t\t\t\t<\/div>\n\t\t\t\t\t\t\t<div class=\"elementor-toggle-item\">\n\t\t\t\t\t<div id=\"elementor-tab-title-2803\" class=\"elementor-tab-title\" data-tab=\"3\" role=\"button\" aria-controls=\"elementor-tab-content-2803\" aria-expanded=\"false\">\n\t\t\t\t\t\t\t\t\t\t\t\t<span class=\"elementor-toggle-icon elementor-toggle-icon-left\" aria-hidden=\"true\">\n\t\t\t\t\t\t\t\t\t\t\t\t\t\t\t<span class=\"elementor-toggle-icon-closed\"><i class=\"fas fa-chevron-down\"><\/i><\/span>\n\t\t\t\t\t\t\t\t<span class=\"elementor-toggle-icon-opened\"><i class=\"elementor-toggle-icon-opened fas fa-angle-up\"><\/i><\/span>\n\t\t\t\t\t\t\t\t\t\t\t\t\t<\/span>\n\t\t\t\t\t\t\t\t\t\t\t\t<a class=\"elementor-toggle-title\" tabindex=\"0\">2023\/2024<\/a>\n\t\t\t\t\t<\/div>\n\n\t\t\t\t\t<div id=\"elementor-tab-content-2803\" class=\"elementor-tab-content elementor-clearfix\" data-tab=\"3\" role=\"region\" aria-labelledby=\"elementor-tab-title-2803\"><div>\n<div dir=\"auto\">\u2217Meil on v\u00e4ga suur r\u00f5\u00f5m, sest meie kooli 5. klassi \u00f5pilased Kritika ja Rocco saavutasid II-III koha 36 kooli v\u00f5istkondade seas inglise keele ainev\u00f5istlusel, kus oli erinevat t\u00fc\u00fcpi \u00fclesandeid (nt lugemist, kirjutamist, faktide tundmist erinevatest valdkondadest jne).<\/div>\n<\/div>\n<div>\n<div dir=\"auto\">\u00d5pilaste juhendajaks on \u00f5petaja Liina Ellakvere.<\/div>\n<\/div>\n<p>\u00a0<\/p>\n<p>\u22171.B klassi \u00f5pilase Oskar Roots`i joonistatud postkaart on p\u00e4\u00e4senud 100 t\u00f6\u00f6 hulka, mis on rahvah\u00e4\u00e4letusel.<\/p>\n<p><!-- \/wp:paragraph --><!-- wp:paragraph --><\/p>\n<p>K\u00f5igil inimestel on n\u00fc\u00fcd v\u00f5imalus Oskari t\u00f6\u00f6 \u00fcles otsida ja sellele anda h\u00e4\u00e4l, et see ka p\u00e4ris postkaardiks tr\u00fckitaks.<\/p>\n<p><!-- \/wp:paragraph --><!-- wp:paragraph --><\/p>\n<p>H\u00e4\u00e4letada saab:<\/p>\n<p><!-- \/wp:paragraph --><!-- wp:paragraph --><\/p>\n<p><a href=\"https:\/\/bit.ly\/40K7f2X\">https:\/\/bit.ly\/40K7f2X<\/a><\/p>\n<p><!-- \/wp:paragraph --><!-- wp:paragraph --><\/p>\n<p>\u2019\u2019Eesti koolilaste metsapostkaart\u00a02023\u2019\u2019 konkursi rahvah\u00e4\u00e4letus kestab 26. novembrini 2023. Riigimetsa majandamise keskuse korraldatavale konkursile laekus kokku 4793 joonistust 1.-9. klasside \u00f5pilastelt.<\/p>\n<p><!-- \/wp:paragraph --><!-- wp:paragraph --><\/p>\n<p>Oskari juhendajaks oli \u00f5petaja Kati Rand.<\/p>\n<p><!-- \/wp:paragraph --><\/p>\n<div>\u00a0<\/div>\n<div>\u00a0<\/div>\n<div>\n<div>\n<div dir=\"auto\">\u221717. novembril 2023 toimusid Tallinna ja Harjumaa koolide \u00f5pilastele Mathable v\u00f5istlused.<\/div>\n<\/div>\n<div>\n<div dir=\"auto\">7.-8. klasside arvestuses<\/div>\n<div dir=\"auto\"><img decoding=\"async\" class=\"CToWUd\" src=\"https:\/\/ci6.googleusercontent.com\/proxy\/PP44UyV6uVgYB6epMkm16wvIYtqxhd0UwLIyhz1GoIa70SxYUgW03m4KlshXAKfJQ1JDhagntw0a7ruOkP30mtgF6DrxUZ0A3TzJYzZZ6vvg3wUbLWFW=s0-d-e1-ft#https:\/\/static.xx.fbcdn.net\/images\/emoji.php\/v9\/ted\/1.5\/16\/1f947.png\" alt=\"\ud83e\udd47\" width=\"16\" height=\"16\" data-bit=\"iit\" \/>I koht Ingel Reinson (Tallinna S\u00fcdalinna Kool)<\/div>\n<div dir=\"auto\">\u00a0<\/div>\n<\/div>\n<div>\n<div dir=\"auto\">8.-9. klasside arvestuses<\/div>\n<div dir=\"auto\"><img decoding=\"async\" class=\"CToWUd\" src=\"https:\/\/ci6.googleusercontent.com\/proxy\/PP44UyV6uVgYB6epMkm16wvIYtqxhd0UwLIyhz1GoIa70SxYUgW03m4KlshXAKfJQ1JDhagntw0a7ruOkP30mtgF6DrxUZ0A3TzJYzZZ6vvg3wUbLWFW=s0-d-e1-ft#https:\/\/static.xx.fbcdn.net\/images\/emoji.php\/v9\/ted\/1.5\/16\/1f947.png\" alt=\"\ud83e\udd47\" width=\"16\" height=\"16\" data-bit=\"iit\" \/>I koht Laurel Peek (Tallinna S\u00fcdalinna Kool)<\/div>\n<div dir=\"auto\"><img loading=\"lazy\" decoding=\"async\" class=\"CToWUd\" src=\"https:\/\/ci5.googleusercontent.com\/proxy\/zb5mlqk5qmcwlbwuWFZATywRwg7WNTRHOIG-7WfI2uCOPIvj8KbhRAHb_lsq1a3-2MRMDlyhllMaZVtUjfUWYOPFMpGNHSUHOyxqwrWEbe8_efJny2KK=s0-d-e1-ft#https:\/\/static.xx.fbcdn.net\/images\/emoji.php\/v9\/t6e\/1.5\/16\/1f948.png\" alt=\"\ud83e\udd48\" width=\"16\" height=\"16\" data-bit=\"iit\" \/>II koht Kristlyn Kont (Tallinna S\u00fcdalinna Kool)<\/div>\n<div dir=\"auto\"><img loading=\"lazy\" decoding=\"async\" class=\"CToWUd\" src=\"https:\/\/ci3.googleusercontent.com\/proxy\/UVJ0CC-XVN66PPqQPhKU6Dt47Ou2P9F_PwJQm4dRCMzEUGYN6ogPANc2oL27SFiPc7R6f40c8_bkkjEmZKySxwk27_4oGrLhnvwy9NgNUSrkQYRyeGRB=s0-d-e1-ft#https:\/\/static.xx.fbcdn.net\/images\/emoji.php\/v9\/tef\/1.5\/16\/1f949.png\" alt=\"\ud83e\udd49\" width=\"16\" height=\"16\" data-bit=\"iit\" \/>III koht Darleen Gr\u00fcnberg (Tallinna S\u00fcdalinna Kool)<\/div>\n<\/div>\n<div>\n<div dir=\"auto\">\u00a0<\/div>\n<div>\u00d5pilaste juhendajaks \u00f5petaja Malle Koppel.<\/div>\n<\/div>\n<\/div>\n<div id=\":282\" class=\"ii gt\">\n<div id=\":24b\" class=\"a3s aiL\">\n<div class=\"adL\">\u00a0<\/div>\n<\/div>\n<\/div>\n<div id=\":1m9\" class=\"hq gt\">\u00a0<\/div><\/div>\n\t\t\t\t<\/div>\n\t\t\t\t\t\t\t<div class=\"elementor-toggle-item\">\n\t\t\t\t\t<div id=\"elementor-tab-title-2804\" class=\"elementor-tab-title\" data-tab=\"4\" role=\"button\" aria-controls=\"elementor-tab-content-2804\" aria-expanded=\"false\">\n\t\t\t\t\t\t\t\t\t\t\t\t<span class=\"elementor-toggle-icon elementor-toggle-icon-left\" aria-hidden=\"true\">\n\t\t\t\t\t\t\t\t\t\t\t\t\t\t\t<span class=\"elementor-toggle-icon-closed\"><i class=\"fas fa-chevron-down\"><\/i><\/span>\n\t\t\t\t\t\t\t\t<span class=\"elementor-toggle-icon-opened\"><i class=\"elementor-toggle-icon-opened fas fa-angle-up\"><\/i><\/span>\n\t\t\t\t\t\t\t\t\t\t\t\t\t<\/span>\n\t\t\t\t\t\t\t\t\t\t\t\t<a class=\"elementor-toggle-title\" tabindex=\"0\">2022\/2023<\/a>\n\t\t\t\t\t<\/div>\n\n\t\t\t\t\t<div id=\"elementor-tab-content-2804\" class=\"elementor-tab-content elementor-clearfix\" data-tab=\"4\" role=\"region\" aria-labelledby=\"elementor-tab-title-2804\"><ul>\n<li>\n<div>\n<p>7.C klassi v\u00f5istkond (Frederik, Laura, Sireli, Birgit, Rosmariin) saavutas \u00f5pioskuste ol\u00fcmpiaadil 4. koha. (Digioskuste valdkonnas saadi sh maksimum punktid.)<\/p>\n<div>Juhendaja: \u00f5petaja Kristel Rosenthal.<\/div>\n<div>L\u00f5ppvooru oli kutsutud 20 kooli v\u00f5istkonnad, sh I koht Reaalkool, II koht GAG, III koht Prantsuse L\u00fctseum.<\/div>\n<\/div>\n<div>\u00a0<\/div>\n<\/li>\n<li>Eke Laur Pikkorainen 9. klassist saavutas \u00fcleriigilisel kunstiol\u00fcmpiaadil I koha. Sh\u00a0 saavutas Eke Laur parima tulemuse k\u00f5ikides kategooriates ja lisaks ka Eesti Kunstiakadeemia eripreemia. Eke Lauri juhendajaks on kunsti\u00f5petaja Pille-Riin Talts.<\/li>\n<li>\u00a0<\/li>\n<li>\n<div>Inimese\u00f5petuse ol\u00fcmpiaadi riiklikusse l\u00f5ppvooru kutsuti 87 parimat, kelle hulgas oli S\u00fcdalinna Koolist koguni 2 \u00f5pilast. \u00a0(Eelvoorudes osales 1078 \u00f5pilast \u00fcle kogu Eesti.)\u00a0<br \/>Tallinna S\u00fcdalinna Koolist oli l\u00f5ppvooru kutsutud 2 \u00f5pilast:<\/div>\n<div>Mia Gorban 5. klassist (juhendaja Signe Kivi), kes saavutas riiklikul ol\u00fcmpiaadil kokkuv\u00f5ttes 10. koha;<br \/>Mihkel Gorban, 8. klassist (juhendaja Pille-Riin Talts).<\/div>\n<\/li>\n<li>\u00a0<\/li>\n<li>9. klassi \u00f5pilane Ekke Laur Pikkorainen saavutas 2. koha Tallinnas\u00a0 kunsti\u00f5petuse ol\u00fcmpiaadi piirkonnavoorus. (Juhendaja: Pille-Riin Talts)<\/li>\n<li>\u00a0<\/li>\n<li>1.B klassi \u00f5pilased saavutasid 2 eriauhinda keskkonnateemalisel konkursil &#8220;Mini Negavatt&#8221;. (Juhendajad: Delis P\u00e4rnoja ja Sabina Palm)<\/li>\n<li>\u00a0<\/li>\n<li>Junior Archievementi \u00a0j\u00e4tkusuutlike ettev\u00f5tlusmuinasjuttude konkursil said 7 \u00f5pilast\u00a0 meie koolist t\u00e4nukirjad. (Juhendaja: Heli Hirs)\u00a0<\/li>\n<li>\u00a0<\/li>\n<li>\u00dclelinnalisel lauluv\u00f5istlusel saavutasid 2. klassi t\u00fcdrukud Adeele ja Kristin Anton I koha. (Juhendaja: Angelika Kadarik)<\/li>\n<li>\u00a0<\/li>\n<li>Tallinna ja Harjumaa Scrabbeli v\u00f5istlusel saavutati 7 auhinnalist kohta. (Juhendaja: Malle Koppel)<\/li>\n<li>\u00a0<\/li>\n<li>Euroopa rohelise pealinna maskoti joonistusv\u00f5istlusel said tunnustuse 3 \u00f5pilast: Nora \u00a0Akiman 3.A; Marie Haldre 3.B; Elli Isabella Subat\u0161jus 3.B. (Juhendaja: Kati Rand)<\/li>\n<li>\u00a0<\/li>\n<li>3.A klass osales edukalt Tallinna koolide lugemisprogrammis &#8220;Loeme ennast raamatusse&#8221; 1. &#8211; 4. klassile, kus saavutati 24 klassi hulgast 10. koht. (Juhendaja: Heli Hirs)<\/li>\n<li>\u00a0<\/li>\n<li>RMK korraldatud konkursil &#8220;Eesti koolilaste metsapostkaart&#8221; osalevad igal aastal tuhanded lapsed. Sellel aastal osalesid ka meie kooli 1. klasside \u00f5pilased ning \u00a0Sofia Kara 1.A \u00a0t\u00f6\u00f6 j\u00f5udis 100 parima t\u00f6\u00f6 hulka rahvah\u00e4\u00e4letusele. (Juhendaja: Signe Kivi)<\/li>\n<li>\n<div id=\":282\" class=\"ii gt\">\n<div id=\":24b\" class=\"a3s aiL\">\n<div dir=\"ltr\">\n<div>\n<div class=\"gmail_signature\" dir=\"ltr\" data-smartmail=\"gmail_signature\">\n<div dir=\"ltr\">\n<div>\n<div>\n<div dir=\"auto\">\u00a0<\/div>\n<div dir=\"auto\">Tallinna XLI koolinoorte spordim\u00e4ngude meistriv\u00f5istlustel kergej\u00f5ustikus saavutas 2. koha kettaheites Kevin Daniel Kiirend (9. klass) ja 4. koha kuulit\u00f5ukes Mihkel Lillepruun (8. klass).<\/div>\n<\/div>\n<\/div>\n<\/div>\n<\/div>\n<\/div>\n<\/div>\n<div class=\"yj6qo\">\u00a0<\/div>\n<div class=\"adL\">\u00a0<\/div>\n<\/div>\n<\/div>\n<div id=\":1m9\" class=\"hq gt\">\u00a0<\/div>\n<\/li>\n<\/ul><\/div>\n\t\t\t\t<\/div>\n\t\t\t\t\t\t\t<div class=\"elementor-toggle-item\">\n\t\t\t\t\t<div id=\"elementor-tab-title-2805\" class=\"elementor-tab-title\" data-tab=\"5\" role=\"button\" aria-controls=\"elementor-tab-content-2805\" aria-expanded=\"false\">\n\t\t\t\t\t\t\t\t\t\t\t\t<span class=\"elementor-toggle-icon elementor-toggle-icon-left\" aria-hidden=\"true\">\n\t\t\t\t\t\t\t\t\t\t\t\t\t\t\t<span class=\"elementor-toggle-icon-closed\"><i class=\"fas fa-chevron-down\"><\/i><\/span>\n\t\t\t\t\t\t\t\t<span class=\"elementor-toggle-icon-opened\"><i class=\"elementor-toggle-icon-opened fas fa-angle-up\"><\/i><\/span>\n\t\t\t\t\t\t\t\t\t\t\t\t\t<\/span>\n\t\t\t\t\t\t\t\t\t\t\t\t<a class=\"elementor-toggle-title\" tabindex=\"0\">2021\/2022<\/a>\n\t\t\t\t\t<\/div>\n\n\t\t\t\t\t<div id=\"elementor-tab-content-2805\" class=\"elementor-tab-content elementor-clearfix\" data-tab=\"5\" role=\"region\" aria-labelledby=\"elementor-tab-title-2805\"><div>\n<div dir=\"auto\">\n<ul>\n<li>T\u0161ehhis toimuva Rahvusvahelise laste kunstiv\u00f5istluse tulemused: k<span style=\"font-weight: var( --e-global-typography-text-font-weight );\">onkursil osales 14\u00a0527 last \u00fcle kogu maailma. Eestist oli osalejaid 216, kelle hulgast sai<\/span><span style=\"font-weight: var( --e-global-typography-text-font-weight );\">\u00a0<\/span><strong>Tallinna S\u00fcdalinna Kool ainukesena Eesti koolide hulgast medali<\/strong><span style=\"font-weight: var( --e-global-typography-text-font-weight );\">\u00a0<\/span><span style=\"font-weight: var( --e-global-typography-text-font-weight );\">t\u00f6\u00f6de kollektsiooni eest. Eriti m\u00e4rgiti meie maalide hulgast \u00e4ra : Marie 2. klass, Brite 4. klass, Laurel 6. klass, Emma-Roisin 3. klass, Kritika 3. klass\u00a0\u00a0ja Elisa 2. klass:<\/span><span style=\"color: #75787b; font-family: Montserrat, sans-serif; font-weight: var( --e-global-typography-text-font-weight );\">\u00a0<\/span><a style=\"font-family: Montserrat, sans-serif; font-weight: var( --e-global-typography-text-font-weight ); color: #ad7600;\" href=\"https:\/\/www.mdvv-lidice.cz\/en\/current\/awards\/foreign\/#c-64\">https:\/\/www.mdvv-lidice.cz\/en\/current\/awards\/foreign\/#c-64<\/a><\/li>\n<li>\u00a0<\/li>\n<li>Matemaatika Seltsi ja Tartu \u00dclikooli Teaduskooli <strong>NUPUTA<\/strong> v\u00f5istluse tulemused<br \/>7. klass<strong> 10.-11. koht<\/strong> (28 v\u00f5istkonna hulgast)<br \/>5.-6. klass <strong>21. koht<\/strong> (27 v\u00f5istkonna hulgast)<\/li>\n<li>\u00a0<\/li>\n<li>Konkurss <strong>&#8221;Tallinna Talent 2022&#8221;<\/strong> finaali p\u00e4\u00e4ses 3. klassi \u00f5pilane <strong>Aleksia Normann.<\/strong><\/li>\n<li>\u00a0<\/li>\n<li>Tallinna Keskraamatukogu annab v\u00e4lja <strong>&#8220;J\u00e4rje Hoidja&#8221;<\/strong> auhinna, millega tunnustavad laste- v\u00f5i noortekirjanikku, kelle raamatut noored lugejad m\u00f6\u00f6dunud aastal enim laenutasid. Sel aastal on selleks teoseks Anti Saare <strong>&#8220;10 v\u00e4hem v\u00f5i rohkem uskumatut lugu sellest, kuidas minust ei saanud kirjanikku&#8221;<\/strong>.\u00a0S\u00fcdalinna Kooli 5.B \u00f5pilane <strong>Sofia Taamal<\/strong> v\u00f5itis \u00f5pilasv\u00f5istluse\u00a0ja just tema joonistatud illustratsioon kingitakse kirjanikule. (Juhendajad: <strong>Lea K\u00fctt<\/strong> ja <strong>Pille-Riin Talts<\/strong>.)<\/li>\n<li>\u00a0<\/li>\n<li>S\u00fcdalinna Kooli 5. klassi \u00f5pilane <strong>Isabel Saks<\/strong> saavutas Tartus Trophy iluuisutamisv\u00f5istlustel 3. koha.<\/li>\n<li>\u00a0<\/li>\n<li>8. klassi \u00f5pilane <strong>Eke Laur<\/strong> <strong>Pikkorainen<\/strong> saavutas Tallinna piirkonna kunstiol\u00fcmpiaadil 6. koha. <strong>Eke Laur<\/strong> p\u00e4\u00e4ses selle tulemusega ka riiklikule ol\u00fcmpiaadile. \u00d5pilase juhendajaks on \u00f5petaja <strong>Pille-Riin Talts<\/strong>.<\/li>\n<li>\u00a0<\/li>\n<li dir=\"auto\">Eesti Judoliidu karikasarja avaetapp, kus v\u00f5istlesid lisaks Eesti judokatele ka k\u00fclalised L\u00e4tist, Leedust ja Venemaalt. K\u00f5rge tasemega ja \u00fcle 300 osalejaga turniiril oli edukas meie kooli 2.klassi \u00f5pilane <strong>Marcus Aarde<\/strong>, kes l\u00f5i kaasa U10 ja U12 vanuseklassis.<\/li>\n<li dir=\"auto\"><strong>Aarde<\/strong>, kelle koduklubiks on SK Barra, n\u00e4itas enesekindlat ja k\u00fcpset maadlust oma noore vanuse kohta ning k\u00f5ik vastased alistusid enne normaalaja l\u00f5ppu ipponiga. Tasuks uhked karikad ja ning esimesed v\u00e4\u00e4rtuslikud punktid karikasarjas.<\/li>\n<li dir=\"auto\">\u00a0<\/li>\n<li>15. ja 16. veebruaril toimusid Tallinna XL koolinoorte spordim\u00e4ngude meistriv\u00f5istlused sulgpallis, millest v\u00f5ttis osa ~100 \u00f5pilast 22 koolist.<\/li>\n<li><img loading=\"lazy\" decoding=\"async\" src=\"https:\/\/ci4.googleusercontent.com\/proxy\/RUyHoiPH9-HesPOyM2z5iSho0c4c9_y9oZ06JVX1LiEs948eOULuZWaR2w7ngF3toZGvbR5VT0AXP6RpijiZxgmAROuKZvea9AJUSW_f7Y1TWtIXsUlX=s0-d-e1-ft#https:\/\/static.xx.fbcdn.net\/images\/emoji.php\/v9\/t17\/1.5\/16\/1f3c6.png\" alt=\"\ud83c\udfc6\" width=\"16\" height=\"16\" \/>Individuaalselt saavutas S\u00fcdalinna Kooli 9. klassi \u00f5pilane<strong> Mia Sakaris<\/strong> III koha.<\/li>\n<li><img loading=\"lazy\" decoding=\"async\" src=\"https:\/\/ci4.googleusercontent.com\/proxy\/RUyHoiPH9-HesPOyM2z5iSho0c4c9_y9oZ06JVX1LiEs948eOULuZWaR2w7ngF3toZGvbR5VT0AXP6RpijiZxgmAROuKZvea9AJUSW_f7Y1TWtIXsUlX=s0-d-e1-ft#https:\/\/static.xx.fbcdn.net\/images\/emoji.php\/v9\/t17\/1.5\/16\/1f3c6.png\" alt=\"\ud83c\udfc6\" width=\"16\" height=\"16\" \/>V\u00f5istkondlikus arvestuses saavutas S\u00fcdalinna Kool 1.-9. klasside vanuser\u00fchmas III koha.<\/li>\n<li>Meie kooli esindasid:<\/li>\n<li><strong>Mia Sakarias<\/strong> 9. klass<\/li>\n<li><strong>Sergo Gr\u00fcnberg<\/strong> 5. klass<\/li>\n<li><strong>Darleen Gr\u00fcnberg<\/strong> 7. klass<\/li>\n<li><strong>Kristjan Marksoo<\/strong> 5. klass<\/li>\n<li>\u00a0<\/li>\n<li><strong>3.A \u00f5pilased<\/strong> v\u00f5itsid \u00fcleriigilise matemaatikav\u00f5istluse <strong>Matetalgud<\/strong>, kus perioodil 1. oktoober kuni 3. detsember 2021 tuli igap\u00e4evaselt koolip\u00e4eva jooksul m\u00e4ngida erinevaid matemaatilisi m\u00e4nge ja koguda v\u00f5imalikult palju punkte. Kokku osales v\u00f5istlusel 3.-4. klasside arvestuses 159 klassi \u00fcle-Eesti. \u00d5pilaste juhendajaks on nende klassijuhataja <strong>Riina Abner<\/strong>.<\/li>\n<li>\u00a0<\/li>\n<li>S\u00fcdalinna Kooli \u00f5pilased <strong>Mia-Matilda Oinit\u0161<\/strong>, <strong>Alicja Ainsoo<\/strong> ja<strong> Miriam Moosar<\/strong> on said t\u00e4na tunnustuse Saksa saatkonnalt. Saksamaa ja Eesti t\u00e4histavad sel aastal diplomaatiliste suhete 100. juubelit ja diplomaatiliste suhete taastamise 30. juubelit. Sel puhul korraldas Saksa saatkond Tallinnas Eestisse <strong>BUDDY BEARi<\/strong> v\u00f5istluse, kus otsiti kujundust, mis kujutaks Eesti ja Saksamaa mitmek\u00fclgseid suhteid ning s\u00fcmboliseeriks rahvusvahelist \u00fcksteisem\u00f5istmist ja rahumeelset kooseksisteerimist.<\/li>\n<li>S\u00fcdalinna Kooli \u00f5pilased kujundasid <strong>BUDDY BEAR<\/strong> karukesi juunis projektip\u00e4eva k\u00e4igus. Parimad t\u00f6\u00f6d saatsime ka konkursile ja n\u00fc\u00fcd on selgunud 60 kavandi seast parimad. I ja II koha omanikud on p\u00e4riselt ka ametilt kunstnikud. Seega seda uhkem on n\u00e4ha meie kooli \u00f5pilasi III koha saavutanute seas.<\/li>\n<li>\u00a0<\/li>\n<li>Lastekaitse Liit \u00fches koost\u00f6\u00f6partneritega valis\u00a0loovkonkursile <strong>\u201cMinu unistuste pere\u201d<\/strong> pea tuhande laekunud t\u00f6\u00f6 hulgast v\u00e4lja parimad, mis kujundatakse k\u00e4esoleva aasta j\u00f5ulukaartideks. Lastekaitse Liit ja Wise valisid igas kategoorias \u00fche parima t\u00f6\u00f6, lisaks andis liit igas vanuser\u00fchmas v\u00e4lja kaks tunnustust. Parimad t\u00f6\u00f6d kujundatakse organisatsioonide j\u00f5ulukaartideks, mis j\u00f5uavad nende koost\u00f6\u00f6partneriteni. 7.-9. klasside arvestuses sai tunnustuse S\u00fcdalinna Kooli 8. klassi \u00f5pilane <strong>Nelli Nahkur<\/strong>.<\/li>\n<li>\u00a0<\/li>\n<li>RMK poolt korraldatud konkursil <strong>&#8220;Metsapostkaart&#8221;<\/strong>, kuhu igal aastal saadetakse tuhandeid joonistusi, valiti ka 3. klassi \u00f5pilase <strong>Aleksia Normani<\/strong> joonistus 100 t\u00f6\u00f6 hulka, mis on pandud rahvah\u00e4\u00e4letusele. Juhendajaks \u00f5petaja <strong>Signe Kivi<\/strong>.<\/li>\n<li>\u00a0<\/li>\n<li>Maardus toimusid 6. novembril 2021 Aleksander Abergi m\u00e4lestusv\u00f5istlused kreeka-rooma maadluses. S\u00fcdalinna Kooli 5. klassi \u00f5pilane <strong>Veli P\u00fctsepp<\/strong> saavutas I koha.<\/li>\n<li>\u00a0<\/li>\n<\/ul>\n<ul>\n<li>5.b klassi \u00f5pilane Elizabeth <strong>Kelly Poom<\/strong> osales 25.08.2021 Tallinna lahtistel meistriv\u00f5istlustel r\u00fchmv\u00f5imlemises ja saavutas III koha.<\/li>\n<li>\u00a0<\/li>\n<\/ul>\n<ul>\n<li>S\u00fcdalinna Kooli 5.klassi \u00f5pilane<strong> Aleksandra Hendrikson<\/strong> v\u00f5istles 17.oktoobril \u0160koda j\u00e4\u00e4hallis <strong>Gliss Extra<\/strong> v\u00f5istlusel ja saavutas iluuisutamises II koha.<\/li>\n<li>\u00a0<\/li>\n<\/ul>\n<ul>\n<li>Meil on \u00e4gedaid spordipoisse ja seekord saame \u00f5nnitleda 2. klassi <strong>Sandrit<\/strong>, kes m\u00e4ngib Kalevi meeskonnas ja v\u00f5itis <strong>Loo Cupil<\/strong> I koha<\/li>\n<li>\u00a0<\/li>\n<\/ul>\n<ul>\n<li>3.10.2021 toimus \u0160koda j\u00e4\u00e4hallis iluuisutamise <strong>Juna Cup<\/strong> v\u00f5istlus. S\u00fcdalinna Kooli 5. klassi \u00f5pilane<strong> Isabel Saks<\/strong> saavutas 1. koha.<\/li>\n<li>\u00a0<\/li>\n<\/ul>\n<ul>\n<li>S\u00fcdalinna Kooli 7.klassi \u00f5pilane <strong>Gloria Kuum<\/strong> saavutas Eesti Meistriv\u00f5istlustel R\u00fchmv\u00f5imlemises 2021 VK Janika Tallinn A grupi r\u00fchma koosseisus Melissa noorteklassis pronksmedali ja 2021 Tallinna Lahtistel Meistriv\u00f5istlustel R\u00fchmv\u00f5imlemises noorteklassis h\u00f5bemedali.<\/li>\n<\/ul>\n<\/div>\n<\/div><\/div>\n\t\t\t\t<\/div>\n\t\t\t\t\t\t\t<div class=\"elementor-toggle-item\">\n\t\t\t\t\t<div id=\"elementor-tab-title-2806\" class=\"elementor-tab-title\" data-tab=\"6\" role=\"button\" aria-controls=\"elementor-tab-content-2806\" aria-expanded=\"false\">\n\t\t\t\t\t\t\t\t\t\t\t\t<span class=\"elementor-toggle-icon elementor-toggle-icon-left\" aria-hidden=\"true\">\n\t\t\t\t\t\t\t\t\t\t\t\t\t\t\t<span class=\"elementor-toggle-icon-closed\"><i class=\"fas fa-chevron-down\"><\/i><\/span>\n\t\t\t\t\t\t\t\t<span class=\"elementor-toggle-icon-opened\"><i class=\"elementor-toggle-icon-opened fas fa-angle-up\"><\/i><\/span>\n\t\t\t\t\t\t\t\t\t\t\t\t\t<\/span>\n\t\t\t\t\t\t\t\t\t\t\t\t<a class=\"elementor-toggle-title\" tabindex=\"0\">2020\/2021<\/a>\n\t\t\t\t\t<\/div>\n\n\t\t\t\t\t<div id=\"elementor-tab-content-2806\" class=\"elementor-tab-content elementor-clearfix\" data-tab=\"6\" role=\"region\" aria-labelledby=\"elementor-tab-title-2806\"><ul>\n<li>\n<div dir=\"auto\">8. klassi \u00f5pilane\u00a0<strong>Gert Kimsen<\/strong>\u00a0oli\u00a0\u00a0<strong>parim saksakeelne etleja<\/strong>\u00a0Christian Morgensterni 150. s\u00fcnniaastap\u00e4evale p\u00fchendatud \u00f5pilasv\u00f5istlusel, kus tuli lugeda saksa keeles luuletusi.\u00a0\u00a0(Juhendaja \u00f5petaja Anneli Kesksaar.)<\/div>\n<\/li>\n<li>\n<p>Kodulinna Maja korraldas Ott Arderi s\u00fcnniaastap\u00e4evale p\u00fchendatud\u00a0<strong>loomekonkursi \u201eN\u00e4htavaks\u201c, mille\u00a0 v\u00f5idut\u00f6\u00f6de autoriteks<\/strong>\u00a0on ka S\u00fcdalinna Kooli 1. klassi \u00f5pilane Nora Akiman, 2. klassi \u00f5pilased\u00a0\u00a0Helena Kaska, Darja Nesmeeva, 3.klassi \u00f5pilased\u00a0Marii Loviis Koort, Ida-Lidia Kovanen, Hanna Elisabeth Leemet, 4.klassi \u00f5pilased Mia Loore Pikkorainen, Bertha Rondo ja Romy-Ly Rondo. (Juhendajaks \u00f5petaja Malle Koppel.)<\/p>\n<\/li>\n<\/ul>\n<div>\n<div dir=\"auto\">\n<div class=\"kvgmc6g5 cxmmr5t8 oygrvhab hcukyx3x c1et5uql ii04i59q\">\n<div dir=\"auto\">\n<ul>\n<li>\n<div class=\"kvgmc6g5 cxmmr5t8 oygrvhab hcukyx3x c1et5uql ii04i59q\">\n<div dir=\"auto\">Saksa keele \u00d5petajate Selts koos Goethe Instituudiga korraldas 11 korda\u00a0<strong>e-\u00f5pilast\u00f6\u00f6de v\u00f5istluse \u201cIch trage bei!\u201d<\/strong>, kus \u017e\u00fcrii hindas \u00f5ppijate loovust, keelelist korrektsust, universaalset kasutatavust kui ka t\u00f6\u00f6 keerukust.<\/div>\n<\/div>\n<div class=\"o9v6fnle cxmmr5t8 oygrvhab hcukyx3x c1et5uql ii04i59q\">\n<div dir=\"auto\"><strong>5 parima t\u00f6\u00f6 seas olid ka S\u00fcdalinna Kooli 8. klassi \u00f5pilaste Reneg Sirmi, Ian Gregor T\u00e4he ja Aveli Samsonova<\/strong>\u00a0t\u00f6\u00f6d. (Juhendaja \u00f5petaja Anneli Kesksaar.)<\/div>\n<\/div>\n<\/li>\n<\/ul>\n<\/div>\n<div dir=\"auto\">\u00a0<\/div>\n<div dir=\"auto\">\n<ul>\n<li>Eesti Saksa Keele \u00d5petajate Seltsi korraldatud\u00a0<strong>koomiksiv\u00f5istlusel \u201eGeschichte aus meinem Heimatort\u201c<\/strong>\u00a0saavutas S\u00fcdalinna Kooli\u00a0<strong>8. klassi \u00f5pilane Eliise Viirmaa<\/strong>\u00a08.-9. klasside arvestuses\u00a0<strong>2. koha.<\/strong>\u00a0(Juhendajad: \u00a0\u00f5petaja Anneli Kesksaar ja \u00f5petaja Seoriin J\u00f5gise.)<\/li>\n<\/ul>\n<\/div>\n<div dir=\"auto\">\u00a0<\/div>\n<\/div>\n<ul>\n<li><strong>1. klassi \u00f5pilase Marie Haldre joonistus valiti RMK metsapostkaardi konkursi 24 parima t\u00f6\u00f6 hulka.<\/strong>\u00a0(Seega tr\u00fckitakse lapse joonistus postkaardiks.) Rahvah\u00e4\u00e4letusel kogus Marie t\u00f6\u00f6 koguni 401 h\u00e4\u00e4lt, seega saavutas lapse t\u00f6\u00f6\u00a0<strong>rahvah\u00e4\u00e4letusel 5. koha<\/strong>.<\/li>\n<\/ul>\n<\/div>\n<\/div>\n<div>\n<div dir=\"auto\">Kokku saadeti v\u00f5istlusele 3457 metsapostkaarti 133 erinevast haridusasutusest \u00fcle Eesti.\u00a0\u00d5pilase\u00a0<strong>juhendajaks oli \u00f5petaja Kati Rand.<\/strong><\/div>\n<div dir=\"auto\">\u00a0<\/div>\n<div dir=\"auto\">\u00a0<\/div>\n<\/div>\n<div>\n<div dir=\"auto\">\n<ul>\n<li>6. klassi \u014dpilane\u00a0<strong>Kaspar Konist<\/strong>\u00a0sai tunnustuse Tallinna Lastekaitse \u00dchingu ja B.O.B. Fondi poolt\u00a0<strong>tiitliga &#8220;HOOLIV KAASLANE 2020&#8221;.<\/strong>\u00a0Tallinna p\u00f5hikoolide \u00f5pilaste seast valiti v\u00e4lja 10 \u00f5ppurit, kes on koolikaaslastele eeskujuks nii hea \u00f5ppeedukuse kui tunnustust v\u00e4\u00e4riva k\u00e4itumise poolest ja v\u00e4\u00e4rivad MIKU-MANNi \u00f5pilasstipendiumi 2020. aastal.<\/li>\n<\/ul>\n<\/div>\n<div dir=\"auto\">\u00a0<\/div>\n<div dir=\"auto\">\n<ul>\n<li><b>5.klassi \u00f5pilase Michelle Kvelsteini<\/b>\u00a0joonistus valiti RMK metsapostkaardi konkursi 174 parima t\u00f6\u00f6 hulka. Kokku saadeti v\u00f5istlusele 3457 metsapostkaarti 133 erinevast haridusasutusest \u00fcle Eesti. Juhendajaks\u00a0\u00f5petaja\u00a0<b>Pille-Riin Talts<\/b>.<\/li>\n<\/ul>\n<p>\u00a0<\/p>\n<ul>\n<li>\n<div class=\"kvgmc6g5 cxmmr5t8 oygrvhab hcukyx3x c1et5uql ii04i59q\">\n<div dir=\"auto\">Iluv\u00f5imlejad Yasmine Afrodite Grace Varjund (3B) ja Gloria Kuum (6B) on k\u00e4esoleval \u00f5ppeaastal v\u00e4ga h\u00e4id tulemusi saavutanud!<\/div>\n<\/div>\n<div class=\"o9v6fnle cxmmr5t8 oygrvhab hcukyx3x c1et5uql ii04i59q\">\n<div dir=\"auto\"><strong>Grace`i saavutused:<\/strong>\u00a0Elegance Cup v\u00f5istlusel 1. koht vabakava, 2. koht kurikad, 3.koht mitmev\u00f5istlus.\u00a0Diiva Cup v\u00f5istlusel 2. koht vabakava.\u00a0Snowflake v\u00f5istlusel 2. koht vabakava, 3. koht kurikad.\u00a0Eesti Meistriv\u00f5istlustel oma vanuse grupis 2. koht.<\/div>\n<\/div>\n<div class=\"o9v6fnle cxmmr5t8 oygrvhab hcukyx3x c1et5uql ii04i59q\">\n<div dir=\"auto\"><strong>Gloria saavutused:<\/strong>\u00a025. Eesti meistriv\u00f5istlustel r\u00fchmv\u00f5imlemises 4. koht AGG Lasteklassis r\u00fchmaga Melissa.\u00a0Eesti meistriv\u00f5istlustel r\u00fchmv\u00f5imlemises vahendiga kavades h\u00f5bemedal VK Jaanika Tallinn r\u00fchmaga Melissa.<\/div>\n<\/div>\n<\/li>\n<\/ul>\n<\/div>\n<\/div><\/div>\n\t\t\t\t<\/div>\n\t\t\t\t\t\t\t<div class=\"elementor-toggle-item\">\n\t\t\t\t\t<div id=\"elementor-tab-title-2807\" class=\"elementor-tab-title\" data-tab=\"7\" role=\"button\" aria-controls=\"elementor-tab-content-2807\" aria-expanded=\"false\">\n\t\t\t\t\t\t\t\t\t\t\t\t<span class=\"elementor-toggle-icon elementor-toggle-icon-left\" aria-hidden=\"true\">\n\t\t\t\t\t\t\t\t\t\t\t\t\t\t\t<span class=\"elementor-toggle-icon-closed\"><i class=\"fas fa-chevron-down\"><\/i><\/span>\n\t\t\t\t\t\t\t\t<span class=\"elementor-toggle-icon-opened\"><i class=\"elementor-toggle-icon-opened fas fa-angle-up\"><\/i><\/span>\n\t\t\t\t\t\t\t\t\t\t\t\t\t<\/span>\n\t\t\t\t\t\t\t\t\t\t\t\t<a class=\"elementor-toggle-title\" tabindex=\"0\">2019\/2020<\/a>\n\t\t\t\t\t<\/div>\n\n\t\t\t\t\t<div id=\"elementor-tab-content-2807\" class=\"elementor-tab-content elementor-clearfix\" data-tab=\"7\" role=\"region\" aria-labelledby=\"elementor-tab-title-2807\"><ul>\n<li><strong>\u00dclemaailmsel peastarvutamise v\u00f5istlusel Math99 saavutas S\u00fcdalinna Kooli 5A klassi v\u00f5istkond 3. koha<\/strong>\u00a0233 v\u00f5istkonna seas. V\u00f5istluse I voor v\u00f5ideti. (5A klassi juhendajaks on \u00f5petaja Riina Abner.)<br \/>V\u00f5istkonda kuulusid Kris Kaur, Eliise Tiik, Kevin J\u00f5ekeerd (kes kogusid meeskonnast ja ka k\u00f5igist v\u00f5istlusel osanutest kolmekesi enim punkte), Kristlyn Kont, Andreas Tetsmann, Andree Link, Kardo Annus, Joonas Sau, Olive<span class=\"text_exposed_show\">r Binder.<\/span><\/li>\n<li><span class=\"text_exposed_show\"><strong>Peastarvutamise v\u00f5istlusel Math99, kus osalesid koolid \u00fcle kogu Euroopa saavutas S\u00fcdalinna Kooli 5A klassi esimene v\u00f5istkond\u00a0 I koha enda vanuser\u00fchmas<\/strong>\u00a0(osales 383 v\u00f5istkonda). 5A klassi teine v\u00f5istkond saavutas 8. koha ja 5B klassi teine v\u00f5istkond saavutas 19. koha ja 5B teine v\u00f5istkond 43. koha. (5A ja 5B juhendajaks on \u00f5petaja Riina Abner.)<\/span><\/li>\n<\/ul>\n<p><span class=\"text_exposed_show\">5A v\u00f5idumeeskonda kuulusid\u00a0\u00a0Kris Kaur, Eliise Tiik, Kevin J\u00f5ekeerd (kes kogusid meeskonnast ja ka k\u00f5igist v\u00f5istlusel osanutest kolmekesi enim punkte), Kristlyn Kont, Andreas Tetsmann, Andree Link, Kardo Annus, Joonas Sau, Oliver Binder.<\/span><\/p>\n<ul>\n<li>\n<p>VIII Saue G\u00fcmnaasiumi filmifestivalilt SNOFF (Saue Noortefilmi Festival) sai\u00a0tunnustused\u00a0<strong>&#8220;Parim filmi idee&#8221; ja &#8220;Parimad eriefektid&#8221;<\/strong>\u00a04A klassi \u00f5pilane\u00a0<strong>Kasper Kovanen.\u00a0<\/strong><\/p>\n<\/li>\n<li><strong>\u00dcleriigilisel saksakeelse Scrabble`i v\u00f5istlusel saavutasid\u00a0<\/strong><b>5.-6. klasside arvestuses\u00a0<\/b><b>2.<\/b>\u00a0<b>Grethel Peek<\/b>\u00a0ja\u00a0<b>3. Karina Burakova.\u00a0<\/b>Kokku oli v\u00f5istlejaid 96; 13 erinevast koolist. (Juhendajaks on \u00f5petaja\u00a0Anneli Kesksaar).\u00a0<\/li>\n<li>\n<p>Matetalgute on \u00fcleriigilisel matemaatikav\u00f5istlusel saavutas S\u00fcdalinna Kooli 4.c klassi v\u00f5istkond (<strong>Rosmariin Riigov, Sireli Paasik, Andreas Kozlov ja Karolina Karmeli Merits<\/strong>)\u00a0 v\u00e4ga v\u00e4\u00e4rika\u00a0<strong>9. koha<\/strong>. (Nende vanuseklassis osales 515 v\u00f5istkonda). Juhendajaks on \u00f5petaja Kati Rand.\u00a0<\/p>\n<\/li>\n<li>\n<p>Tallinna ja Harjumaa koolidevahelised\u00a0<strong>Mathable meistriv\u00f5istlustel<\/strong>\u00a0saavutasid 2.-3. klasside vanusegrupis\u00a0<strong>\u00a0III koha Sergo Gr\u00fcnberg<\/strong>\u00a0ja\u00a0<strong>IV koha Kevin J\u00f5ekeerd<\/strong>.\u00a0 4.-5. klasside vanuser\u00fchmas v\u00f5itis\u00a0\u00a0<strong>I koha Kris Kaur<\/strong>\u00a0ja<strong>\u00a0II koha Eliise Tiik<\/strong>.\u00a0 6.-7. klasside vanuser\u00fchmas saavutas\u00a0<strong>II koha Oliver N\u00f5u<\/strong>\u00a0ja\u00a0<strong>IV koha Alicija Ainsoo<\/strong>. Osalesid 12 Tallinna ja Harjumaa kooli kokku 68 \u00f5pilasega. S\u00fcdalinna Kooli \u00f5pilasi juhendab \u00f5petaja Malle Koppel.\u00a0<\/p>\n<\/li>\n<li>4C klassi \u00f5pilase\u00a0<strong>Rosmariin Riigovi<\/strong>\u00a0joonistus j\u00f5udis17. korda toimuval RMK poolt korraldatud v\u00f5istlusel &#8220;Eesti koolilaste metsapostkaart&#8221; 36 parima t\u00f6\u00f6 hulka ja tr\u00fckiti postkaardiks.\u00a0V\u00f5istlusel osales 2862 joonistust.\u00a0\u00d5pilase juhendajaks on \u00f5petaja Kati Rand.<\/li>\n<li>4C klassi \u00f5pilane\u00a0<strong><span class=\"il\">Rosmariin<\/span>\u00a0Riigov<\/strong>\u00a0ja 6B klassi \u00f5pilane\u00a0<strong>Nelli Nahkur<\/strong>\u00a0on saavutasid\u00a0<strong>eriauhinnad<\/strong>\u00a0MiniMeltsi joonistuskonkursil &#8220;Tere, kevad!&#8221;, kuhu laekus kokku 800 t\u00f6\u00f6d. (\u017d\u00fcrii valis v\u00e4lja 22 parimat t\u00f6\u00f6d.) (\u00d5pilaste juhendaja \u00f5petaja Kati Rand).\u00a0<\/li>\n<li>4C klassi \u00f5pilane\u00a0<strong>Rosmariin Riigov<\/strong>\u00a0saavutas\u00a0<strong>I koha\u00a0<\/strong>R\u00e4pina aianduskooli projekti &#8220;S\u00f5prusterad&#8221;<strong>\u00a0joonistusv\u00f5istlusel<\/strong>.\u00a0(Juhendajaks \u00f5petaja Kati Rand.)<\/li>\n<li>4C klassi \u00f5pilane\u00a0<strong>Sireli Paasik<\/strong>\u00a0sai\u00a0<strong>eriauhinna joonistusv\u00f5istlusel<\/strong>, mida korraldas koerteklubi Koerus. (Juhendajaks \u00f5petaja Kati Rand.)<\/li>\n<li>2B klassi \u00f5pilase<strong>\u00a0Yasmine Afrodite Grace<\/strong><strong>\u00a0Varjundi\u00a0<\/strong>saavutused:\u00a0rahvusvahelisel iluv\u00f5imlemise r\u00fchmkavade karikav\u00f5istlusel 1. koha; esikoht Tartus Diva Cup&#8217;il; I koht Eesti meistriv\u00f5istlustel r\u00fchmv\u00f5imlemises;\u00a0 I koht\u00a0iluv\u00f5imlemise r\u00fchmkavade v\u00f5istlusel Merepiiga.\u00a0<\/li>\n<li>5B klassi \u00f5pilane\u00a0<strong>Katarina Kalme<\/strong>\u00a0saavutas\u00a0<strong>Tallinna lahtistel meistriv\u00f5istlustel iluuisutamises\u00a0<\/strong><em>basic novice<\/em>\u00a0j\u00e4rgus<strong>\u00a0I koha.\u00a0<\/strong><\/li>\n<li>Kesklinna koolide\u00a0<strong>5&#215;500 m krossijooksu teatev\u00f5istlusel<\/strong>\u00a0saavutasid\u00a0<strong>S\u00fcdalinna Kooli 3. klasside t\u00fcdrukud I koha<\/strong>!\u00a0V\u00f5itjate v\u00f5istkonda kuulusid<strong>\u00a0Sophia Taamal, Isabel Saks, Aleksandra Hendrikson, Annaliisa Aarde<\/strong>\u00a0ja<strong>\u00a0Steffany Erik.<\/strong><\/li>\n<li>S\u00fcdalinna Kooli poisid saavutasid\u00a0<strong>Tallinna koolinoorte meistriv\u00f5istlustel korvpallis IV koha.<\/strong><\/li>\n<li>S\u00fcdalinna Kooli t\u00fcdrukud saavutasid\u00a0<strong>Tallinna koolinoorte meistriv\u00f5istlustel korvpallis III koha<\/strong>.\u00a0V\u00f5idukasse v\u00f5istkonda kuulusid\u00a0<strong>Marleen-Liis P\u00e4rn, Eliise Viirmaa, Mia-Matilda Oinit\u0161, Miia Rada, Piia Rada, Kerli Rump, Anette-Laura T\u00f5ks, Maria Vasar, Liis-Beth Gehkre\u00a0<\/strong>ja<strong>\u00a0Jane Oja<\/strong>.\u00a0 (T\u00fcdrukuid juhendasid \u00f5petaja Janne Schasmin ja\u00a0<span class=\"text_exposed_show\">\u00f5petaja Kristi Laidvee.)<\/span><\/li>\n<\/ul><\/div>\n\t\t\t\t<\/div>\n\t\t\t\t\t\t\t<div class=\"elementor-toggle-item\">\n\t\t\t\t\t<div id=\"elementor-tab-title-2808\" class=\"elementor-tab-title\" data-tab=\"8\" role=\"button\" aria-controls=\"elementor-tab-content-2808\" aria-expanded=\"false\">\n\t\t\t\t\t\t\t\t\t\t\t\t<span class=\"elementor-toggle-icon elementor-toggle-icon-left\" aria-hidden=\"true\">\n\t\t\t\t\t\t\t\t\t\t\t\t\t\t\t<span class=\"elementor-toggle-icon-closed\"><i class=\"fas fa-chevron-down\"><\/i><\/span>\n\t\t\t\t\t\t\t\t<span class=\"elementor-toggle-icon-opened\"><i class=\"elementor-toggle-icon-opened fas fa-angle-up\"><\/i><\/span>\n\t\t\t\t\t\t\t\t\t\t\t\t\t<\/span>\n\t\t\t\t\t\t\t\t\t\t\t\t<a class=\"elementor-toggle-title\" tabindex=\"0\">2018\/2019<\/a>\n\t\t\t\t\t<\/div>\n\n\t\t\t\t\t<div id=\"elementor-tab-content-2808\" class=\"elementor-tab-content elementor-clearfix\" data-tab=\"8\" role=\"region\" aria-labelledby=\"elementor-tab-title-2808\"><ul>\n<li><strong>&#8220;Hooliv kaaslane 2018&#8221;<\/strong>\u00a0tunnustuse\u00a0Tallinna Lastekaitse \u00dchingult koos Rootsi Bj\u00f6rn-Okerblom Fondiga\u00a0p\u00e4lvis 8B \u00f5pilane\u00a0<strong>Ralf Kaspar Patrason.<\/strong>\u201eHooliv kaaslane 2018\u201c k\u00e4igus selgitatakse linna p\u00f5hikoolide \u00f5pilaste seast v\u00e4lja 10 \u00f5ppurit, kes on koolikaaslastele eeskujuks nii hea \u00f5ppeedukuse kui tunnustust v\u00e4\u00e4riva k\u00e4itumise poolest ja v\u00e4\u00e4rivad Miku-Manni \u00f5pilasstipendiumi.<\/li>\n<li>KR\u00d5HV ehk\u00a0<strong>algklasside XII l\u00fchin\u00e4idendite festivalil<\/strong>,\u00a0mis oli ka Tallinna linna eelvooruks riigifestivalile, v\u00f5itis\u00a0<strong>peapreemia S\u00fcdalinna Kooli algklasside n\u00e4itering<\/strong>\u00a0etendusega &#8220;Uhkus ajab upakile&#8221;. (KR\u00d5HV-il oli v\u00f5imalik nautida 14 erinevat n\u00e4idendit 12 erineva kooli esindajate poolt.)\u00a0Seet\u00f5ttu ootab n\u00e4iteringi \u00f5pilasi n\u00fc\u00fcd e<span class=\"text_exposed_show\">es Tallinna linna esindamine \u00fcle-eestilisel kooliteatrite festivalil &#8220;Kooliteater 2019&#8221;.<br \/><strong>Parima osat\u00e4itja preemia<\/strong>\u00a0sai 4. klassi \u00f5pilane\u00a0<strong>Gloria Kuum.<\/strong><br \/>N\u00e4iteringiga olid veel laval: 4. klassi \u00f5pilased &#8211;\u00a0<strong>Katarina Kalme, Klaara Kollist, Gloria Kuum\u00a0<\/strong>ja<strong>\u00a0Kaspar Konist<\/strong>.\u00a0<\/span><span class=\"text_exposed_show\">3. klassi \u00f5pilased &#8211;\u00a0\u00a0<strong>Laurel Peek, Liisa Tappo, Anni Ratnik<\/strong>.\u00a0<\/span><\/li>\n<\/ul>\n<p><span class=\"text_exposed_show\">(Lavastaja, dramaturg ja laulus\u00f5nade autor on Malle Koppel.)<\/span><\/p>\n<ul>\n<li>Algklasside\u00a0<strong>riigifestivalil &#8220;Kooliteater 2019&#8221;<\/strong>\u00a0said\u00a0<strong>n\u00e4itlejapreemiad<\/strong>\u00a04. klassi \u00f5pilased<strong>\u00a0Gloria Kuum\u00a0<\/strong>ja<strong>\u00a0Katarina Kalme<\/strong>. (Juhendaja: Malle Koppel.)<\/li>\n<li>\n<p>Euroopa rahatarkuse viktoriinil, \u00fcle-euroopalisel v\u00f5istlusel, mille eesm\u00e4rk on parandada 13.-15. aastaste noorte finantskirjaoskust saavutasid 6B klassi t\u00fcdrukud\u00a0<strong>Adrienne Vetela<\/strong>\u00a0ja\u00a0<strong>Stella Maria Elijas<\/strong>\u00a0 Eesti finaalis 300 osaleja hulgas oma vanuser\u00fchmas\u00a0<strong>2. koha<\/strong>\u00a0ning 6A klassi t\u00fcdrukud\u00a0<strong>Mirtel Rahu<\/strong>\u00a0ja\u00a0<strong>Aveli Samsonova<\/strong>\u00a0<strong>3. koha.\u00a0<\/strong>(\u00d5pilasi juhendab \u00f5petaja Heli Hirs.)<\/p>\n<\/li>\n<li>\u00dcle-eestilisel \u00fchiskonna\u00f5petuse ol\u00fcmpiaadil saavutasid v\u00e4ga tubli tulemuse 6a \u00f5pilased.\u00a0<strong>Tallinna koolide \u00f5pilaste hulgas saavutas 5. koha Mirtel Rahu ja 9. koha sai Emili Viiberg.<\/strong>(\u00d5pilaste juhendajaks on Heli Hirs.)\u00a0 Kokku osales erinevatest Tallinna koolidest ol\u00fcmpiaadil 154 \u00f5pilast.\u00a0<\/li>\n<li>7. klassi \u00f5pilane\u00a0<strong>Greg Ojasalu<\/strong>\u00a0saavutas\u00a0<strong>I koha<\/strong>\u00a0v\u00f5istlusel &#8220;<strong>Noben\u00e4pp 2019<\/strong>&#8220;, kus v\u00f5etakse m\u00f5\u00f5tu klaviatuuril kiirkirjutamises.<\/li>\n<li>\n<p><strong>6.-7. klasside poisid tulid Tallinna Kesklinna koolide meistriks<\/strong>.\u00a0V\u00f5idukasse meeskonda kuulusid:\u00a0<strong>Ken Sildaru<\/strong>\u00a07A,\u00a0<strong>Mathias Kontus<\/strong>\u00a07A,\u00a0<strong>Kerrit-Kristopher\u00a0Saia<\/strong>\u00a07A,\u00a0<strong>Marcus Meier<\/strong>\u00a07A,\u00a0<strong>Reiko Kiljak<\/strong>\u00a07A,\u00a0<strong>Kristofer Tammev\u00e4li<\/strong>\u00a07B,\u00a0<strong>Klaivert M\u00e4rtson<\/strong>\u00a07A,\u00a0<strong>Richard Sikk<\/strong>\u00a07A,\u00a0<strong>Hugo Press<\/strong>\u00a06A.\u00a0(Juhendaja Mihkel Kurg.)<\/p>\n<\/li>\n<li>\n<p>9 n\u00e4dalat kestnud \u00fcle-eestilisel v\u00f5istlusel Matetalgud olid meie \u00f5pilased mitmel korral nii n\u00e4dala kui ka kokkuv\u00f5tvas pingereas esimestel kohtadel, kuid vahepeal nad t\u00fcdinesid antud m\u00e4ngust mitmeks n\u00e4dalaks, kuid viimase n\u00e4dala kokkuv\u00f5ttes saavutasid nad taaskord pingerea 1. ja 4. tulemuse.\u00a0<strong>V\u00f5istluse kokkuv\u00f5ttes saavutasid 3C \u00f5pilased<\/strong>\u00a03.-4. klasside arvestuses v\u00e4ga tubli\u00a0<strong>6. koha<\/strong>\u00a0ja\u00a0<strong>3A \u00f5pilased 7. koha.<\/strong>\u00a0(Nende vanuser\u00fchmas v\u00f5istles kokku 441 klassi.)\u00a01.-2. klasside arvestuses saavutas\u00a0<strong>2B klass<\/strong>\u00a0tubli\u00a0<strong>21. koha<\/strong>. (Nende vanuser\u00fchmas v\u00f5istles kokku 660 klassi.) (\u00d5pilasi motiveerisid v\u00e4ga pikalt v\u00f5istluse perioodil matemaatikatundides nende tublid \u00f5petajad\u00a0<strong>Kati Rand, Heli Hirs<\/strong>\u00a0ja<strong>\u00a0Lea K\u00fctt<\/strong>.<\/p>\n<\/li>\n<li>Matemaatika ainev\u00f5istlusel\u00a0<strong>Nuputa saavutas 7. koha<\/strong>\u00a07. klasside meeskond koosseisus:\u00a0<strong>Helena Viir, Eliise Siiman, Mihkel Viisileht.<\/strong>\u00a0(Juhendaja: Arvo Silm.) V\u00f5istlusel osalesid 30 Tallinna kooli esindused.\u00a0<\/li>\n<li>Eriliselt silmapaistva tulemuse saavutasid s\u00fcgisel \u00fcleriigilisel veebip\u00f5hisel<strong>\u00a0Matam\u00e4ngude p\u00e4eval 4A \u00f5pilased (Eliise, Konrad, Kris, Andreas, Kardo)<\/strong>, kes tulid<strong>\u00a04. kohale\u00a0<\/strong>204 osalenud v\u00f5istkonna seast. (Juhendajaks \u00f5petaja Riina Abner.)<\/li>\n<li>R\u00e4pina Aianduskooli projekti &#8220;Tomatis\u00f5brad&#8221; raames toimus joonistamise konkurss.\u00a0<strong>I koha<\/strong>\u00a0v\u00f5itis 3C \u00f5pilane\u00a0<strong>Andreas Kozlov<\/strong>\u00a0joonistusega &#8220;Tomatite tantsupidu&#8221; ja\u00a0<strong>III koha<\/strong>\u00a0saavutas tema klassi\u00f5de\u00a0<strong>Sireli Paasik<\/strong>\u00a0teosega &#8220;Tomatiratsu&#8221;.\u00a0 (Juhendajaks on \u00f5petaja Kati Rand.)<\/li>\n<li>\n<p>Eesti Lastekirjanduse Keskuse korraldatava \u00fcleriigilise\u00a0<strong>3.\u20134. klasside \u00f5pilaste kirjandusm\u00e4ngu Tallinna linna eelvoorus<\/strong>\u00a0saavutasid 3C klassi \u00f5pilased\u00a0<strong>Frederik Pozlowski, Andreas Kozlov<\/strong>\u00a0ja\u00a0<strong>Rosmariin Riigov<\/strong>\u00a0saavutasid v\u00e4ga tubli\u00a0<strong>5. koha<\/strong>\u00a0(26 v\u00f5istkonna seast; 3.-4. kohast j\u00e4i puudu k\u00f5igest 0.25 punkti.) (Juhendajaks \u00f5petaja Kati Rand).<\/p>\n<\/li>\n<li>\n<p><strong>Scrabble Eesti meistriv\u00f5istlused<\/strong>\u00a0koolinoortele saavutas\u00a09.-12. klassi vanusegrupi\u00a0<strong>1. koha Laura-Marita Lappalainen<\/strong>.\u00a05.-8. klassi vanusegrupi<strong>\u00a04. koht Eliise Siimann\u00a0<\/strong>ja<strong>\u00a05. koht Markus Anderson<\/strong>.\u00a02.-4. klassi vanusegrupi\u00a0<strong>4. koht Kristlyn Kont<\/strong>\u00a0ja\u00a0<strong>5. koht Laurel Peek<\/strong>.\u00a0\u00d5pilasi juhendab huvijuht Malle Koppel.<\/p>\n<\/li>\n<li><strong>MATHABLE Tallinna ja Harjumaa koolide vahelistel meistriv\u00f5istlustel<\/strong>\u00a0saavutasid 4.-5. klasside arvestuses\u00a0<strong>1. koha Eliise Tiik, 2. koha Kristlyn Kont<\/strong>\u00a0ja\u00a0<strong>\u00a04. koha Marion Blehner.\u00a0\u00a0<\/strong>6.-7. klasside arvestuses sai<strong>\u00a03. koha Kristofer Tammev\u00e4li.\u00a0<\/strong>(Juhendajaks \u00f5petaja Malle Koppel.)<\/li>\n<li>\n<div dir=\"auto\">Tallinna koolinoorte\u00a0<strong>venekeelse Scrabble meistriv\u00f5istlustel<\/strong>\u00a0saavutas 8. klassi \u00f5pilane\u00a0<strong>Maksim Kuznetsov<\/strong>\u00a0 vanemas vanuser\u00fchmas\u00a0<strong>2. koha<\/strong>\u00a0(kokku osales 38 \u00f5pilast eesti ja vene \u00f5ppekeelega koolidest).\u00a0 Nooremas vanuser\u00fchmas saavutas\u00a0<strong>2. koha<\/strong>\u00a0(kokku osales 46 \u00f5pilast) 7. klassi \u00f5pilane\u00a0<strong>Markus Andreson<\/strong>, kes sai ka\u00a0<strong>eriauhinna<\/strong>, sest kogus suurima punktisumma \u00fche s\u00f5na eest. (\u00d5pilaste juhendajaks on \u00f5petaja Jelena Kozubnja.)<\/div>\n<\/li>\n<li>4A klassi matemaatikud v\u00f5itsid 23. mail j\u00e4rjekordse v\u00f5istluse. Seekord osaleti\u00a0<strong>Matam\u00e4ngude p\u00e4eva finaalis ja saavutati I koht oma vanuser\u00fchmas<\/strong>.\u00a0<br \/>V\u00f5istkonda kuulusid\u00a0<strong>Kris Kaur, Andreas Tetsmann, Kristlyn Kont, Eliise Tiik\u00a0<\/strong>ja<strong>\u00a0Aleksander Hlestakov.\u00a0 (<\/strong>\u00d5pilasi juhendab \u00f5petaja Riina Abner.)\u00a0<\/li>\n<li>\n<p>16. mail toimunud veebip\u00f5hisel peastarvutamise v\u00f5istlusel\u00a0<strong>Matam\u00e4ngude p\u00e4eval<\/strong>\u00a0saavutas meie kooli\u00a0<strong>4A klassi v\u00f5istkond 1. koha<\/strong>\u00a0(v\u00f5istles 28 meeskonda).\u00a0\u00a0<strong>V\u00f5istkonda kuulusid\u00a0Kris Kaur,\u00a0Eliise Tiik,\u00a0Andreas Tetsmann, Kristlyn Kont ja Aleksander Hlestakov.\u00a0<\/strong>5B klassi v\u00f5istkond saavutas\u00a0<strong>5. koha<\/strong>. V\u00f5istkonda kuulusid\u00a0Kermo XXX,\u00a0Kaarel Jakop Aava,\u00a0Nelli Nahkur,\u00a0Anna Maria Orasm\u00e4e ja Oliivia XXX.\u00a0\u00a06A klassi v\u00f5istkonnad saavutasid\u00a0<strong>6. ja 8. koha<\/strong>. V\u00f5istkondadesse kuulusid\u00a0Miia Maiste,\u00a0Aveli Samsonova,\u00a0Oliver XXX,\u00a0Emili Viiberg,\u00a0Mirtel Rahu,\u00a0Reneg Sirm,\u00a0Loore XXX, Georg Kainel,\u00a0Khanh Linh Nguyen Tran ja\u00a0Erik Vunn. (Juhendajaks on 4A, 5A ja 6A klassil \u00f5petaja Riina Abner.)<\/p>\n<\/li>\n<li>\n<div dir=\"auto\">Meie\u00a0<strong>7. klassi \u00f5pilased<\/strong>\u00a0olid v\u00e4ga tublid\u00a0<strong>\u00f5pioskuste \u00fclelinnalisel v\u00f5istlusel<\/strong>. V\u00f5istlus toimus kahes voorus. K\u00f5igepealt toimus koolivoor, mille parimad t\u00f6\u00f6d saadeti \u017e\u00fcriile, kes valis k\u00f5ikidest koolidest v\u00e4lja 14 v\u00f5istkonda, kes p\u00e4\u00e4sesid edasi piirkonnavooru.\u00a0 Meie \u00f5pilased (Gerda Karu, Karolin J\u00e4msa, Mihkel Viisileht, Henri Hiio, Daniel Kuzntsov) saavutasid Tallinna koolide v\u00f5istkondade hulgas\u00a0<strong>7. koha.<\/strong>\u00a0(\u00d5pilasi juhendas huvijuht Malle Koppel.)<\/div>\n<\/li>\n<li>RMK poolt korraldatud konkursi &#8220;Eesti koolilaste metsapostkaart&#8221;\u00a0150 parima joonistuse hulka valis \u017e\u00fcrii 3487 t\u00f6\u00f6 hulgast ka meie kooli 3. klassi \u00f5pilase\u00a0<strong>Andreas Kozlovi\u00a0<\/strong>t\u00f6\u00f6. (Juhendajaks \u00f5petaja Kati Rand.)<\/li>\n<li>1. klassi \u00f5pilastele Tallinna ja Harjumaa koolidest m\u00f5eldud v\u00f5istlusel &#8220;Ladus lugeja&#8221; sai\u00a0<strong>eripreemia\u00a0Karl August Toomik.\u00a0<\/strong>(Osalejaid oli 33, 18 erinevast koolist.) (Juhendaja: Katrin Kitkas.)<\/li>\n<li>\n<div data-block=\"true\" data-editor=\"9836c\" data-offset-key=\"6c60q-0-0\">\n<div class=\"_1mf _1mj\" data-offset-key=\"6c60q-0-0\"><span data-offset-key=\"6c60q-0-0\">Meie kooli II kooliastme robootikringi \u00f5pilased osalesid v\u00f5istlusel\u00a0<\/span><span data-offset-key=\"9qp0s-0-0\"><strong>Robomiku Lahing 2019<\/strong>.\u00a0<\/span><span data-offset-key=\"b5ir-0-0\">Parimad tulemused saavutasid\u00a0<strong>Taiko T\u00f5nno Kont, Kevin Daniel Kiirend, Oliver N\u00f5u ja Ragnar Raudsepp<\/strong>, kes saavutasid oma Sumo robotiga 106 meeskonna seas\u00a0<strong>5.-9. koha<\/strong>.\u00a0<\/span><span data-offset-key=\"f51vh-0-0\"><strong>Georg Kainel\u00a0<\/strong>ja<strong>\u00a0Erik Vun<\/strong>n saavutasid oma joonej\u00e4lgija robotiga 45 meeskonna seas\u00a0<strong>14. koha<\/strong>. (<\/span><span data-offset-key=\"83cqf-0-0\">\u00d5pilaste juhendajaks on Jaanus Paasoja.)<\/span><\/div>\n<\/div>\n<\/li>\n<li>Tallinna Kesklinna koolide\u00a0<strong>rahvastepalli turniiril<\/strong>\u00a0saavutasid 5. klasside t\u00fcdrukud\u00a0<strong>2. koha<\/strong>.\u00a0V\u00f5istkonda kuulusid:\u00a0<strong>Liis-Beth Gehrke, Jane Oja, Marleen-Liis P\u00e4rn, Anneliisa Alt, Elis-Sandra Erin, Maarja-Liis Hanni, P\u00e4rleen Tamm, Anna Maria Orasm\u00e4e, Melissa Tsaban, Juuna Mirell Maide.\u00a0<\/strong>(Juhendaja: Janne Schasmin.)<\/li>\n<li>Kesklinna koolide kergej\u00f5ustikuv\u00f5istlused olid edukad meie kooli 4. klasside v\u00f5istkonnale. \u00dcksikaladelt v\u00f5ideti 4 medalit!\u00a0<strong>Maiken Kapp<\/strong>\u00a0saavutas t\u00fcdrukute\u00a0<strong>palliviskes 3. koha<\/strong>,\u00a0<strong>Mia Maarja Tali 60 m jooksus 3. koha<\/strong>\u00a0ja\u00a0<strong>Marko Eerik Kapp<\/strong>\u00a0v\u00f5itis\u00a0<strong>1. koha 60 m jooksus<\/strong>\u00a0ja\u00a0<strong>2. koha palliviskes<\/strong>.\u00a0<\/li>\n<li>\n<p>Tallinna koolinoorte\u00a0<strong>orienteerumise meistriv\u00f5istlustel<\/strong>\u00a0saavutas 7. klassi \u00f5pilane\u00a0<strong>Reiko Kiljak<\/strong>\u00a051 osaleja hulgas\u00a0<strong>9. koha.<\/strong><\/p>\n<\/li>\n<li>\n<p>Tallinna koolinoorte<strong>\u00a0lauatennise meistriv\u00f5istlustel<\/strong>\u00a0saavutas 7. klassi \u00f5pilane\u00a0<strong>Richard Sikk<\/strong>\u00a0<strong>9. koha<\/strong>\u00a0100 osaleja hulgas.\u00a0<\/p>\n<\/li>\n<\/ul>\n<ul>\n<li>\u00a0Tallinna koolinoorte\u00a0<span class=\"il\">sulgpalli meistriv\u00f5istlustel<\/span>\u00a0sai 57 osaleja hulgas\u00a0<strong>Eliise Siimann 4. koha<\/strong>\u00a0ja\u00a0<strong>Mia Sakarias 5. koha.<\/strong><\/li>\n<li><strong>Tallinna kesklinna koolide 6.-7. klasside krossijooksu v\u00f5istlustel<\/strong>\u00a0saavutasid t\u00fcdrukud<strong>\u00a03.\u00a0koha.\u00a0<\/strong>\u00a0V\u00f5istkonda kuulusid:\u00a0Maria Vasar,\u00a0Anette-Laura T\u00f5ks,\u00a0Miia Maiste, Darja-Eliise Lustik, Miia Rada.<\/li>\n<li><strong>Tallinna kesklinna koolide 7. klasside krossijooksu v\u00f5istlustel<\/strong>\u00a0saavutasid poisid\u00a0<strong>3.\u00a0koha.\u00a0\u00a0<\/strong>V\u00f5istkonda kuulusid:\u00a0Mathias Kontus,\u00a0Reiko Kiljak,\u00a0Richard Sikk,\u00a0Kerrit-Kristopher Saia, Johannes XXX.<\/li>\n<li><strong>Tallinna linna korvpalli meistriv\u00f5istlustel\u00a0<\/strong>saavutasid 5.-7. klasside t\u00fcdrukud<strong>\u00a03. koha.\u00a0<\/strong>V\u00f5istkonda kuulusid:\u00a0Anette-Laura T\u00f5ks,\u00a0Maria Vasar,\u00a0\u00a0Marleen-Liis P\u00e4rn, Miia Rada, Piia Rada, Jane Oja,\u00a0Lisbet Gerhke,\u00a0Mia-Matilda Oinit\u0161,\u00a0Kerli Rump,\u00a0Eliise Viirmaa. (Juhendaja: Kristi Laidvee.)<\/li>\n<li><strong>Tallinna Kesklinna koolide meistriv\u00f5istlustel rahvastepallis<\/strong>\u00a0saavutasid\u00a0<strong>2. koha<\/strong>\u00a03. klasside poisid. V\u00f5istkond m\u00e4ngis koosseisus:\u00a0Mikk Ollisaar,\u00a0Kaur Vendik,\u00a0Henry Juur,\u00a0Andre Juur,\u00a0Kenneth K\u00e4\u00e4r,\u00a0Aron Tetsmann,\u00a0Markus V\u00e4ronen, Kevin Kristofer Taluste,\u00a0Kevin Pabstel,\u00a0Trevor XXX. (Juhendaja: Kristi Laidvee.)<\/li>\n<li>\n<p>\u00a0<strong>Tallinna Kesklinna koolide meistriv\u00f5istlustel rahvastepallis<\/strong>\u00a0saavutasid\u00a0<strong>2. koha<\/strong>\u00a04. klasside poisid. V\u00f5istkond m\u00e4ngis koosseisus:\u00a0Andreas Tetsmann, Konrad M\u00e4nd (Ment), Oliver Binder, Kris Kaur, Andree Link, Ali-Azqar Rezayi,\u00a0Marko Kapp, Mark Leppik,\u00a0Rico-Roberto Lillem\u00e4e,\u00a0Mihkel Lillepruun, Themiya Yasinda Sirimewan.\u00a0(Juhendaja: Mihkel Kurg.)<\/p>\n<\/li>\n<li>\n<p>\u00a0XXXVIII Tallinna Vanalinna P\u00e4evade raames toimus koomiksi joonistusv\u00f5istlus, kus \u017e\u00fcrii valis v\u00e4lja 40 parimat t\u00f6\u00f6d, mis pannakse lastealale LAHELA n\u00e4ituseks.\u00a0<strong>40\u00a0<\/strong>parima t\u00f6\u00f6 hulgas on ka j\u00e4rgnevate S\u00fcdalinna Kooli \u00f5pilaste t\u00f6\u00f6d:<strong>\u00a0Andreas Kozlov,\u00a0Rosmariin Riigov,\u00a0Anni Marii Saar, Carola Salum\u00e4e, Luisa-Maria Timuska, Diana Veer, \u00a0Nelli Nahkur, Oliivia Riisberg.<\/strong>\u00a0(Juhendajad Kati Rand ja Signe Kivi.) O<i><\/i>ma vanuser\u00fchmas valis \u017e\u00fcrii\u00a0<strong>kolme parima t\u00f6\u00f6<\/strong>\u00a0hulka S\u00fcdalinna Kooli 3.C klassi \u00f5pilase<strong>\u00a0Rosmariin Riigovi<\/strong>\u00a0joonistuse. (Juhendajaks on \u00f5petaja Kati Rand.)<\/p>\n<\/li>\n<li>Tunnustame 3C klassi ja nende \u00f5petaja Kati Randa, sest nad l\u00f5petasid taimekasvatuse projekti taaskord v\u00f5idukalt. R\u00e4pina Aianduskooli fotokonkursil saavutati 3. koht. Palju \u00f5nne!<\/li>\n<\/ul>\n<p>\u00a0<\/p><\/div>\n\t\t\t\t<\/div>\n\t\t\t\t\t\t\t<div class=\"elementor-toggle-item\">\n\t\t\t\t\t<div id=\"elementor-tab-title-2809\" class=\"elementor-tab-title\" data-tab=\"9\" role=\"button\" aria-controls=\"elementor-tab-content-2809\" aria-expanded=\"false\">\n\t\t\t\t\t\t\t\t\t\t\t\t<span class=\"elementor-toggle-icon elementor-toggle-icon-left\" aria-hidden=\"true\">\n\t\t\t\t\t\t\t\t\t\t\t\t\t\t\t<span class=\"elementor-toggle-icon-closed\"><i class=\"fas fa-chevron-down\"><\/i><\/span>\n\t\t\t\t\t\t\t\t<span class=\"elementor-toggle-icon-opened\"><i class=\"elementor-toggle-icon-opened fas fa-angle-up\"><\/i><\/span>\n\t\t\t\t\t\t\t\t\t\t\t\t\t<\/span>\n\t\t\t\t\t\t\t\t\t\t\t\t<a class=\"elementor-toggle-title\" tabindex=\"0\">2017\/2018<\/a>\n\t\t\t\t\t<\/div>\n\n\t\t\t\t\t<div id=\"elementor-tab-content-2809\" class=\"elementor-tab-content elementor-clearfix\" data-tab=\"9\" role=\"region\" aria-labelledby=\"elementor-tab-title-2809\"><ul>\n<li>\n<p><strong>&#8220;Matetalgutel&#8221;<\/strong>\u00a0saavutas 3A klass (\u00f5p Riina Abner)<strong>\u00a0I koha vabariigis<\/strong>. Kokku v\u00f5istles \u00fcle Eesti 336 meeskonda 3.-4. klassidest.<\/p>\n<\/li>\n<\/ul>\n<p>\u00a0<\/p>\n<ul>\n<li>\n<p><strong>2.c klassi<\/strong>\u00a0&#8220;Kurgis\u00f5brad&#8221; on v\u00f5itnud\u00a0<strong>eripreemia<\/strong>\u00a0R\u00e4pina Aianduskooli poolt korraldataval\u00a0<strong>projektip\u00e4eviku v\u00f5istlusel<\/strong>, kus osales t\u00e4pselt 100 klassi. Kiidame 2.c klassi \u00f5pilasi ja \u00f5petaja Katit, kes peaaegu 3 kuu jooksul on kurke kasvatanud ja nende arengut uurinud.<\/p>\n<\/li>\n<li>\n<p>Taimeprojekti ajal toimub mitmeid konkursse. \u00dche konkursi raames tuli joonistada kurke ja pisikurke.\u00a0<strong>Joonistusv\u00f5istlus<\/strong>ele laekus 210 t\u00f6\u00f6d ja\u00a0<strong>1. koha saavutas S\u00fcdalinna Kooli 2.c klassi \u00f5pilane Andreas Kozlov<\/strong>.\u00a0<strong>Eripreemia sai tema klassi\u00f5de Greete-Elena Priisalu.<\/strong>\u00a0\u00d5nnitlused \u00f5pilastele ja nende tublile \u00f5petajale!<\/p>\n<\/li>\n<\/ul>\n<p>\u00a0<\/p>\n<ul type=\"disc\">\n<li>\n<p>Tallinna kesklinna koolide\u00a0<strong>3. klasside rahvastepalli finaalturniiril<\/strong>\u00a0saavutasid Tallinna S\u00fcdalinna Kooli poisid\u00a0<strong>I koha.\u00a0\u00a0<\/strong>V\u00f5istkonda kuulusid:\u00a0Kris Kaur ,\u00a0Oliver Binder, Andreas Tetsmann, Aleksander Hlestakov, Konrad M\u00e4nd (Ment), Marko Eerik Kapp, Ali-Azqar Rezayl, Mark Leppik, Themiya Yasinda Sirimewan, Mihkel Lillepruun,\u00a0Rico-Roberto Lillem\u00e4e,\u00a0\u00a0Andree Link.<\/p>\n<\/li>\n<\/ul>\n<ul>\n<li>\n<p>Meie kooli 1B klassis \u00f5ppiv Aleksandra Hendrikson on v\u00e4ga tubli iluuisutaja. Sellel hooajal osales ta 10 v\u00f5istlusel ja neist kaheksal v\u00f5istlusel saavutas ta koha poodiumil ning veel kahel v\u00f5istlusel oli neljas.<\/p>\n<\/li>\n<\/ul>\n<ul>\n<li>\n<p>Tallinna koolide<strong>\u00a0inglise keele ainev\u00f5istlusel saavutasid 5.-7. koha<\/strong>\u00a05.a klassi noormehed\u00a0<strong>Erik Vunn<\/strong>\u00a0ja\u00a0<strong>Kristjan Karu<\/strong>. (Juhendajateks \u00f5petajad Anneli Lonks ja Frank J\u00fcris.)<\/p>\n<\/li>\n<\/ul>\n<p>\u00a0<\/p>\n<ul>\n<li>\n<p>Tallinna kooli<strong>\u00a0t\u00f6\u00f6\u00f5petuse ainev\u00f5istlusel saavutasid 2.koha<\/strong>\u00a08.v klassi noormehed\u00a0<strong>Siim Kullam\u00e4e<\/strong>\u00a0ja\u00a0<strong>Kert Purde<\/strong>. (Juhendajaks \u00f5petaja Martin Vaht.)<\/p>\n<\/li>\n<\/ul>\n<p>\u00a0<\/p>\n<ul>\n<li>\n<p>Matemaatilises v\u00f5istlusm\u00e4ngus\u00a0<strong>Mathable 2.-3. klasside<\/strong>\u00a0arvestuses saavutati j\u00e4rgnevad tulemused:\u00a0<\/p>\n<p>2. koht Oliver Binder, 4. koht Kris Kaur.\u00a0K\u00f5ige suurema punktide arvuga k\u00e4ik &#8211; Laurel Peek.\u00a0<\/p>\n<\/li>\n<\/ul>\n<ul>4.-6. klasside arvestuses saavutati j\u00e4rgnevad tulemused:\u00a01. koht Kristofer Tammev\u00e4li, 3. koht Stella Maria Eljas , 4. koht Grethel Peek.\u00a0K\u00f5ige suurima punktide arvuga k\u00e4ik &#8211; Kristofer Tammev\u00e4li.<\/ul>\n<p><strong>\u00a0 \u00a07.-9. klasside<\/strong>\u00a0arvestuses saavutati j\u00e4rgnevad tulemused:\u00a02. koht Kaisa Palumets,\u00a04. koht Alex Hrustov.\u00a0<\/p>\n<p>(\u00d5pilaste juhendajaks on huvijuht Malle Koppel.)<\/p>\n<p>\u00a0<\/p>\n<ul>\n<li>\n<p><strong>Venekeelse SCRABBLE\u00b4i<\/strong>\u00a0v\u00f5istlusel Tallinna koolidele saavutas 8.-9. klasside arvestuses\u00a0<strong>3. koha\u00a0Anton Zaporo\u017eets<\/strong>.<\/p>\n<\/li>\n<\/ul>\n<p>\u00a0<\/p>\n<ul>\n<li>\n<p><strong>Joonas Jukk\u00a0<\/strong>\u00a0(6.A) saavutas \u00f5pilasv\u00f5istlusel\u00a0<strong>&#8220;Tallinna Noben\u00e4pp 2018&#8221;<\/strong>\u00a0kuni 14-aastaste vanuser\u00fchmas\u00a0<strong>I koha<\/strong>. V\u00f5istluse sisuks oli kiirkirjutamine klaviatuuril.<\/p>\n<\/li>\n<\/ul>\n<p>\u00a0<\/p>\n<ul>\n<li>\n<p>7.A klassi \u00f5pilane\u00a0<strong>Hugo Martin Liivaleht<\/strong>\u00a0saavutas Kimura shukokai karate\u00a0<strong>Euroopa meistriv\u00f5istlustel<\/strong>\u00a0oma vanuseklassis katas\u00a0<strong>3.koha<\/strong>\u00a0ja kumites\u00a0<strong>2. koha<\/strong>.\u00a0<\/p>\n<\/li>\n<\/ul>\n<p>\u00a0<\/p>\n<ul>\n<li>\n<p>9.A klassi \u00f5pilane\u00a0<strong>Nicole Sibolt<\/strong>\u00a0saavutas R\u00e4vala klubi\u00a0<strong>joonistus- ja maalikonkursil<\/strong>\u00a0&#8220;Minu Eesti, siin ja praegu&#8221; oma vanusegrupis\u00a0<strong>I koha<\/strong>.<\/p>\n<\/li>\n<\/ul>\n<p>\u00a0<\/p>\n<ul>\n<li>\n<p>S\u00fcdalinna Kooli\u00a0<strong>6.-7. klassi poisid<\/strong>\u00a0(Ken Sildaru, Hendrik Koort, Mathias Kontus ja Georg Press)\u00a0saavutasid Sportland\u00a0<strong>3&#215;3 \u00fcleriigilisel korvpalliturniiril<\/strong>\u00a0fantastilise\u00a0<strong>4. koha<\/strong>. Tasub mainida, et finaalturniiril osales 32 kooli (igast Eesti maakonnast kaks parimat kooli+Tallinna kaks parimat kooli).<\/p>\n<\/li>\n<\/ul>\n<p>\u00a0<\/p>\n<ul>\n<li>\n<p>Kesklinna koolide\u00a0<strong>rahvastepalli v\u00f5istlustel<\/strong>\u00a0saavutasid\u00a0<strong>4. klasside poisid II koha<\/strong>.<\/p>\n<\/li>\n<\/ul>\n<p>V\u00f5istkonda kuulusid: Mait Eenm\u00e4e, Robert Purge, Raimond Rungi, Jasper Karing, Kaarel Jakob Aava, Kermo Karu, Trister P\u00e4\u00e4r, Marten Pau, Kevin Daniel Kiirend, Dominic Talisainen, Joshua Kristjan Pacey).<\/p>\n<p>\u00a0<\/p>\n<ul>\n<li>\n<p>Kesklinna koolide\u00a0<strong>rahvastepalli v\u00f5istluste<\/strong>l saavutasid\u00a0<strong>4. klasside t\u00fcdrukud IV. koha.<\/strong><\/p>\n<\/li>\n<\/ul>\n<p>\u00a0<\/p>\n<ul>\n<li>\n<p><strong>Tallinna koolinoorte korvpalli meistriv\u00f5istlustel<\/strong>\u00a0saavutas Tallinna S\u00fcdalinna Kooli t\u00fcdrukute v\u00f5istkond v\u00e4ga tubli<strong>\u00a05. koha!<\/strong>\u00a0V\u00f5istkonda kuulusid: Karin K\u00f5iv, Anette-Laura T\u00f5ks, Maria Vasar, Kerli Rump ja Liisa K\u00f5iv. \u00d5nnitleme! T\u00e4name treener Janne Schasmini v\u00f5istkonna ettevalmistamise eest!<\/p>\n<\/li>\n<\/ul><\/div>\n\t\t\t\t<\/div>\n\t\t\t\t\t\t\t<div class=\"elementor-toggle-item\">\n\t\t\t\t\t<div id=\"elementor-tab-title-28010\" class=\"elementor-tab-title\" data-tab=\"10\" role=\"button\" aria-controls=\"elementor-tab-content-28010\" aria-expanded=\"false\">\n\t\t\t\t\t\t\t\t\t\t\t\t<span class=\"elementor-toggle-icon elementor-toggle-icon-left\" aria-hidden=\"true\">\n\t\t\t\t\t\t\t\t\t\t\t\t\t\t\t<span class=\"elementor-toggle-icon-closed\"><i class=\"fas fa-chevron-down\"><\/i><\/span>\n\t\t\t\t\t\t\t\t<span class=\"elementor-toggle-icon-opened\"><i class=\"elementor-toggle-icon-opened fas fa-angle-up\"><\/i><\/span>\n\t\t\t\t\t\t\t\t\t\t\t\t\t<\/span>\n\t\t\t\t\t\t\t\t\t\t\t\t<a class=\"elementor-toggle-title\" tabindex=\"0\">2016\/2017<\/a>\n\t\t\t\t\t<\/div>\n\n\t\t\t\t\t<div id=\"elementor-tab-content-28010\" class=\"elementor-tab-content elementor-clearfix\" data-tab=\"10\" role=\"region\" aria-labelledby=\"elementor-tab-title-28010\"><ul>\n<li>\n<p>2017 Hugo Martin Liivaleht<\/p>\n<\/li>\n<li>\n<p>2016 Tallinna tegus sporditegelane (Anton Zaporo\u017eets, 7.klass)<\/p>\n<\/li>\n<\/ul><\/div>\n\t\t\t\t<\/div>\n\t\t\t\t\t\t\t\t<\/div>\n\t\t\t\t\t\t<\/div>\n\t\t\t\t<\/div>\n\t\t\t\t<\/div>\n\t\t\t\t<\/div>\n\t\t<div class=\"elementor-element elementor-element-8b58bdc e-con-full e-flex e-con e-child\" data-id=\"8b58bdc\" data-element_type=\"container\" id=\"opetajatele\">\n\t\t<div class=\"elementor-element elementor-element-fba9b99 e-con-full e-flex e-con e-child\" data-id=\"fba9b99\" data-element_type=\"container\">\n\t\t\t\t<div class=\"elementor-element elementor-element-72a2d8d elementor-widget elementor-widget-heading\" data-id=\"72a2d8d\" data-element_type=\"widget\" data-widget_type=\"heading.default\">\n\t\t\t\t<div class=\"elementor-widget-container\">\n\t\t\t\t\t<h2 class=\"elementor-heading-title elementor-size-default\">Tunnustused \u00f5petajatele<\/h2>\t\t\t\t<\/div>\n\t\t\t\t<\/div>\n\t\t\t\t<div class=\"elementor-element elementor-element-8e5631f elementor-widget elementor-widget-toggle\" data-id=\"8e5631f\" data-element_type=\"widget\" data-widget_type=\"toggle.default\">\n\t\t\t\t<div class=\"elementor-widget-container\">\n\t\t\t\t\t\t\t<div class=\"elementor-toggle\">\n\t\t\t\t\t\t\t<div class=\"elementor-toggle-item\">\n\t\t\t\t\t<div id=\"elementor-tab-title-1491\" class=\"elementor-tab-title\" data-tab=\"1\" role=\"button\" aria-controls=\"elementor-tab-content-1491\" aria-expanded=\"false\">\n\t\t\t\t\t\t\t\t\t\t\t\t<span class=\"elementor-toggle-icon elementor-toggle-icon-left\" aria-hidden=\"true\">\n\t\t\t\t\t\t\t\t\t\t\t\t\t\t\t<span class=\"elementor-toggle-icon-closed\"><i class=\"fas fa-chevron-down\"><\/i><\/span>\n\t\t\t\t\t\t\t\t<span class=\"elementor-toggle-icon-opened\"><i class=\"elementor-toggle-icon-opened fas fa-angle-up\"><\/i><\/span>\n\t\t\t\t\t\t\t\t\t\t\t\t\t<\/span>\n\t\t\t\t\t\t\t\t\t\t\t\t<a class=\"elementor-toggle-title\" tabindex=\"0\">2024<\/a>\n\t\t\t\t\t<\/div>\n\n\t\t\t\t\t<div id=\"elementor-tab-content-1491\" class=\"elementor-tab-content elementor-clearfix\" data-tab=\"1\" role=\"region\" aria-labelledby=\"elementor-tab-title-1491\"><div>2024 Haridusameti digitaalse \u00f5ppevara loomise konkurss 2 preemiat (10.-12. klasside \u00f5ppematerjal; humanitaarainete \u00f5ppematerjal) &#8211; Kairit Johanson<\/div>\n<div>\u00a0<\/div>\n<div>2024\u00a0Eesti M\u00e4lu Instituudis l\u00e4hiajaloo-teemaliste \u00f5ppematerjalide konkursil \u00e4ram\u00e4rkimine\u00a0 &#8211; Kairit Johanson<\/div><\/div>\n\t\t\t\t<\/div>\n\t\t\t\t\t\t\t<div class=\"elementor-toggle-item\">\n\t\t\t\t\t<div id=\"elementor-tab-title-1492\" class=\"elementor-tab-title\" data-tab=\"2\" role=\"button\" aria-controls=\"elementor-tab-content-1492\" aria-expanded=\"false\">\n\t\t\t\t\t\t\t\t\t\t\t\t<span class=\"elementor-toggle-icon elementor-toggle-icon-left\" aria-hidden=\"true\">\n\t\t\t\t\t\t\t\t\t\t\t\t\t\t\t<span class=\"elementor-toggle-icon-closed\"><i class=\"fas fa-chevron-down\"><\/i><\/span>\n\t\t\t\t\t\t\t\t<span class=\"elementor-toggle-icon-opened\"><i class=\"elementor-toggle-icon-opened fas fa-angle-up\"><\/i><\/span>\n\t\t\t\t\t\t\t\t\t\t\t\t\t<\/span>\n\t\t\t\t\t\t\t\t\t\t\t\t<a class=\"elementor-toggle-title\" tabindex=\"0\">2022<\/a>\n\t\t\t\t\t<\/div>\n\n\t\t\t\t\t<div id=\"elementor-tab-content-1492\" class=\"elementor-tab-content elementor-clearfix\" data-tab=\"2\" role=\"region\" aria-labelledby=\"elementor-tab-title-1492\"><p>\u201cEestimaa \u00f5pib ja t\u00e4nab\u201d elut\u00f6\u00f6preemia kandidaat 2022 Anneli Kesksaar<\/p><\/div>\n\t\t\t\t<\/div>\n\t\t\t\t\t\t\t<div class=\"elementor-toggle-item\">\n\t\t\t\t\t<div id=\"elementor-tab-title-1493\" class=\"elementor-tab-title\" data-tab=\"3\" role=\"button\" aria-controls=\"elementor-tab-content-1493\" aria-expanded=\"false\">\n\t\t\t\t\t\t\t\t\t\t\t\t<span class=\"elementor-toggle-icon elementor-toggle-icon-left\" aria-hidden=\"true\">\n\t\t\t\t\t\t\t\t\t\t\t\t\t\t\t<span class=\"elementor-toggle-icon-closed\"><i class=\"fas fa-chevron-down\"><\/i><\/span>\n\t\t\t\t\t\t\t\t<span class=\"elementor-toggle-icon-opened\"><i class=\"elementor-toggle-icon-opened fas fa-angle-up\"><\/i><\/span>\n\t\t\t\t\t\t\t\t\t\t\t\t\t<\/span>\n\t\t\t\t\t\t\t\t\t\t\t\t<a class=\"elementor-toggle-title\" tabindex=\"0\">2021<\/a>\n\t\t\t\t\t<\/div>\n\n\t\t\t\t\t<div id=\"elementor-tab-content-1493\" class=\"elementor-tab-content elementor-clearfix\" data-tab=\"3\" role=\"region\" aria-labelledby=\"elementor-tab-title-1493\"><ul>\n<li><strong>\u201cEestimaa \u00f5pib ja t\u00e4nab\u201d aasta huviala\u00f5petaja finalist 2021 (Angelika Kadarik)<\/strong><\/li>\n<li><strong>\u201cEestimaa \u00f5pib ja t\u00e4nab\u201d elut\u00f6\u00f6preemia kandidaat 2021 (Malle Koppel)<\/strong><\/li>\n<li><strong>Tallinna aasta p\u00f5hikooli aine\u00f5petaja 2021 (Jelena Kozubnja)<\/strong><\/li>\n<li><strong>Tallinna aasta p\u00f5hikooli aine\u00f5petaja 2021 (Arvo Silm)<\/strong><\/li>\n<li><strong>Tallinna aasta klassijuhataja 2021 (Pille-Riin Talts)<\/strong><\/li>\n<li><strong>Tallinna aasta huviala\u00f5petaja 2021 (Angelika Kadarik)<\/strong><\/li>\n<li><strong>Tallinna spordis\u00f5bralikum \u00f5petaja 2021 (Kristi Laidvee)<\/strong><\/li>\n<\/ul><\/div>\n\t\t\t\t<\/div>\n\t\t\t\t\t\t\t<div class=\"elementor-toggle-item\">\n\t\t\t\t\t<div id=\"elementor-tab-title-1494\" class=\"elementor-tab-title\" data-tab=\"4\" role=\"button\" aria-controls=\"elementor-tab-content-1494\" aria-expanded=\"false\">\n\t\t\t\t\t\t\t\t\t\t\t\t<span class=\"elementor-toggle-icon elementor-toggle-icon-left\" aria-hidden=\"true\">\n\t\t\t\t\t\t\t\t\t\t\t\t\t\t\t<span class=\"elementor-toggle-icon-closed\"><i class=\"fas fa-chevron-down\"><\/i><\/span>\n\t\t\t\t\t\t\t\t<span class=\"elementor-toggle-icon-opened\"><i class=\"elementor-toggle-icon-opened fas fa-angle-up\"><\/i><\/span>\n\t\t\t\t\t\t\t\t\t\t\t\t\t<\/span>\n\t\t\t\t\t\t\t\t\t\t\t\t<a class=\"elementor-toggle-title\" tabindex=\"0\">2020<\/a>\n\t\t\t\t\t<\/div>\n\n\t\t\t\t\t<div id=\"elementor-tab-content-1494\" class=\"elementor-tab-content elementor-clearfix\" data-tab=\"4\" role=\"region\" aria-labelledby=\"elementor-tab-title-1494\"><ul>\n<li>Tallinna Haridusameti tunnustus &#8220;Oktoober 2020 kuu klassijuhataja kandidaat&#8221; (Mihkel Kurg)\u00a0<\/li>\n<li>Tallinna Haridusameti tunnustus &#8220;November 2020 kuu klassijuhataja kandidaat&#8221; (Piia Anemaa)\u00a0<\/li>\n<li><strong>Tallinna Haridusameti tunnustus &#8220;Tallinna detsember 2020 kuu klassijuhataja laureaat&#8221; (Kati Rand)\u00a0<\/strong><\/li>\n<li>Tallinna Haridusameti tunnustus &#8220;Jaanuar 2021\u00a0 kuu klassijuhataja kandidaat&#8221; (Signe Kivi)<\/li>\n<li>Tallinna Haridusameti tunnustus &#8220;Veebruar 2021\u00a0 kuu klassijuhataja kandidaat&#8221; (Lea K\u00fctt)\u00a0<\/li>\n<li>Tallinna Haridusameti tunnustus &#8220;M\u00e4rts 2021 kuu klassijuhataja kandidaat&#8221; (Kristi Laidvee)\u00a0<\/li>\n<li>Tallinna Haridusameti tunnustus &#8220;Mai 2021 kuu klassijuhataja kandidaat&#8221; (Marili Juhkam)\u00a0<\/li>\n<li>Tallinna Haridusameti tunnustus &#8220;Suvekuude 2021 klassijuhataja kandidaat&#8221; (Monika Ellakvere)\u00a0<\/li>\n<li><b>Aasta inimene 2020&#8243; Kesklinna linnaosas (Lea K\u00fctt ja Anneli Kesksaar)<\/b><\/li>\n<\/ul><\/div>\n\t\t\t\t<\/div>\n\t\t\t\t\t\t\t<div class=\"elementor-toggle-item\">\n\t\t\t\t\t<div id=\"elementor-tab-title-1495\" class=\"elementor-tab-title\" data-tab=\"5\" role=\"button\" aria-controls=\"elementor-tab-content-1495\" aria-expanded=\"false\">\n\t\t\t\t\t\t\t\t\t\t\t\t<span class=\"elementor-toggle-icon elementor-toggle-icon-left\" aria-hidden=\"true\">\n\t\t\t\t\t\t\t\t\t\t\t\t\t\t\t<span class=\"elementor-toggle-icon-closed\"><i class=\"fas fa-chevron-down\"><\/i><\/span>\n\t\t\t\t\t\t\t\t<span class=\"elementor-toggle-icon-opened\"><i class=\"elementor-toggle-icon-opened fas fa-angle-up\"><\/i><\/span>\n\t\t\t\t\t\t\t\t\t\t\t\t\t<\/span>\n\t\t\t\t\t\t\t\t\t\t\t\t<a class=\"elementor-toggle-title\" tabindex=\"0\">2019<\/a>\n\t\t\t\t\t<\/div>\n\n\t\t\t\t\t<div id=\"elementor-tab-content-1495\" class=\"elementor-tab-content elementor-clearfix\" data-tab=\"5\" role=\"region\" aria-labelledby=\"elementor-tab-title-1495\"><ul>\n<li><strong>&#8220;Noor \u00f5petaja 2019&#8221; Tallinna Haridusameti tunnustus (Veronika Taimla)<\/strong><\/li>\n<li>&#8220;Kuldne Kartul 2019: Panus valdkonda &#8211; PRIDE koolitused&#8221; Eesti Asenduskodu T\u00f6\u00f6tajate Liidu tunnustus (Kirsti M\u00e4gi)<\/li>\n<li>I koht konkursil\u00a0&#8220;Aktiivse \u00f5petaja m\u00e4rkmed&#8221;.\u00a0\u00a0V\u00f5istlust korraldas Vene keele \u00d5petajate Selts (V\u00d5S).\u00a0(Jelena Kozubnja)<\/li>\n<li><strong>Aasta inimene 2019&#8243;\u00a0 Kesklinna linnaosas (Angelika Kadarik)<\/strong><\/li>\n<\/ul><\/div>\n\t\t\t\t<\/div>\n\t\t\t\t\t\t\t<div class=\"elementor-toggle-item\">\n\t\t\t\t\t<div id=\"elementor-tab-title-1496\" class=\"elementor-tab-title\" data-tab=\"6\" role=\"button\" aria-controls=\"elementor-tab-content-1496\" aria-expanded=\"false\">\n\t\t\t\t\t\t\t\t\t\t\t\t<span class=\"elementor-toggle-icon elementor-toggle-icon-left\" aria-hidden=\"true\">\n\t\t\t\t\t\t\t\t\t\t\t\t\t\t\t<span class=\"elementor-toggle-icon-closed\"><i class=\"fas fa-chevron-down\"><\/i><\/span>\n\t\t\t\t\t\t\t\t<span class=\"elementor-toggle-icon-opened\"><i class=\"elementor-toggle-icon-opened fas fa-angle-up\"><\/i><\/span>\n\t\t\t\t\t\t\t\t\t\t\t\t\t<\/span>\n\t\t\t\t\t\t\t\t\t\t\t\t<a class=\"elementor-toggle-title\" tabindex=\"0\">2018<\/a>\n\t\t\t\t\t<\/div>\n\n\t\t\t\t\t<div id=\"elementor-tab-content-1496\" class=\"elementor-tab-content elementor-clearfix\" data-tab=\"6\" role=\"region\" aria-labelledby=\"elementor-tab-title-1496\"><ul>\n<li>Eesti Saksa Keele \u00d5petajate Seltsi\u00a0&#8220;Aasta tegu: nutiScrabble`i v\u00f5istluse korraldamine&#8221;\u00a0 2018 (Anneli Kesksaar)<\/li>\n<li>&#8220;Eesti Ajaloo- ja \u00dchiskonna\u00f5petajate Seltsi (EA\u00dcS-i) t\u00e4num\u00e4rk 5. kategoorias: t\u00e4nased aktiivsed panustajad ja homsed legendid&#8221; 2018 (Heli Hirs)<\/li>\n<li><strong>&#8220;Aasta inimene 2018&#8221;\u00a0 Kesklinna linnaosas (Kerttu M\u00f6lder)<\/strong><\/li>\n<\/ul><\/div>\n\t\t\t\t<\/div>\n\t\t\t\t\t\t\t<div class=\"elementor-toggle-item\">\n\t\t\t\t\t<div id=\"elementor-tab-title-1497\" class=\"elementor-tab-title\" data-tab=\"7\" role=\"button\" aria-controls=\"elementor-tab-content-1497\" aria-expanded=\"false\">\n\t\t\t\t\t\t\t\t\t\t\t\t<span class=\"elementor-toggle-icon elementor-toggle-icon-left\" aria-hidden=\"true\">\n\t\t\t\t\t\t\t\t\t\t\t\t\t\t\t<span class=\"elementor-toggle-icon-closed\"><i class=\"fas fa-chevron-down\"><\/i><\/span>\n\t\t\t\t\t\t\t\t<span class=\"elementor-toggle-icon-opened\"><i class=\"elementor-toggle-icon-opened fas fa-angle-up\"><\/i><\/span>\n\t\t\t\t\t\t\t\t\t\t\t\t\t<\/span>\n\t\t\t\t\t\t\t\t\t\t\t\t<a class=\"elementor-toggle-title\" tabindex=\"0\">2017<\/a>\n\t\t\t\t\t<\/div>\n\n\t\t\t\t\t<div id=\"elementor-tab-content-1497\" class=\"elementor-tab-content elementor-clearfix\" data-tab=\"7\" role=\"region\" aria-labelledby=\"elementor-tab-title-1497\"><ul>\n<li><strong>Tallinna aasta koolijuht 2017 (Veiko Rohunurm)<\/strong><\/li>\n<li><strong>\u201cEestimaa \u00f5pib ja t\u00e4nab\u201d aasta haridusjuhi nominent 2017 (Veiko Rohunurm)<\/strong><\/li>\n<li><strong>&#8220;Aasta inimene 2017&#8221;\u00a0 Kesklinna linnaosas (Riina Abner)<\/strong><\/li>\n<\/ul><\/div>\n\t\t\t\t<\/div>\n\t\t\t\t\t\t\t<div class=\"elementor-toggle-item\">\n\t\t\t\t\t<div id=\"elementor-tab-title-1498\" class=\"elementor-tab-title\" data-tab=\"8\" role=\"button\" aria-controls=\"elementor-tab-content-1498\" aria-expanded=\"false\">\n\t\t\t\t\t\t\t\t\t\t\t\t<span class=\"elementor-toggle-icon elementor-toggle-icon-left\" aria-hidden=\"true\">\n\t\t\t\t\t\t\t\t\t\t\t\t\t\t\t<span class=\"elementor-toggle-icon-closed\"><i class=\"fas fa-chevron-down\"><\/i><\/span>\n\t\t\t\t\t\t\t\t<span class=\"elementor-toggle-icon-opened\"><i class=\"elementor-toggle-icon-opened fas fa-angle-up\"><\/i><\/span>\n\t\t\t\t\t\t\t\t\t\t\t\t\t<\/span>\n\t\t\t\t\t\t\t\t\t\t\t\t<a class=\"elementor-toggle-title\" tabindex=\"0\">2016<\/a>\n\t\t\t\t\t<\/div>\n\n\t\t\t\t\t<div id=\"elementor-tab-content-1498\" class=\"elementor-tab-content elementor-clearfix\" data-tab=\"8\" role=\"region\" aria-labelledby=\"elementor-tab-title-1498\"><ul>\n<li><strong>Tallinna aasta p\u00f5hikooli aine\u00f5petaja 2016 (Edith Asveit)<\/strong><\/li>\n<\/ul><\/div>\n\t\t\t\t<\/div>\n\t\t\t\t\t\t\t<div class=\"elementor-toggle-item\">\n\t\t\t\t\t<div id=\"elementor-tab-title-1499\" class=\"elementor-tab-title\" data-tab=\"9\" role=\"button\" aria-controls=\"elementor-tab-content-1499\" aria-expanded=\"false\">\n\t\t\t\t\t\t\t\t\t\t\t\t<span class=\"elementor-toggle-icon elementor-toggle-icon-left\" aria-hidden=\"true\">\n\t\t\t\t\t\t\t\t\t\t\t\t\t\t\t<span class=\"elementor-toggle-icon-closed\"><i class=\"fas fa-chevron-down\"><\/i><\/span>\n\t\t\t\t\t\t\t\t<span class=\"elementor-toggle-icon-opened\"><i class=\"elementor-toggle-icon-opened fas fa-angle-up\"><\/i><\/span>\n\t\t\t\t\t\t\t\t\t\t\t\t\t<\/span>\n\t\t\t\t\t\t\t\t\t\t\t\t<a class=\"elementor-toggle-title\" tabindex=\"0\">2015<\/a>\n\t\t\t\t\t<\/div>\n\n\t\t\t\t\t<div id=\"elementor-tab-content-1499\" class=\"elementor-tab-content elementor-clearfix\" data-tab=\"9\" role=\"region\" aria-labelledby=\"elementor-tab-title-1499\"><ul>\n<li><strong>Tallinna aasta klassijuhataja 2015 (Riina Abner)<\/strong><\/li>\n<\/ul><\/div>\n\t\t\t\t<\/div>\n\t\t\t\t\t\t\t<div class=\"elementor-toggle-item\">\n\t\t\t\t\t<div id=\"elementor-tab-title-14910\" class=\"elementor-tab-title\" data-tab=\"10\" role=\"button\" aria-controls=\"elementor-tab-content-14910\" aria-expanded=\"false\">\n\t\t\t\t\t\t\t\t\t\t\t\t<span class=\"elementor-toggle-icon elementor-toggle-icon-left\" aria-hidden=\"true\">\n\t\t\t\t\t\t\t\t\t\t\t\t\t\t\t<span class=\"elementor-toggle-icon-closed\"><i class=\"fas fa-chevron-down\"><\/i><\/span>\n\t\t\t\t\t\t\t\t<span class=\"elementor-toggle-icon-opened\"><i class=\"elementor-toggle-icon-opened fas fa-angle-up\"><\/i><\/span>\n\t\t\t\t\t\t\t\t\t\t\t\t\t<\/span>\n\t\t\t\t\t\t\t\t\t\t\t\t<a class=\"elementor-toggle-title\" tabindex=\"0\">2014<\/a>\n\t\t\t\t\t<\/div>\n\n\t\t\t\t\t<div id=\"elementor-tab-content-14910\" class=\"elementor-tab-content elementor-clearfix\" data-tab=\"10\" role=\"region\" aria-labelledby=\"elementor-tab-title-14910\"><ul>\n<li><strong>Tallinna aasta p\u00f5hikooli\u00f5petaja 2014 (Anneli Kesksaar)<\/strong><\/li>\n<li><strong>Kesklinna huvijuht 2014 (Malle Koppel)<\/strong><\/li>\n<\/ul><\/div>\n\t\t\t\t<\/div>\n\t\t\t\t\t\t\t\t<\/div>\n\t\t\t\t\t\t<\/div>\n\t\t\t\t<\/div>\n\t\t\t\t<\/div>\n\t\t\t\t<\/div>\n\t\t\t\t<\/div>\n\t\t\t\t\t<\/div>\n\t\t\t\t<\/div>\n\t\t\t\t<\/div>","protected":false},"excerpt":{"rendered":"<p>Koolile 2025 &#8211; Tallinna S\u00fcdalinna kooli \u00f5pilasesindus nomineeriti &#8220;Suured teod&#8221; noorsoot\u00f6\u00f6 konkursile, mis sellel aastal toimus kahek\u00fcmnendat korda. \u00d5pilasesindus sai kategoorias &#8220;Aasta noorte\u00fchendus 2024&#8221; \u00e4ra m\u00e4rgitud. Juhendajad: Kairit Johanson, Kristi Tagam \u00a0 &#8211; Oktoobris 2025 andis Stockholmi Keskkonnainstituudi Tallinna keskus S\u00fcdalinna Kooli \u00fcle rahvusvahelise koolitoiduprojekti #SchoolFood4Change\u00a0kuldtaseme tunnistuse. Kuldtaseme on Eestis hetkel saavutanud ainult 2 kooli.\u00a0&#8230;<\/p>","protected":false},"author":1,"featured_media":0,"parent":686,"menu_order":11,"comment_status":"closed","ping_status":"closed","template":"elementor_header_footer","meta":{"_kad_post_transparent":"","_kad_post_title":"","_kad_post_layout":"","_kad_post_sidebar_id":"","_kad_post_content_style":"","_kad_post_vertical_padding":"","_kad_post_feature":"","_kad_post_feature_position":"","_kad_post_header":false,"_kad_post_footer":false,"_kad_post_classname":"","footnotes":""},"class_list":["post-2175","page","type-page","status-publish","hentry"],"yoast_head":"<!-- This site is optimized with the Yoast SEO Premium plugin v20.11 (Yoast SEO v26.6) - https:\/\/yoast.com\/wordpress\/plugins\/seo\/ -->\n<title>Tunnustused - Tallinna S\u00fcdalinna kool<\/title>\n<meta name=\"robots\" content=\"index, follow, max-snippet:-1, max-image-preview:large, max-video-preview:-1\" \/>\n<link rel=\"canonical\" href=\"https:\/\/sydalinna.edu.ee\/eng\/koolist\/tunnustused\/\" \/>\n<meta property=\"og:locale\" content=\"en_US\" \/>\n<meta property=\"og:type\" content=\"article\" \/>\n<meta property=\"og:title\" content=\"Tunnustused\" \/>\n<meta property=\"og:description\" content=\"Koolile 2025 &#8211; Tallinna S\u00fcdalinna kooli \u00f5pilasesindus nomineeriti &#8220;Suured teod&#8221; noorsoot\u00f6\u00f6 konkursile, mis sellel aastal toimus kahek\u00fcmnendat korda. \u00d5pilasesindus sai kategoorias &#8220;Aasta noorte\u00fchendus 2024&#8221; \u00e4ra m\u00e4rgitud. Juhendajad: Kairit Johanson, Kristi Tagam \u00a0 &#8211; Oktoobris 2025 andis Stockholmi Keskkonnainstituudi Tallinna keskus S\u00fcdalinna Kooli \u00fcle rahvusvahelise koolitoiduprojekti #SchoolFood4Change\u00a0kuldtaseme tunnistuse. Kuldtaseme on Eestis hetkel saavutanud ainult 2 kooli.\u00a0...\" \/>\n<meta property=\"og:url\" content=\"https:\/\/sydalinna.edu.ee\/eng\/koolist\/tunnustused\/\" \/>\n<meta property=\"og:site_name\" content=\"Tallinna S\u00fcdalinna kool\" \/>\n<meta property=\"article:modified_time\" content=\"2026-04-09T10:43:01+00:00\" \/>\n<meta property=\"og:image\" content=\"https:\/\/sydalinna.edu.ee\/wp-content\/uploads\/2022\/09\/302182643_438776208216538_4379960120642300636_n-rotated.jpg\" \/>\n\t<meta property=\"og:image:width\" content=\"2000\" \/>\n\t<meta property=\"og:image:height\" content=\"1488\" \/>\n\t<meta property=\"og:image:type\" content=\"image\/jpeg\" \/>\n<meta name=\"twitter:card\" content=\"summary_large_image\" \/>\n<meta name=\"twitter:label1\" content=\"Est. reading time\" \/>\n\t<meta name=\"twitter:data1\" content=\"36 minutes\" \/>\n<script type=\"application\/ld+json\" class=\"yoast-schema-graph\">{\"@context\":\"https:\/\/schema.org\",\"@graph\":[{\"@type\":\"WebPage\",\"@id\":\"https:\/\/sydalinna.edu.ee\/koolist\/tunnustused\/\",\"url\":\"https:\/\/sydalinna.edu.ee\/koolist\/tunnustused\/\",\"name\":\"Tunnustused - Tallinna S\u00fcdalinna kool\",\"isPartOf\":{\"@id\":\"https:\/\/sydalinna.edu.ee\/#website\"},\"primaryImageOfPage\":{\"@id\":\"https:\/\/sydalinna.edu.ee\/koolist\/tunnustused\/#primaryimage\"},\"image\":{\"@id\":\"https:\/\/sydalinna.edu.ee\/koolist\/tunnustused\/#primaryimage\"},\"thumbnailUrl\":\"https:\/\/sydalinna.edu.ee\/wp-content\/uploads\/2022\/09\/302182643_438776208216538_4379960120642300636_n-300x223.jpg\",\"datePublished\":\"2022-02-02T22:51:38+00:00\",\"dateModified\":\"2026-04-09T10:43:01+00:00\",\"breadcrumb\":{\"@id\":\"https:\/\/sydalinna.edu.ee\/koolist\/tunnustused\/#breadcrumb\"},\"inLanguage\":\"en-US\",\"potentialAction\":[{\"@type\":\"ReadAction\",\"target\":[\"https:\/\/sydalinna.edu.ee\/koolist\/tunnustused\/\"]}]},{\"@type\":\"ImageObject\",\"inLanguage\":\"en-US\",\"@id\":\"https:\/\/sydalinna.edu.ee\/koolist\/tunnustused\/#primaryimage\",\"url\":\"https:\/\/sydalinna.edu.ee\/wp-content\/uploads\/2022\/09\/302182643_438776208216538_4379960120642300636_n-300x223.jpg\",\"contentUrl\":\"https:\/\/sydalinna.edu.ee\/wp-content\/uploads\/2022\/09\/302182643_438776208216538_4379960120642300636_n-300x223.jpg\"},{\"@type\":\"BreadcrumbList\",\"@id\":\"https:\/\/sydalinna.edu.ee\/koolist\/tunnustused\/#breadcrumb\",\"itemListElement\":[{\"@type\":\"ListItem\",\"position\":1,\"name\":\"Avaleht\",\"item\":\"https:\/\/sydalinna.edu.ee\/\"},{\"@type\":\"ListItem\",\"position\":2,\"name\":\"Koolist\",\"item\":\"https:\/\/sydalinna.edu.ee\/koolist\/\"},{\"@type\":\"ListItem\",\"position\":3,\"name\":\"Tunnustused\"}]},{\"@type\":\"WebSite\",\"@id\":\"https:\/\/sydalinna.edu.ee\/#website\",\"url\":\"https:\/\/sydalinna.edu.ee\/\",\"name\":\"Tallinna S\u00fcdalinna kool\",\"description\":\"Kodune kool kesklinna s\u00fcdames.\",\"publisher\":{\"@id\":\"https:\/\/sydalinna.edu.ee\/#organization\"},\"potentialAction\":[{\"@type\":\"SearchAction\",\"target\":{\"@type\":\"EntryPoint\",\"urlTemplate\":\"https:\/\/sydalinna.edu.ee\/?s={search_term_string}\"},\"query-input\":{\"@type\":\"PropertyValueSpecification\",\"valueRequired\":true,\"valueName\":\"search_term_string\"}}],\"inLanguage\":\"en-US\"},{\"@type\":\"Organization\",\"@id\":\"https:\/\/sydalinna.edu.ee\/#organization\",\"name\":\"Tallinna S\u00fcdalinna kool\",\"url\":\"https:\/\/sydalinna.edu.ee\/\",\"logo\":{\"@type\":\"ImageObject\",\"inLanguage\":\"en-US\",\"@id\":\"https:\/\/sydalinna.edu.ee\/#\/schema\/logo\/image\/\",\"url\":\"https:\/\/sydalinna.edu.ee\/wp-content\/uploads\/2021\/12\/g1.svg\",\"contentUrl\":\"https:\/\/sydalinna.edu.ee\/wp-content\/uploads\/2021\/12\/g1.svg\",\"width\":185,\"height\":45,\"caption\":\"Tallinna S\u00fcdalinna kool\"},\"image\":{\"@id\":\"https:\/\/sydalinna.edu.ee\/#\/schema\/logo\/image\/\"}}]}<\/script>\n<!-- \/ Yoast SEO Premium plugin. -->","yoast_head_json":{"title":"Tunnustused - Tallinna S\u00fcdalinna kool","robots":{"index":"index","follow":"follow","max-snippet":"max-snippet:-1","max-image-preview":"max-image-preview:large","max-video-preview":"max-video-preview:-1"},"canonical":"https:\/\/sydalinna.edu.ee\/eng\/koolist\/tunnustused\/","og_locale":"en_US","og_type":"article","og_title":"Tunnustused","og_description":"Koolile 2025 &#8211; Tallinna S\u00fcdalinna kooli \u00f5pilasesindus nomineeriti &#8220;Suured teod&#8221; noorsoot\u00f6\u00f6 konkursile, mis sellel aastal toimus kahek\u00fcmnendat korda. \u00d5pilasesindus sai kategoorias &#8220;Aasta noorte\u00fchendus 2024&#8221; \u00e4ra m\u00e4rgitud. Juhendajad: Kairit Johanson, Kristi Tagam \u00a0 &#8211; Oktoobris 2025 andis Stockholmi Keskkonnainstituudi Tallinna keskus S\u00fcdalinna Kooli \u00fcle rahvusvahelise koolitoiduprojekti #SchoolFood4Change\u00a0kuldtaseme tunnistuse. Kuldtaseme on Eestis hetkel saavutanud ainult 2 kooli.\u00a0...","og_url":"https:\/\/sydalinna.edu.ee\/eng\/koolist\/tunnustused\/","og_site_name":"Tallinna S\u00fcdalinna kool","article_modified_time":"2026-04-09T10:43:01+00:00","og_image":[{"width":2000,"height":1488,"url":"https:\/\/sydalinna.edu.ee\/wp-content\/uploads\/2022\/09\/302182643_438776208216538_4379960120642300636_n-rotated.jpg","type":"image\/jpeg"}],"twitter_card":"summary_large_image","twitter_misc":{"Est. reading time":"36 minutes"},"schema":{"@context":"https:\/\/schema.org","@graph":[{"@type":"WebPage","@id":"https:\/\/sydalinna.edu.ee\/koolist\/tunnustused\/","url":"https:\/\/sydalinna.edu.ee\/koolist\/tunnustused\/","name":"Tunnustused - Tallinna S\u00fcdalinna kool","isPartOf":{"@id":"https:\/\/sydalinna.edu.ee\/#website"},"primaryImageOfPage":{"@id":"https:\/\/sydalinna.edu.ee\/koolist\/tunnustused\/#primaryimage"},"image":{"@id":"https:\/\/sydalinna.edu.ee\/koolist\/tunnustused\/#primaryimage"},"thumbnailUrl":"https:\/\/sydalinna.edu.ee\/wp-content\/uploads\/2022\/09\/302182643_438776208216538_4379960120642300636_n-300x223.jpg","datePublished":"2022-02-02T22:51:38+00:00","dateModified":"2026-04-09T10:43:01+00:00","breadcrumb":{"@id":"https:\/\/sydalinna.edu.ee\/koolist\/tunnustused\/#breadcrumb"},"inLanguage":"en-US","potentialAction":[{"@type":"ReadAction","target":["https:\/\/sydalinna.edu.ee\/koolist\/tunnustused\/"]}]},{"@type":"ImageObject","inLanguage":"en-US","@id":"https:\/\/sydalinna.edu.ee\/koolist\/tunnustused\/#primaryimage","url":"https:\/\/sydalinna.edu.ee\/wp-content\/uploads\/2022\/09\/302182643_438776208216538_4379960120642300636_n-300x223.jpg","contentUrl":"https:\/\/sydalinna.edu.ee\/wp-content\/uploads\/2022\/09\/302182643_438776208216538_4379960120642300636_n-300x223.jpg"},{"@type":"BreadcrumbList","@id":"https:\/\/sydalinna.edu.ee\/koolist\/tunnustused\/#breadcrumb","itemListElement":[{"@type":"ListItem","position":1,"name":"Avaleht","item":"https:\/\/sydalinna.edu.ee\/"},{"@type":"ListItem","position":2,"name":"Koolist","item":"https:\/\/sydalinna.edu.ee\/koolist\/"},{"@type":"ListItem","position":3,"name":"Tunnustused"}]},{"@type":"WebSite","@id":"https:\/\/sydalinna.edu.ee\/#website","url":"https:\/\/sydalinna.edu.ee\/","name":"Tallinna S\u00fcdalinna kool","description":"Kodune kool kesklinna s\u00fcdames.","publisher":{"@id":"https:\/\/sydalinna.edu.ee\/#organization"},"potentialAction":[{"@type":"SearchAction","target":{"@type":"EntryPoint","urlTemplate":"https:\/\/sydalinna.edu.ee\/?s={search_term_string}"},"query-input":{"@type":"PropertyValueSpecification","valueRequired":true,"valueName":"search_term_string"}}],"inLanguage":"en-US"},{"@type":"Organization","@id":"https:\/\/sydalinna.edu.ee\/#organization","name":"Tallinna S\u00fcdalinna kool","url":"https:\/\/sydalinna.edu.ee\/","logo":{"@type":"ImageObject","inLanguage":"en-US","@id":"https:\/\/sydalinna.edu.ee\/#\/schema\/logo\/image\/","url":"https:\/\/sydalinna.edu.ee\/wp-content\/uploads\/2021\/12\/g1.svg","contentUrl":"https:\/\/sydalinna.edu.ee\/wp-content\/uploads\/2021\/12\/g1.svg","width":185,"height":45,"caption":"Tallinna S\u00fcdalinna kool"},"image":{"@id":"https:\/\/sydalinna.edu.ee\/#\/schema\/logo\/image\/"}}]}},"_links":{"self":[{"href":"https:\/\/sydalinna.edu.ee\/eng\/wp-json\/wp\/v2\/pages\/2175","targetHints":{"allow":["GET"]}}],"collection":[{"href":"https:\/\/sydalinna.edu.ee\/eng\/wp-json\/wp\/v2\/pages"}],"about":[{"href":"https:\/\/sydalinna.edu.ee\/eng\/wp-json\/wp\/v2\/types\/page"}],"author":[{"embeddable":true,"href":"https:\/\/sydalinna.edu.ee\/eng\/wp-json\/wp\/v2\/users\/1"}],"replies":[{"embeddable":true,"href":"https:\/\/sydalinna.edu.ee\/eng\/wp-json\/wp\/v2\/comments?post=2175"}],"version-history":[{"count":198,"href":"https:\/\/sydalinna.edu.ee\/eng\/wp-json\/wp\/v2\/pages\/2175\/revisions"}],"predecessor-version":[{"id":10981,"href":"https:\/\/sydalinna.edu.ee\/eng\/wp-json\/wp\/v2\/pages\/2175\/revisions\/10981"}],"up":[{"embeddable":true,"href":"https:\/\/sydalinna.edu.ee\/eng\/wp-json\/wp\/v2\/pages\/686"}],"wp:attachment":[{"href":"https:\/\/sydalinna.edu.ee\/eng\/wp-json\/wp\/v2\/media?parent=2175"}],"curies":[{"name":"wp","href":"https:\/\/api.w.org\/{rel}","templated":true}]}}