{"id":1989,"date":"2022-02-01T11:59:47","date_gmt":"2022-02-01T11:59:47","guid":{"rendered":"https:\/\/sydalinna-edu-ee.vserver.zonevs.eu\/?page_id=1989"},"modified":"2026-03-17T15:36:54","modified_gmt":"2026-03-17T13:36:54","slug":"vastuvott","status":"publish","type":"page","link":"https:\/\/sydalinna.edu.ee\/eng\/koolist\/vastuvott\/","title":{"rendered":"Vastuv\u00f5tt"},"content":{"rendered":"<div data-elementor-type=\"wp-page\" data-elementor-id=\"1989\" class=\"elementor elementor-1989\" data-elementor-post-type=\"page\">\n\t\t\t\t<div class=\"elementor-element elementor-element-b39fa7b e-con-full e-flex e-con e-parent\" data-id=\"b39fa7b\" data-element_type=\"container\">\n\t\t\t\t<div class=\"elementor-element elementor-element-be8d8ee elementor-widget elementor-widget-shortcode\" data-id=\"be8d8ee\" data-element_type=\"widget\" data-widget_type=\"shortcode.default\">\n\t\t\t\t<div class=\"elementor-widget-container\">\n\t\t\t\t\t\t\t<div class=\"elementor-shortcode\">\t\t<div data-elementor-type=\"container\" data-elementor-id=\"9256\" class=\"elementor elementor-9256\" data-elementor-post-type=\"elementor_library\">\n\t\t\t\t<div class=\"elementor-element elementor-element-6cad0ddc e-flex e-con-boxed e-con e-parent\" data-id=\"6cad0ddc\" data-element_type=\"container\" data-settings=\"{&quot;background_background&quot;:&quot;classic&quot;}\">\n\t\t\t\t\t<div class=\"e-con-inner\">\n\t\t<div class=\"elementor-element elementor-element-4386521 e-con-full e-flex e-con e-child\" data-id=\"4386521\" data-element_type=\"container\">\n\t\t\t\t<div class=\"elementor-element elementor-element-3e8a822 elementor-widget elementor-widget-breadcrumbs\" data-id=\"3e8a822\" data-element_type=\"widget\" data-widget_type=\"breadcrumbs.default\">\n\t\t\t\t<div class=\"elementor-widget-container\">\n\t\t\t\t\t<p id=\"breadcrumbs\"><span><span><a href=\"https:\/\/sydalinna.edu.ee\/eng\/\">Avaleht<\/a><\/span><\/span><\/p>\t\t\t\t<\/div>\n\t\t\t\t<\/div>\n\t\t\t\t<\/div>\n\t\t\t\t\t<\/div>\n\t\t\t\t<\/div>\n\t\t\t\t<\/div>\n\t\t<\/div>\n\t\t\t\t\t\t<\/div>\n\t\t\t\t<\/div>\n\t\t\t\t<\/div>\n\t\t<div class=\"elementor-element elementor-element-a2cc2f7 e-flex e-con-boxed e-con e-parent\" data-id=\"a2cc2f7\" data-element_type=\"container\">\n\t\t\t\t\t<div class=\"e-con-inner\">\n\t\t<div class=\"elementor-element elementor-element-e26681b e-con-full e-flex e-con e-child\" data-id=\"e26681b\" data-element_type=\"container\">\n\t\t\t\t<div class=\"elementor-element elementor-element-52e0389 elementor-nav-menu--dropdown-none elementor-hidden-mobile elementor-widget elementor-widget-nav-menu\" data-id=\"52e0389\" data-element_type=\"widget\" data-settings=\"{&quot;layout&quot;:&quot;vertical&quot;,&quot;sticky&quot;:&quot;top&quot;,&quot;sticky_on&quot;:[&quot;desktop&quot;,&quot;tablet&quot;],&quot;sticky_offset&quot;:100,&quot;sticky_effects_offset&quot;:100,&quot;sticky_parent&quot;:&quot;yes&quot;,&quot;submenu_icon&quot;:{&quot;value&quot;:&quot;&lt;i class=\\&quot;fas fa-caret-down\\&quot; aria-hidden=\\&quot;true\\&quot;&gt;&lt;\\\/i&gt;&quot;,&quot;library&quot;:&quot;fa-solid&quot;},&quot;sticky_anchor_link_offset&quot;:0}\" data-widget_type=\"nav-menu.default\">\n\t\t\t\t<div class=\"elementor-widget-container\">\n\t\t\t\t\t\t\t\t<nav aria-label=\"Menu\" class=\"elementor-nav-menu--main elementor-nav-menu__container elementor-nav-menu--layout-vertical e--pointer-text e--animation-none\">\n\t\t\t\t<ul id=\"menu-1-52e0389\" class=\"elementor-nav-menu sm-vertical\"><li class=\"menu-item menu-item-type-custom menu-item-object-custom menu-item-1996\"><a href=\"https:\/\/sydalinna.edu.ee\/eng\/koolist\/vastuvott\/#tutvumine\" class=\"elementor-item elementor-item-anchor\">Kooliga tutvumine<\/a><\/li>\n<li class=\"menu-item menu-item-type-custom menu-item-object-custom menu-item-1997\"><a href=\"https:\/\/sydalinna.edu.ee\/eng\/koolist\/vastuvott\/#eelkool\" class=\"elementor-item elementor-item-anchor\">Eelkooli vastuv\u00f5tt<\/a><\/li>\n<li class=\"menu-item menu-item-type-custom menu-item-object-custom menu-item-2021\"><a href=\"https:\/\/sydalinna.edu.ee\/eng\/koolist\/vastuvott\/#1klass\" class=\"elementor-item elementor-item-anchor\">1. klassi vastuv\u00f5tt<\/a><\/li>\n<li class=\"menu-item menu-item-type-custom menu-item-object-custom menu-item-2022\"><a href=\"https:\/\/sydalinna.edu.ee\/eng\/koolist\/vastuvott\/#2klass\" class=\"elementor-item elementor-item-anchor\">2.-9. klassi vastuv\u00f5tt<\/a><\/li>\n<\/ul>\t\t\t<\/nav>\n\t\t\t\t\t\t<nav class=\"elementor-nav-menu--dropdown elementor-nav-menu__container\" aria-hidden=\"true\">\n\t\t\t\t<ul id=\"menu-2-52e0389\" class=\"elementor-nav-menu sm-vertical\"><li class=\"menu-item menu-item-type-custom menu-item-object-custom menu-item-1996\"><a href=\"https:\/\/sydalinna.edu.ee\/eng\/koolist\/vastuvott\/#tutvumine\" class=\"elementor-item elementor-item-anchor\" tabindex=\"-1\">Kooliga tutvumine<\/a><\/li>\n<li class=\"menu-item menu-item-type-custom menu-item-object-custom menu-item-1997\"><a href=\"https:\/\/sydalinna.edu.ee\/eng\/koolist\/vastuvott\/#eelkool\" class=\"elementor-item elementor-item-anchor\" tabindex=\"-1\">Eelkooli vastuv\u00f5tt<\/a><\/li>\n<li class=\"menu-item menu-item-type-custom menu-item-object-custom menu-item-2021\"><a href=\"https:\/\/sydalinna.edu.ee\/eng\/koolist\/vastuvott\/#1klass\" class=\"elementor-item elementor-item-anchor\" tabindex=\"-1\">1. klassi vastuv\u00f5tt<\/a><\/li>\n<li class=\"menu-item menu-item-type-custom menu-item-object-custom menu-item-2022\"><a href=\"https:\/\/sydalinna.edu.ee\/eng\/koolist\/vastuvott\/#2klass\" class=\"elementor-item elementor-item-anchor\" tabindex=\"-1\">2.-9. klassi vastuv\u00f5tt<\/a><\/li>\n<\/ul>\t\t\t<\/nav>\n\t\t\t\t\t\t<\/div>\n\t\t\t\t<\/div>\n\t\t\t\t<\/div>\n\t\t<div class=\"elementor-element elementor-element-24883a2 e-con-full e-flex e-con e-child\" data-id=\"24883a2\" data-element_type=\"container\" data-settings=\"{&quot;background_background&quot;:&quot;classic&quot;}\">\n\t\t<div class=\"elementor-element elementor-element-6e6dbfc e-con-full e-flex e-con e-child\" data-id=\"6e6dbfc\" data-element_type=\"container\" id=\"tutvumine\">\n\t\t<div class=\"elementor-element elementor-element-4fc56c0 e-con-full e-flex e-con e-child\" data-id=\"4fc56c0\" data-element_type=\"container\">\n\t\t\t\t<div class=\"elementor-element elementor-element-536a7d9 elementor-widget elementor-widget-heading\" data-id=\"536a7d9\" data-element_type=\"widget\" data-widget_type=\"heading.default\">\n\t\t\t\t<div class=\"elementor-widget-container\">\n\t\t\t\t\t<h2 class=\"elementor-heading-title elementor-size-default\">Kooliga tutvumine<\/h2>\t\t\t\t<\/div>\n\t\t\t\t<\/div>\n\t\t\t\t<div class=\"elementor-element elementor-element-03e409e elementor-widget elementor-widget-text-editor\" data-id=\"03e409e\" data-element_type=\"widget\" data-widget_type=\"text-editor.default\">\n\t\t\t\t<div class=\"elementor-widget-container\">\n\t\t\t\t\t\t\t\t\t<p>Infot uuendatakse jooksvalt.<\/p><p>Muul ajal kooliga tutvumiseks palume saata e-kiri\u00a0<a href=\"mailto:kerttu.molder-jevdokimov@sydalinna.edu.ee\">kerttu.molder-jevdokimov@sydalinna.edu.ee<\/a>\u00a0(1.-3. klassi \u00f5ppealajuhataja) v\u00f5i\u00a0<a href=\"mailto:oppealajuhataja@sydalinna.edu.ee\">oppealajuhataja@sydalinna.edu.ee<\/a>\u00a0(4.-9. klassi \u00f5ppealajuhataja).<\/p>\t\t\t\t\t\t\t\t<\/div>\n\t\t\t\t<\/div>\n\t\t\t\t<\/div>\n\t\t\t\t<\/div>\n\t\t<div class=\"elementor-element elementor-element-209f840 e-con-full e-flex e-con e-child\" data-id=\"209f840\" data-element_type=\"container\" id=\"eelkool\">\n\t\t<div class=\"elementor-element elementor-element-943c0ff e-con-full e-flex e-con e-child\" data-id=\"943c0ff\" data-element_type=\"container\">\n\t\t\t\t<div class=\"elementor-element elementor-element-2dc469b elementor-widget elementor-widget-heading\" data-id=\"2dc469b\" data-element_type=\"widget\" data-widget_type=\"heading.default\">\n\t\t\t\t<div class=\"elementor-widget-container\">\n\t\t\t\t\t<h2 class=\"elementor-heading-title elementor-size-default\">Eelkooli vastuv\u00f5tt<\/h2>\t\t\t\t<\/div>\n\t\t\t\t<\/div>\n\t\t\t\t<div class=\"elementor-element elementor-element-2bf1673 elementor-widget elementor-widget-toggle\" data-id=\"2bf1673\" data-element_type=\"widget\" data-widget_type=\"toggle.default\">\n\t\t\t\t<div class=\"elementor-widget-container\">\n\t\t\t\t\t\t\t<div class=\"elementor-toggle\">\n\t\t\t\t\t\t\t<div class=\"elementor-toggle-item\">\n\t\t\t\t\t<div id=\"elementor-tab-title-4601\" class=\"elementor-tab-title\" data-tab=\"1\" role=\"button\" aria-controls=\"elementor-tab-content-4601\" aria-expanded=\"false\">\n\t\t\t\t\t\t\t\t\t\t\t\t<span class=\"elementor-toggle-icon elementor-toggle-icon-left\" aria-hidden=\"true\">\n\t\t\t\t\t\t\t\t\t\t\t\t\t\t\t<span class=\"elementor-toggle-icon-closed\"><i class=\"fas fa-chevron-down\"><\/i><\/span>\n\t\t\t\t\t\t\t\t<span class=\"elementor-toggle-icon-opened\"><i class=\"elementor-toggle-icon-opened fas fa-angle-up\"><\/i><\/span>\n\t\t\t\t\t\t\t\t\t\t\t\t\t<\/span>\n\t\t\t\t\t\t\t\t\t\t\t\t<a class=\"elementor-toggle-title\" tabindex=\"0\">Registreerimine<\/a>\n\t\t\t\t\t<\/div>\n\n\t\t\t\t\t<div id=\"elementor-tab-content-4601\" class=\"elementor-tab-content elementor-clearfix\" data-tab=\"1\" role=\"region\" aria-labelledby=\"elementor-tab-title-4601\"><p>Eelkooli registreerimine algab septembris 2025.<\/p><\/div>\n\t\t\t\t<\/div>\n\t\t\t\t\t\t\t<div class=\"elementor-toggle-item\">\n\t\t\t\t\t<div id=\"elementor-tab-title-4602\" class=\"elementor-tab-title\" data-tab=\"2\" role=\"button\" aria-controls=\"elementor-tab-content-4602\" aria-expanded=\"false\">\n\t\t\t\t\t\t\t\t\t\t\t\t<span class=\"elementor-toggle-icon elementor-toggle-icon-left\" aria-hidden=\"true\">\n\t\t\t\t\t\t\t\t\t\t\t\t\t\t\t<span class=\"elementor-toggle-icon-closed\"><i class=\"fas fa-chevron-down\"><\/i><\/span>\n\t\t\t\t\t\t\t\t<span class=\"elementor-toggle-icon-opened\"><i class=\"elementor-toggle-icon-opened fas fa-angle-up\"><\/i><\/span>\n\t\t\t\t\t\t\t\t\t\t\t\t\t<\/span>\n\t\t\t\t\t\t\t\t\t\t\t\t<a class=\"elementor-toggle-title\" tabindex=\"0\">2025\/2026 eelkool<\/a>\n\t\t\t\t\t<\/div>\n\n\t\t\t\t\t<div id=\"elementor-tab-content-4602\" class=\"elementor-tab-content elementor-clearfix\" data-tab=\"2\" role=\"region\" aria-labelledby=\"elementor-tab-title-4602\"><p>Eelkooli ootame lapsi, kes alustavad kooliteed s\u00fcgisel 2026. Koolikohustus algab 1. klassi \u00f5ppima asumisega lastel, kes on 1. oktoobriks 2026 saanud 7-aastaseks. (Me ei v\u00f5ta eelkooli lapsi, kes on 5-aastased, sest nad ei ole \u00fcldjuhul sotsiaalselt ja emotsionaalselt kooliks valmis isegi juhul, kui oskavad lugeda ja kirjutada.)<\/p><p>Koolip\u00e4eva kestel \u00f5pitakse h\u00e4\u00e4limist, lugemist, kirjutamist; arvutamist, vaadeldakse loodust, m\u00e4ngitakse, meisterdatakse ja p\u00f6\u00f6ratakse t\u00e4helepanu ka sotsiaalsetele oskustele.<\/p><p>\u00d5ppeaasta jooksul n\u00f5ustavad koolivalmiduse osas vajadusel lapsevanemaid ka kooli tugimeeskonna spetsialistid (nt logopeed, eripedagoog, ps\u00fchholoog).<\/p><p>\u00d5ppeaasta jooksul toimub k\u00f5igile vanematele koolivalmidust tutvustav \u00fcritus.<\/p><p>Eelkooli vanematel on v\u00f5imalus osaleda S\u00fcdalinna Kooli lapsevanematele korraldatavatel koolitustel.<\/p><\/div>\n\t\t\t\t<\/div>\n\t\t\t\t\t\t\t<div class=\"elementor-toggle-item\">\n\t\t\t\t\t<div id=\"elementor-tab-title-4603\" class=\"elementor-tab-title\" data-tab=\"3\" role=\"button\" aria-controls=\"elementor-tab-content-4603\" aria-expanded=\"false\">\n\t\t\t\t\t\t\t\t\t\t\t\t<span class=\"elementor-toggle-icon elementor-toggle-icon-left\" aria-hidden=\"true\">\n\t\t\t\t\t\t\t\t\t\t\t\t\t\t\t<span class=\"elementor-toggle-icon-closed\"><i class=\"fas fa-chevron-down\"><\/i><\/span>\n\t\t\t\t\t\t\t\t<span class=\"elementor-toggle-icon-opened\"><i class=\"elementor-toggle-icon-opened fas fa-angle-up\"><\/i><\/span>\n\t\t\t\t\t\t\t\t\t\t\t\t\t<\/span>\n\t\t\t\t\t\t\t\t\t\t\t\t<a class=\"elementor-toggle-title\" tabindex=\"0\">Tasu ja lisainfo<\/a>\n\t\t\t\t\t<\/div>\n\n\t\t\t\t\t<div id=\"elementor-tab-content-4603\" class=\"elementor-tab-content elementor-clearfix\" data-tab=\"3\" role=\"region\" aria-labelledby=\"elementor-tab-title-4603\"><p>Alates 1. septembrist 2024 on eelkooli tasu 60\u20ac kuus. Tegemist on kohatasuga ehk hoolimata sellest, kui laps tunnis ei osale, siis summa sellest ei v\u00e4hene.<\/p><p>NB! Eelkooli ei toimu riigip\u00fchadel ja koolivaheajal ning antud tunde ei asendata.<\/p><p>Eelkool toimub \u00fcks kord n\u00e4dalas 120 minutit ehk 4 \u00f5ppetundi.<\/p><p>Kui eelkooli \u00f5petaja on haige v\u00f5i koolitusel ning tund j\u00e4\u00e4b \u00e4ra, siis seda v\u00f5idakse asendada m\u00f5nel teisel p\u00e4eval v\u00f5i teha 1 kord pikemalt eelkoolitundi. (Kui laps ei osale, siis kuutasu ei v\u00e4hene.)<\/p><p>Lisainfo: I kooliastme \u00f5ppealajuhataja kerttu.molder-jevdokimov@sydalinna.edu.ee<\/p><\/div>\n\t\t\t\t<\/div>\n\t\t\t\t\t\t\t\t<\/div>\n\t\t\t\t\t\t<\/div>\n\t\t\t\t<\/div>\n\t\t\t\t<\/div>\n\t\t\t\t<\/div>\n\t\t<div class=\"elementor-element elementor-element-2751462 e-con-full e-flex e-con e-child\" data-id=\"2751462\" data-element_type=\"container\" id=\"1klass\">\n\t\t<div class=\"elementor-element elementor-element-b6f2ecd e-con-full e-flex e-con e-child\" data-id=\"b6f2ecd\" data-element_type=\"container\">\n\t\t\t\t<div class=\"elementor-element elementor-element-56107cb elementor-widget elementor-widget-heading\" data-id=\"56107cb\" data-element_type=\"widget\" data-widget_type=\"heading.default\">\n\t\t\t\t<div class=\"elementor-widget-container\">\n\t\t\t\t\t<h2 class=\"elementor-heading-title elementor-size-default\">1. klassi vastuv\u00f5tt<\/h2>\t\t\t\t<\/div>\n\t\t\t\t<\/div>\n\t\t\t\t<div class=\"elementor-element elementor-element-03bc193 elementor-widget elementor-widget-text-editor\" data-id=\"03bc193\" data-element_type=\"widget\" data-widget_type=\"text-editor.default\">\n\t\t\t\t<div class=\"elementor-widget-container\">\n\t\t\t\t\t\t\t\t\t<p class=\"penci-heading-title\"><strong><span class=\"inner-tit\">Vastuv\u00f5tu info:<\/span><\/strong><\/p><p>1. klassi asutmiseks vajalikud dokumendid ja tegevused on leitavad\u00a0<a href=\"https:\/\/sydalinna.edu.ee\/eng\/koolist\/dokumentatsioon\/vastuvotu-taotlused\/\" target=\"blank\">SIIT.<\/a><\/p><p>Kui soovite, et teie laps asuks \u00f5ppima Tallinna S\u00fcdalinna Koolis, kuid laps ei ole Tallinna linna elanik v\u00f5i ta on tallinlane, kuid pole S\u00fcdalinna Kooli m\u00e4\u00e4ratud, siis palun esitage kooli direktorile digitaalselt allkirjastatud sooviavaldus koos p\u00f5hjendusega ja saatke see e-posti aadressile\u00a0<a href=\"mailto:sekretar@sydalinna.edu.ee.\">sekretar@sydalinna.edu.ee<\/a>.<\/p><p>Lisainfo: I kooliastme \u00f5ppealajuhataja\u00a0<a href=\"mailto:kerttu.molder-jevdokimov@sydalinna.edu.ee\">kerttu.molder-jevdokimov@sydalinna.edu.ee<\/a><\/p><p>Kooli igap\u00e4evaelu leiab kajastust kooli Facebooki lehel\u00a0<a href=\"https:\/\/www.facebook.com\/tallinnasydalinnakool\" target=\"blank\">https:\/\/www.facebook.com\/tallinnasydalinnakool<\/a><\/p><p>\u00d5ppeaasta tegevuste kohta saab rohkem lugeda ka kooli kodulehe uudiste arhiivist.<\/p>\t\t\t\t\t\t\t\t<\/div>\n\t\t\t\t<\/div>\n\t\t\t\t<\/div>\n\t\t<div class=\"elementor-element elementor-element-d6f01c8 e-con-full e-flex e-con e-child\" data-id=\"d6f01c8\" data-element_type=\"container\">\n\t\t\t\t<\/div>\n\t\t\t\t<\/div>\n\t\t<div class=\"elementor-element elementor-element-288149c e-con-full e-flex e-con e-child\" data-id=\"288149c\" data-element_type=\"container\">\n\t\t<div class=\"elementor-element elementor-element-8e3de97 e-con-full e-flex e-con e-child\" data-id=\"8e3de97\" data-element_type=\"container\">\n\t\t\t\t<div class=\"elementor-element elementor-element-3cbef73 elementor-widget elementor-widget-toggle\" data-id=\"3cbef73\" data-element_type=\"widget\" data-widget_type=\"toggle.default\">\n\t\t\t\t<div class=\"elementor-widget-container\">\n\t\t\t\t\t\t\t<div class=\"elementor-toggle\">\n\t\t\t\t\t\t\t<div class=\"elementor-toggle-item\">\n\t\t\t\t\t<div id=\"elementor-tab-title-6361\" class=\"elementor-tab-title\" data-tab=\"1\" role=\"button\" aria-controls=\"elementor-tab-content-6361\" aria-expanded=\"false\">\n\t\t\t\t\t\t\t\t\t\t\t\t<span class=\"elementor-toggle-icon elementor-toggle-icon-left\" aria-hidden=\"true\">\n\t\t\t\t\t\t\t\t\t\t\t\t\t\t\t<span class=\"elementor-toggle-icon-closed\"><i class=\"fas fa-chevron-down\"><\/i><\/span>\n\t\t\t\t\t\t\t\t<span class=\"elementor-toggle-icon-opened\"><i class=\"elementor-toggle-icon-opened fas fa-angle-up\"><\/i><\/span>\n\t\t\t\t\t\t\t\t\t\t\t\t\t<\/span>\n\t\t\t\t\t\t\t\t\t\t\t\t<a class=\"elementor-toggle-title\" tabindex=\"0\">Vastuv\u00f5tukord<\/a>\n\t\t\t\t\t<\/div>\n\n\t\t\t\t\t<div id=\"elementor-tab-content-6361\" class=\"elementor-tab-content elementor-clearfix\" data-tab=\"1\" role=\"region\" aria-labelledby=\"elementor-tab-title-6361\"><p><b><u><a href=\"https:\/\/sydalinna.edu.ee\/wp-content\/uploads\/2023\/01\/Vastuvotukord.muudetud-30.11.2021.docx.pdf\">VASTUV\u00d5TUKORD\u00a0<\/a><\/u><\/b><\/p><p>Vabade koolikohtade olemasolu kohta saab lisainfot tel. 6180 151 v\u00f5i e-maili aadressidel:<\/p><p>\u25c9 <a href=\"mailto:oppealajuhataja@sydalinna.edu.ee\">oppealajuhataja@sydalinna.edu.ee<\/a> (4.-9. klassi \u00f5pilased)<br \/>\u25c9 <a href=\"mailto:kerttu.molder-jevdokimov@sydalinna.edu.ee\">kerttu.molder-jevdokimov@sydalinna.edu.ee<\/a> (1.-3. klassi \u00f5pilased)<\/p><p>Vaba koolikoha olemasolul toimub esmalt vestlus, millest v\u00f5tavad osa juhtkonna liikmed, \u00f5pilaskandidaat ja lapsevanemad. Kohtumise k\u00e4igus selgitatakse v\u00e4lja \u00f5pilase vajadused \u00f5ppekeskonna suhtes ja tutvustatakse kooli n\u00f5udeid tulevastele koolipere liikmetele. Vajadusel korraldatakse proovip\u00e4evi v\u00f5i tehakse tasemeteste p\u00f5hiainetes.<\/p><p><strong>1. klassi astumiseks tuleb t\u00e4ita\u00a0<\/strong><a href=\"https:\/\/sydalinna.edu.ee\/wp-content\/uploads\/2022\/05\/1._klassi_astumise_avaldus.docx\" target=\"_blank\" rel=\"noopener\"><u><b>avaldus<\/b><\/u><\/a><strong>\u00a0ja saata dokumendid aadressile <a href=\"mailto:sekretar@sydalinna.edu.ee\">sekretar@sydalinna.edu.ee<\/a>\u00a010. juuniks.\u00a0<\/strong><\/p><p><strong>Dokumentide loetelu asub\u00a0<\/strong><a style=\"font-family: var( --e-global-typography-text-font-family ), Sans-serif;\" href=\"https:\/\/sydalinna.edu.ee\/eng\/koolist\/dokumentatsioon\/vastuvotu-taotlused\/\" target=\"_blank\" rel=\"noopener\"><u><b>SIIN.<\/b><\/u><\/a><\/p><p><strong>Lapse ootej\u00e4rjekorda lisamiseks t\u00e4ida vorm <\/strong><a href=\"https:\/\/docs.google.com\/forms\/d\/e\/1FAIpQLScuLnoqPMYBjUOrPJ9AAlFWVKTc5En4qtum3UOxMYKic0IrRg\/viewform?usp=pp_url\"><u><b>SIIN.<\/b><\/u><\/a><\/p><\/div>\n\t\t\t\t<\/div>\n\t\t\t\t\t\t\t\t<\/div>\n\t\t\t\t\t\t<\/div>\n\t\t\t\t<\/div>\n\t\t\t\t<\/div>\n\t\t\t\t<\/div>\n\t\t<div class=\"elementor-element elementor-element-b5b8132 e-con-full e-flex e-con e-child\" data-id=\"b5b8132\" data-element_type=\"container\">\n\t\t<div class=\"elementor-element elementor-element-398538d e-con-full e-flex e-con e-child\" data-id=\"398538d\" data-element_type=\"container\">\n\t\t\t\t<div class=\"elementor-element elementor-element-f6ced6f elementor-widget elementor-widget-toggle\" data-id=\"f6ced6f\" data-element_type=\"widget\" data-widget_type=\"toggle.default\">\n\t\t\t\t<div class=\"elementor-widget-container\">\n\t\t\t\t\t\t\t<div class=\"elementor-toggle\">\n\t\t\t\t\t\t\t<div class=\"elementor-toggle-item\">\n\t\t\t\t\t<div id=\"elementor-tab-title-2581\" class=\"elementor-tab-title\" data-tab=\"1\" role=\"button\" aria-controls=\"elementor-tab-content-2581\" aria-expanded=\"false\">\n\t\t\t\t\t\t\t\t\t\t\t\t<span class=\"elementor-toggle-icon elementor-toggle-icon-left\" aria-hidden=\"true\">\n\t\t\t\t\t\t\t\t\t\t\t\t\t\t\t<span class=\"elementor-toggle-icon-closed\"><i class=\"fas fa-chevron-down\"><\/i><\/span>\n\t\t\t\t\t\t\t\t<span class=\"elementor-toggle-icon-opened\"><i class=\"elementor-toggle-icon-opened fas fa-angle-up\"><\/i><\/span>\n\t\t\t\t\t\t\t\t\t\t\t\t\t<\/span>\n\t\t\t\t\t\t\t\t\t\t\t\t<a class=\"elementor-toggle-title\" tabindex=\"0\">Palume k\u00f5igile loetelus olevatele \u00f5ppevahenditele ja riietele\/jalan\u00f5udele kirjutada \u00f5pilase ees- ja perekonnanimi.<\/a>\n\t\t\t\t\t<\/div>\n\n\t\t\t\t\t<div id=\"elementor-tab-content-2581\" class=\"elementor-tab-content elementor-clearfix\" data-tab=\"1\" role=\"region\" aria-labelledby=\"elementor-tab-title-2581\"><p>\u25c9 pinal<\/p><p>\u25c9 v\u00e4rvipliiatsid (12 v\u00e4rvi)<\/p><p>\u25c9 keskmise (HB) k\u00f5vadusega teritatud harilik pliiats (3 tk)<\/p><p>\u25c9 l\u00fchike joonlaud (~15 cm)<\/p><p>\u25c9 kustukumm (valge)<\/p><p>\u25c9 kogujaga pliiatsiteritaja<\/p><p>\u25c9 v\u00e4ike liimipulk<\/p><p>\u25c9 vildikad (12 v\u00e4rvi)(v\u00f5ivad olla koolis kunstikarbis)<\/p><p>\u25c9 v\u00e4ikesed k\u00e4\u00e4rid (\u00fcmara otsaga)<\/p><p>Palume \u00fclej\u00e4\u00e4nud \u00f5ppevahendeid (nt kunstitarbed, vihikud jms) enne s\u00fcgisel toimuvat klassikoosolekut mitte osta. T\u00e4psema info annab klassi\u00f5petaja augusti l\u00f5pus toimuval klassikoosolekul.<\/p><\/div>\n\t\t\t\t<\/div>\n\t\t\t\t\t\t\t<div class=\"elementor-toggle-item\">\n\t\t\t\t\t<div id=\"elementor-tab-title-2582\" class=\"elementor-tab-title\" data-tab=\"2\" role=\"button\" aria-controls=\"elementor-tab-content-2582\" aria-expanded=\"false\">\n\t\t\t\t\t\t\t\t\t\t\t\t<span class=\"elementor-toggle-icon elementor-toggle-icon-left\" aria-hidden=\"true\">\n\t\t\t\t\t\t\t\t\t\t\t\t\t\t\t<span class=\"elementor-toggle-icon-closed\"><i class=\"fas fa-chevron-down\"><\/i><\/span>\n\t\t\t\t\t\t\t\t<span class=\"elementor-toggle-icon-opened\"><i class=\"elementor-toggle-icon-opened fas fa-angle-up\"><\/i><\/span>\n\t\t\t\t\t\t\t\t\t\t\t\t\t<\/span>\n\t\t\t\t\t\t\t\t\t\t\t\t<a class=\"elementor-toggle-title\" tabindex=\"0\">Spordiriided kehalise kasvatuse tunniks:<\/a>\n\t\t\t\t\t<\/div>\n\n\t\t\t\t\t<div id=\"elementor-tab-content-2582\" class=\"elementor-tab-content elementor-clearfix\" data-tab=\"2\" role=\"region\" aria-labelledby=\"elementor-tab-title-2582\"><p>\u25c9 dressid (pikad ja l\u00fchikesed)<\/p><p>\u25c9 spordis\u00e4rk<\/p><p>\u25c9 v\u00e4lispordijalan\u00f5ud (soovitav kummitallaga, mis ei libise. NB! Ei sobi tennised, vaid ikkagi vaja tosse)<\/p><p>\u25c9 sisespordijalan\u00f5ud (heleda tallaga, mis ei tekita musti jutte. NB! Ei sobi tennised, vaid ikkagi vaja tosse)<\/p><p>\u25c9 riidest kott, mida saab pealt sulgeda (spordiriiete hoidmiseks)<\/p><p>\u25c9 v\u00e4ike r\u00e4tik (p\u00e4rast tundi pestakse v\u00e4hemalt k\u00e4ed ja n\u00e4gu)<\/p><p>NB! Spordiriided on riided, mis laps paneb selga ainult kehalise kasvatuse tunniks.<\/p><\/div>\n\t\t\t\t<\/div>\n\t\t\t\t\t\t\t<div class=\"elementor-toggle-item\">\n\t\t\t\t\t<div id=\"elementor-tab-title-2583\" class=\"elementor-tab-title\" data-tab=\"3\" role=\"button\" aria-controls=\"elementor-tab-content-2583\" aria-expanded=\"false\">\n\t\t\t\t\t\t\t\t\t\t\t\t<span class=\"elementor-toggle-icon elementor-toggle-icon-left\" aria-hidden=\"true\">\n\t\t\t\t\t\t\t\t\t\t\t\t\t\t\t<span class=\"elementor-toggle-icon-closed\"><i class=\"fas fa-chevron-down\"><\/i><\/span>\n\t\t\t\t\t\t\t\t<span class=\"elementor-toggle-icon-opened\"><i class=\"elementor-toggle-icon-opened fas fa-angle-up\"><\/i><\/span>\n\t\t\t\t\t\t\t\t\t\t\t\t\t<\/span>\n\t\t\t\t\t\t\t\t\t\t\t\t<a class=\"elementor-toggle-title\" tabindex=\"0\">Vahetusjalan\u00f5ud<\/a>\n\t\t\t\t\t<\/div>\n\n\t\t\t\t\t<div id=\"elementor-tab-content-2583\" class=\"elementor-tab-content elementor-clearfix\" data-tab=\"3\" role=\"region\" aria-labelledby=\"elementor-tab-title-2583\"><p>\u25c9 mitte umbsed ega libedad<\/p><p>\u25c9 heleda tallaga, mis ei tekita jutte<\/p><\/div>\n\t\t\t\t<\/div>\n\t\t\t\t\t\t\t<div class=\"elementor-toggle-item\">\n\t\t\t\t\t<div id=\"elementor-tab-title-2584\" class=\"elementor-tab-title\" data-tab=\"4\" role=\"button\" aria-controls=\"elementor-tab-content-2584\" aria-expanded=\"false\">\n\t\t\t\t\t\t\t\t\t\t\t\t<span class=\"elementor-toggle-icon elementor-toggle-icon-left\" aria-hidden=\"true\">\n\t\t\t\t\t\t\t\t\t\t\t\t\t\t\t<span class=\"elementor-toggle-icon-closed\"><i class=\"fas fa-chevron-down\"><\/i><\/span>\n\t\t\t\t\t\t\t\t<span class=\"elementor-toggle-icon-opened\"><i class=\"elementor-toggle-icon-opened fas fa-angle-up\"><\/i><\/span>\n\t\t\t\t\t\t\t\t\t\t\t\t\t<\/span>\n\t\t\t\t\t\t\t\t\t\t\t\t<a class=\"elementor-toggle-title\" tabindex=\"0\">Vahetundide info<\/a>\n\t\t\t\t\t<\/div>\n\n\t\t\t\t\t<div id=\"elementor-tab-content-2584\" class=\"elementor-tab-content elementor-clearfix\" data-tab=\"4\" role=\"region\" aria-labelledby=\"elementor-tab-title-2584\"><p>S\u00fcdalinna Koolis k\u00e4ivad \u00f5pilased\u00a0 aastaringselt iga p\u00e4ev \u00f5uevahetundides. Seet\u00f5ttu soovitame varuda v\u00e4lisriided ja jalan\u00f5ud, mis on ilmastikule vastavad, sest \u00f5ues k\u00e4iakse ka vihma ja lumega.\u00a0<\/p><p>Kogup\u00e4evakooli \u00f5htustes tegevustes osalejad k\u00e4ivad \u00f5ues veel 2x p\u00e4eva jooksul. Seet\u00f5ttu soovitame\u00a0 k\u00fclmemal ajal kaasa panna 2 paari kindaid. Nii j\u00f5uab 1 paar vahepeal kuivada. <span style=\"font-weight: 400;\">Lisaks on m\u00f5nus m\u00e4ngida talvisel ajal, kui seljas on kombinesoon v\u00f5i soojad vetth\u00fclgavad p\u00fcksid.<\/span><\/p><\/div>\n\t\t\t\t<\/div>\n\t\t\t\t\t\t\t<div class=\"elementor-toggle-item\">\n\t\t\t\t\t<div id=\"elementor-tab-title-2585\" class=\"elementor-tab-title\" data-tab=\"5\" role=\"button\" aria-controls=\"elementor-tab-content-2585\" aria-expanded=\"false\">\n\t\t\t\t\t\t\t\t\t\t\t\t<span class=\"elementor-toggle-icon elementor-toggle-icon-left\" aria-hidden=\"true\">\n\t\t\t\t\t\t\t\t\t\t\t\t\t\t\t<span class=\"elementor-toggle-icon-closed\"><i class=\"fas fa-chevron-down\"><\/i><\/span>\n\t\t\t\t\t\t\t\t<span class=\"elementor-toggle-icon-opened\"><i class=\"elementor-toggle-icon-opened fas fa-angle-up\"><\/i><\/span>\n\t\t\t\t\t\t\t\t\t\t\t\t\t<\/span>\n\t\t\t\t\t\t\t\t\t\t\t\t<a class=\"elementor-toggle-title\" tabindex=\"0\">\u00d5pilasp\u00e4evik<\/a>\n\t\t\t\t\t<\/div>\n\n\t\t\t\t\t<div id=\"elementor-tab-content-2585\" class=\"elementor-tab-content elementor-clearfix\" data-tab=\"5\" role=\"region\" aria-labelledby=\"elementor-tab-title-2585\"><p>1.-6. klassis kasutavad \u00f5pilased S\u00fcdalinna Koolis paberkandjal koolip\u00e4evikud.<\/p><p>P\u00e4evik maksab 4 eurot ja selle eest palume tasuda \u00fclekandega hiljemalt 22. juuniks 2023.\u00a0<\/p><p>P\u00e4eviku saavad \u00f5pilased k\u00e4tte 1. septembril 2023.<\/p><p>P\u00e4eviku eest saab tasuda ainult panga\u00fclekandega.\u00a0 Palume j\u00e4rgida juhiseid \u00fclekannet tehes.<\/p><p><b>Saaja:<\/b>\u00a0MT\u00dc S\u00fcdalinna Kooliarendus<br \/><b>Arve nr<\/b>: EE412200221051793433<br \/><b>Makse selgitus:<\/b> \u00d5pilase ees- ja perekonnanimi, klass, \u00d5PILASP\u00c4EVIK<\/p><\/div>\n\t\t\t\t<\/div>\n\t\t\t\t\t\t\t<div class=\"elementor-toggle-item\">\n\t\t\t\t\t<div id=\"elementor-tab-title-2586\" class=\"elementor-tab-title\" data-tab=\"6\" role=\"button\" aria-controls=\"elementor-tab-content-2586\" aria-expanded=\"false\">\n\t\t\t\t\t\t\t\t\t\t\t\t<span class=\"elementor-toggle-icon elementor-toggle-icon-left\" aria-hidden=\"true\">\n\t\t\t\t\t\t\t\t\t\t\t\t\t\t\t<span class=\"elementor-toggle-icon-closed\"><i class=\"fas fa-chevron-down\"><\/i><\/span>\n\t\t\t\t\t\t\t\t<span class=\"elementor-toggle-icon-opened\"><i class=\"elementor-toggle-icon-opened fas fa-angle-up\"><\/i><\/span>\n\t\t\t\t\t\t\t\t\t\t\t\t\t<\/span>\n\t\t\t\t\t\t\t\t\t\t\t\t<a class=\"elementor-toggle-title\" tabindex=\"0\">Koolivorm<\/a>\n\t\t\t\t\t<\/div>\n\n\t\t\t\t\t<div id=\"elementor-tab-content-2586\" class=\"elementor-tab-content elementor-clearfix\" data-tab=\"6\" role=\"region\" aria-labelledby=\"elementor-tab-title-2586\"><p>Koolis kannab \u00f5pilane iga p\u00e4ev v\u00e4hemalt \u00fcht koolivormi elementi. Pidulik riietus on valge s\u00e4rk, must seelik v\u00f5i p\u00fcksid, koolivest ja -m\u00fcts.)<\/p><p><a href=\"https:\/\/sydalinna.edu.ee\/eng\/koolist\/#koolivormi_tellimine\">Koolivormi tellimisinfo. <\/a><\/p><\/div>\n\t\t\t\t<\/div>\n\t\t\t\t\t\t\t<div class=\"elementor-toggle-item\">\n\t\t\t\t\t<div id=\"elementor-tab-title-2587\" class=\"elementor-tab-title\" data-tab=\"7\" role=\"button\" aria-controls=\"elementor-tab-content-2587\" aria-expanded=\"false\">\n\t\t\t\t\t\t\t\t\t\t\t\t<span class=\"elementor-toggle-icon elementor-toggle-icon-left\" aria-hidden=\"true\">\n\t\t\t\t\t\t\t\t\t\t\t\t\t\t\t<span class=\"elementor-toggle-icon-closed\"><i class=\"fas fa-chevron-down\"><\/i><\/span>\n\t\t\t\t\t\t\t\t<span class=\"elementor-toggle-icon-opened\"><i class=\"elementor-toggle-icon-opened fas fa-angle-up\"><\/i><\/span>\n\t\t\t\t\t\t\t\t\t\t\t\t\t<\/span>\n\t\t\t\t\t\t\t\t\t\t\t\t<a class=\"elementor-toggle-title\" tabindex=\"0\">\u00d5pilaspileti pilt<\/a>\n\t\t\t\t\t<\/div>\n\n\t\t\t\t\t<div id=\"elementor-tab-content-2587\" class=\"elementor-tab-content elementor-clearfix\" data-tab=\"7\" role=\"region\" aria-labelledby=\"elementor-tab-title-2587\"><p>Elektrooniline \u00f5pilaspileti pilt (foto peab olema heledal taustal, otsevaates, suurem kui 307*372 pikslit ja salvestatud JPEG formaadis). Pilt saadetakse aadressile sekretar@sydalinna.edu.ee (kirjas peab olema lapse ees- ja perekonnanimi).<\/p><\/div>\n\t\t\t\t<\/div>\n\t\t\t\t\t\t\t<div class=\"elementor-toggle-item\">\n\t\t\t\t\t<div id=\"elementor-tab-title-2588\" class=\"elementor-tab-title\" data-tab=\"8\" role=\"button\" aria-controls=\"elementor-tab-content-2588\" aria-expanded=\"false\">\n\t\t\t\t\t\t\t\t\t\t\t\t<span class=\"elementor-toggle-icon elementor-toggle-icon-left\" aria-hidden=\"true\">\n\t\t\t\t\t\t\t\t\t\t\t\t\t\t\t<span class=\"elementor-toggle-icon-closed\"><i class=\"fas fa-chevron-down\"><\/i><\/span>\n\t\t\t\t\t\t\t\t<span class=\"elementor-toggle-icon-opened\"><i class=\"elementor-toggle-icon-opened fas fa-angle-up\"><\/i><\/span>\n\t\t\t\t\t\t\t\t\t\t\t\t\t<\/span>\n\t\t\t\t\t\t\t\t\t\t\t\t<a class=\"elementor-toggle-title\" tabindex=\"0\">E-kooli konto<\/a>\n\t\t\t\t\t<\/div>\n\n\t\t\t\t\t<div id=\"elementor-tab-content-2588\" class=\"elementor-tab-content elementor-clearfix\" data-tab=\"8\" role=\"region\" aria-labelledby=\"elementor-tab-title-2588\"><p>Palume luua nii lapsevanemale kui ka \u00f5pilasele isiklik e-kooli konto. Selle abil p\u00e4\u00e4seb ta vaatama oma kodut\u00f6id, hindeid ja saab t\u00e4ita \u00f5ppeaasta l\u00f5pus arenguvestluse k\u00fcsimustikku.\u00a0<\/p><p>\u00d5pilane ei tohi kasutada lapsevanema kontot!\u00a0 Lapsevanem kasutab samuti enda kontot!<\/p><p>Rohkem infot konto loomise ja selle vajalikkuse kohta leiate\u00a0<a id=\"sisudokiurl_2\" href=\"https:\/\/www.tallinn.ee\/est\/sydalinna\/Ekool-2\">SIIT.<\/a><\/p><\/div>\n\t\t\t\t<\/div>\n\t\t\t\t\t\t\t\t<\/div>\n\t\t\t\t\t\t<\/div>\n\t\t\t\t<\/div>\n\t\t\t\t<div class=\"elementor-element elementor-element-4f3a858 elementor-widget elementor-widget-text-editor\" data-id=\"4f3a858\" data-element_type=\"widget\" data-widget_type=\"text-editor.default\">\n\t\t\t\t<div class=\"elementor-widget-container\">\n\t\t\t\t\t\t\t\t\t<p>Palume enne kooli algust harjutada kooliteel liiklemist: kus minna \u00fcle tee; kuidas kasutada \u00fchistranspordis s\u00f5idukaarti jne.<\/p><p>Ilusat ja p\u00f5nevat koolitee algust!<\/p>\t\t\t\t\t\t\t\t<\/div>\n\t\t\t\t<\/div>\n\t\t\t\t<\/div>\n\t\t\t\t<\/div>\n\t\t<div class=\"elementor-element elementor-element-7f1ee44 e-con-full e-flex e-con e-child\" data-id=\"7f1ee44\" data-element_type=\"container\" id=\"2klass\">\n\t\t<div class=\"elementor-element elementor-element-fb21fa1 e-con-full e-flex e-con e-child\" data-id=\"fb21fa1\" data-element_type=\"container\">\n\t\t\t\t<div class=\"elementor-element elementor-element-ec67e11 elementor-widget elementor-widget-heading\" data-id=\"ec67e11\" data-element_type=\"widget\" data-widget_type=\"heading.default\">\n\t\t\t\t<div class=\"elementor-widget-container\">\n\t\t\t\t\t<h2 class=\"elementor-heading-title elementor-size-default\">2.-9. klassi vastuv\u00f5tt<\/h2>\t\t\t\t<\/div>\n\t\t\t\t<\/div>\n\t\t\t\t<div class=\"elementor-element elementor-element-0402273 elementor-widget elementor-widget-text-editor\" data-id=\"0402273\" data-element_type=\"widget\" data-widget_type=\"text-editor.default\">\n\t\t\t\t<div class=\"elementor-widget-container\">\n\t\t\t\t\t\t\t\t\t<p>Vabade koolikohtade olemasolu kohta saab lisainfot <a href=\"https:\/\/teatmik.haridus.ee\/koolid\/10\/\">Tallinna Haridusameti veebilehelt<\/a>, tel. 6180 151, e-maili aadressil <a href=\"mailto:oppealajuhataja@sydalinna.edu.ee\">oppealajuhataja@sydalinna.edu.ee<\/a><br \/>\u00a0(4.-9. klassi \u00f5pilased) v\u00f5i\u00a0<a href=\"mailto:kerttu.molder-jevdokimov@sydalinna.edu.ee\">kerttu.molder-jevdokimov@sydalinna.edu.ee<\/a>\u00a0(1.-3. klassi \u00f5pilased).<\/p><p>Vaba koolikoha olemasolul toimub esmalt vestlus, millest v\u00f5tavad osa juhtkonna liikmed, \u00f5pilaskandidaat ja lapsevanemad. Selle k\u00e4igus selgitatakse v\u00e4lja \u00f5pilase vajadused \u00f5ppekeskonna suhtes ja tutvustatakse kooli n\u00f5udeid tulevastele koolipere liikmetele. Vajadusel korraldatakse proovip\u00e4evi v\u00f5i tehakse tasemeteste p\u00f5hiainetes.<\/p>\t\t\t\t\t\t\t\t<\/div>\n\t\t\t\t<\/div>\n\t\t\t\t<\/div>\n\t\t<div class=\"elementor-element elementor-element-32da436 e-con-full e-flex e-con e-child\" data-id=\"32da436\" data-element_type=\"container\">\n\t\t\t\t<div class=\"elementor-element elementor-element-6489975 elementor-widget elementor-widget-image\" data-id=\"6489975\" data-element_type=\"widget\" data-settings=\"{&quot;sticky&quot;:&quot;top&quot;,&quot;sticky_on&quot;:[&quot;desktop&quot;,&quot;tablet&quot;],&quot;sticky_offset&quot;:100,&quot;sticky_effects_offset&quot;:100,&quot;sticky_parent&quot;:&quot;yes&quot;,&quot;sticky_anchor_link_offset&quot;:0}\" data-widget_type=\"image.default\">\n\t\t\t\t<div class=\"elementor-widget-container\">\n\t\t\t\t\t\t\t\t\t\t\t\t\t\t\t<img fetchpriority=\"high\" decoding=\"async\" width=\"1620\" height=\"1080\" src=\"https:\/\/sydalinna.edu.ee\/wp-content\/uploads\/2022\/04\/kooliarendus.jpg\" class=\"attachment-full size-full wp-image-4575\" alt=\"\" srcset=\"https:\/\/sydalinna.edu.ee\/wp-content\/uploads\/2022\/04\/kooliarendus.jpg 1620w, https:\/\/sydalinna.edu.ee\/wp-content\/uploads\/2022\/04\/kooliarendus-300x200.jpg 300w, https:\/\/sydalinna.edu.ee\/wp-content\/uploads\/2022\/04\/kooliarendus-1024x683.jpg 1024w, https:\/\/sydalinna.edu.ee\/wp-content\/uploads\/2022\/04\/kooliarendus-768x512.jpg 768w, https:\/\/sydalinna.edu.ee\/wp-content\/uploads\/2022\/04\/kooliarendus-1536x1024.jpg 1536w, https:\/\/sydalinna.edu.ee\/wp-content\/uploads\/2022\/04\/kooliarendus-1170x780.jpg 1170w, https:\/\/sydalinna.edu.ee\/wp-content\/uploads\/2022\/04\/kooliarendus-585x390.jpg 585w, https:\/\/sydalinna.edu.ee\/wp-content\/uploads\/2022\/04\/kooliarendus-263x175.jpg 263w\" sizes=\"(max-width: 1620px) 100vw, 1620px\" \/>\t\t\t\t\t\t\t\t\t\t\t\t\t\t\t<\/div>\n\t\t\t\t<\/div>\n\t\t\t\t<\/div>\n\t\t\t\t<\/div>\n\t\t<div class=\"elementor-element elementor-element-bae619d e-con-full e-flex e-con e-child\" data-id=\"bae619d\" data-element_type=\"container\" id=\"vastuvotukord\">\n\t\t<div class=\"elementor-element elementor-element-d478a81 e-con-full e-flex e-con e-child\" data-id=\"d478a81\" data-element_type=\"container\">\n\t\t\t\t<div class=\"elementor-element elementor-element-ff6d912 elementor-widget elementor-widget-toggle\" data-id=\"ff6d912\" data-element_type=\"widget\" data-widget_type=\"toggle.default\">\n\t\t\t\t<div class=\"elementor-widget-container\">\n\t\t\t\t\t\t\t<div class=\"elementor-toggle\">\n\t\t\t\t\t\t\t<div class=\"elementor-toggle-item\">\n\t\t\t\t\t<div id=\"elementor-tab-title-2671\" class=\"elementor-tab-title\" data-tab=\"1\" role=\"button\" aria-controls=\"elementor-tab-content-2671\" aria-expanded=\"false\">\n\t\t\t\t\t\t\t\t\t\t\t\t<span class=\"elementor-toggle-icon elementor-toggle-icon-left\" aria-hidden=\"true\">\n\t\t\t\t\t\t\t\t\t\t\t\t\t\t\t<span class=\"elementor-toggle-icon-closed\"><i class=\"fas fa-chevron-down\"><\/i><\/span>\n\t\t\t\t\t\t\t\t<span class=\"elementor-toggle-icon-opened\"><i class=\"elementor-toggle-icon-opened fas fa-angle-up\"><\/i><\/span>\n\t\t\t\t\t\t\t\t\t\t\t\t\t<\/span>\n\t\t\t\t\t\t\t\t\t\t\t\t<a class=\"elementor-toggle-title\" tabindex=\"0\">Vastuv\u00f5tukord<\/a>\n\t\t\t\t\t<\/div>\n\n\t\t\t\t\t<div id=\"elementor-tab-content-2671\" class=\"elementor-tab-content elementor-clearfix\" data-tab=\"1\" role=\"region\" aria-labelledby=\"elementor-tab-title-2671\"><p><a href=\"https:\/\/sydalinna.edu.ee\/wp-content\/uploads\/2025\/02\/Vastuvotukord-2025.pdf\"><b><u>VASTUV\u00d5TUKORD<\/u><\/b><\/a><\/p><p>Vastu v\u00f5etud Tallinna Haridusameti juhataja k\u00e4skkirjaga 11.02.2025 nr T-7-E1\/25\/83.<\/p><p>Vabade koolikohtade olemasolu kohta saab lisainfot tel. 6180 151 v\u00f5i e-maili aadressidel:<\/p><p>\u25c9 <a href=\"mailto:oppealajuhataja@sydalinna.edu.ee\">oppealajuhataja@sydalinna.edu.ee<\/a> (4.-9. klassi \u00f5pilased)<br \/>\u25c9 <a href=\"mailto:kerttu.molder-jevdokimov@sydalinna.edu.ee\">kerttu.molder-jevdokimov@sydalinna.edu.ee<\/a> (1.-3. klassi \u00f5pilased)<\/p><p>Vaba koolikoha olemasolul toimub esmalt vestlus, millest v\u00f5tavad osa juhtkonna liikmed, \u00f5pilaskandidaat ja lapsevanemad. Kohtumise k\u00e4igus selgitatakse v\u00e4lja \u00f5pilase vajadused \u00f5ppekeskonna suhtes ja tutvustatakse kooli n\u00f5udeid tulevastele koolipere liikmetele. Vajadusel korraldatakse proovip\u00e4evi v\u00f5i tehakse tasemeteste p\u00f5hiainetes.<\/p><p><strong>\u00a0<\/strong><\/p><p><strong>1. klassi astumiseks tuleb t\u00e4ita<a href=\"https:\/\/sydalinna.edu.ee\/wp-content\/uploads\/2022\/04\/1._klassi_astumise_avaldus_2021.docx\"> <u>avaldus<\/u><\/a> ja saata dokumendid aadressile <a href=\"mailto:sekretar@sydalinna.edu.ee\">sekretar@sydalinna.edu.ee<\/a> :<\/strong><\/p><p>\u25c9 S\u00fcnni t\u00f5endi koopia<br \/>\u25c9 Tervisekaart<br \/>\u25c9 Koolivalmiduse kaart<br \/>\u25c9 Elektroonne foto \u00f5pilaspileti jaoks<br \/>\u25c9 <a href=\"https:\/\/sydalinna.edu.ee\/wp-content\/uploads\/2025\/03\/Nousolek-isikuandmete-tootlemiseks.pdf\"><u>Isikuandmete t\u00f6\u00f6tlemise n\u00f5usolek<\/u><\/a><\/p><p><strong>\u00a0<\/strong><\/p><p><strong>2.-9. klassi astumiseks tuleb t\u00e4ita <a href=\"https:\/\/sydalinna.edu.ee\/wp-content\/uploads\/2022\/04\/2.-9._klassi_astumise_avaldus_2021.docx\"><u>avaldus<\/u><\/a>, kui olete kohtunud kooli juhtkonnaga ja saanud kinnituse kooli vastuv\u00f5tmise kohta.<\/strong> Sisseastumise dokumendid tuleb saata aadressile <a href=\"mailto:sekretar@sydalinna.edu.ee\"><b>sekretar@sydalinna.edu.ee<\/b><\/a> :<\/p><p>\u25c9 S\u00fcnni t\u00f5endi koopia<br \/>\u25c9 Tervisekaardi v\u00e4ljav\u00f5te<br \/>\u25c9 \u00d5pilasraamatu v\u00e4ljav\u00f5te<br \/>\u25c9 Klassitunnistuse koopia<br \/>\u25c9 Elektroonne foto \u00f5pilaspileti jaoks<br \/>\u25c9 <a href=\"https:\/\/drive.google.com\/file\/d\/1YSGEtnMlUnYRi_teXc2SBfRgdSycrs6j\/view?usp=sharing\"><u>Isikuandmete t\u00f6\u00f6tlemise n\u00f5usolek<\/u><\/a><\/p><\/div>\n\t\t\t\t<\/div>\n\t\t\t\t\t\t\t\t<\/div>\n\t\t\t\t\t\t<\/div>\n\t\t\t\t<\/div>\n\t\t\t\t<\/div>\n\t\t\t\t<\/div>\n\t\t\t\t<\/div>\n\t\t\t\t\t<\/div>\n\t\t\t\t<\/div>\n\t\t\t\t<\/div>","protected":false},"excerpt":{"rendered":"<p>Kooliga tutvumine Infot uuendatakse jooksvalt. Muul ajal kooliga tutvumiseks palume saata e-kiri\u00a0kerttu.molder-jevdokimov@sydalinna.edu.ee\u00a0(1.-3. klassi \u00f5ppealajuhataja) v\u00f5i\u00a0oppealajuhataja@sydalinna.edu.ee\u00a0(4.-9. klassi \u00f5ppealajuhataja). Eelkooli vastuv\u00f5tt Registreerimine Eelkooli registreerimine algab septembris 2025. 2025\/2026 eelkool Eelkooli ootame lapsi, kes alustavad kooliteed s\u00fcgisel 2026. Koolikohustus algab 1. klassi \u00f5ppima asumisega lastel, kes on 1. oktoobriks 2026 saanud 7-aastaseks. (Me ei v\u00f5ta eelkooli lapsi, kes&#8230;<\/p>","protected":false},"author":1,"featured_media":0,"parent":686,"menu_order":6,"comment_status":"closed","ping_status":"closed","template":"elementor_header_footer","meta":{"_kad_post_transparent":"","_kad_post_title":"","_kad_post_layout":"","_kad_post_sidebar_id":"","_kad_post_content_style":"","_kad_post_vertical_padding":"","_kad_post_feature":"","_kad_post_feature_position":"","_kad_post_header":false,"_kad_post_footer":false,"_kad_post_classname":"","footnotes":""},"class_list":["post-1989","page","type-page","status-publish","hentry"],"yoast_head":"<!-- This site is optimized with the Yoast SEO Premium plugin v20.11 (Yoast SEO v26.6) - https:\/\/yoast.com\/wordpress\/plugins\/seo\/ -->\n<title>Vastuv\u00f5tt - Tallinna S\u00fcdalinna kool<\/title>\n<meta name=\"robots\" content=\"index, follow, max-snippet:-1, max-image-preview:large, max-video-preview:-1\" \/>\n<link rel=\"canonical\" href=\"https:\/\/sydalinna.edu.ee\/eng\/koolist\/vastuvott\/\" \/>\n<meta property=\"og:locale\" content=\"en_US\" \/>\n<meta property=\"og:type\" content=\"article\" \/>\n<meta property=\"og:title\" content=\"Vastuv\u00f5tt\" \/>\n<meta property=\"og:description\" content=\"Kooliga tutvumine Infot uuendatakse jooksvalt. Muul ajal kooliga tutvumiseks palume saata e-kiri\u00a0kerttu.molder-jevdokimov@sydalinna.edu.ee\u00a0(1.-3. klassi \u00f5ppealajuhataja) v\u00f5i\u00a0oppealajuhataja@sydalinna.edu.ee\u00a0(4.-9. klassi \u00f5ppealajuhataja). Eelkooli vastuv\u00f5tt Registreerimine Eelkooli registreerimine algab septembris 2025. 2025\/2026 eelkool Eelkooli ootame lapsi, kes alustavad kooliteed s\u00fcgisel 2026. Koolikohustus algab 1. klassi \u00f5ppima asumisega lastel, kes on 1. oktoobriks 2026 saanud 7-aastaseks. (Me ei v\u00f5ta eelkooli lapsi, kes...\" \/>\n<meta property=\"og:url\" content=\"https:\/\/sydalinna.edu.ee\/eng\/koolist\/vastuvott\/\" \/>\n<meta property=\"og:site_name\" content=\"Tallinna S\u00fcdalinna kool\" \/>\n<meta property=\"article:modified_time\" content=\"2026-03-17T13:36:54+00:00\" \/>\n<meta property=\"og:image\" content=\"https:\/\/sydalinna.edu.ee\/wp-content\/uploads\/2022\/04\/kooliarendus.jpg\" \/>\n\t<meta property=\"og:image:width\" content=\"1620\" \/>\n\t<meta property=\"og:image:height\" content=\"1080\" \/>\n\t<meta property=\"og:image:type\" content=\"image\/jpeg\" \/>\n<meta name=\"twitter:card\" content=\"summary_large_image\" \/>\n<meta name=\"twitter:label1\" content=\"Est. reading time\" \/>\n\t<meta name=\"twitter:data1\" content=\"6 minutes\" \/>\n<script type=\"application\/ld+json\" class=\"yoast-schema-graph\">{\"@context\":\"https:\/\/schema.org\",\"@graph\":[{\"@type\":\"WebPage\",\"@id\":\"https:\/\/sydalinna.edu.ee\/koolist\/vastuvott\/\",\"url\":\"https:\/\/sydalinna.edu.ee\/koolist\/vastuvott\/\",\"name\":\"Vastuv\u00f5tt - Tallinna S\u00fcdalinna kool\",\"isPartOf\":{\"@id\":\"https:\/\/sydalinna.edu.ee\/#website\"},\"primaryImageOfPage\":{\"@id\":\"https:\/\/sydalinna.edu.ee\/koolist\/vastuvott\/#primaryimage\"},\"image\":{\"@id\":\"https:\/\/sydalinna.edu.ee\/koolist\/vastuvott\/#primaryimage\"},\"thumbnailUrl\":\"https:\/\/sydalinna.edu.ee\/wp-content\/uploads\/2022\/04\/kooliarendus.jpg\",\"datePublished\":\"2022-02-01T11:59:47+00:00\",\"dateModified\":\"2026-03-17T13:36:54+00:00\",\"breadcrumb\":{\"@id\":\"https:\/\/sydalinna.edu.ee\/koolist\/vastuvott\/#breadcrumb\"},\"inLanguage\":\"en-US\",\"potentialAction\":[{\"@type\":\"ReadAction\",\"target\":[\"https:\/\/sydalinna.edu.ee\/koolist\/vastuvott\/\"]}]},{\"@type\":\"ImageObject\",\"inLanguage\":\"en-US\",\"@id\":\"https:\/\/sydalinna.edu.ee\/koolist\/vastuvott\/#primaryimage\",\"url\":\"https:\/\/sydalinna.edu.ee\/wp-content\/uploads\/2022\/04\/kooliarendus.jpg\",\"contentUrl\":\"https:\/\/sydalinna.edu.ee\/wp-content\/uploads\/2022\/04\/kooliarendus.jpg\"},{\"@type\":\"BreadcrumbList\",\"@id\":\"https:\/\/sydalinna.edu.ee\/koolist\/vastuvott\/#breadcrumb\",\"itemListElement\":[{\"@type\":\"ListItem\",\"position\":1,\"name\":\"Avaleht\",\"item\":\"https:\/\/sydalinna.edu.ee\/\"},{\"@type\":\"ListItem\",\"position\":2,\"name\":\"Koolist\",\"item\":\"https:\/\/sydalinna.edu.ee\/koolist\/\"},{\"@type\":\"ListItem\",\"position\":3,\"name\":\"Vastuv\u00f5tt\"}]},{\"@type\":\"WebSite\",\"@id\":\"https:\/\/sydalinna.edu.ee\/#website\",\"url\":\"https:\/\/sydalinna.edu.ee\/\",\"name\":\"Tallinna S\u00fcdalinna kool\",\"description\":\"Kodune kool kesklinna s\u00fcdames.\",\"publisher\":{\"@id\":\"https:\/\/sydalinna.edu.ee\/#organization\"},\"potentialAction\":[{\"@type\":\"SearchAction\",\"target\":{\"@type\":\"EntryPoint\",\"urlTemplate\":\"https:\/\/sydalinna.edu.ee\/?s={search_term_string}\"},\"query-input\":{\"@type\":\"PropertyValueSpecification\",\"valueRequired\":true,\"valueName\":\"search_term_string\"}}],\"inLanguage\":\"en-US\"},{\"@type\":\"Organization\",\"@id\":\"https:\/\/sydalinna.edu.ee\/#organization\",\"name\":\"Tallinna S\u00fcdalinna kool\",\"url\":\"https:\/\/sydalinna.edu.ee\/\",\"logo\":{\"@type\":\"ImageObject\",\"inLanguage\":\"en-US\",\"@id\":\"https:\/\/sydalinna.edu.ee\/#\/schema\/logo\/image\/\",\"url\":\"https:\/\/sydalinna.edu.ee\/wp-content\/uploads\/2021\/12\/g1.svg\",\"contentUrl\":\"https:\/\/sydalinna.edu.ee\/wp-content\/uploads\/2021\/12\/g1.svg\",\"width\":185,\"height\":45,\"caption\":\"Tallinna S\u00fcdalinna kool\"},\"image\":{\"@id\":\"https:\/\/sydalinna.edu.ee\/#\/schema\/logo\/image\/\"}}]}<\/script>\n<!-- \/ Yoast SEO Premium plugin. -->","yoast_head_json":{"title":"Vastuv\u00f5tt - Tallinna S\u00fcdalinna kool","robots":{"index":"index","follow":"follow","max-snippet":"max-snippet:-1","max-image-preview":"max-image-preview:large","max-video-preview":"max-video-preview:-1"},"canonical":"https:\/\/sydalinna.edu.ee\/eng\/koolist\/vastuvott\/","og_locale":"en_US","og_type":"article","og_title":"Vastuv\u00f5tt","og_description":"Kooliga tutvumine Infot uuendatakse jooksvalt. Muul ajal kooliga tutvumiseks palume saata e-kiri\u00a0kerttu.molder-jevdokimov@sydalinna.edu.ee\u00a0(1.-3. klassi \u00f5ppealajuhataja) v\u00f5i\u00a0oppealajuhataja@sydalinna.edu.ee\u00a0(4.-9. klassi \u00f5ppealajuhataja). Eelkooli vastuv\u00f5tt Registreerimine Eelkooli registreerimine algab septembris 2025. 2025\/2026 eelkool Eelkooli ootame lapsi, kes alustavad kooliteed s\u00fcgisel 2026. Koolikohustus algab 1. klassi \u00f5ppima asumisega lastel, kes on 1. oktoobriks 2026 saanud 7-aastaseks. (Me ei v\u00f5ta eelkooli lapsi, kes...","og_url":"https:\/\/sydalinna.edu.ee\/eng\/koolist\/vastuvott\/","og_site_name":"Tallinna S\u00fcdalinna kool","article_modified_time":"2026-03-17T13:36:54+00:00","og_image":[{"width":1620,"height":1080,"url":"https:\/\/sydalinna.edu.ee\/wp-content\/uploads\/2022\/04\/kooliarendus.jpg","type":"image\/jpeg"}],"twitter_card":"summary_large_image","twitter_misc":{"Est. reading time":"6 minutes"},"schema":{"@context":"https:\/\/schema.org","@graph":[{"@type":"WebPage","@id":"https:\/\/sydalinna.edu.ee\/koolist\/vastuvott\/","url":"https:\/\/sydalinna.edu.ee\/koolist\/vastuvott\/","name":"Vastuv\u00f5tt - Tallinna S\u00fcdalinna kool","isPartOf":{"@id":"https:\/\/sydalinna.edu.ee\/#website"},"primaryImageOfPage":{"@id":"https:\/\/sydalinna.edu.ee\/koolist\/vastuvott\/#primaryimage"},"image":{"@id":"https:\/\/sydalinna.edu.ee\/koolist\/vastuvott\/#primaryimage"},"thumbnailUrl":"https:\/\/sydalinna.edu.ee\/wp-content\/uploads\/2022\/04\/kooliarendus.jpg","datePublished":"2022-02-01T11:59:47+00:00","dateModified":"2026-03-17T13:36:54+00:00","breadcrumb":{"@id":"https:\/\/sydalinna.edu.ee\/koolist\/vastuvott\/#breadcrumb"},"inLanguage":"en-US","potentialAction":[{"@type":"ReadAction","target":["https:\/\/sydalinna.edu.ee\/koolist\/vastuvott\/"]}]},{"@type":"ImageObject","inLanguage":"en-US","@id":"https:\/\/sydalinna.edu.ee\/koolist\/vastuvott\/#primaryimage","url":"https:\/\/sydalinna.edu.ee\/wp-content\/uploads\/2022\/04\/kooliarendus.jpg","contentUrl":"https:\/\/sydalinna.edu.ee\/wp-content\/uploads\/2022\/04\/kooliarendus.jpg"},{"@type":"BreadcrumbList","@id":"https:\/\/sydalinna.edu.ee\/koolist\/vastuvott\/#breadcrumb","itemListElement":[{"@type":"ListItem","position":1,"name":"Avaleht","item":"https:\/\/sydalinna.edu.ee\/"},{"@type":"ListItem","position":2,"name":"Koolist","item":"https:\/\/sydalinna.edu.ee\/koolist\/"},{"@type":"ListItem","position":3,"name":"Vastuv\u00f5tt"}]},{"@type":"WebSite","@id":"https:\/\/sydalinna.edu.ee\/#website","url":"https:\/\/sydalinna.edu.ee\/","name":"Tallinna S\u00fcdalinna kool","description":"Kodune kool kesklinna s\u00fcdames.","publisher":{"@id":"https:\/\/sydalinna.edu.ee\/#organization"},"potentialAction":[{"@type":"SearchAction","target":{"@type":"EntryPoint","urlTemplate":"https:\/\/sydalinna.edu.ee\/?s={search_term_string}"},"query-input":{"@type":"PropertyValueSpecification","valueRequired":true,"valueName":"search_term_string"}}],"inLanguage":"en-US"},{"@type":"Organization","@id":"https:\/\/sydalinna.edu.ee\/#organization","name":"Tallinna S\u00fcdalinna kool","url":"https:\/\/sydalinna.edu.ee\/","logo":{"@type":"ImageObject","inLanguage":"en-US","@id":"https:\/\/sydalinna.edu.ee\/#\/schema\/logo\/image\/","url":"https:\/\/sydalinna.edu.ee\/wp-content\/uploads\/2021\/12\/g1.svg","contentUrl":"https:\/\/sydalinna.edu.ee\/wp-content\/uploads\/2021\/12\/g1.svg","width":185,"height":45,"caption":"Tallinna S\u00fcdalinna kool"},"image":{"@id":"https:\/\/sydalinna.edu.ee\/#\/schema\/logo\/image\/"}}]}},"_links":{"self":[{"href":"https:\/\/sydalinna.edu.ee\/eng\/wp-json\/wp\/v2\/pages\/1989","targetHints":{"allow":["GET"]}}],"collection":[{"href":"https:\/\/sydalinna.edu.ee\/eng\/wp-json\/wp\/v2\/pages"}],"about":[{"href":"https:\/\/sydalinna.edu.ee\/eng\/wp-json\/wp\/v2\/types\/page"}],"author":[{"embeddable":true,"href":"https:\/\/sydalinna.edu.ee\/eng\/wp-json\/wp\/v2\/users\/1"}],"replies":[{"embeddable":true,"href":"https:\/\/sydalinna.edu.ee\/eng\/wp-json\/wp\/v2\/comments?post=1989"}],"version-history":[{"count":204,"href":"https:\/\/sydalinna.edu.ee\/eng\/wp-json\/wp\/v2\/pages\/1989\/revisions"}],"predecessor-version":[{"id":10963,"href":"https:\/\/sydalinna.edu.ee\/eng\/wp-json\/wp\/v2\/pages\/1989\/revisions\/10963"}],"up":[{"embeddable":true,"href":"https:\/\/sydalinna.edu.ee\/eng\/wp-json\/wp\/v2\/pages\/686"}],"wp:attachment":[{"href":"https:\/\/sydalinna.edu.ee\/eng\/wp-json\/wp\/v2\/media?parent=1989"}],"curies":[{"name":"wp","href":"https:\/\/api.w.org\/{rel}","templated":true}]}}